{"id":27387,"date":"2023-01-18T23:58:31","date_gmt":"2023-01-18T23:58:31","guid":{"rendered":"https:\/\/pedrovelho.rn.gov.br\/transparente\/index\/?page_id=27387"},"modified":"2025-05-30T11:32:45","modified_gmt":"2025-05-30T11:32:45","slug":"competencias","status":"publish","type":"page","link":"https:\/\/pedrovelho.rn.gov.br\/transparente\/index\/competencias\/","title":{"rendered":"Compet\u00eancias"},"content":{"rendered":"<p>[et_pb_section fb_built=&#8221;1&#8243; admin_label=&#8221;TITULO E CORPO&#8221; _builder_version=&#8221;4.20.4&#8243; background_color=&#8221;#a5a5a5&#8243; vertical_offset_tablet=&#8221;0&#8243; horizontal_offset_tablet=&#8221;0&#8243; box_shadow_horizontal_tablet=&#8221;0px&#8221; box_shadow_vertical_tablet=&#8221;0px&#8221; box_shadow_blur_tablet=&#8221;40px&#8221; box_shadow_spread_tablet=&#8221;0px&#8221; collapsed=&#8221;off&#8221; global_colors_info=&#8221;{}&#8221;][et_pb_row _builder_version=&#8221;4.20.4&#8243; vertical_offset_tablet=&#8221;0&#8243; horizontal_offset_tablet=&#8221;0&#8243; z_index_tablet=&#8221;0&#8243; border_width_all=&#8221;20px&#8221; border_color_all=&#8221;RGBA(255,255,255,0)&#8221; box_shadow_horizontal_tablet=&#8221;0px&#8221; box_shadow_vertical_tablet=&#8221;0px&#8221; box_shadow_blur_tablet=&#8221;40px&#8221; box_shadow_spread_tablet=&#8221;0px&#8221; global_colors_info=&#8221;{}&#8221; column_structure=&#8221;3_5,2_5&#8243;][et_pb_column type=&#8221;3_5&#8243; _builder_version=&#8221;4.16&#8243; custom_padding=&#8221;|||&#8221; global_colors_info=&#8221;{}&#8221; custom_padding__hover=&#8221;|||&#8221;][et_pb_text _builder_version=&#8221;4.20.4&#8243; text_text_color=&#8221;#ffffff&#8221; link_text_color=&#8221;#ffffff&#8221; vertical_offset_tablet=&#8221;0&#8243; horizontal_offset_tablet=&#8221;0&#8243; z_index_tablet=&#8221;0&#8243; text_text_shadow_horizontal_length_tablet=&#8221;0px&#8221; text_text_shadow_vertical_length_tablet=&#8221;0px&#8221; text_text_shadow_blur_strength_tablet=&#8221;1px&#8221; link_text_shadow_horizontal_length_tablet=&#8221;0px&#8221; link_text_shadow_vertical_length_tablet=&#8221;0px&#8221; link_text_shadow_blur_strength_tablet=&#8221;1px&#8221; ul_text_shadow_horizontal_length_tablet=&#8221;0px&#8221; ul_text_shadow_vertical_length_tablet=&#8221;0px&#8221; ul_text_shadow_blur_strength_tablet=&#8221;1px&#8221; ol_text_shadow_horizontal_length_tablet=&#8221;0px&#8221; ol_text_shadow_vertical_length_tablet=&#8221;0px&#8221; ol_text_shadow_blur_strength_tablet=&#8221;1px&#8221; quote_text_shadow_horizontal_length_tablet=&#8221;0px&#8221; quote_text_shadow_vertical_length_tablet=&#8221;0px&#8221; quote_text_shadow_blur_strength_tablet=&#8221;1px&#8221; header_text_shadow_horizontal_length_tablet=&#8221;0px&#8221; header_text_shadow_vertical_length_tablet=&#8221;0px&#8221; header_text_shadow_blur_strength_tablet=&#8221;1px&#8221; header_2_text_shadow_horizontal_length_tablet=&#8221;0px&#8221; header_2_text_shadow_vertical_length_tablet=&#8221;0px&#8221; header_2_text_shadow_blur_strength_tablet=&#8221;1px&#8221; header_3_text_shadow_horizontal_length_tablet=&#8221;0px&#8221; header_3_text_shadow_vertical_length_tablet=&#8221;0px&#8221; header_3_text_shadow_blur_strength_tablet=&#8221;1px&#8221; header_4_text_shadow_horizontal_length_tablet=&#8221;0px&#8221; header_4_text_shadow_vertical_length_tablet=&#8221;0px&#8221; header_4_text_shadow_blur_strength_tablet=&#8221;1px&#8221; header_5_text_shadow_horizontal_length_tablet=&#8221;0px&#8221; header_5_text_shadow_vertical_length_tablet=&#8221;0px&#8221; header_5_text_shadow_blur_strength_tablet=&#8221;1px&#8221; header_6_text_shadow_horizontal_length_tablet=&#8221;0px&#8221; header_6_text_shadow_vertical_length_tablet=&#8221;0px&#8221; header_6_text_shadow_blur_strength_tablet=&#8221;1px&#8221; box_shadow_horizontal_tablet=&#8221;0px&#8221; box_shadow_vertical_tablet=&#8221;0px&#8221; box_shadow_blur_tablet=&#8221;40px&#8221; box_shadow_spread_tablet=&#8221;0px&#8221; global_colors_info=&#8221;{}&#8221;]<\/p>\n<p>Sabemos que a exig\u00eancia por transpar\u00eancia no brasil j\u00e1 se estende desde o ano 2000 com a cria\u00e7\u00e3o da\u00a0<strong>lei de Responsabilidade Fiscal<\/strong>\u00a0(<a role=\"link\" href=\"https:\/\/www.planalto.gov.br\/ccivil_03\/leis\/lcp\/lcp101.htm\" rel=\"noopener noreferrer\" data-saferedirecturl=\"https:\/\/www.google.com\/url?hl=pt-BR&amp;q=https:\/\/www.planalto.gov.br\/ccivil_03\/leis\/lcp\/lcp101.htm&amp;source=gmail&amp;ust=1478230407070000&amp;usg=AFQjCNE9pnGpq0FhmfIlJR_zkepmQ-uNrQ\" data-raofz=\"14\">Lei Complementar n\u00ba 101, de 04 de maio de 2000<\/a>), onde se tornou mais forte com a aprova\u00e7\u00e3o da\u00a0<strong>Lei da Transpar\u00eancia<\/strong>\u00a0(<a role=\"link\" href=\"http:\/\/www.planalto.gov.br\/ccivil_03\/leis\/LCP\/Lcp131.htm\" rel=\"noopener noreferrer\" data-saferedirecturl=\"https:\/\/www.google.com\/url?hl=pt-BR&amp;q=http:\/\/www.planalto.gov.br\/ccivil_03\/leis\/LCP\/Lcp131.htm&amp;source=gmail&amp;ust=1478230407070000&amp;usg=AFQjCNG8oBs3UoWwT6fsWhP05SJLyAmYtQ\" data-raofz=\"14\">Lei Complementar 131, de 27 de maio de 2009<\/a>). tendo seu refor\u00e7o com a\u00a0<strong>lei de Ficha Limpa<\/strong>\u00a0(<a role=\"link\" href=\"https:\/\/www.planalto.gov.br\/ccivil_03\/leis\/lcp\/lcp135.htm\" rel=\"noopener noreferrer\" data-saferedirecturl=\"https:\/\/www.google.com\/url?hl=pt-BR&amp;q=https:\/\/www.planalto.gov.br\/ccivil_03\/leis\/lcp\/lcp135.htm&amp;source=gmail&amp;ust=1478230407070000&amp;usg=AFQjCNGq_rOZpNpiY7XQhV12lu1pwYPu7w\" data-raofz=\"14\">Lei Complementar n\u00ba 135, de 04 de junho de 2010<\/a>) e efetivando a transpar\u00eancia de fato com a\u00a0<strong>Lei de Acesso a Informa\u00e7\u00e3o<\/strong>\u00a0(<a role=\"link\" href=\"https:\/\/www.planalto.gov.br\/ccivil_03\/_ato2011-2014\/2011\/lei\/l12527.htm\" rel=\"noopener noreferrer\" data-saferedirecturl=\"https:\/\/www.google.com\/url?hl=pt-BR&amp;q=https:\/\/www.planalto.gov.br\/ccivil_03\/_ato2011-2014\/2011\/lei\/l12527.htm&amp;source=gmail&amp;ust=1478230407070000&amp;usg=AFQjCNHVmJgKX3zynYJk9g9JIC2cBxUzjg\" data-raofz=\"14\">Lei n\u00ba 12.527, de 18 de novembro de 2011<\/a>).<\/p>\n<p>[\/et_pb_text][\/et_pb_column][et_pb_column type=&#8221;2_5&#8243; _builder_version=&#8221;4.16&#8243; custom_padding=&#8221;|||&#8221; global_colors_info=&#8221;{}&#8221; custom_padding__hover=&#8221;|||&#8221;][et_pb_image src=&#8221;https:\/\/pedrovelho.rn.gov.br\/transparente\/index\/wp-content\/uploads\/2022\/08\/portal-transparencia.png&#8221; _builder_version=&#8221;4.20.4&#8243; vertical_offset_tablet=&#8221;0&#8243; horizontal_offset_tablet=&#8221;0&#8243; z_index_tablet=&#8221;0&#8243; box_shadow_horizontal_tablet=&#8221;0px&#8221; box_shadow_vertical_tablet=&#8221;0px&#8221; box_shadow_blur_tablet=&#8221;40px&#8221; box_shadow_spread_tablet=&#8221;0px&#8221; global_colors_info=&#8221;{}&#8221;][\/et_pb_image][\/et_pb_column][\/et_pb_row][\/et_pb_section][et_pb_section fb_built=&#8221;1&#8243; _builder_version=&#8221;4.20.4&#8243; background_color=&#8221;#ffcc00&#8243; vertical_offset_tablet=&#8221;0&#8243; horizontal_offset_tablet=&#8221;0&#8243; box_shadow_horizontal_tablet=&#8221;0px&#8221; box_shadow_vertical_tablet=&#8221;0px&#8221; box_shadow_blur_tablet=&#8221;40px&#8221; box_shadow_spread_tablet=&#8221;0px&#8221; global_colors_info=&#8221;{}&#8221;][et_pb_row _builder_version=&#8221;4.20.4&#8243; vertical_offset_tablet=&#8221;0&#8243; horizontal_offset_tablet=&#8221;0&#8243; z_index_tablet=&#8221;0&#8243; box_shadow_horizontal_tablet=&#8221;0px&#8221; box_shadow_vertical_tablet=&#8221;0px&#8221; box_shadow_blur_tablet=&#8221;40px&#8221; box_shadow_spread_tablet=&#8221;0px&#8221; global_colors_info=&#8221;{}&#8221;][et_pb_column type=&#8221;4_4&#8243; _builder_version=&#8221;4.16&#8243; custom_padding=&#8221;|||&#8221; global_colors_info=&#8221;{}&#8221; custom_padding__hover=&#8221;|||&#8221;][\/et_pb_column][\/et_pb_row][\/et_pb_section][et_pb_section fb_built=&#8221;1&#8243; admin_label=&#8221;TITULO E CORPO&#8221; _builder_version=&#8221;4.20.4&#8243; background_color=&#8221;#0066ff&#8221; vertical_offset_tablet=&#8221;0&#8243; horizontal_offset_tablet=&#8221;0&#8243; box_shadow_horizontal_tablet=&#8221;0px&#8221; box_shadow_vertical_tablet=&#8221;0px&#8221; box_shadow_blur_tablet=&#8221;40px&#8221; box_shadow_spread_tablet=&#8221;0px&#8221; collapsed=&#8221;off&#8221; global_colors_info=&#8221;{}&#8221;][et_pb_row _builder_version=&#8221;4.20.4&#8243; background_color=&#8221;#FFFFFF&#8221; border_width_all=&#8221;20px&#8221; border_color_all=&#8221;RGBA(255,255,255,0)&#8221; global_colors_info=&#8221;{}&#8221;][et_pb_column type=&#8221;4_4&#8243; _builder_version=&#8221;4.16&#8243; global_colors_info=&#8221;{}&#8221;][et_pb_post_title meta=&#8221;off&#8221; featured_image=&#8221;off&#8221; _builder_version=&#8221;4.20.4&#8243; title_font=&#8221;|700||on|||||&#8221; vertical_offset_tablet=&#8221;0&#8243; horizontal_offset_tablet=&#8221;0&#8243; z_index_tablet=&#8221;0&#8243; title_text_shadow_horizontal_length_tablet=&#8221;0px&#8221; title_text_shadow_vertical_length_tablet=&#8221;0px&#8221; title_text_shadow_blur_strength_tablet=&#8221;1px&#8221; meta_text_shadow_horizontal_length_tablet=&#8221;0px&#8221; meta_text_shadow_vertical_length_tablet=&#8221;0px&#8221; meta_text_shadow_blur_strength_tablet=&#8221;1px&#8221; border_color_all=&#8221;#ffffff&#8221; text_shadow_horizontal_length_tablet=&#8221;0px&#8221; text_shadow_vertical_length_tablet=&#8221;0px&#8221; text_shadow_blur_strength_tablet=&#8221;1px&#8221; global_colors_info=&#8221;{}&#8221;][\/et_pb_post_title][et_pb_divider show_divider=&#8221;off&#8221; _builder_version=&#8221;4.16&#8243; global_colors_info=&#8221;{}&#8221;][\/et_pb_divider][et_pb_text _builder_version=&#8221;4.23&#8243; _module_preset=&#8221;default&#8221; vertical_offset_tablet=&#8221;0&#8243; horizontal_offset_tablet=&#8221;0&#8243; hover_enabled=&#8221;0&#8243; z_index_tablet=&#8221;0&#8243; text_text_shadow_horizontal_length_tablet=&#8221;0px&#8221; text_text_shadow_vertical_length_tablet=&#8221;0px&#8221; text_text_shadow_blur_strength_tablet=&#8221;1px&#8221; link_text_shadow_horizontal_length_tablet=&#8221;0px&#8221; link_text_shadow_vertical_length_tablet=&#8221;0px&#8221; link_text_shadow_blur_strength_tablet=&#8221;1px&#8221; ul_text_shadow_horizontal_length_tablet=&#8221;0px&#8221; ul_text_shadow_vertical_length_tablet=&#8221;0px&#8221; ul_text_shadow_blur_strength_tablet=&#8221;1px&#8221; ol_text_shadow_horizontal_length_tablet=&#8221;0px&#8221; ol_text_shadow_vertical_length_tablet=&#8221;0px&#8221; ol_text_shadow_blur_strength_tablet=&#8221;1px&#8221; quote_text_shadow_horizontal_length_tablet=&#8221;0px&#8221; quote_text_shadow_vertical_length_tablet=&#8221;0px&#8221; quote_text_shadow_blur_strength_tablet=&#8221;1px&#8221; header_text_shadow_horizontal_length_tablet=&#8221;0px&#8221; header_text_shadow_vertical_length_tablet=&#8221;0px&#8221; header_text_shadow_blur_strength_tablet=&#8221;1px&#8221; header_2_text_shadow_horizontal_length_tablet=&#8221;0px&#8221; header_2_text_shadow_vertical_length_tablet=&#8221;0px&#8221; header_2_text_shadow_blur_strength_tablet=&#8221;1px&#8221; header_3_text_shadow_horizontal_length_tablet=&#8221;0px&#8221; header_3_text_shadow_vertical_length_tablet=&#8221;0px&#8221; header_3_text_shadow_blur_strength_tablet=&#8221;1px&#8221; header_4_text_shadow_horizontal_length_tablet=&#8221;0px&#8221; header_4_text_shadow_vertical_length_tablet=&#8221;0px&#8221; header_4_text_shadow_blur_strength_tablet=&#8221;1px&#8221; header_5_text_shadow_horizontal_length_tablet=&#8221;0px&#8221; header_5_text_shadow_vertical_length_tablet=&#8221;0px&#8221; header_5_text_shadow_blur_strength_tablet=&#8221;1px&#8221; header_6_text_shadow_horizontal_length_tablet=&#8221;0px&#8221; header_6_text_shadow_vertical_length_tablet=&#8221;0px&#8221; header_6_text_shadow_blur_strength_tablet=&#8221;1px&#8221; box_shadow_horizontal_tablet=&#8221;0px&#8221; box_shadow_vertical_tablet=&#8221;0px&#8221; box_shadow_blur_tablet=&#8221;40px&#8221; box_shadow_spread_tablet=&#8221;0px&#8221; global_colors_info=&#8221;{}&#8221; sticky_enabled=&#8221;0&#8243;]<\/p>\n<div align=\"right\">|\u00a0<strong><a href=\"\/feed\" target=\"_blank\" rel=\"noopener\">XML\u2193<\/a><\/strong>\u00a0| <a href=\"https:\/\/lajes.rn.gov.br\/transparente\/index\/wp-content\/uploads\/2025\/04\/export.csv\" target=\"_blank\" rel=\"noopener\">\u00a0<strong>CSV\u2193<\/strong><\/a>\u00a0| <a href=\"?print=pdf\" target=\"_blank\" rel=\"noopener\"><strong>PDF<\/strong>\u2193<\/a>\u00a0\u00a0| <a href=\"?print=print\" target=\"_blank\" rel=\"noopener\"><strong>IMPRIMIR<\/strong>\u2193<\/a>\u00a0\u00a0|<\/div>\n<p>&nbsp;<br \/>\n<strong>REGISTRO DE COMPET\u00caNCIAS<\/strong><\/p>\n<p><strong>DA COMPET\u00caNCIA DOS \u00d3RG\u00c3OS DA ADMINISTRA\u00c7\u00c3O MUNICIPAL DE PEDRO VELHO\/RN.<\/strong><\/p>\n<p><strong>\u00a0Gabinete do Prefeito compete:<\/strong><\/p>\n<p>I &#8211; Dar assist\u00eancia direta e imediata ao Prefeito nos assuntos de sua compet\u00eancia legal, na sua representa\u00e7\u00e3o social e pol\u00edtica e nas suas rela\u00e7\u00f5es com a imprensa, com a C\u00e2mara Municipal e com o p\u00fablico em geral;<\/p>\n<p>Il- Ativar as provid\u00eancias necess\u00e1rias \u00e0 coordena\u00e7\u00e3o e \u00e0 execu\u00e7\u00e3o das ordens e decis\u00f5es do Chefe do Executivo Municipal, perante os \u00f3rg\u00e3os da administra\u00e7\u00e3o municipal;<\/p>\n<p>III- Encaminhar assuntos, processos e documentos a serem submetidos \u00e0 decis\u00e3o do Chefe do Executivo Municipal;<\/p>\n<p>IV- Receber, estudar e selecionar correspond\u00eancias, livros, peri\u00f3dicos e publica\u00e7\u00f5es remetidos ao Chefe do Executivo Municipal;<\/p>\n<p>V- Transmitir as ordens emanadas do Chefe do Executivo Municipal e acompanhar sua execu\u00e7\u00e3o;<\/p>\n<p>VI- Organizar e dirigir o cerimonial p\u00fablico;<\/p>\n<p>VII- Coordenar a elabora\u00e7\u00e3o de mensagens do Chefe do Executivo Municipal \u00e0 C\u00e2mara Municipal, bem como a elabora\u00e7\u00e3o de projetos de atos normativos;<\/p>\n<p>VIII- Promover a divulga\u00e7\u00e3o dos atos oficiais do Prefeito e do Gabinete:<\/p>\n<p>IX- Controlar a observ\u00e2ncia dos prazos para emiss\u00e3o de pronunciamentos, pareceres e informa\u00e7\u00f5es a serem encaminhadas pelo Chefe do Executivo Municipal;<\/p>\n<p>X- Coordenar as medidas que digam respeito ao relacionamento do Chefe do Executivo com suas lideran\u00e7as pol\u00edticas junto \u00e0 C\u00e2mara Municipal, para formaliza\u00e7\u00e3o de veto e encaminhamento de projetos de lei;<\/p>\n<p>XI- Acompanhar a tramita\u00e7\u00e3o de projetos de lei na C\u00e2mara Municipal;<\/p>\n<p>XII- Acompanhar e assessorar o Chefe do Executivo Municipal no trato de quest\u00f5es, provid\u00eancias e iniciativas do seu expediente, organizando e controlando as audi\u00eancias a serem concedidas e a sua agenda de compromissos;<\/p>\n<p>XIII- Cumprir miss\u00f5es determinadas pelo Chefe do Executivo Municipal;<\/p>\n<p>XIV- Preparar a correspond\u00eancia oficial a ser expedida pelo Prefeito, mantendo arquivo das mesmas e de outros documentos por ele elaborados;<\/p>\n<p>XV- Instruir processos e outros documentos a serem submetidos ao Chefe do Executivo.<\/p>\n<p><strong>\u00a0A Procuradoria Geral do Munic\u00edpio &#8211; compete: <\/strong><\/p>\n<p>I- Exercer atividades de assessoria jur\u00eddica diretamente ao Chefe do Executivo e aos Secret\u00e1rios municipais;<\/p>\n<p>II- Representar, judicial ou extrajudicialmente o Munic\u00edpio, nos assuntos de sua compet\u00eancia;<\/p>\n<p>III- Uniformizar a jurisprud\u00eancia administrativa;<\/p>\n<p>IV- Patrocinar os interesses da Fazenda Municipal, em ju\u00edzo, na forma das leis processuais;<\/p>\n<p>V- Proceder ao registro de d\u00e9bitos fiscais ou de d\u00e9bitos encaminhados \u00e0 Procuradoria Geral para cobran\u00e7a;<\/p>\n<p>VI &#8211; Executar as atividades necess\u00e1rias \u00e0 cobran\u00e7a da d\u00edvida ativa do Munic\u00edpio, por interm\u00e9dio de Procurador;<\/p>\n<p>VII- Acompanhar o andamento dos processos da d\u00edvida ativa municipal em cobran\u00e7a judicial;<\/p>\n<p>VIII-\u00a0 Orientar, do ponto de vista legal, a elabora\u00e7\u00e3o de atos e contratos administrativos relacionados com a execu\u00e7\u00e3o e concess\u00e3o de obras p\u00fablicas, ocupa\u00e7\u00e3o de dom\u00ednio p\u00fablico, fornecimento e loca\u00e7\u00e3o de servi\u00e7os;<\/p>\n<p>IX &#8211; Pronunciar-se, em car\u00e1ter final, sobre as mat\u00e9rias de ordem jur\u00eddica que lhe forem submetidas pelo prefeito:<\/p>\n<p>X- Elaborar e rever projetos de Lei, decretos e outros provimentos regulamentares, bem como minutar mensagens de vetos do prefeito,<\/p>\n<p>XI- Exercer outras atividades correlatas, especialmente as que lhe forem atribu\u00eddas pelo Chefe do Executivo Municipal.<\/p>\n<p>Par\u00e1grafo \u00fanico &#8211; A exclusividade da representa\u00e7\u00e3o de que trata este artigo n\u00e3o impede a contrata\u00e7\u00e3o de profissional para exercitar a defesa dos interesses do Munic\u00edpio, em ju\u00edzo ou fora dele, em casos especiais definidos em Lei, a crit\u00e9rio do Prefeito Municipal, ouvido o Procurador Geral do Munic\u00edpio ou, quando por qualquer motivo relevante, a Procuradoria Geral do Munic\u00edpio estiver impedida ou impossibilitada de exercer a sua defesa.<\/p>\n<p><strong>\u00a0A Secretaria Municipal de Educa\u00e7\u00e3o, Cultura e Desportos &#8211; SEMEC compete:<\/strong><\/p>\n<p>I- Articular-se com \u00f3rg\u00e3os federais e estaduais com vistas \u00e0 execu\u00e7\u00e3o das pol\u00edticas educacionais e \u00e0 aplica\u00e7\u00e3o da legisla\u00e7\u00e3o pertinente;<\/p>\n<p>II- Organizar, administrar, supervisionar, executar, controlar e avaliar a a\u00e7\u00e3o municipal no campo da educa\u00e7\u00e3o, do ensino, inclusive da pr\u00e9-escola e da alfabetiza\u00e7\u00e3o de adultos, e da \u00e1rea cultural;<\/p>\n<p>III- Apoiar e orientar a iniciativa privada nos campos da educa\u00e7\u00e3o, do ensino e da cultura;<\/p>\n<p>IV-\u00a0 Administrar, avaliar e controlar o sistema de ensino municipal, promovendo sua expans\u00e3o e atualiza\u00e7\u00e3o;<\/p>\n<p>V- Estudar, pesquisar e avaliar os recursos financeiros para o custeio e investimentos no sistema educacional, assegurando sua plena utiliza\u00e7\u00e3o e eficiente operacionalidade;<\/p>\n<p>VI- Propor e executar medidas que assegurem processo continuo de renova\u00e7\u00e3o e aperfei\u00e7oamento dos m\u00e9todos e t\u00e9cnicas de ensino;<\/p>\n<p>VII- Defender o patrim\u00f4nio hist\u00f3rico, cient\u00edfico, cultural e art\u00edstico do Munic\u00edpio;<\/p>\n<p>VIII- Pesquisar, planejar e promover o levantamento permanente das caracter\u00edsticas e qualifica\u00e7\u00f5es do magist\u00e9rio e da popula\u00e7\u00e3o estudantil e atuar de maneira compat\u00edvel com os problemas identificados;<\/p>\n<p>IX- Assistir o estudante carente do sistema municipal de ensino;<\/p>\n<p>X- Desenvolver atividades complementares necess\u00e1rias a uma pronta a\u00e7\u00e3o no processo educativo e cultural; e<\/p>\n<p>XI- Exercer outras atividades correlatas, especialmente as que lhe forem atribu\u00eddas pelo Chefe do Executivo Municipal.<\/p>\n<p><strong>\u00a0A Secretaria Municipal de Sa\u00fade &#8211; SEMSA compete:<\/strong><\/p>\n<p>I- Planejar, coordenar, dirigir e controlar as a\u00e7\u00f5es de sa\u00fade, no \u00e2mbito do Munic\u00edpio, em articula\u00e7\u00e3o com os governos federal e estadual;<\/p>\n<p>II- Criar e operar as unidades de sa\u00fade;<\/p>\n<p>III- Cooperar com os \u00f3rg\u00e3os federais e estaduais que atuam na \u00e1rea, no equacionamento e na solu\u00e7\u00e3o dos problemas de sa\u00fade;<\/p>\n<p>IV-\u00a0 Elaborar e executar planos de prote\u00e7\u00e3o \u00e0 sa\u00fade e de combate \u00e0s doen\u00e7as transmiss\u00edveis;<\/p>\n<p>V- Colaborar com os governos federal e estadual na execu\u00e7\u00e3o de programas como: alimenta\u00e7\u00e3o e nutri\u00e7\u00e3o, vigil\u00e2ncia epidemiol\u00f3gica, vigil\u00e2ncia sanit\u00e1ria, laborat\u00f3rios de sa\u00fade, hematologia, saneamento e outros servi\u00e7os da \u00e1rea;<\/p>\n<p>VI- Exercer a vigil\u00e2ncia sanit\u00e1ria e controle de medicamentos, drogas, insumos, produtos farmac\u00eauticos, cosm\u00e9ticos, saneamento e outros produtos do interesse da sa\u00fade da popula\u00e7\u00e3o;<\/p>\n<p>VII- Fiscalizar todos os estabelecimentos e unidades sediados em sua \u00e1rea geogr\u00e1fica, fazendo cumprir a legisla\u00e7\u00e3o espec\u00edfica;<\/p>\n<p>VIII- Avaliar as condi\u00e7\u00f5es sanit\u00e1rias da popula\u00e7\u00e3o, promovendo medidas que visem \u00e0 sua melhoria;<\/p>\n<p>IX- Exercer controle sanit\u00e1rio sobre migra\u00e7\u00f5es humanas;<\/p>\n<p>X- Cooperar com as autoridades sanit\u00e1rias no controle e uso de entorpecentes e subst\u00e2ncias que produzam depend\u00eancia f\u00edsica;<\/p>\n<p>XI- Exercer controle de fatores do ambiente que possam produzir efeitos delet\u00e9rios sobre o bem-estar f\u00edsico, mental ou social do homem;<\/p>\n<p>XII- Celebrar conv\u00eanios, acordos e contratos com entidades p\u00fablicas ou privadas, visando ao melhor aproveitamento dos recursos humanos, materiais e financeiros;<\/p>\n<p>XIII- Promover a capacita\u00e7\u00e3o do seu pessoal, em todos os n\u00edveis; e<\/p>\n<p>&nbsp;<\/p>\n<p>XIV- Exercer outras atividades correlatas, especialmente as que lhe forem atribu\u00eddas pelo Chefe do Executivo Municipal.<\/p>\n<p><strong>\u00a0A Secretaria Municipal de Assist\u00eancia Social &#8211; SEMAS compete:<\/strong><\/p>\n<p>I- Planejar, organizar, dirigir e controlar os servi\u00e7os de assist\u00eancia e de promo\u00e7\u00e3o social \u00e0s popula\u00e7\u00f5es carentes;<\/p>\n<p>II- Articular-se com \u00f3rg\u00e3os e entidades p\u00fablicas e privadas no sentido de executar uma a\u00e7\u00e3o integrada na \u00e1rea social;<\/p>\n<p>III- Assessorar o Prefeito nos assuntos de natureza social, fornecendo dados e informa\u00e7\u00f5es necess\u00e1rios ao estabelecimento de prioridades:<\/p>\n<p>IV &#8211; Celebrar acordos, conv\u00eanios e contratos no sentido de viabilizar planos e projetos na \u00e1rea social;<\/p>\n<p>VI &#8211; Elaborar e executar projetos voltados para a assist\u00eancia \u00e0 inf\u00e2ncia e \u00e0 adolesc\u00eancia;<\/p>\n<p>VII- Elaborar e desenvolver projetos de assist\u00eancia ao idoso; e<\/p>\n<p>VIII- Exercer outras atividades correlatas, especialmente as que lhe forem atribu\u00eddas pelo Secret\u00e1rio Municipal de Assist\u00eancia Social &#8211; SEMAS.<\/p>\n<p><strong>\u00a0\u00c0 Coordenadoria de Obras, Servi\u00e7os e Desenvolvimento Rural &#8211; CODER compete:<\/strong><\/p>\n<p>I- Planejar, executar, acompanhar e avaliar as atividades voltadas para a implanta\u00e7\u00e3o das pol\u00edticas de urbaniza\u00e7\u00e3o do Munic\u00edpio;<\/p>\n<p>II- Planejar, executar, fiscalizar e controlar os trabalhos de constru\u00e7\u00e3o, reformas e conserva\u00e7\u00e3o de obras;<\/p>\n<p>III- Programar, orientar, coordenar e controlar os servi\u00e7os de abastecimento realizados atrav\u00e9s de feiras e mercados;<\/p>\n<p>IV- Programar, implantar e manter os servi\u00e7os de arboriza\u00e7\u00e3o de ruas, pra\u00e7as e jardins;<\/p>\n<p>V- Elaborar, implantar e gerenciar planos urban\u00edsticos para o Munic\u00edpio;<\/p>\n<p>VI- Administrar cemit\u00e9rios p\u00fablicos;<\/p>\n<p>VII-Coordenar e executar as atividades de outorga e fiscaliza\u00e7\u00e3o dos servi\u00e7os p\u00fablicos concedidos, permitidos ou outorgados;<\/p>\n<p>VIII- Elaborar projetos especiais relativos a obras e servi\u00e7os urbanos necess\u00e1rios \u00e0 melhoria da qualidade de vida da popula\u00e7\u00e3o;<\/p>\n<p>IX- Administrar o uso do solo;<\/p>\n<p>X- Organizar e controlar os servi\u00e7os de t\u00e1xis; e<\/p>\n<p>XI- Exercer o poder de pol\u00edcia, no que diz respeito aos c\u00f3digos municipais, principalmente o de obras, do sil\u00eancio, do parcelamento do solo entre outros;<\/p>\n<p>XII- Firmar conv\u00eanios e\/ou contratos com outros \u00f3rg\u00e3os &#8211; federal e estadual &#8211; visando uma maior e melhor assist\u00eancia ao homem do campo;<\/p>\n<p>XIII- Realizar trabalhos em parceria com os habitantes da \u00e1rea rural, visando a promo\u00e7\u00e3o humana daqueles que ali residem;<\/p>\n<p>XIV- Facilitar o escoamento dos produtos at\u00e9 aos \u00f3rg\u00e3os consumidores;<\/p>\n<p>XV- Manter um programa rotineiro de conserva\u00e7\u00e3o de estradas;<\/p>\n<p>XVI- Obrigar-se \u00e0 manuten\u00e7\u00e3o dos meios de comunica\u00e7\u00e3o, facilitando a vida dos habitantes da zona rural; e<\/p>\n<p>XVII- Exercer outras atividades correlatas, especialmente as que lhe forem atribu\u00eddas pelo Chefe do Executivo Municipal.<\/p>\n<p><strong>\u00a0\u00c0 Unidade de Servi\u00e7os Gerais e Urbaniza\u00e7\u00e3o &#8211; USUR compete:<\/strong><\/p>\n<p>I- Programar e executar as atividades de limpeza urbana;<\/p>\n<p>II- Proceder a coleta de lixo urbano, depositando-o em lugar apropriado, n\u00e3o prejudicando a sa\u00fade da popula\u00e7\u00e3o;<\/p>\n<p>III- Manter limpos os locais e logradouros p\u00fablicos;<\/p>\n<p>IV- Proceder a coleta de lixo especial quando solicitado; e<\/p>\n<p>V- Programar, acompanhar e controlar as atividades pr\u00f3prias de sua \u00e1rea;<\/p>\n<p>VI- Organizar e manter atualizado o mapa cadastral das estradas de rodagens do Munic\u00edpio, com registro de todos os dados, tais como, extens\u00e3o, largura, tipo de pavimenta\u00e7\u00e3o, condi\u00e7\u00f5es de uso, obras de arte e localidades servidas;<\/p>\n<p>VII- Providenciar a manuten\u00e7\u00e3o e conserva\u00e7\u00e3o das estradas municipais;<\/p>\n<p>VIII- Fiscalizar as estradas de rodagens do Munic\u00edpio quanto \u00e0 sua utiliza\u00e7\u00e3o;<\/p>\n<p>IX- Planejar, organizar e fiscalizar, no per\u00edmetro urbano, itiner\u00e1rios e pontos de parada de transportes coletivos;<\/p>\n<p>X- Planejar a utiliza\u00e7\u00e3o de vias p\u00fablicas no que diz respeito ao estacionamento e pontos de t\u00e1xis;<\/p>\n<p>XI- Manter atualizado o cadastro sobre a situa\u00e7\u00e3o f\u00edsica dos im\u00f3veis do patrim\u00f4nio municipal;<\/p>\n<p>XII- Elaborar e executar projetos de arboriza\u00e7\u00e3o e ajardinamento;<\/p>\n<p>XIII- Organizar e controlar as atividades relativas ao abastecimento de g\u00eaneros, atrav\u00e9s de feiras e mercados;<\/p>\n<p>XIV- Manter asseados e limpos os locais comuns em mercados e feiras;<\/p>\n<p>XV- Programar e implantar as atividades de arboriza\u00e7\u00e3o de ruas, pra\u00e7as e jardins;<\/p>\n<p>XVI- Programar e executar os servi\u00e7os de ajardinamento em pra\u00e7as, parques e logradouros do Munic\u00edpio:<\/p>\n<p>XVII- Programar e executar, em articula\u00e7\u00e3o com outros \u00f3rg\u00e3os que atuem na \u00e1rea, campanhas em defesa da flora;<\/p>\n<p>XVIII- Promover campanhas visando a criar na popula\u00e7\u00e3o o sentimento de preserva\u00e7\u00e3o das pra\u00e7as e jardins; e<\/p>\n<p>XIX- Exercer outras atividades correlatas, especialmente as que lhe forem atribu\u00eddas pelo seu Chefe imediato.<\/p>\n<p>&nbsp;<\/p>\n<p>&nbsp;<\/p>\n<p>&nbsp;<\/p>\n<p>&nbsp;<\/p>\n<p>&nbsp;<\/p>\n<p>&nbsp;<\/p>\n<p>&nbsp;<\/p>\n<p>&nbsp;<\/p>\n<p>&nbsp;<\/p>\n<p>&nbsp;<\/p>\n<p>&nbsp;<\/p>\n<p>&nbsp;<\/p>\n<p>.[\/et_pb_text][\/et_pb_column][\/et_pb_row][\/et_pb_section]<\/p>\n<div style=\"margin: 20px 0;\"><div class=\"qrcswholewtapper\" style=\"text-align:left;\"><div class=\"qrcprowrapper\"  id=\"qrcwraa2leds\"><div class=\"qrc_canvass\" id=\"qrc_cuttenpages_2\" style=\"display:inline-block\" data-text=\"https:\/\/pedrovelho.rn.gov.br\/transparente\/index\/competencias\/\"><\/div><\/div><\/div><\/div>","protected":false},"excerpt":{"rendered":"<p>Sabemos que a exig\u00eancia por transpar\u00eancia no brasil j\u00e1 se estende desde o ano 2000 com a cria\u00e7\u00e3o da\u00a0lei de Responsabilidade Fiscal\u00a0(Lei Complementar n\u00ba 101, de 04 de maio de 2000), onde se tornou mais forte com a aprova\u00e7\u00e3o da\u00a0Lei da Transpar\u00eancia\u00a0(Lei Complementar 131, de 27 de maio de 2009). tendo seu refor\u00e7o com a\u00a0lei [&hellip;]<\/p>\n","protected":false},"author":1,"featured_media":0,"parent":0,"menu_order":0,"comment_status":"closed","ping_status":"closed","template":"","meta":{"_et_pb_use_builder":"on","_et_pb_old_content":"","_et_gb_content_width":"","footnotes":""},"class_list":["post-27387","page","type-page","status-publish","hentry"],"_links":{"self":[{"href":"https:\/\/pedrovelho.rn.gov.br\/transparente\/index\/wp-json\/wp\/v2\/pages\/27387","targetHints":{"allow":["GET"]}}],"collection":[{"href":"https:\/\/pedrovelho.rn.gov.br\/transparente\/index\/wp-json\/wp\/v2\/pages"}],"about":[{"href":"https:\/\/pedrovelho.rn.gov.br\/transparente\/index\/wp-json\/wp\/v2\/types\/page"}],"author":[{"embeddable":true,"href":"https:\/\/pedrovelho.rn.gov.br\/transparente\/index\/wp-json\/wp\/v2\/users\/1"}],"replies":[{"embeddable":true,"href":"https:\/\/pedrovelho.rn.gov.br\/transparente\/index\/wp-json\/wp\/v2\/comments?post=27387"}],"version-history":[{"count":3,"href":"https:\/\/pedrovelho.rn.gov.br\/transparente\/index\/wp-json\/wp\/v2\/pages\/27387\/revisions"}],"predecessor-version":[{"id":33178,"href":"https:\/\/pedrovelho.rn.gov.br\/transparente\/index\/wp-json\/wp\/v2\/pages\/27387\/revisions\/33178"}],"wp:attachment":[{"href":"https:\/\/pedrovelho.rn.gov.br\/transparente\/index\/wp-json\/wp\/v2\/media?parent=27387"}],"curies":[{"name":"wp","href":"https:\/\/api.w.org\/{rel}","templated":true}]}}