{"id":6268,"date":"2019-01-11T11:54:40","date_gmt":"2019-01-11T11:54:40","guid":{"rendered":"https:\/\/portais.tiew.com.br\/prefeitura\/01\/transparente\/index\/?page_id=6268"},"modified":"2025-05-30T12:33:07","modified_gmt":"2025-05-30T12:33:07","slug":"diarias-e-passagens","status":"publish","type":"page","link":"https:\/\/pedrovelho.rn.gov.br\/transparente\/index\/diarias-e-passagens\/","title":{"rendered":"Di\u00e1rias e Passagens"},"content":{"rendered":"<p>[et_pb_section fb_built=&#8221;1&#8243; _builder_version=&#8221;4.16&#8243; global_colors_info=&#8221;{}&#8221;][et_pb_row _builder_version=&#8221;4.16&#8243; background_size=&#8221;initial&#8221; background_position=&#8221;top_left&#8221; background_repeat=&#8221;repeat&#8221; width=&#8221;100%&#8221; max_width=&#8221;100%&#8221; global_colors_info=&#8221;{}&#8221;][et_pb_column type=&#8221;4_4&#8243; _builder_version=&#8221;4.16&#8243; custom_padding=&#8221;|||&#8221; global_colors_info=&#8221;{}&#8221; custom_padding__hover=&#8221;|||&#8221;][et_pb_post_title meta=&#8221;off&#8221; featured_image=&#8221;off&#8221; _builder_version=&#8221;4.16&#8243; border_radii=&#8221;on|10px|10px|10px|10px&#8221; border_width_all=&#8221;10px&#8221; border_color_all=&#8221;#ffffff&#8221; box_shadow_style=&#8221;preset1&#8243; global_colors_info=&#8221;{}&#8221;][\/et_pb_post_title][et_pb_text _builder_version=&#8221;4.23&#8243; background_size=&#8221;initial&#8221; background_position=&#8221;top_left&#8221; background_repeat=&#8221;repeat&#8221; hover_enabled=&#8221;0&#8243; border_radii=&#8221;on|10px|10px|10px|10px&#8221; border_width_all=&#8221;10px&#8221; border_color_all=&#8221;#ffffff&#8221; box_shadow_style=&#8221;preset1&#8243; global_colors_info=&#8221;{}&#8221; sticky_enabled=&#8221;0&#8243;]<\/p>\n<div align=\"right\">|\u00a0<strong><a href=\"\/feed\" target=\"_blank\" rel=\"noopener\">XML\u2193<\/a><\/strong>\u00a0| <a href=\"https:\/\/lajes.rn.gov.br\/transparente\/index\/wp-content\/uploads\/2025\/04\/export.csv\" target=\"_blank\" rel=\"noopener\">\u00a0<strong>CSV\u2193<\/strong><\/a>\u00a0| <a href=\"?print=pdf\" target=\"_blank\" rel=\"noopener\"><strong>PDF<\/strong>\u2193<\/a>\u00a0\u00a0| <a href=\"?print=print\" target=\"_blank\" rel=\"noopener\"><strong>IMPRIMIR<\/strong>\u2193<\/a>\u00a0\u00a0|<\/div>\n<p>&nbsp;<br \/>\n\n<table id=\"tablepress-1\" class=\"tablepress tablepress-id-1\">\n<thead>\n<tr class=\"row-1\">\n\t<th class=\"column-1\">Nome<\/th><th class=\"column-2\">Tipo<\/th><th class=\"column-3\">Qnt.<\/th><th class=\"column-4\">Vlr. Unit\u00e1rio<\/th><th class=\"column-5\">Dt. da Partida<\/th><th class=\"column-6\">Dt. da Chegada<\/th><th class=\"column-7\">Cargo<\/th><th class=\"column-8\">Destino<\/th><th class=\"column-9\">Motivo<\/th>\n<\/tr>\n<\/thead>\n<tbody class=\"row-striping row-hover\">\n<tr class=\"row-2\">\n\t<td class=\"column-1\"><\/td><td class=\"column-2\">Di\u00e1ria<\/td><td class=\"column-3\"><\/td><td class=\"column-4\"><\/td><td class=\"column-5\"><\/td><td class=\"column-6\"><\/td><td class=\"column-7\"><\/td><td class=\"column-8\"><\/td><td class=\"column-9\"><\/td>\n<\/tr>\n<tr class=\"row-3\">\n\t<td class=\"column-1\"><\/td><td class=\"column-2\">Di\u00e1ria<\/td><td class=\"column-3\"><\/td><td class=\"column-4\"><\/td><td class=\"column-5\"><\/td><td class=\"column-6\"><\/td><td class=\"column-7\"><\/td><td class=\"column-8\"><\/td><td class=\"column-9\"><\/td>\n<\/tr>\n<tr class=\"row-4\">\n\t<td class=\"column-1\"><\/td><td class=\"column-2\">Di\u00e1ria<\/td><td class=\"column-3\"><\/td><td class=\"column-4\"><\/td><td class=\"column-5\"><\/td><td class=\"column-6\"><\/td><td class=\"column-7\"><\/td><td class=\"column-8\"><\/td><td class=\"column-9\"><\/td>\n<\/tr>\n<tr class=\"row-5\">\n\t<td class=\"column-1\"><a href=\"https:\/\/pedrovelho.rn.gov.br\/transparente\/index\/portaria-no-238-2025-gab-dispoe-sobre-a-concessao-de-03-tres-diarias-a-sra-andreia-da-silva-pereira-conselheira-tutelar-e-da-outras-providencias\/\">ANDR\u00c9IA DA SILVA PEREIRA<\/a><\/td><td class=\"column-2\">Di\u00e1ria<\/td><td class=\"column-3\">03 (TR\u00caS) DI\u00c1RIAS<\/td><td class=\"column-4\"><\/td><td class=\"column-5\">03 de julho de 2025<\/td><td class=\"column-6\">05 de julho de 2025<\/td><td class=\"column-7\">Conselheira Tutelar<\/td><td class=\"column-8\">Martins\/RN<\/td><td class=\"column-9\">para participar do Encontro de forma\u00e7\u00e3o para o fortalecimento da rede de prote\u00e7\u00e3o dos direitos da crian\u00e7a e do adolescente \u2013 Regi\u00e3o do Alto Oeste Potiguar, a fim de reunir, capacitar e promover a forma\u00e7\u00e3o continuada deste membro.<\/td>\n<\/tr>\n<tr class=\"row-6\">\n\t<td class=\"column-1\"><a href=\"https:\/\/pedrovelho.rn.gov.br\/transparente\/index\/portaria-no-237-2025-gab-dispoe-sobre-a-concessao-de-03-tres-diarias-a-sra-daniela-peixoto-de-franca-conselheira-tutelar-e-da-outras-providencias\/\">DANIELA PEIXOTO DE FRAN\u00c7A<\/a><\/td><td class=\"column-2\">Di\u00e1ria<\/td><td class=\"column-3\">03 (TR\u00caS) DI\u00c1RIAS<\/td><td class=\"column-4\"><\/td><td class=\"column-5\">03 de julho de 2025<\/td><td class=\"column-6\">05 de julho de 2025<\/td><td class=\"column-7\">Conselheira Tutelar<\/td><td class=\"column-8\">Martins\/RN<\/td><td class=\"column-9\">para participar do Encontro de forma\u00e7\u00e3o para o fortalecimento da rede de prote\u00e7\u00e3o dos direitos da crian\u00e7a e do adolescente \u2013 Regi\u00e3o do Alto Oeste Potiguar, a fim de reunir, capacitar e promover a forma\u00e7\u00e3o continuada deste membro.<\/td>\n<\/tr>\n<tr class=\"row-7\">\n\t<td class=\"column-1\"><a href=\"https:\/\/pedrovelho.rn.gov.br\/transparente\/index\/portaria-no-236-2025-gab-dispoe-sobre-a-concessao-de-03-tres-diarias-ao-sr-aurelio-rodrigues-barbosa-conselheiro-tutelar-e-da-outras-providencias\/\">AUR\u00c9LIO RODRIGUES BARBOSA<\/a><\/td><td class=\"column-2\">Di\u00e1ria<\/td><td class=\"column-3\">03 (TR\u00caS) DI\u00c1RIAS<\/td><td class=\"column-4\"><\/td><td class=\"column-5\">03 de julho de 2025<\/td><td class=\"column-6\">05 de julho de 2025<\/td><td class=\"column-7\">Conselheiro Tutelar<\/td><td class=\"column-8\">Martins\/RN<\/td><td class=\"column-9\">para participar do Encontro de forma\u00e7\u00e3o para o fortalecimento da rede de prote\u00e7\u00e3o dos direitos da crian\u00e7a e do adolescente \u2013 Regi\u00e3o do Alto Oeste Potiguar, a fim de reunir, capacitar e promover a forma\u00e7\u00e3o continuada deste membro.<\/td>\n<\/tr>\n<tr class=\"row-8\">\n\t<td class=\"column-1\"><a href=\"https:\/\/pedrovelho.rn.gov.br\/transparente\/index\/portaria-no-227-2025-gab-dispoe-sobre-a-concessao-de-2-diarias-a-senhora-michele-rosa-a-f-dos-santos-coordenadora-pedagogica-e-da-outras-providencias\/\">MICHELE ROSA A. F. DOS SANTOS<\/a><\/td><td class=\"column-2\">Di\u00e1ria<\/td><td class=\"column-3\">2 di\u00e1rias<\/td><td class=\"column-4\"><\/td><td class=\"column-5\">16 \/06\/2025.<\/td><td class=\"column-6\">19\/06\/2025.<\/td><td class=\"column-7\">COORDENADORA PEDAG\u00d3GICA<\/td><td class=\"column-8\">Natal\/RN<\/td><td class=\"column-9\">participa\u00e7\u00e3o no IV Congresso Brasileiro de Educa\u00e7\u00e3o Integral, que ser\u00e1 realizado na cidade de Natal, durante os dias 16 a 19\/06\/2025.<\/td>\n<\/tr>\n<tr class=\"row-9\">\n\t<td class=\"column-1\"><a href=\"https:\/\/pedrovelho.rn.gov.br\/transparente\/index\/portaria-no-226-2025-gab-dispoe-sobre-a-concessao-de-2-diarias-a-senhora-socorro-dos-anjos-gomes-moreira-secretaria-municipal-de-educacao-e-da-outras-providencias\/\">EMILLY THAYANNE COSTA DE CARVALHO<\/a><\/td><td class=\"column-2\">Di\u00e1ria<\/td><td class=\"column-3\">2 di\u00e1rias<\/td><td class=\"column-4\"><\/td><td class=\"column-5\">16 \/06\/2025.<\/td><td class=\"column-6\">19\/06\/2025.<\/td><td class=\"column-7\">COORDENADORA DE EVENTOS EDUCACIONAIS UNIFICADOS<\/td><td class=\"column-8\">Natal\/RN<\/td><td class=\"column-9\">participa\u00e7\u00e3o no IV Congresso Brasileiro de Educa\u00e7\u00e3o Integral, que ser\u00e1 realizado na cidade de Natal, durante os dias 16 a 19\/06\/2025.<\/td>\n<\/tr>\n<tr class=\"row-10\">\n\t<td class=\"column-1\"><a href=\"https:\/\/pedrovelho.rn.gov.br\/transparente\/index\/portaria-no-225-2025-gab-dispoe-sobre-a-concessao-de-2-diarias-a-senhora-emilly-thayanne-costa-de-carvalho-coordenadora-de-eventos-educacionais-unificados-e-da-outras-providencias\/\">EMILLY THAYANNE COSTA DE CARVALHO<\/a><\/td><td class=\"column-2\">Di\u00e1ria<\/td><td class=\"column-3\">2 di\u00e1rias<\/td><td class=\"column-4\"><\/td><td class=\"column-5\">16 \/06\/2025.<\/td><td class=\"column-6\">19\/06\/2025.<\/td><td class=\"column-7\">COORDENADORA DE EVENTOS EDUCACIONAIS UNIFICADOS<\/td><td class=\"column-8\">Natal\/RN<\/td><td class=\"column-9\">participa\u00e7\u00e3o no IV Congresso Brasileiro de Educa\u00e7\u00e3o Integral, que ser\u00e1 realizado na cidade de Natal, durante os dias 16 a 19\/06\/2025.<\/td>\n<\/tr>\n<tr class=\"row-11\">\n\t<td class=\"column-1\"><a href=\"https:\/\/pedrovelho.rn.gov.br\/transparente\/index\/portaria-no-224-2025-gab-dispoe-sobre-a-concessao-de-4-diarias-ao-senhora-juliana-cecilia-soares-da-silva-coordenadora-da-atencao-basica-e-da-outras-providencias\/\"> JULIANA CEC\u00cdLIA SOARES DA SILVA<\/a><\/td><td class=\"column-2\">Di\u00e1ria<\/td><td class=\"column-3\">4 di\u00e1rias<\/td><td class=\"column-4\"><\/td><td class=\"column-5\">15 de junho de 2025<\/td><td class=\"column-6\">18 de junho de 2025<\/td><td class=\"column-7\">COORDENADORA DA ATEN\u00c7\u00c3O B\u00c1SICA<\/td><td class=\"column-8\">Belo Horizonte\/MG<\/td><td class=\"column-9\">para participar do XXXVII Congresso do CONASEMS.<\/td>\n<\/tr>\n<tr class=\"row-12\">\n\t<td class=\"column-1\"><a href=\"https:\/\/pedrovelho.rn.gov.br\/transparente\/index\/portaria-no-223-2025-gab-dispoe-sobre-a-concessao-de-4-diarias-a-senhora-samadah-carolina-lima-bezerril-coordenadora-de-saude-bucal-e-da-outras-providencias\/\">SAMADAH CAROLINA LIMA BEZERRIL<\/a><\/td><td class=\"column-2\">Di\u00e1ria<\/td><td class=\"column-3\">4 di\u00e1rias<\/td><td class=\"column-4\"><\/td><td class=\"column-5\">15 de junho de 2025<\/td><td class=\"column-6\">18 de junho de 2025<\/td><td class=\"column-7\">COORDENADORA DE SA\u00daDE BUCAL<\/td><td class=\"column-8\">Belo Horizonte\/MG<\/td><td class=\"column-9\">para participar do XXXVII Congresso do CONASEMS.<\/td>\n<\/tr>\n<tr class=\"row-13\">\n\t<td class=\"column-1\"><a href=\"https:\/\/pedrovelho.rn.gov.br\/transparente\/index\/portaria-no-220-2025-gab-dispoe-sobre-a-concessao-de-02-e-%c2%bd-duas-e-meia-diarias-ao-sr-pedro-gomes-da-silva-junior-prefeito-municipal-e-da-outras-providencias\/\">PEDRO GOMES DA SILVA J\u00daNIOR<\/a><\/td><td class=\"column-2\">Di\u00e1ria<\/td><td class=\"column-3\">02 e \u00bd (duas e meia) di\u00e1rias<\/td><td class=\"column-4\"><\/td><td class=\"column-5\">09 de junho de 2025<\/td><td class=\"column-6\">11 de junho de 2025<\/td><td class=\"column-7\">Prefeito Municipal<\/td><td class=\"column-8\">Bras\u00edlia\/DF<\/td><td class=\"column-9\">para visita ao Congresso Nacional e Minist\u00e9rios em busca de emendas e libera\u00e7\u00e3o de recursos para o munic\u00edpio de Pedro Velho\/RN.<\/td>\n<\/tr>\n<tr class=\"row-14\">\n\t<td class=\"column-1\"><a href=\"https:\/\/pedrovelho.rn.gov.br\/transparente\/index\/portaria-no-206-2025-dispoe-sobre-a-concessao-de-02-duas-diarias-a-sra-socorro-dos-anjos-gomes-moreira-secretaria-municipal-de-educacao-e-da-outras-providencias\/\">SOCORRO DOS ANJOS GOMES MOREIRA<\/a><\/td><td class=\"column-2\">Di\u00e1ria<\/td><td class=\"column-3\">02 (duas) di\u00e1rias<\/td><td class=\"column-4\"><\/td><td class=\"column-5\">22 de maio de 2025<\/td><td class=\"column-6\">23 de maio de 2025<\/td><td class=\"column-7\">Secret\u00e1ria Municipal de Educa\u00e7\u00e3o<\/td><td class=\"column-8\">Bras\u00edlia\/DF<\/td><td class=\"column-9\">para participar da Oficina de Treinamento do Sistema Presen\u00e7a, no Minist\u00e9rio da Educa\u00e7\u00e3o<\/td>\n<\/tr>\n<tr class=\"row-15\">\n\t<td class=\"column-1\"><a href=\"https:\/\/pedrovelho.rn.gov.br\/transparente\/index\/portaria-no-205-2025-dispoe-sobre-a-concessao-de-03-e-%c2%bd-tres-e-meia-diarias-ao-sr-jose-leon-da-silva-candido-coordenador-de-comunicacao-e-da-outras-providencias\/\">JOSE LEON DA SILVA CANDIDO<\/a><\/td><td class=\"column-2\">Di\u00e1ria<\/td><td class=\"column-3\">03 e \u00bd (tr\u00eas e meia) di\u00e1rias<\/td><td class=\"column-4\"><\/td><td class=\"column-5\">19 de maio de 2025<\/td><td class=\"column-6\">22 de maio de 2025<\/td><td class=\"column-7\">Coordenador de Comunica\u00e7\u00e3o<\/td><td class=\"column-8\">Bras\u00edlia\/DF<\/td><td class=\"column-9\">para acompanhar o Prefeito Municipal e participar da XXVI Marcha a Bras\u00edlia em Defesa dos Munic\u00edpios, que ocorre no Centro Internacional de Conven\u00e7\u00f5es do Brasil (CICB).<\/td>\n<\/tr>\n<tr class=\"row-16\">\n\t<td class=\"column-1\"><a href=\"https:\/\/pedrovelho.rn.gov.br\/transparente\/index\/portaria-no-204-2025-dispoe-sobre-a-concessao-de-03-e-%c2%bd-tres-e-meia-diarias-ao-sr-jader-marques-de-lima-vice-prefeito-e-da-outras-providencias\/\"> JADER MARQUES DE LIMA<\/a><\/td><td class=\"column-2\">Di\u00e1ria<\/td><td class=\"column-3\">03 e \u00bd (tr\u00eas e meia) di\u00e1rias<\/td><td class=\"column-4\"><\/td><td class=\"column-5\">19 de maio de 2025<\/td><td class=\"column-6\">22 de maio de 2025<\/td><td class=\"column-7\">Vice-Prefeito<\/td><td class=\"column-8\">Bras\u00edlia\/DF<\/td><td class=\"column-9\">para acompanhar o Prefeito Municipal e participar da XXVI Marcha a Bras\u00edlia em Defesa dos Munic\u00edpios, que ocorre no Centro Internacional de Conven\u00e7\u00f5es do Brasil (CICB).<\/td>\n<\/tr>\n<tr class=\"row-17\">\n\t<td class=\"column-1\"><a href=\"https:\/\/pedrovelho.rn.gov.br\/transparente\/index\/portaria-no-203-2025-dispoe-sobre-a-concessao-de-03-e-%c2%bd-tres-e-meia-diarias-ao-sr-jose-diogo-henryson-barbosa-de-farias-chefe-de-gabinete-e-da-outras-providencias\/\">JOS\u00c9 DIOGO HENRYSON BARBOSA DE FARIAS<\/a><\/td><td class=\"column-2\">Di\u00e1ria<\/td><td class=\"column-3\">03 e \u00bd (tr\u00eas e meia) di\u00e1rias<\/td><td class=\"column-4\"><\/td><td class=\"column-5\">19 de maio de 2025<\/td><td class=\"column-6\">22 de maio de 2025<\/td><td class=\"column-7\">Chefe de Gabinete<\/td><td class=\"column-8\">Bras\u00edlia\/DF<\/td><td class=\"column-9\">para acompanhar o Prefeito Municipal e participar da XXVI Marcha a Bras\u00edlia em Defesa dos Munic\u00edpios, que ocorre no Centro Internacional de Conven\u00e7\u00f5es do Brasil (CICB).<\/td>\n<\/tr>\n<tr class=\"row-18\">\n\t<td class=\"column-1\"><a href=\"https:\/\/pedrovelho.rn.gov.br\/transparente\/index\/portaria-no-202-2025-dispoe-sobre-a-concessao-de-03-e-%c2%bd-tres-e-meia-diarias-a-sra-allyne-costa-da-silva-secretaria-adjunta-de-assistencia-social-e-da-outras-providencias\/\">ALLYNE COSTA DA SILVA<\/a><\/td><td class=\"column-2\">Di\u00e1ria<\/td><td class=\"column-3\">03 e \u00bd (tr\u00eas e meia) di\u00e1rias<\/td><td class=\"column-4\"><\/td><td class=\"column-5\">19 de maio de 2025<\/td><td class=\"column-6\">22 de maio de 2025<\/td><td class=\"column-7\">Secretaria Adjunta de Assist\u00eancia Social<\/td><td class=\"column-8\">Bras\u00edlia\/DF<\/td><td class=\"column-9\">para acompanhar o Prefeito Municipal e participar da XXVI Marcha a Bras\u00edlia em Defesa dos Munic\u00edpios, que ocorre no Centro Internacional de Conven\u00e7\u00f5es do Brasil (CICB).<\/td>\n<\/tr>\n<tr class=\"row-19\">\n\t<td class=\"column-1\"><a href=\"https:\/\/pedrovelho.rn.gov.br\/transparente\/index\/portaria-no-200-2025-dispoe-sobre-a-concessao-de-03-e-%c2%bd-tres-e-meia-diarias-a-sra-daiana-valentim-freire-secretaria-municipal-de-assistencia-social-e-da-outras-providencias\/\">DAIANA VALENTIM FREIRE<\/a><\/td><td class=\"column-2\">Di\u00e1ria<\/td><td class=\"column-3\">03 e \u00bd (tr\u00eas e meia) di\u00e1rias<\/td><td class=\"column-4\"><\/td><td class=\"column-5\">19 de maio de 2025<\/td><td class=\"column-6\">22 de maio de 2025<\/td><td class=\"column-7\">Secret\u00e1ria Municipal de Assist\u00eancia Social<\/td><td class=\"column-8\">Bras\u00edlia\/DF<\/td><td class=\"column-9\">para acompanhar o Prefeito Municipal e participar da XXVI Marcha a Bras\u00edlia em Defesa dos Munic\u00edpios, que ocorre no Centro Internacional de Conven\u00e7\u00f5es do Brasil (CICB).<\/td>\n<\/tr>\n<tr class=\"row-20\">\n\t<td class=\"column-1\"><a href=\"https:\/\/pedrovelho.rn.gov.br\/transparente\/index\/portaria-no-199-2025-dispoe-sobre-a-concessao-de-03-e-%c2%bd-tres-e-meia-diarias-ao-sr-pedro-gomes-da-silva-neto-secretario-municipal-de-juventude-e-da-outras-providencias\/\">PEDRO GOMES DA SILVA NETO<\/a><\/td><td class=\"column-2\">Di\u00e1ria<\/td><td class=\"column-3\">03 e \u00bd (tr\u00eas e meia) di\u00e1rias<\/td><td class=\"column-4\"><\/td><td class=\"column-5\">19 de maio de 2025<\/td><td class=\"column-6\">22 de maio de 2025<\/td><td class=\"column-7\">Secret\u00e1rio Municipal de Juventude<\/td><td class=\"column-8\">Bras\u00edlia\/DF<\/td><td class=\"column-9\">para acompanhar o Prefeito Municipal e participar da XXVI Marcha a Bras\u00edlia em Defesa dos Munic\u00edpios, que ocorre no Centro Internacional de Conven\u00e7\u00f5es do Brasil (CICB).<\/td>\n<\/tr>\n<tr class=\"row-21\">\n\t<td class=\"column-1\"><a href=\"https:\/\/pedrovelho.rn.gov.br\/transparente\/index\/portaria-no-197-2025-dispoe-sobre-a-concessao-de-03-e-%c2%bd-tres-e-meia-diarias-ao-sr-pedro-gomes-da-silva-junior-prefeito-municipal-e-da-outras-providencias\/\">PEDRO GOMES DA SILVA J\u00daNIOR<\/a><\/td><td class=\"column-2\">Di\u00e1ria<\/td><td class=\"column-3\">03 E \u00bd (TR\u00caS E MEIA) DI\u00c1RIAS<\/td><td class=\"column-4\"><\/td><td class=\"column-5\">19 de maio de 2025<\/td><td class=\"column-6\">22 de maio de 2025<\/td><td class=\"column-7\">Prefeito Municipal<\/td><td class=\"column-8\">Bras\u00edlia\/DF<\/td><td class=\"column-9\">para participar da XXVI Marcha a Bras\u00edlia em Defesa dos Munic\u00edpios, que ocorre no Centro Internacional de Conven\u00e7\u00f5es do Brasil (CICB).<\/td>\n<\/tr>\n<tr class=\"row-22\">\n\t<td class=\"column-1\"><a href=\"https:\/\/pedrovelho.rn.gov.br\/transparente\/index\/portaria-no-194-2025-gab-dispoe-sobre-a-concessao-de-01-uma-diaria-ao-sr-assis-lourenco-da-silva-diretor-geral-de-gestao-e-risco-defesa-civil-e-da-outras-providencias\/\">ASSIS LOUREN\u00c7O DA SILVA<\/a><\/td><td class=\"column-2\">Di\u00e1ria<\/td><td class=\"column-3\">01 (uma) di\u00e1ria<\/td><td class=\"column-4\"><\/td><td class=\"column-5\">14 de maio de 2025<\/td><td class=\"column-6\">14 de maio de 2025<\/td><td class=\"column-7\">Diretor Geral de Gest\u00e3o e Risco (Defesa Civil)<\/td><td class=\"column-8\">Natal\/RN<\/td><td class=\"column-9\">para participar da Capacita\u00e7\u00e3o em Percep\u00e7\u00e3o e Mapeamento de \u00c1reas de Risco Geol\u00f3gico para Agentes Municipais de Prote\u00e7\u00e3o de Defesa Civil do RN.<\/td>\n<\/tr>\n<tr class=\"row-23\">\n\t<td class=\"column-1\"><a href=\"https:\/\/pedrovelho.rn.gov.br\/transparente\/index\/portaria-no-160-2025-gab-dispoe-sobre-a-concessao-de-04-quatro-diarias-ao-sr-raphael-fernandes-oliveira-de-azevedo-membro-do-conselho-municipal-dos-direitos-da-crianca-e-do-adoles\/\">RAPHAEL FERNANDES OLIVEIRA DE AZEVEDO<\/a><\/td><td class=\"column-2\">Di\u00e1ria<\/td><td class=\"column-3\">04 (quatro) di\u00e1rias<\/td><td class=\"column-4\"><\/td><td class=\"column-5\">10 de abril de 2025<\/td><td class=\"column-6\">13 de abril de 2025<\/td><td class=\"column-7\">MEMBRO DO CONSELHO MUNICIPAL DOS DIREITOS DA CRIAN\u00c7A E DO ADOLESCENTE-CMDCA<\/td><td class=\"column-8\">Ipojuca\/PE<\/td><td class=\"column-9\">para participar do III Di\u00e1logo Nacional de Pol\u00edticas de Educa\u00e7\u00e3o, Sa\u00fade, Assist\u00eancia Social e do Sistema de Garantia de Direitos, a fim de reunir, capacitar e promover a forma\u00e7\u00e3o continuada deste membro.<\/td>\n<\/tr>\n<tr class=\"row-24\">\n\t<td class=\"column-1\"><a href=\"https:\/\/pedrovelho.rn.gov.br\/transparente\/index\/portaria-154-2025-gab-dispoe-sobre-a-concessao-de-02-duas-diarias-ao-sr-pedro-gomes-da-silva-junior-prefeito-municipal-e-da-outras-providencias\/\">PEDRO GOMES DA SILVA J\u00daNIOR<\/a><\/td><td class=\"column-2\">Di\u00e1ria<\/td><td class=\"column-3\">02 (duas) di\u00e1rias<\/td><td class=\"column-4\"><\/td><td class=\"column-5\">01 de abril de 2025<\/td><td class=\"column-6\">02 de abril de 2025<\/td><td class=\"column-7\">Prefeito Municipal<\/td><td class=\"column-8\">Bras\u00edlia\/DF<\/td><td class=\"column-9\">para acompanhar o Secret\u00e1rio Municipal de Turismo e participar da 4\u00ba Marcha de Secret\u00e1rios de Turismo, a fim de buscar conhecimento e firmamento de parcerias com institui\u00e7\u00f5es em diversos segmentos tur\u00edsticos.<\/td>\n<\/tr>\n<tr class=\"row-25\">\n\t<td class=\"column-1\"><a href=\"https:\/\/pedrovelho.rn.gov.br\/transparente\/index\/portaria-151-2025-gab-dispoe-sobre-a-concessao-de-02-duas-diarias-ao-sr-pedro-gomes-da-silva-junior-prefeito-municipal-e-da-outras-providencias\/\" rel=\"noopener\" target=\"_blank\">PEDRO GOMES DA SILVA J\u00daNIOR<\/a><\/td><td class=\"column-2\">Di\u00e1ria<\/td><td class=\"column-3\">02 (duas) di\u00e1rias<\/td><td class=\"column-4\"><\/td><td class=\"column-5\">26 de mar\u00e7o de 2025<\/td><td class=\"column-6\">27 de mar\u00e7o de 2025<\/td><td class=\"column-7\">Prefeito Municipal<\/td><td class=\"column-8\">Bras\u00edlia\/DF<\/td><td class=\"column-9\">para visita \u00e0 C\u00e2mara dos Deputados, Senado Federal e ao Minist\u00e9rio do Turismo para capta\u00e7\u00e3o de recursos para o munic\u00edpio de Pedro Velho\/RN.<\/td>\n<\/tr>\n<tr class=\"row-26\">\n\t<td class=\"column-1\"><a href=\"https:\/\/pedrovelho.rn.gov.br\/transparente\/index\/portaria-no-138-2025-gab\/\" rel=\"noopener\" target=\"_blank\">ANDRESSA DA COSTA DOS SANTOS<\/a><\/td><td class=\"column-2\">Di\u00e1ria<\/td><td class=\"column-3\">meia (\u00bd) di\u00e1ria<\/td><td class=\"column-4\"><\/td><td class=\"column-5\">13 de mar\u00e7o de 2025<\/td><td class=\"column-6\">13 de mar\u00e7o de 2025<\/td><td class=\"column-7\">Coordenadora de Contabilidade<\/td><td class=\"column-8\">Natal\/RN<\/td><td class=\"column-9\">para participar do 1\u00ba Workshop de Efici\u00eancia Energ\u00e9tica, Transforma\u00e7\u00e3o e Capacita\u00e7\u00e3o para Prefeituras, na cidade de Natal\/RN, no dia 13 de mar\u00e7o de 2025.<\/td>\n<\/tr>\n<tr class=\"row-27\">\n\t<td class=\"column-1\"><a href=\"https:\/\/pedrovelho.rn.gov.br\/transparente\/index\/portaria-no-137-2025-gab-dispoe-sobre-a-concessao-de-meia-%c2%bd-diaria-ao-sr-jose-gerli-dos-santos-da-silva-secretario-municipal-administracao-e-da-outras-providencias\/\" rel=\"noopener\" target=\"_blank\">JOS\u00c9 GERLI DOS SANTOS DA SILVA<\/a><\/td><td class=\"column-2\">Di\u00e1ria<\/td><td class=\"column-3\">meia (\u00bd) di\u00e1ria<\/td><td class=\"column-4\"><\/td><td class=\"column-5\">13 de mar\u00e7o de 2025<\/td><td class=\"column-6\">13 de mar\u00e7o de 2025<\/td><td class=\"column-7\">Secret\u00e1rio Municipal Administra\u00e7\u00e3o<\/td><td class=\"column-8\">Natal\/RN<\/td><td class=\"column-9\">para participar do 1\u00ba Workshop de Efici\u00eancia Energ\u00e9tica, Transforma\u00e7\u00e3o e Capacita\u00e7\u00e3o para Prefeituras, na cidade de Natal\/RN, no dia 13 de mar\u00e7o de 2025.<\/td>\n<\/tr>\n<tr class=\"row-28\">\n\t<td class=\"column-1\"><a href=\"https:\/\/pedrovelho.rn.gov.br\/transparente\/index\/portaria-no-134-2025-gab-dispoe-sobre-a-concessao-de-%c2%bd-meia-diaria-a-sra-emilly-thayanne-costa-de-carvalho-coordenadora-de-eventos-educacionais-unificados-e-da-outras-providencia\/\" rel=\"noopener\" target=\"_blank\">EMILLY THAYANNE COSTA DE CARVALHO<\/a><\/td><td class=\"column-2\">Di\u00e1ria<\/td><td class=\"column-3\">\u00bd (meia) di\u00e1ria<\/td><td class=\"column-4\"><\/td><td class=\"column-5\">11 de mar\u00e7o de 2025<\/td><td class=\"column-6\">11 de mar\u00e7o de 2025<\/td><td class=\"column-7\">Coordenadora de eventos Educacionais Unificados<\/td><td class=\"column-8\">Natal\/RN<\/td><td class=\"column-9\">para participar do Encontro de Forma\u00e7\u00e3o para Gestores do Transporte Escolar e conselheiros do CACS-FUNDEB, no dia 11 de mar\u00e7o de 2025<\/td>\n<\/tr>\n<tr class=\"row-29\">\n\t<td class=\"column-1\"><a href=\"https:\/\/pedrovelho.rn.gov.br\/transparente\/index\/portaria-no-129-2025-gab-dispoe-sobre-a-concessao-de-01-uma-diaria-a-sra-daiana-valentim-freire-secretaria-municipal-de-assistencia-social-e-da-outras-providencias\/\" rel=\"noopener\" target=\"_blank\">DAIANA VALENTIM FREIRE<\/a><\/td><td class=\"column-2\">Di\u00e1ria<\/td><td class=\"column-3\">01 (uma) di\u00e1ria<\/td><td class=\"column-4\"><\/td><td class=\"column-5\">11 de mar\u00e7o de 2025<\/td><td class=\"column-6\">11 de mar\u00e7o de 2025<\/td><td class=\"column-7\">Secretaria Municipal de Assist\u00eancia Social<\/td><td class=\"column-8\">Natal\/RN<\/td><td class=\"column-9\">para participar do Semin\u00e1rio Estadual de forma\u00e7\u00e3o e acolhida dos novos gestores (as) da Assist\u00eancia Social, no dia 11 de mar\u00e7o de 2025<\/td>\n<\/tr>\n<tr class=\"row-30\">\n\t<td class=\"column-1\"><a href=\"https:\/\/pedrovelho.rn.gov.br\/transparente\/index\/portaria-111-2025-gab-dispoe-sobre-a-concessao-de-02-duas-e-%c2%bd-meia-diarias-ao-sr-claudio-jose-da-silva-psicologo-do-cras-e-da-outras-providencias\/\" rel=\"noopener\" target=\"_blank\">CLAUDIO JOS\u00c9 DA SILVA<\/a><\/td><td class=\"column-2\">Di\u00e1ria<\/td><td class=\"column-3\">02 (duas) e \u00bd (meia) di\u00e1rias<\/td><td class=\"column-4\"><\/td><td class=\"column-5\">24 de fevereiro de 2025<\/td><td class=\"column-6\">26 de fevereiro de 2025<\/td><td class=\"column-7\">Psic\u00f3logo do CRAS<\/td><td class=\"column-8\">Floresta\/PE<\/td><td class=\"column-9\">para custear despesas com hospedagem, alimenta\u00e7\u00e3o e locomo\u00e7\u00e3o, durante sua perman\u00eancia na cidade de Floresta\/PE, nos dias 24 a 26 de fevereiro de 2025, no intuito de acompanhar a fam\u00edlia ao retorno para casa, que se encontra em situa\u00e7\u00e3o de vulnerabilidade social, sem condi\u00e7\u00f5es de arcar com as despesas relacionadas ao traslado para sua cidade natal, Pedro Velho\/RN.<\/td>\n<\/tr>\n<tr class=\"row-31\">\n\t<td class=\"column-1\"><a href=\"https:\/\/pedrovelho.rn.gov.br\/transparente\/index\/portaria-99-2025-gab-dispoe-sobre-a-concessao-de-04-quatro-diarias-ao-sr-pedro-gomes-da-silva-junior-prefeito-municipal-e-da-outras-providencias\/\" rel=\"noopener\" target=\"_blank\">PEDRO GOMES DA SILVA J\u00daNIOR<\/a><\/td><td class=\"column-2\">Di\u00e1ria<\/td><td class=\"column-3\">04 (quatro) di\u00e1rias<\/td><td class=\"column-4\"><\/td><td class=\"column-5\">11 de fevereiro de 2025<\/td><td class=\"column-6\">14 de fevereiro de 2025<\/td><td class=\"column-7\">Prefeito Municipal<\/td><td class=\"column-8\">Bras\u00edlia\/DF<\/td><td class=\"column-9\">Para participar do encontro de novos prefeitos e prefeitas que acontece na cidade de Bras\u00edlia, DF. Bem como para capta\u00e7\u00e3o de recursos junto a deputados, senadores e ministros.<\/td>\n<\/tr>\n<tr class=\"row-32\">\n\t<td class=\"column-1\"><a href=\"https:\/\/pedrovelho.rn.gov.br\/transparente\/index\/portaria-100-2025-gab-dispoe-sobre-a-concessao-de-04-quatro-diarias-ao-sra-daiana-valentim-freire-secretaria-municipal-de-assistencia-social-e-da-outras-providencias\/\" rel=\"noopener\" target=\"_blank\">DAIANA VALENTIM FREIRE<\/a><\/td><td class=\"column-2\">Di\u00e1ria<\/td><td class=\"column-3\">04 (quatro) di\u00e1rias<\/td><td class=\"column-4\"><\/td><td class=\"column-5\">11 de fevereiro de 2025<\/td><td class=\"column-6\">14 de fevereiro de 2025<\/td><td class=\"column-7\">Secretaria Municipal de Assist\u00eancia Social<\/td><td class=\"column-8\">Bras\u00edlia\/DF<\/td><td class=\"column-9\">Para participar do encontro de novos prefeitos e prefeitas que acontece na cidade de Bras\u00edlia, DF. Bem como para capta\u00e7\u00e3o de recursos junto a deputados, senadores e ministros.<\/td>\n<\/tr>\n<tr class=\"row-33\">\n\t<td class=\"column-1\"><a href=\"https:\/\/pedrovelho.rn.gov.br\/transparente\/index\/portaria-101-2025-gab-dispoe-sobre-a-concessao-de-04-quatro-diarias-ao-sra-isis-florencio-da-costa-secretaria-adjunta-de-financas-e-da-outras-providencias\/\" rel=\"noopener\" target=\"_blank\">ISIS FLOR\u00caNCIO DA COSTA<\/a><\/td><td class=\"column-2\">Di\u00e1ria<\/td><td class=\"column-3\">04 (quatro) di\u00e1rias<\/td><td class=\"column-4\"><\/td><td class=\"column-5\">11 de fevereiro de 2025<\/td><td class=\"column-6\">14 de fevereiro de 2025<\/td><td class=\"column-7\">Secretaria Adjunta de Finan\u00e7as<\/td><td class=\"column-8\">Bras\u00edlia\/DF<\/td><td class=\"column-9\">Para participar do encontro de novos prefeitos e prefeitas que acontece na cidade de Bras\u00edlia, DF. Bem como para capta\u00e7\u00e3o de recursos junto a deputados, senadores e ministros.<\/td>\n<\/tr>\n<tr class=\"row-34\">\n\t<td class=\"column-1\"><a href=\"https:\/\/pedrovelho.rn.gov.br\/transparente\/index\/portaria-102-2025-gab-dispoe-sobre-a-concessao-de-04-quatro-diarias-ao-sr-pedro-gomes-da-silva-neto-secretario-municipal-de-juventude-e-da-outras-providencias\/\" rel=\"noopener\" target=\"_blank\">PEDRO GOMES DA SILVA NETO<\/a><\/td><td class=\"column-2\">Di\u00e1ria<\/td><td class=\"column-3\">04 (quatro) di\u00e1rias<\/td><td class=\"column-4\"><\/td><td class=\"column-5\">11 de fevereiro de 2025<\/td><td class=\"column-6\">14 de fevereiro de 2025<\/td><td class=\"column-7\">Secretario Municipal de Juventude<\/td><td class=\"column-8\">Bras\u00edlia\/DF<\/td><td class=\"column-9\">Para participar do encontro de novos prefeitos e prefeitas que acontece na cidade de Bras\u00edlia, DF. Bem como para capta\u00e7\u00e3o de recursos junto a deputados, senadores e ministros.<\/td>\n<\/tr>\n<tr class=\"row-35\">\n\t<td class=\"column-1\"><a href=\"https:\/\/pedrovelho.rn.gov.br\/transparente\/index\/portaria-103-2025-gab-dispoe-sobre-a-concessao-de-04-quatro-diarias-ao-sr-dellano-humerson-barbosa-de-farias-procurador-do-municipio-e-da-outras-providencias\/\" rel=\"noopener\" target=\"_blank\">DELLANO HUMERSON BARBOSA DE FARIAS<\/a><\/td><td class=\"column-2\">Di\u00e1ria<\/td><td class=\"column-3\">04 (quatro) di\u00e1rias<\/td><td class=\"column-4\"><\/td><td class=\"column-5\">11 de fevereiro de 2025<\/td><td class=\"column-6\">14 de fevereiro de 2025<\/td><td class=\"column-7\">Procurador do Munic\u00edpio<\/td><td class=\"column-8\">Bras\u00edlia\/DF<\/td><td class=\"column-9\">Para participar do encontro de novos prefeitos e prefeitas que acontece na cidade de Bras\u00edlia, DF. Bem como para capta\u00e7\u00e3o de recursos junto a deputados, senadores e ministros.<\/td>\n<\/tr>\n<tr class=\"row-36\">\n\t<td class=\"column-1\"><a href=\"https:\/\/pedrovelho.rn.gov.br\/transparente\/index\/portaria-96-2025-gab-dispoe-sobre-a-concessao-de-05-cinco-diarias-ao-sr-jader-marques-de-lima-vice-prefeito-e-da-outras-providencias\/\" rel=\"noopener\" target=\"_blank\">JADER MARQUES DE LIMA<\/a><\/td><td class=\"column-2\">Di\u00e1ria<\/td><td class=\"column-3\">05 (cinco) di\u00e1rias<\/td><td class=\"column-4\"><\/td><td class=\"column-5\">13 de fevereiro de 2025<\/td><td class=\"column-6\">17 de fevereiro de 2025<\/td><td class=\"column-7\">Vice-Prefeito<\/td><td class=\"column-8\">Jo\u00e3o Pessoa\/PB<\/td><td class=\"column-9\">para participar da 6\u00aa CAPACITA\u00c7\u00c3O DE AGENTES P\u00daBLICOS DO NORDESTE, na cidade de Jo\u00e3o Pessoa\/PB, durante os dias 13 a 17 de fevereiro de 2025.<\/td>\n<\/tr>\n<tr class=\"row-37\">\n\t<td class=\"column-1\"><a href=\"https:\/\/pedrovelho.rn.gov.br\/transparente\/index\/portaria-98-2025-gab-dispoe-sobre-a-concessao-de-05-cinco-diarias-ao-sra-lenice-nascimento-santana-secretaria-municipal-de-financas-e-da-outras-providencias\/\" rel=\"noopener\" target=\"_blank\">LENICE NASCIMENTO SANTANA<\/a><\/td><td class=\"column-2\">Di\u00e1ria<\/td><td class=\"column-3\">05 (cinco) di\u00e1rias<\/td><td class=\"column-4\"><\/td><td class=\"column-5\">13 de fevereiro de 2025<\/td><td class=\"column-6\">17 de fevereiro de 2025<\/td><td class=\"column-7\">Secretaria Municipal de Finan\u00e7as<\/td><td class=\"column-8\">Jo\u00e3o Pessoa\/PB<\/td><td class=\"column-9\">para participar da 6\u00aa CAPACITA\u00c7\u00c3O DE AGENTES P\u00daBLICOS DO NORDESTE, na cidade de Jo\u00e3o Pessoa\/PB, durante os dias 13 a 17 de fevereiro de 2025.<\/td>\n<\/tr>\n<tr class=\"row-38\">\n\t<td class=\"column-1\"><a href=\"https:\/\/pedrovelho.rn.gov.br\/transparente\/index\/portaria-97-2025-gab-dispoe-sobre-a-concessao-de-05-cinco-diarias-ao-sr-jose-gerli-dos-santos-da-silva-secretario-municipal-administracao-e-da-outras-providencias\/\" rel=\"noopener\" target=\"_blank\">JOS\u00c9 GERLI DOS SANTOS DA SILVA<\/a><\/td><td class=\"column-2\">Di\u00e1ria<\/td><td class=\"column-3\">05 (cinco) di\u00e1rias<\/td><td class=\"column-4\"><\/td><td class=\"column-5\">13 de fevereiro de 2025<\/td><td class=\"column-6\">17 de fevereiro de 2025<\/td><td class=\"column-7\">Secret\u00e1rio Municipal Administra\u00e7\u00e3o<\/td><td class=\"column-8\">Jo\u00e3o Pessoa\/PB<\/td><td class=\"column-9\">para participar da 6\u00aa CAPACITA\u00c7\u00c3O DE AGENTES P\u00daBLICOS DO NORDESTE, na cidade de Jo\u00e3o Pessoa\/PB, durante os dias 13 a 17 de fevereiro de 2025.<\/td>\n<\/tr>\n<tr class=\"row-39\">\n\t<td class=\"column-1\"><a href=\"https:\/\/pedrovelho.rn.gov.br\/transparente\/index\/portaria-80-2025-gab-dispoe-sobre-a-concessao-de-02-duas-diarias-ao-sr-dellano-humerson-barbosa-de-farias-procurador-do-municipio-e-da-outras-providencias\/\" rel=\"noopener\" target=\"_blank\">DELLANO HUMERSON BARBOSA DE FARIAS<\/a><\/td><td class=\"column-2\">Di\u00e1ria<\/td><td class=\"column-3\">02 (duas) di\u00e1rias<\/td><td class=\"column-4\"><\/td><td class=\"column-5\">23 janeiro de 2025<\/td><td class=\"column-6\">24 janeiro de 2025<\/td><td class=\"column-7\">Procurador do Munic\u00edpio<\/td><td class=\"column-8\">Bras\u00edlia\/DF<\/td><td class=\"column-9\">para participar de reuni\u00e3o na superintend\u00eancia da Caixa Econ\u00f4mica Federal, al\u00e9m de visitas a senadores, deputados e ministros buscando recursos para o munic\u00edpio de Pedro Velho<\/td>\n<\/tr>\n<tr class=\"row-40\">\n\t<td class=\"column-1\"><a href=\"https:\/\/pedrovelho.rn.gov.br\/transparente\/index\/portaria-79-2025-gab-dispoe-sobre-a-concessao-de-02-duas-diarias-ao-sr-pedro-gomes-da-silva-junior-prefeito-municipal-e-da-outras-providencias\/\" rel=\"noopener\" target=\"_blank\">PEDRO GOMES DA SILVA J\u00daNIOR<\/a><\/td><td class=\"column-2\">Di\u00e1ria<\/td><td class=\"column-3\">02 (duas) di\u00e1rias<\/td><td class=\"column-4\"><\/td><td class=\"column-5\">23 janeiro de 2025<\/td><td class=\"column-6\">24 janeiro de 2025<\/td><td class=\"column-7\">Prefeito Municipal<\/td><td class=\"column-8\">Bras\u00edlia\/DF<\/td><td class=\"column-9\">para participar de reuni\u00e3o na superintend\u00eancia da Caixa Econ\u00f4mica Federal, al\u00e9m de visitas a senadores, deputados e ministros buscando recursos para o munic\u00edpio de Pedro Velho<\/td>\n<\/tr>\n<tr class=\"row-41\">\n\t<td class=\"column-1\"><a href=\"https:\/\/pedrovelho.rn.gov.br\/transparente\/index\/portaria-425-2024-gab-dispoe-sobre-a-concessao-de-32-trinta-e-duas-diarias-operacionais-e-da-outras-providencias\/\" rel=\"noopener\" target=\"_blank\">32 (trinta e duas) di\u00e1rias operacionais<\/a><\/td><td class=\"column-2\">Di\u00e1ria<\/td><td class=\"column-3\">32 (trinta e duas) di\u00e1rias operacionais<\/td><td class=\"column-4\"><\/td><td class=\"column-5\"><\/td><td class=\"column-6\"><\/td><td class=\"column-7\"><\/td><td class=\"column-8\"><\/td><td class=\"column-9\">para participarem da seguran\u00e7a operacional, nos dias 04 a 30 de novembro de 2024, na cidade de Pedro Velho\/RN<\/td>\n<\/tr>\n<tr class=\"row-42\">\n\t<td class=\"column-1\"><a href=\"https:\/\/pedrovelho.rn.gov.br\/transparente\/index\/portaria-municipal-no-390-2024-dispoe-sobre-a-concessao-de-03-tres-diarias-ao-sr-pedro-gomes-da-silva-junior-prefeito-municipal-e-da-outras-providencias\/\" rel=\"noopener\" target=\"_blank\">PEDRO GOMES DA SILVA J\u00daNIOR<\/a><\/td><td class=\"column-2\">Di\u00e1ria<\/td><td class=\"column-3\">03 (tr\u00eas) di\u00e1rias<\/td><td class=\"column-4\"><\/td><td class=\"column-5\">04 de novembro de 2024<\/td><td class=\"column-6\">06 de novembro de 2024<\/td><td class=\"column-7\">Prefeito Municipal<\/td><td class=\"column-8\">Bras\u00edlia\/DF<\/td><td class=\"column-9\">Para visita ao Congresso Nacional e Minist\u00e9rios em busca de emendas e libera\u00e7\u00e3o de recursos para o munic\u00edpio de Pedro Velho\/RN.<\/td>\n<\/tr>\n<tr class=\"row-43\">\n\t<td class=\"column-1\"><a href=\"https:\/\/pedrovelho.rn.gov.br\/transparente\/index\/portaria-municipal-no-386-2024-dispoe-sobre-a-concessao-de-04-e-%c2%bd-diarias-ao-sr-dellano-humerson-barbosa-de-farias-procurador-do-municipio-e-da-outras-providencias\/\" rel=\"noopener\" target=\"_blank\">DELLANO HUMERSON BARBOSA DE FARIAS<\/a><\/td><td class=\"column-2\">Di\u00e1ria<\/td><td class=\"column-3\">4 e \u00bd (quatro e meia) di\u00e1rias<\/td><td class=\"column-4\"><\/td><td class=\"column-5\">14 de outubro de 2024.<\/td><td class=\"column-6\">18 de outubro de 2024.<\/td><td class=\"column-7\">Procurador do Munic\u00edpio<\/td><td class=\"column-8\">Bras\u00edlia\/DF<\/td><td class=\"column-9\">para custear despesas com hospedagem, alimenta\u00e7\u00e3o e locomo\u00e7\u00e3o, durante sua perman\u00eancia na cidade de Bras\u00edlia\/DF, nos dias 14 a 18 de outubro de 2024. Para acompanhar o Prefeito Municipal em reuni\u00e3o com o Presidente do INSS, al\u00e9m de visitas a Ministros, Senadores e Deputados, buscando recursos para o Munic\u00edpio de Pedro Velho\/RN.<\/td>\n<\/tr>\n<tr class=\"row-44\">\n\t<td class=\"column-1\"><a href=\"https:\/\/pedrovelho.rn.gov.br\/transparente\/index\/portaria-municipal-no-387-2024-dispoe-sobre-a-concessao-de-4-e-%c2%bd-diarias-ao-sr-pedro-gomes-da-silva-junior-prefeito-municipal-e-da-outras-providencias\/\" rel=\"noopener\" target=\"_blank\">PEDRO GOMES DA SILVA J\u00daNIOR, Prefeito Municipal<\/a><\/td><td class=\"column-2\">Di\u00e1ria<\/td><td class=\"column-3\">4 e \u00bd (quatro e meia) di\u00e1rias<\/td><td class=\"column-4\"><\/td><td class=\"column-5\">14 de outubro de 2024.<\/td><td class=\"column-6\">18 de outubro de 2024.<\/td><td class=\"column-7\">Prefeito Municipal<\/td><td class=\"column-8\">Bras\u00edlia\/DF<\/td><td class=\"column-9\">para custear despesas com hospedagem, alimenta\u00e7\u00e3o e locomo\u00e7\u00e3o, durante sua perman\u00eancia na cidade de Bras\u00edlia\/DF, nos dias 14 a 18 de outubro de 2024. Para participar de reuni\u00e3o com o Presidente do INSS, al\u00e9m de visitas a Ministros, Senadores e Deputados, buscando recursos para o Munic\u00edpio de Pedro Velho\/RN.<\/td>\n<\/tr>\n<tr class=\"row-45\">\n\t<td class=\"column-1\"><a href=\"https:\/\/pedrovelho.rn.gov.br\/transparente\/index\/portaria-municipal-no-388-2024-dispoe-sobre-a-concessao-de-4-e-%c2%bd-quatro-e-meia-diarias-ao-sr-jader-marques-de-lima-vice-prefeito-e-da-outras-providencias\/\" rel=\"noopener\" target=\"_blank\">JADER MARQUES DE LIMA<\/a><\/td><td class=\"column-2\">Di\u00e1ria<\/td><td class=\"column-3\">4 e \u00bd (quatro e meia) di\u00e1rias<\/td><td class=\"column-4\"><\/td><td class=\"column-5\">17 de outubro de 2024.<\/td><td class=\"column-6\">21 de outubro de 2024.<\/td><td class=\"column-7\">Vice-Prefeito<\/td><td class=\"column-8\">JO\u00c3O PESSOA\/PB<\/td><td class=\"column-9\">para participar do 43\u00b0 CURSO DE CONHECIMENTOS INTEGRADOS PARA AGENTES P\u00daBLICOS HOTEL VICTORY BUSINES FLAT NA CIDADE DE JO\u00c3O PESSOA\/PB, durante os dias 17 a 21 de outubro de 2024.<\/td>\n<\/tr>\n<tr class=\"row-46\">\n\t<td class=\"column-1\"><a href=\"https:\/\/pedrovelho.rn.gov.br\/transparente\/index\/portaria-municipal-no-335-2024-dispoe-sobre-a-concessao-de-36-trinta-e-seis-diarias-e-da-outras-providencias\/\" rel=\"noopener\" target=\"_blank\">Disp\u00f5e sobre a concess\u00e3o de 36 (Trinta e seis) di\u00e1rias<\/a><\/td><td class=\"column-2\">Di\u00e1ria<\/td><td class=\"column-3\">36 (Trinta e seis) di\u00e1rias<\/td><td class=\"column-4\"><\/td><td class=\"column-5\">21 de junho de 2024.<\/td><td class=\"column-6\">21 de junho de 2024.<\/td><td class=\"column-7\"><\/td><td class=\"column-8\"><\/td><td class=\"column-9\">para participarem da seguran\u00e7a operacional, na apresenta\u00e7\u00e3o art\u00edstica realizada nos dia 21, 22 e 23 de junho de 2024, na cidade de Pedro Velho\/RN.<\/td>\n<\/tr>\n<tr class=\"row-47\">\n\t<td class=\"column-1\"><a href=\"https:\/\/pedrovelho.rn.gov.br\/transparente\/index\/portaria-municipal-no-331-2024-dispoe-sobre-a-concessao-de-5-2-cinco-meia-diarias-ao-sr-jader-marques-vice-prefeito-e-da-outras-providencias\/\" rel=\"noopener\" target=\"_blank\">JADER MARQUES DE LIMA<\/a><\/td><td class=\"column-2\">Di\u00e1ria<\/td><td class=\"column-3\">5\/2 (cinco meia) di\u00e1rias<\/td><td class=\"column-4\"><\/td><td class=\"column-5\">20 de junho de 2024.<br \/>\r\n<br \/>\r\n<\/td><td class=\"column-6\">24 de junho de 2024.<br \/>\n<\/td><td class=\"column-7\">vice-prefeito<\/td><td class=\"column-8\">JO\u00c3O PESSOA\/PB<\/td><td class=\"column-9\">para participar do 32\u00b0 CURSO DE CONHECIMENTOS INTEGRADOS PARA AGENTES P\u00daBLICOS HOTEL VICTORY BUSINES FLAT NA CIDADE DE JO\u00c3O PESSOA\/PB, durante os dias 20 a 24. No evento acontece palestras e oficinas.<\/td>\n<\/tr>\n<tr class=\"row-48\">\n\t<td class=\"column-1\"><a href=\"https:\/\/pedrovelho.rn.gov.br\/transparente\/index\/portaria-municipal-no-332-2024-dispoe-sobre-a-concessao-de-13-treze-diarias-e-da-outras-providencias\/\" rel=\"noopener\" target=\"_blank\">Disp\u00f5e sobre a concess\u00e3o de 13 (Treze) di\u00e1rias<\/a><\/td><td class=\"column-2\">Di\u00e1ria<\/td><td class=\"column-3\">13 (Treze) di\u00e1rias<\/td><td class=\"column-4\"><\/td><td class=\"column-5\">20 de junho de 2024.<br \/>\n<br \/>\n<\/td><td class=\"column-6\">20 de junho de 2024.<br \/>\n<br \/>\n<\/td><td class=\"column-7\"><\/td><td class=\"column-8\"><\/td><td class=\"column-9\">para participarem da seguran\u00e7a operacional, na apresenta\u00e7\u00e3o art\u00edstica realizada no dia 20 de junho de 2024, na cidade de Pedro Velho\/RN.<\/td>\n<\/tr>\n<tr class=\"row-49\">\n\t<td class=\"column-1\"><a href=\"https:\/\/pedrovelho.rn.gov.br\/transparente\/index\/portaria-municipal-no-330-2024-dispoe-sobre-a-concessao-de-15-quinze-diarias-e-da-outras-providencias\/\" rel=\"noopener\" target=\"_blank\">Disp\u00f5e sobre a concess\u00e3o de 15 (quinze) di\u00e1rias<\/a><\/td><td class=\"column-2\">Di\u00e1ria<\/td><td class=\"column-3\">15 (quinze) di\u00e1rias<\/td><td class=\"column-4\"><\/td><td class=\"column-5\">19 de junho de 2024.<br \/>\n<br \/>\n<\/td><td class=\"column-6\">19 de junho de 2024.<br \/>\n<br \/>\n<\/td><td class=\"column-7\"><\/td><td class=\"column-8\"><\/td><td class=\"column-9\">para participarem da seguran\u00e7a operacional, na apresenta\u00e7\u00e3o art\u00edstica realizada no dia 19 de junho de 2024, na cidade de Pedro Velho\/RN.<\/td>\n<\/tr>\n<tr class=\"row-50\">\n\t<td class=\"column-1\"><a href=\"https:\/\/pedrovelho.rn.gov.br\/transparente\/index\/portaria-municipal-no-329-2024-dispoe-sobre-a-concessao-de-13-treze-diarias-e-da-outras-providencias\/\" rel=\"noopener\" target=\"_blank\">Disp\u00f5e sobre a concess\u00e3o de 13 (treze) di\u00e1rias<\/a><\/td><td class=\"column-2\">Di\u00e1ria<\/td><td class=\"column-3\">13 (treze) di\u00e1rias<\/td><td class=\"column-4\"><\/td><td class=\"column-5\">18 de junho de 2024.<br \/>\n<br \/>\n<\/td><td class=\"column-6\">18 de junho de 2024.<br \/>\n<br \/>\n<\/td><td class=\"column-7\"><\/td><td class=\"column-8\"><\/td><td class=\"column-9\">para participarem da seguran\u00e7a operacional, na apresenta\u00e7\u00e3o art\u00edstica realizada no dia 18 de junho de 2024, na cidade de Pedro Velho\/RN.<\/td>\n<\/tr>\n<tr class=\"row-51\">\n\t<td class=\"column-1\"><a href=\"https:\/\/pedrovelho.rn.gov.br\/transparente\/index\/portaria-municipal-no-318-2024-dispoe-sobre-a-concessao-de-02-duas-diarias-ao-sr-raphael-fernandes-oliveira-de-azevedo-acessor-tecnico-e-da-outras-providencias\/\" rel=\"noopener\" target=\"_blank\">RAPHAEL FERNANDES OLIVEIRA DE AZEVEDO<\/a><\/td><td class=\"column-2\">Di\u00e1ria<\/td><td class=\"column-3\">02 (duas) di\u00e1rias<\/td><td class=\"column-4\"><\/td><td class=\"column-5\">03 de junho de 2024.<\/td><td class=\"column-6\">04 de junho de 2024.<\/td><td class=\"column-7\">ACESSOR T\u00c9CNICO<\/td><td class=\"column-8\">NATAL\/RN<\/td><td class=\"column-9\">para participar do Encontro Estadual dos Agentes de Desenvolvimento da Sala do Empreendedor<\/td>\n<\/tr>\n<tr class=\"row-52\">\n\t<td class=\"column-1\"><a href=\"https:\/\/pedrovelho.rn.gov.br\/transparente\/index\/portaria-municipal-no-310-2024-dispoe-sobre-a-concessao-de-04-e-1-2-diarias-ao-sr-dellano-humerson-barbosa-de-farias-procurador-do-municipio-e-da-outras-providencias\/\" rel=\"noopener\" target=\"_blank\">DELLANO HUMERSON BARBOSA DE FARIAS<\/a><\/td><td class=\"column-2\">Di\u00e1ria<\/td><td class=\"column-3\">04 e 1\/2 di\u00e1rias<\/td><td class=\"column-4\"><\/td><td class=\"column-5\">20 de maio de 2024.<\/td><td class=\"column-6\">24 de maio de 2024.<\/td><td class=\"column-7\">procurador<\/td><td class=\"column-8\">Bras\u00edlia\/DF<\/td><td class=\"column-9\">para acompanhar o prefeito na XXV MARCHA A BRAS\u00cdLIA EM DEFESA DOS MUNIC\u00cdPIOS.<\/td>\n<\/tr>\n<tr class=\"row-53\">\n\t<td class=\"column-1\"><a href=\"https:\/\/pedrovelho.rn.gov.br\/transparente\/index\/portaria-municipal-no-309-2024-dispoe-sobre-a-concessao-de-4-e-1-2-diarias-ao-sr-prefeito-pedro-gomes-da-silva-junior-prefeito-municipal-e-da-outras-providencias\/\" rel=\"noopener\" target=\"_blank\">PEDRO GOMES DA SILVA J\u00daNIOR<\/a><\/td><td class=\"column-2\">Di\u00e1ria<\/td><td class=\"column-3\">04 e 1\/2 di\u00e1rias<\/td><td class=\"column-4\"><\/td><td class=\"column-5\">20 de maio de 2024.<\/td><td class=\"column-6\">24 de maio de 2024.<\/td><td class=\"column-7\">prefeito municipal<\/td><td class=\"column-8\">Bras\u00edlia\/DF<\/td><td class=\"column-9\">para acompanhar o prefeito na XXV MARCHA A BRAS\u00cdLIA EM DEFESA DOS MUNIC\u00cdPIOS.<\/td>\n<\/tr>\n<tr class=\"row-54\">\n\t<td class=\"column-1\"><a href=\"https:\/\/pedrovelho.rn.gov.br\/transparente\/index\/portaria-municipal-no-305-2024-dispoe-sobre-a-concessao-de-03-tres-diarias-ao-sr-kaique-de-almeida-santos-lopes-coordenador-do-servico-de-convivencia-e-fortalecimento-de-vinculos\/\" rel=\"noopener\" target=\"_blank\">KAIQUE DE ALMEIDA SANTOS LOPES<\/a><\/td><td class=\"column-2\">Di\u00e1ria<\/td><td class=\"column-3\">03 (tr\u00eas) di\u00e1rias<\/td><td class=\"column-4\"><\/td><td class=\"column-5\">14 de maio de 2024.<\/td><td class=\"column-6\">16 de maio de 2024.<\/td><td class=\"column-7\">coordenador do servi\u00e7o de conviv\u00eancia e fortalecimento de v\u00ednculos \u2013 SCFV<\/td><td class=\"column-8\">Mossor\u00f3\/RN.<\/td><td class=\"column-9\">para capacita\u00e7\u00e3o t\u00e9cnica dos servidores municipais para um aprimoramento e aprendizado do servi\u00e7o de Acolhimento Familiar para crian\u00e7as e adolescentes<\/td>\n<\/tr>\n<tr class=\"row-55\">\n\t<td class=\"column-1\"><a href=\"https:\/\/pedrovelho.rn.gov.br\/transparente\/index\/portaria-municipal-no-304-2024-dispoe-sobre-a-concessao-de-03-tres-diarias-ao-sr-claudio-jose-da-silva-psicologo-tecnico-e-da-outras-providencias\/\" rel=\"noopener\" target=\"_blank\">CLA\u00daDIO JOS\u00c9 DA SILVA<\/a><\/td><td class=\"column-2\">Di\u00e1ria<\/td><td class=\"column-3\">03 (tr\u00eas) di\u00e1rias<\/td><td class=\"column-4\"><\/td><td class=\"column-5\">14 de maio de 2024.<\/td><td class=\"column-6\">16 de maio de 2024.<\/td><td class=\"column-7\">Psic\u00f3logo T\u00e9cnico<\/td><td class=\"column-8\">Mossor\u00f3\/RN.<\/td><td class=\"column-9\">para capacita\u00e7\u00e3o t\u00e9cnica dos servidores municipais para um aprimoramento e aprendizado do servi\u00e7o de Acolhimento Familiar para crian\u00e7as e adolescentes<\/td>\n<\/tr>\n<tr class=\"row-56\">\n\t<td class=\"column-1\"><a href=\"https:\/\/pedrovelho.rn.gov.br\/transparente\/index\/portaria-municipal-no-303-2024-dispoe-sobre-a-concessao-de-03-tres-diarias-ao-sr-anderson-luis-da-silva-ferreira-assessor-tecnico-e-da-outras-providencias\/\" rel=\"noopener\" target=\"_blank\">ANDERSON LU\u00cdS DA SILVA FERREIRA<\/a><\/td><td class=\"column-2\">Di\u00e1ria<\/td><td class=\"column-3\">03 (tr\u00eas) di\u00e1rias<\/td><td class=\"column-4\"><\/td><td class=\"column-5\">14 de maio de 2024.<\/td><td class=\"column-6\">16 de maio de 2024.<\/td><td class=\"column-7\">Assessor t\u00e9cnico<\/td><td class=\"column-8\">Mossor\u00f3\/RN.<\/td><td class=\"column-9\">para capacita\u00e7\u00e3o t\u00e9cnica dos servidores municipais para um aprimoramento e aprendizado do servi\u00e7o de Acolhimento Familiar para crian\u00e7as e adolescentes<\/td>\n<\/tr>\n<tr class=\"row-57\">\n\t<td class=\"column-1\"><a href=\"https:\/\/pedrovelho.rn.gov.br\/transparente\/index\/portaria-municipal-no-308-2024-dispoe-sobre-a-concessao-de-2-e-1-2-diarias-ao-sr-dellano-humerson-barbosa-de-farias-procurador-do-municipio-e-da-outras-providencias\/\" rel=\"noopener\" target=\"_blank\">DELLANO HUMERSON BARBOSA DE FARIAS<\/a><\/td><td class=\"column-2\">Di\u00e1ria<\/td><td class=\"column-3\">2 e 1\/2 di\u00e1rias<\/td><td class=\"column-4\"><\/td><td class=\"column-5\">14 de maio de 2024.<\/td><td class=\"column-6\">16 de maio de 2024.<\/td><td class=\"column-7\">procurador<\/td><td class=\"column-8\">Bras\u00edlia\/DF<\/td><td class=\"column-9\">para acompanhar o prefeito na resolu\u00e7\u00e3o de assuntos administrativos e jur\u00eddicos de interesse do munic\u00edpio.<\/td>\n<\/tr>\n<tr class=\"row-58\">\n\t<td class=\"column-1\"><a href=\"https:\/\/pedrovelho.rn.gov.br\/transparente\/index\/portaria-municipal-no-307-2024-dispoe-sobre-a-concessao-de-2-e-1-2-diarias-ao-sr-prefeito-pedro-gomes-da-silva-junior-prefeito-municipal-e-da-outras-providencias\/\" rel=\"noopener\" target=\"_blank\">PEDRO GOMES DA SILVA J\u00daNIOR<\/a><\/td><td class=\"column-2\">Di\u00e1ria<\/td><td class=\"column-3\">2 e 1\/2 di\u00e1rias<\/td><td class=\"column-4\"><\/td><td class=\"column-5\">14 de maio de 2024.<\/td><td class=\"column-6\">16 de maio de 2024.<\/td><td class=\"column-7\">prefeito municipal<\/td><td class=\"column-8\">Bras\u00edlia\/DF<\/td><td class=\"column-9\">para custear despesas com hospedagem, alimenta\u00e7\u00e3o e locomo\u00e7\u00e3o, durante sua perman\u00eancia na cidade de Bras\u00edlia\/DF<\/td>\n<\/tr>\n<tr class=\"row-59\">\n\t<td class=\"column-1\"><a href=\"https:\/\/pedrovelho.rn.gov.br\/transparente\/index\/portaria-municipal-no-298-2024-dispoe-sobre-a-concessao-de-03-tres-diarias-ao-sr-felipe-bezerril-marques-coordenador-de-desenvolvimento-economico-e-da-outras-providencias\/\" rel=\"noopener\" target=\"_blank\">FELIPE BEZERRIL MARQUES<\/a><\/td><td class=\"column-2\">Di\u00e1ria<\/td><td class=\"column-3\">03 (tr\u00eas) di\u00e1rias<\/td><td class=\"column-4\"><\/td><td class=\"column-5\">21 de maio de 2024.<\/td><td class=\"column-6\">23 de maio de 2024.<\/td><td class=\"column-7\">COORDENADOR DE DESENVOLVIMENTO ECON\u00d4MICO<\/td><td class=\"column-8\">Bras\u00edlia\/DF<\/td><td class=\"column-9\">para acompanhar o prefeito na  XXV MARCHA A BRAS\u00cdLIA EM DEFESA DOS MUNIC\u00cdPIOS e Visita a embaixadas para capta\u00e7\u00e3o de investimentos para o munic\u00edpio<\/td>\n<\/tr>\n<tr class=\"row-60\">\n\t<td class=\"column-1\"><a href=\"https:\/\/pedrovelho.rn.gov.br\/transparente\/index\/portaria-municipal-no-284-2024-dispoe-sobre-a-concessao-de-03-tres-diarias-a-sra-amanda-cardoso-de-lima-secretaria-municipal-de-saude-da-outras-providencias\/\" rel=\"noopener\" target=\"_blank\">AMANDA CARDOSO DE LIMA<\/a><\/td><td class=\"column-2\">Di\u00e1ria<\/td><td class=\"column-3\">03 (tr\u00eas) di\u00e1rias<\/td><td class=\"column-4\"><\/td><td class=\"column-5\">01 de maio de 2024.<\/td><td class=\"column-6\">03 de maio de 2024.<\/td><td class=\"column-7\">Vice-Prefeito Municipal<\/td><td class=\"column-8\">Natal\/RN<\/td><td class=\"column-9\">para participar do CONGRESSO DOS 35 ANOS DO COSEMRN<\/td>\n<\/tr>\n<tr class=\"row-61\">\n\t<td class=\"column-1\"><a href=\"https:\/\/pedrovelho.rn.gov.br\/transparente\/index\/portaria-municipal-no-260-2024-dispoe-sobre-a-concessao-de-3-tres-diarias-ao-servidor-e-da-outras-providencias\/\" rel=\"noopener\" target=\"_blank\">AUR\u00c9LIO RODRIGUES BARBOSA<\/a><\/td><td class=\"column-2\">Di\u00e1ria<\/td><td class=\"column-3\">03 (tr\u00eas) di\u00e1rias<\/td><td class=\"column-4\"><\/td><td class=\"column-5\">25 de Abril de 2024.<\/td><td class=\"column-6\">27 de Abril de 2024.<\/td><td class=\"column-7\">conselheiro tutelar<\/td><td class=\"column-8\">Jo\u00e3o Pessoa\/PB<\/td><td class=\"column-9\">participar do II di\u00e1logo nacional pol\u00edticas p\u00fablicas de educa\u00e7\u00e3o, sa\u00fade, assist\u00eancia social e do sistema de garantia de direitos<\/td>\n<\/tr>\n<tr class=\"row-62\">\n\t<td class=\"column-1\"><a href=\"https:\/\/pedrovelho.rn.gov.br\/transparente\/index\/portaria-municipal-no-259-2024-dispoe-sobre-a-concessao-de-3-tres-diarias-ao-servidor-e-da-outras-providencias\/\" rel=\"noopener\" target=\"_blank\">DANIELA PEIXOTO DE FRAN\u00c7A<\/a><\/td><td class=\"column-2\">Di\u00e1ria<\/td><td class=\"column-3\">03 (tr\u00eas) di\u00e1rias<\/td><td class=\"column-4\"><\/td><td class=\"column-5\">25 de Abril de 2024.<\/td><td class=\"column-6\">27 de Abril de 2024.<\/td><td class=\"column-7\">conselheira tutelar<\/td><td class=\"column-8\">Jo\u00e3o Pessoa\/PB<\/td><td class=\"column-9\">participar do II di\u00e1logo nacional pol\u00edticas p\u00fablicas de educa\u00e7\u00e3o, sa\u00fade, assist\u00eancia social e do sistema de garantia de direitos<\/td>\n<\/tr>\n<tr class=\"row-63\">\n\t<td class=\"column-1\"><a href=\"https:\/\/pedrovelho.rn.gov.br\/transparente\/index\/portaria-municipal-no-258-2024-dispoe-sobre-a-concessao-de-3-tres-diarias-ao-servidor-e-da-outras-providencias\/\" rel=\"noopener\" target=\"_blank\">ANDR\u00c9IA DA SILVA PEREIRA<\/a><\/td><td class=\"column-2\">Di\u00e1ria<\/td><td class=\"column-3\">03 (tr\u00eas) di\u00e1rias<\/td><td class=\"column-4\"><\/td><td class=\"column-5\">25 de Abril de 2024.<\/td><td class=\"column-6\">27 de Abril de 2024.<\/td><td class=\"column-7\">conselheira tutelar<\/td><td class=\"column-8\">Jo\u00e3o Pessoa\/PB<\/td><td class=\"column-9\">participar do II di\u00e1logo nacional pol\u00edticas p\u00fablicas de educa\u00e7\u00e3o, sa\u00fade, assist\u00eancia social e do sistema de garantia de direitos<\/td>\n<\/tr>\n<tr class=\"row-64\">\n\t<td class=\"column-1\"><a href=\"https:\/\/pedrovelho.rn.gov.br\/transparente\/index\/portaria-municipal-no-257-2024-dispoe-sobre-a-concessao-de-3-tres-diarias-ao-servidor-e-da-outras-providencias\/\" rel=\"noopener\" target=\"_blank\">HENRIQUE BEZERRIL NETO<\/a><\/td><td class=\"column-2\">Di\u00e1ria<\/td><td class=\"column-3\">03 (tr\u00eas) di\u00e1rias<\/td><td class=\"column-4\"><\/td><td class=\"column-5\">25 de Abril de 2024.<\/td><td class=\"column-6\">27 de Abril de 2024.<\/td><td class=\"column-7\">conselheiro tutelar<\/td><td class=\"column-8\">Jo\u00e3o Pessoa\/PB<\/td><td class=\"column-9\">participar do II di\u00e1logo nacional pol\u00edticas p\u00fablicas de educa\u00e7\u00e3o, sa\u00fade, assist\u00eancia social e do sistema de garantia de direitos<\/td>\n<\/tr>\n<tr class=\"row-65\">\n\t<td class=\"column-1\"><a href=\"https:\/\/pedrovelho.rn.gov.br\/transparente\/index\/portaria-municipal-no-205-2024-dispoe-sobre-a-concessao-de-04-diarias-ao-sr-dellano-humerson-barbosa-de-farias-procurador-do-municipio-e-da-outras-providencias\/\" rel=\"noopener\" target=\"_blank\">DELLANO HUMERSON BARBOSA DE FARIAS<\/a><\/td><td class=\"column-2\">Di\u00e1ria<\/td><td class=\"column-3\">04 di\u00e1rias<\/td><td class=\"column-4\"><\/td><td class=\"column-5\">08 de Abril de 2024.<\/td><td class=\"column-6\">11 de Abril de 2024.<\/td><td class=\"column-7\">procurador<\/td><td class=\"column-8\">Bras\u00edlia\/DF<\/td><td class=\"column-9\">Para acompanhar o prefeito municipal em visita a ministros, senadores e deputados, buscando recursos para o munic\u00edpio de Pedro Velho\/RN.<\/td>\n<\/tr>\n<tr class=\"row-66\">\n\t<td class=\"column-1\"><\/td><td class=\"column-2\">Di\u00e1ria<\/td><td class=\"column-3\"><\/td><td class=\"column-4\"><\/td><td class=\"column-5\"><\/td><td class=\"column-6\"><\/td><td class=\"column-7\"><\/td><td class=\"column-8\"><\/td><td class=\"column-9\"><\/td>\n<\/tr>\n<tr class=\"row-67\">\n\t<td class=\"column-1\"><a href=\"https:\/\/pedrovelho.rn.gov.br\/transparente\/index\/portaria-municipal-no-151-2024-dispoe-sobre-a-concessao-de-diaria-ao-servidor-e-da-outras-providencias\/\" rel=\"noopener\" target=\"_blank\">THIAGO MITCHEL F\u00c9LIX MARTINS<\/a><\/td><td class=\"column-2\">Di\u00e1ria<\/td><td class=\"column-3\">\u00bd (meia di\u00e1ria)<\/td><td class=\"column-4\"><\/td><td class=\"column-5\">19 de mar\u00e7o de 2024.<\/td><td class=\"column-6\">19 de mar\u00e7o de 2024.<\/td><td class=\"column-7\">coordenador de prote\u00e7\u00e3o defesa civil<\/td><td class=\"column-8\">Santa Cruz-RN<\/td><td class=\"column-9\">para aquisi\u00e7\u00e3o de conhecimento, busca por parcerias e interc\u00e2mbios de EXPERIENCIAS. A fim de trazer benef\u00edcios para o munic\u00edpio<\/td>\n<\/tr>\n<tr class=\"row-68\">\n\t<td class=\"column-1\"><a href=\"https:\/\/pedrovelho.rn.gov.br\/transparente\/index\/portaria-municipal-no-150-2024-dispoe-sobre-a-concessao-de-diaria-ao-servidor-e-da-outras-providencias\/\" rel=\"noopener\" target=\"_blank\">ASSIS LOUREN\u00c7O DA SILVA<\/a><\/td><td class=\"column-2\">Di\u00e1ria<\/td><td class=\"column-3\">\u00bd (meia di\u00e1ria)<\/td><td class=\"column-4\"><\/td><td class=\"column-5\">19 de mar\u00e7o de 2024.<\/td><td class=\"column-6\">19 de mar\u00e7o de 2024.<\/td><td class=\"column-7\">secret\u00e1rio do meio ambiente<\/td><td class=\"column-8\">Santa Cruz-RN<\/td><td class=\"column-9\">para aquisi\u00e7\u00e3o de conhecimento, busca por parcerias e interc\u00e2mbios de EXPERIENCIAS. A fim de trazer benef\u00edcios para o munic\u00edpio<\/td>\n<\/tr>\n<tr class=\"row-69\">\n\t<td class=\"column-1\"><a href=\"https:\/\/pedrovelho.rn.gov.br\/transparente\/index\/portaria-no-143-2024-dispoe-sobre-a-concessao-de-diaria-a-servidora-e-da-outras-providencias-republicado-por-incorrecao\/\" rel=\"noopener\" target=\"_blank\">DANIELA PEIXOTO DE FRAN\u00c7A *REPUBLICADO POR INCORRE\u00c7\u00c3O<\/a><\/td><td class=\"column-2\">Di\u00e1ria<\/td><td class=\"column-3\">3 di\u00e1rias e 1\/2<\/td><td class=\"column-4\"><\/td><td class=\"column-5\">22\/02\/2024<\/td><td class=\"column-6\">25\/02\/2024<\/td><td class=\"column-7\">Conselheira Tutelar<\/td><td class=\"column-8\">Jo\u00e3o Pessoa\/PB.<\/td><td class=\"column-9\">com o objetivo de participar do 2\u00b0 semin\u00e1rio de pol\u00edticas sociais, or\u00e7ament\u00e1rias e do sistema de garantia de direitos: E a articula\u00e7\u00e3o entre os poderes executivo, legislativo cmdca\u2019s, conselheiros tutelares, trabalhadores do sus, suas e educa\u00e7\u00e3o.<\/td>\n<\/tr>\n<tr class=\"row-70\">\n\t<td class=\"column-1\"><a href=\"https:\/\/pedrovelho.rn.gov.br\/transparente\/index\/portaria-no-142-2024-dispoe-sobre-a-concessao-de-diaria-ao-servidor-e-da-outras-providencias-republicado-por-incorrecao\/\" rel=\"noopener\" target=\"_blank\">ANDREIA DA SILVA PEREIRA *REPUBLICADO POR INCORRE\u00c7\u00c3O<\/a><\/td><td class=\"column-2\">Di\u00e1ria<\/td><td class=\"column-3\">3 di\u00e1rias e 1\/2<\/td><td class=\"column-4\"><\/td><td class=\"column-5\">22\/02\/2024<\/td><td class=\"column-6\">25\/02\/2024<\/td><td class=\"column-7\">Conselheira Tutelar<\/td><td class=\"column-8\">Jo\u00e3o Pessoa\/PB.<\/td><td class=\"column-9\">com o objetivo de participar do 2\u00b0 semin\u00e1rio de pol\u00edticas sociais, or\u00e7ament\u00e1rias e do sistema de garantia de direitos: E a articula\u00e7\u00e3o entre os poderes executivo, legislativo cmdca\u2019s, conselheiros tutelares, trabalhadores do sus, suas e educa\u00e7\u00e3o.<\/td>\n<\/tr>\n<tr class=\"row-71\">\n\t<td class=\"column-1\"><a href=\"https:\/\/pedrovelho.rn.gov.br\/transparente\/index\/portaria-no-141-2024-dispoe-sobre-a-concessao-de-diaria-ao-servidor-e-da-outras-providencias-republicado-por-incorrecao\/\" rel=\"noopener\" target=\"_blank\">AURELIO RODRIGUES BARBOSA *REPUBLICADO POR INCORRE\u00c7\u00c3O<\/a><\/td><td class=\"column-2\">Di\u00e1ria<\/td><td class=\"column-3\">3 di\u00e1rias e 1\/2<\/td><td class=\"column-4\"><\/td><td class=\"column-5\">22\/02\/2024<\/td><td class=\"column-6\">25\/02\/2024<\/td><td class=\"column-7\">Conselheiro Tutelar<\/td><td class=\"column-8\">Jo\u00e3o Pessoa\/PB.<\/td><td class=\"column-9\">com o objetivo de participar do 2\u00b0 semin\u00e1rio de pol\u00edticas sociais, or\u00e7ament\u00e1rias e do sistema de garantia de direitos: E a articula\u00e7\u00e3o entre os poderes executivo, legislativo cmdca\u2019s, conselheiros tutelares, trabalhadores do sus, suas e educa\u00e7\u00e3o.<\/td>\n<\/tr>\n<tr class=\"row-72\">\n\t<td class=\"column-1\"><a href=\"https:\/\/pedrovelho.rn.gov.br\/transparente\/index\/portaria-no-140-2024-dispoe-sobre-a-concessao-de-diaria-a-servidora-e-da-outras-providencias-republicado-por-incorrecao\/\" rel=\"noopener\" target=\"_blank\">HENRIQUE BEZERRIL NETO *REPUBLICADO POR INCORRE\u00c7\u00c3O<\/a><\/td><td class=\"column-2\">Di\u00e1ria<\/td><td class=\"column-3\">3 di\u00e1rias e 1\/2<\/td><td class=\"column-4\"><\/td><td class=\"column-5\">22\/02\/2024<\/td><td class=\"column-6\">25\/02\/2024<\/td><td class=\"column-7\">Conselheiro Tutelar<\/td><td class=\"column-8\">Jo\u00e3o Pessoa\/PB.<\/td><td class=\"column-9\">com o objetivo de participar do 2\u00b0 semin\u00e1rio de pol\u00edticas sociais, or\u00e7ament\u00e1rias e do sistema de garantia de direitos: E a articula\u00e7\u00e3o entre os poderes executivo, legislativo cmdca\u2019s, conselheiros tutelares, trabalhadores do sus, suas e educa\u00e7\u00e3o. <\/td>\n<\/tr>\n<tr class=\"row-73\">\n\t<td class=\"column-1\"><a href=\"https:\/\/pedrovelho.rn.gov.br\/transparente\/index\/portaria-no-143-2024-dispoe-sobre-a-concessao-de-diaria-a-servidora-e-da-outras-providencias\/\" rel=\"noopener\" target=\"_blank\">DANIELA PEIXOTO DE FRAN\u00c7A<\/a><\/td><td class=\"column-2\">Di\u00e1ria<\/td><td class=\"column-3\">4\/2 di\u00e1rias<\/td><td class=\"column-4\"><\/td><td class=\"column-5\">22\/02\/2024<\/td><td class=\"column-6\">25\/02\/2024<\/td><td class=\"column-7\">Conselheiro Tutelar<\/td><td class=\"column-8\">Jo\u00e3o Pessoa\/PB.<\/td><td class=\"column-9\">com o objetivo de participar do 2\u00b0 semin\u00e1rio de pol\u00edticas sociais, or\u00e7ament\u00e1rias e do sistema de garantia de direitos: E a articula\u00e7\u00e3o entre os poderes executivo, legislativo cmdca\u2019s, conselheiros tutelares, trabalhadores do sus, suas e educa\u00e7\u00e3o.<\/td>\n<\/tr>\n<tr class=\"row-74\">\n\t<td class=\"column-1\"><a href=\"https:\/\/pedrovelho.rn.gov.br\/transparente\/index\/portaria-no-142-2024-dispoe-sobre-a-concessao-de-diaria-ao-servidor-e-da-outras-providencias\/\" rel=\"noopener\" target=\"_blank\">AURELIO RODRIGUES BARBOSA<\/a><\/td><td class=\"column-2\">Di\u00e1ria<\/td><td class=\"column-3\">4\/2 di\u00e1rias<\/td><td class=\"column-4\"><\/td><td class=\"column-5\">22\/02\/2024<\/td><td class=\"column-6\">25\/02\/2024<\/td><td class=\"column-7\">Conselheiro Tutelar<\/td><td class=\"column-8\">Jo\u00e3o Pessoa\/PB.<\/td><td class=\"column-9\">com o objetivo de participar do 2\u00b0 semin\u00e1rio de pol\u00edticas sociais, or\u00e7ament\u00e1rias e do sistema de garantia de direitos: E a articula\u00e7\u00e3o entre os poderes executivo, legislativo cmdca\u2019s, conselheiros tutelares, trabalhadores do sus, suas e educa\u00e7\u00e3o.<\/td>\n<\/tr>\n<tr class=\"row-75\">\n\t<td class=\"column-1\"><a href=\"https:\/\/pedrovelho.rn.gov.br\/transparente\/index\/portaria-no-141-2024-dispoe-sobre-a-concessao-de-diaria-ao-servidor-e-da-outras-providencias\/\" rel=\"noopener\" target=\"_blank\">HENRIQUE BEZERRIL NETO<\/a><\/td><td class=\"column-2\">Di\u00e1ria<\/td><td class=\"column-3\">4\/2 di\u00e1rias<\/td><td class=\"column-4\"><\/td><td class=\"column-5\">22\/02\/2024<\/td><td class=\"column-6\">25\/02\/2024<\/td><td class=\"column-7\">Conselheiro Tutelar<\/td><td class=\"column-8\">Jo\u00e3o Pessoa\/PB.<\/td><td class=\"column-9\">com o objetivo de participar do 2\u00b0 semin\u00e1rio de pol\u00edticas sociais, or\u00e7ament\u00e1rias e do sistema de garantia de direitos: E a articula\u00e7\u00e3o entre os poderes executivo, legislativo cmdca\u2019s, conselheiros tutelares, trabalhadores do sus, suas e educa\u00e7\u00e3o.<\/td>\n<\/tr>\n<tr class=\"row-76\">\n\t<td class=\"column-1\"><a href=\"https:\/\/pedrovelho.rn.gov.br\/transparente\/index\/portaria-no-140-2024-dispoe-sobre-a-concessao-de-diaria-a-servidora-e-da-outras-providencias\/\" rel=\"noopener\" target=\"_blank\">ANDREIA DA SILVA PEREIRA<\/a><\/td><td class=\"column-2\">Di\u00e1ria<\/td><td class=\"column-3\">4\/2 di\u00e1rias<\/td><td class=\"column-4\"><\/td><td class=\"column-5\">22\/02\/2024<\/td><td class=\"column-6\">25\/02\/2024<\/td><td class=\"column-7\">Conselheira Tutelar<\/td><td class=\"column-8\">Jo\u00e3o Pessoa\/PB.<\/td><td class=\"column-9\">com o objetivo de participar do 2\u00b0 semin\u00e1rio de pol\u00edticas sociais, or\u00e7ament\u00e1rias e do sistema de garantia de direitos: E a articula\u00e7\u00e3o entre os poderes executivo, legislativo cmdca\u2019s, conselheiros tutelares, trabalhadores do sus, suas e educa\u00e7\u00e3o.<\/td>\n<\/tr>\n<tr class=\"row-77\">\n\t<td class=\"column-1\"><a href=\"https:\/\/pedrovelho.rn.gov.br\/transparente\/index\/portaria-de-diaria-n-068-2023-concede-ao-pregoeiro-municipal-o-sr-romulo-ruan-da-silva-matricula-no-12319-05-cinco-diarias\/\" rel=\"noopener\" target=\"_blank\">ROMULO RUAN DA SILVA<\/a><\/td><td class=\"column-2\">Di\u00e1ria<\/td><td class=\"column-3\">05 (cinco) di\u00e1rias<\/td><td class=\"column-4\"><\/td><td class=\"column-5\">28\/03\/2023<\/td><td class=\"column-6\">31\/03\/2023<\/td><td class=\"column-7\">Pregoeiro Municipal<\/td><td class=\"column-8\">FOZ DE IGUA\u00c7U\/PARAN\u00c1<\/td><td class=\"column-9\">para custear despesas com alimenta\u00e7\u00e3o, hospedagem e deslocamento urbano, durante sua perman\u00eancia na cidade de FOZ DE IGUA\u00c7U\/PARAN\u00c1 para participar 18\u00ba CONGRESSO DE PREGOEIROS<\/td>\n<\/tr>\n<tr class=\"row-78\">\n\t<td class=\"column-1\"><a href=\"https:\/\/pedrovelho.rn.gov.br\/transparente\/index\/portaria-de-diaria-n-067-2023-concede-a-presidente-da-comissao-permanente-de-licitacao-cpl-a-sra-marlybeth-da-silva-oliveira-matricula-no-0563-05-cinco-diarias\/\" rel=\"noopener\" target=\"_blank\">MARLYBETH DA SILVA OLIVEIRA<\/a><\/td><td class=\"column-2\">Di\u00e1ria<\/td><td class=\"column-3\">05 (cinco) di\u00e1rias<\/td><td class=\"column-4\"><\/td><td class=\"column-5\">28\/03\/2023<\/td><td class=\"column-6\">31\/03\/2023<\/td><td class=\"column-7\">Presidente da Comiss\u00e3o Permanente de Licita\u00e7\u00e3o \u2013 CPL<\/td><td class=\"column-8\">FOZ DE IGUA\u00c7U\/PARAN\u00c1<\/td><td class=\"column-9\">para custear despesas com alimenta\u00e7\u00e3o, hospedagem e deslocamento urbano, durante sua perman\u00eancia na cidade de FOZ DE IGUA\u00c7U\/PARAN\u00c1 para participar 18\u00ba CONGRESSO DE PREGOEIROS<\/td>\n<\/tr>\n<tr class=\"row-79\">\n\t<td class=\"column-1\"><a href=\"https:\/\/pedrovelho.rn.gov.br\/transparente\/index\/portaria-de-diaria-n-066-2023-concede-a-procuradora-geral-do-municipio-a-sra-daniela-araujo-de-maria-souza-campelo-matricula-no-10774-05-cinco-diarias\/\" rel=\"noopener\" target=\"_blank\">DANIELA ARA\u00daJO DE MARIA SOUZA CAMPELO<\/a><\/td><td class=\"column-2\">Di\u00e1ria<\/td><td class=\"column-3\">05 (cinco) di\u00e1rias<\/td><td class=\"column-4\"><\/td><td class=\"column-5\">28\/03\/2023<\/td><td class=\"column-6\">31\/03\/2023<\/td><td class=\"column-7\">Procuradora Geral do Munic\u00edpio<\/td><td class=\"column-8\">FOZ DE IGUA\u00c7U\/PARAN\u00c1<\/td><td class=\"column-9\">para custear despesas com alimenta\u00e7\u00e3o, hospedagem e deslocamento urbano, durante sua perman\u00eancia na cidade de FOZ DE IGUA\u00c7U\/PARAN\u00c1 para participar 18\u00ba CONGRESSO DE PREGOEIROS<\/td>\n<\/tr>\n<tr class=\"row-80\">\n\t<td class=\"column-1\"><a href=\"https:\/\/pedrovelho.rn.gov.br\/transparente\/index\/portaria-de-diaria-n-065-2023-concede-ao-chefe-de-gabinete-o-sr-venicius-thalysson-de-lira-carneiro-matricula-no-10642-6-seis-diarias\/\" rel=\"noopener\" target=\"_blank\">VENICIUS THALYSSON DE LIRA CARNEIRO<\/a><\/td><td class=\"column-2\">Di\u00e1ria<\/td><td class=\"column-3\">6 (seis) di\u00e1rias<\/td><td class=\"column-4\"><\/td><td class=\"column-5\">27\/03\/2023<\/td><td class=\"column-6\">30\/03\/2023<\/td><td class=\"column-7\">Chefe de Gabinete<\/td><td class=\"column-8\">BRAS\u00cdLIA \u2013 DF<\/td><td class=\"column-9\">para custear despesas com alimenta\u00e7\u00e3o, hospedagem e deslocamento urbano, durante sua perman\u00eancia na cidade de BRASILIA \u2013 DF onde estar\u00e1 acompanhando e assessorando a Prefeita na XXIV MARCHA A BRAS\u00cdLIA EM DEFESA DOS MUNIC\u00cdPIOS<\/td>\n<\/tr>\n<tr class=\"row-81\">\n\t<td class=\"column-1\"><a href=\"https:\/\/pedrovelho.rn.gov.br\/transparente\/index\/portaria-de-diaria-n-064-2023-concede-a-secretaria-de-financas-a-sra-priscila-samara-de-melo-matricula-no-15776-6-seis-diarias\/\" rel=\"noopener\" target=\"_blank\">PRISCILA SAMARA DE MELO<\/a><\/td><td class=\"column-2\">Di\u00e1ria<\/td><td class=\"column-3\">6 (seis) di\u00e1rias<\/td><td class=\"column-4\"><\/td><td class=\"column-5\">27\/03\/2023<\/td><td class=\"column-6\">30\/03\/2023<\/td><td class=\"column-7\">Secret\u00e1ria de Finan\u00e7as<\/td><td class=\"column-8\">BRAS\u00cdLIA \u2013 DF<\/td><td class=\"column-9\">para custear despesas com alimenta\u00e7\u00e3o, hospedagem e deslocamento urbano, durante sua perman\u00eancia na cidade de BRASILIA \u2013 DF onde estar\u00e1 acompanhando e assessorando a Prefeita na XXIV MARCHA A BRAS\u00cdLIA EM DEFESA DOS MUNIC\u00cdPIOS<\/td>\n<\/tr>\n<tr class=\"row-82\">\n\t<td class=\"column-1\"><a href=\"https:\/\/pedrovelho.rn.gov.br\/transparente\/index\/portaria-de-diaria-n-063-2023-concede-ao-coordenador-de-comunicacao-o-sr-jose-leon-da-lima-candido-matricula-no-8664-6-seis-diarias\/\" rel=\"noopener\" target=\"_blank\">JOS\u00c9 LEON DA LIMA CANDIDO<\/a><\/td><td class=\"column-2\">Di\u00e1ria<\/td><td class=\"column-3\">6 (seis) di\u00e1rias<\/td><td class=\"column-4\"><\/td><td class=\"column-5\">27\/03\/2023<\/td><td class=\"column-6\">30\/03\/2023<\/td><td class=\"column-7\">Coordenador de Comunica\u00e7\u00e3o<\/td><td class=\"column-8\">BRAS\u00cdLIA \u2013 DF<\/td><td class=\"column-9\">para custear despesas com alimenta\u00e7\u00e3o, hospedagem e deslocamento urbano durante sua perman\u00eancia na cidade de BRAS\u00cdLIA \u2013 DF onde estar\u00e1 acompanhando e assessorando a Prefeita na XXIV MARCHA A BRAS\u00cdLIA EM DEFESA DOS MUNIC\u00cdPIOS<\/td>\n<\/tr>\n<tr class=\"row-83\">\n\t<td class=\"column-1\"><a href=\"https:\/\/pedrovelho.rn.gov.br\/transparente\/index\/portaria-de-diaria-n-062-2023-concede-a-secretaria-de-agricultura-a-sra-mayara-lemos-barbosa-carneiro-matricula-no-8893-6-seis-diarias\/\" rel=\"noopener\" target=\"_blank\">MAYARA LEMOS BARBOSA CARNEIRO<\/a><\/td><td class=\"column-2\">Di\u00e1ria<\/td><td class=\"column-3\">6 (seis) di\u00e1rias<\/td><td class=\"column-4\"><\/td><td class=\"column-5\">27\/03\/2023<\/td><td class=\"column-6\">30\/03\/2023<\/td><td class=\"column-7\">Secret\u00e1ria de Agricultura<\/td><td class=\"column-8\">BRAS\u00cdLIA \u2013 DF<\/td><td class=\"column-9\">para custear despesas com alimenta\u00e7\u00e3o, hospedagem e deslocamento urbano durante sua perman\u00eancia na cidade de BRAS\u00cdLIA \u2013 DF onde estar\u00e1 acompanhando e assessorando a Prefeita na XXIV MARCHA A BRAS\u00cdLIA EM DEFESA DOS MUNIC\u00cdPIOS<\/td>\n<\/tr>\n<tr class=\"row-84\">\n\t<td class=\"column-1\"><a href=\"https:\/\/pedrovelho.rn.gov.br\/transparente\/index\/portaria-de-diaria-n-061-2023-concede-a-prefeita-municipal-a-sra-francisca-edna-de-lemos-matricula-no-0010677-2-6-seis-diarias\/\" rel=\"noopener\" target=\"_blank\">FRANCISCA EDNA DE LEMOS<\/a><\/td><td class=\"column-2\">Di\u00e1ria<\/td><td class=\"column-3\">6 (seis) di\u00e1rias<\/td><td class=\"column-4\"><\/td><td class=\"column-5\">27\/03\/2023<\/td><td class=\"column-6\">30\/03\/2023<\/td><td class=\"column-7\">Prefeita Municipal<\/td><td class=\"column-8\">BRAS\u00cdLIA \u2013 DF<\/td><td class=\"column-9\">para custear despesas com alimenta\u00e7\u00e3o, hospedagem e deslocamento urbano durante sua perman\u00eancia na cidade de BRAS\u00cdLIA \u2013 DF onde estar\u00e1 acompanhando e assessorando a Prefeita na XXIV MARCHA A BRAS\u00cdLIA EM DEFESA DOS MUNIC\u00cdPIOS<\/td>\n<\/tr>\n<tr class=\"row-85\">\n\t<td class=\"column-1\"><a href=\"https:\/\/pedrovelho.rn.gov.br\/transparente\/index\/portaria-de-diaria-n-060-2023-concede-ao-secretario-de-administracao-o-sr-andre-leoni-bezerra-de-souza-matricula-no-0010278-2-6-seis-diarias\/\" rel=\"noopener\" target=\"_blank\">ANDR\u00c9 LEONI BEZERRA DE SOUZA<\/a><\/td><td class=\"column-2\">Di\u00e1ria<\/td><td class=\"column-3\">6 (seis) di\u00e1rias<\/td><td class=\"column-4\"><\/td><td class=\"column-5\">27\/03\/2023<\/td><td class=\"column-6\">30\/03\/2023<\/td><td class=\"column-7\">Secret\u00e1rio de Administra\u00e7\u00e3o<\/td><td class=\"column-8\">BRAS\u00cdLIA \u2013 DF<\/td><td class=\"column-9\">para custear despesas com alimenta\u00e7\u00e3o, hospedagem e deslocamento urbano durante sua perman\u00eancia na cidade de BRAS\u00cdLIA \u2013 DF onde estar\u00e1 acompanhando e assessorando a Prefeita na XXIV MARCHA A BRAS\u00cdLIA EM DEFESA DOS MUNIC\u00cdPIOS<\/td>\n<\/tr>\n<tr class=\"row-86\">\n\t<td class=\"column-1\"><a href=\"https:\/\/pedrovelho.rn.gov.br\/transparente\/index\/portaria-231-2023-gab-conceder-diarias-especificas-e-da-outras-providencias\/\" rel=\"noopener\" target=\"_blank\">SOLANGE COSTA DA SILVA<\/a><\/td><td class=\"column-2\">Di\u00e1ria<\/td><td class=\"column-3\">4 (quatro) di\u00e1rias<\/td><td class=\"column-4\"><\/td><td class=\"column-5\">11\/12\/2023<\/td><td class=\"column-6\">14\/12\/2023<\/td><td class=\"column-7\">Coordenadora da vigil\u00e2ncia socioassistencial<\/td><td class=\"column-8\">BRAS\u00cdLIA \u2013 DF<\/td><td class=\"column-9\">para participar da VI Confer\u00eancia Nacional de Seguran\u00e7a Alimentar e Nutricional, com o tema \u201cerradicar a fome e garantir direitos com comida de verdade, democracia e equidade\u201d, no per\u00edodo de 11 a 14 de 2023.<\/td>\n<\/tr>\n<tr class=\"row-87\">\n\t<td class=\"column-1\"><a href=\"https:\/\/pedrovelho.rn.gov.br\/transparente\/index\/portaria-de-diaria-n-480-2022-concede-a-coordenadora-da-vigilancia-social-a-sra-solange-costa-da-silva-matricula-no-0010316-1-uma-diaria\/\" rel=\"noopener\" target=\"_blank\">SOLANGE COSTA DA SILVA<\/a><\/td><td class=\"column-2\">Di\u00e1ria<\/td><td class=\"column-3\">1 (uma) di\u00e1ria<\/td><td class=\"column-4\"><\/td><td class=\"column-5\">01 de dezembro de 2022<\/td><td class=\"column-6\">01 de dezembro de 2022<\/td><td class=\"column-7\">COORDENADORA DA VIGILANCIA SOCIAL<\/td><td class=\"column-8\">Alexandria\/RN<\/td><td class=\"column-9\">para custear despesas com alimenta\u00e7\u00e3o, hospedagem e deslocamento urbano, durante sua ida na cidade de Alexandria\/RN que aguarda a equipe do CRAS desta cidade para fazer a condu\u00e7\u00e3o do senhor SEVERINO DOS RAMOS DA SILVA, residente no sitio recreio.<\/td>\n<\/tr>\n<tr class=\"row-88\">\n\t<td class=\"column-1\"><a href=\"https:\/\/pedrovelho.rn.gov.br\/transparente\/index\/portaria-de-diaria-n-479-2022-concede-ao-psicologo-o-sr-claudio-jose-da-silva-matricula-no-0005932-1-uma-diaria\/\" rel=\"noopener\" target=\"_blank\">CLAUDIO JOS\u00c9 DA SILVA<\/a><\/td><td class=\"column-2\">Di\u00e1ria<\/td><td class=\"column-3\">1 (uma) di\u00e1ria<\/td><td class=\"column-4\"><\/td><td class=\"column-5\">01 de dezembro de 2022<\/td><td class=\"column-6\">01 de dezembro de 2022<\/td><td class=\"column-7\">Psic\u00f3logo <\/td><td class=\"column-8\">Alexandria\/RN<\/td><td class=\"column-9\">para custear despesas com alimenta\u00e7\u00e3o, hospedagem e deslocamento urbano, durante sua ida na cidade de Alexandria\/RN que aguarda a equipe do CRAS desta cidade para fazer a condu\u00e7\u00e3o do senhor SEVERINO DOS RAMOS DA SILVA, residente no sitio recreio.<\/td>\n<\/tr>\n<tr class=\"row-89\">\n\t<td class=\"column-1\"><a href=\"https:\/\/pedrovelho.rn.gov.br\/transparente\/index\/portaria-de-diaria-n-478-2022-concede-ao-motorista-o-sr-antonio-pedro-da-silva-matricula-no-0002437-1-uma-diaria\/\" rel=\"noopener\" target=\"_blank\">ANT\u00d4NIO PEDRO DA SILVA<\/a><\/td><td class=\"column-2\">Di\u00e1ria<\/td><td class=\"column-3\">1 (uma) di\u00e1ria<\/td><td class=\"column-4\"><\/td><td class=\"column-5\">01 de dezembro de 2022<\/td><td class=\"column-6\">01 de dezembro de 2022<\/td><td class=\"column-7\">Motorista<\/td><td class=\"column-8\">Alexandria\/RN<\/td><td class=\"column-9\">para custear despesas com alimenta\u00e7\u00e3o, hospedagem e deslocamento urbano, durante sua ida na cidade de Alexandria\/RN que aguarda a equipe do CRAS desta cidade para fazer a condu\u00e7\u00e3o do senhor SEVERINO DOS RAMOS DA SILVA, residente no sitio recreio.<\/td>\n<\/tr>\n<tr class=\"row-90\">\n\t<td class=\"column-1\"><a href=\"https:\/\/pedrovelho.rn.gov.br\/transparente\/index\/portaria-de-diaria-n-485-2022-concede-ao-secretario-de-administracao-o-sr-andre-leoni-bezerra-de-souza-matricula-no-0010278-2-4-quatro-diarias\/\" rel=\"noopener\" target=\"_blank\">Andr\u00e9 Leoni Bezerra de Souza<\/a><\/td><td class=\"column-2\">Di\u00e1ria<\/td><td class=\"column-3\">4 (quatro) di\u00e1rias<\/td><td class=\"column-4\"><\/td><td class=\"column-5\">09 de dezembro de 2022<\/td><td class=\"column-6\"><\/td><td class=\"column-7\">Secret\u00e1rio de Administra\u00e7\u00e3o<\/td><td class=\"column-8\">BRASILIA \u2013 DF<\/td><td class=\"column-9\">para custear despesas com alimenta\u00e7\u00e3o, hospedagem e deslocamento urbano, durante sua perman\u00eancia na cidade de BRASILIA (DF), para Mobiliza\u00e7\u00e3o Municipalista em Bras\u00edlia \u2013 13 de dezembro CNM<\/td>\n<\/tr>\n<tr class=\"row-91\">\n\t<td class=\"column-1\"><a href=\"https:\/\/pedrovelho.rn.gov.br\/transparente\/index\/portaria-de-diaria-n-484-2022-concede-ao-chefe-de-gabinete-o-sr-venicius-thalysson-de-lira-carneiro-matricula-no-0010642-2-4-quatro-diarias\/\" rel=\"noopener\" target=\"_blank\">Venicius Thalysson de Lira Carneiro<\/a><\/td><td class=\"column-2\">Di\u00e1ria<\/td><td class=\"column-3\">4 (quatro) di\u00e1rias<\/td><td class=\"column-4\"><\/td><td class=\"column-5\">09 de dezembro de 2022<\/td><td class=\"column-6\"><\/td><td class=\"column-7\">Chefe de Gabinete<\/td><td class=\"column-8\">BRASILIA \u2013 DF<\/td><td class=\"column-9\">para custear despesas com alimenta\u00e7\u00e3o, hospedagem e deslocamento urbano, durante sua perman\u00eancia na cidade de BRASILIA (DF), para Mobiliza\u00e7\u00e3o Municipalista em Bras\u00edlia \u2013 13 de dezembro CNM<\/td>\n<\/tr>\n<tr class=\"row-92\">\n\t<td class=\"column-1\"><a href=\"https:\/\/pedrovelho.rn.gov.br\/transparente\/index\/portaria-de-diaria-n-483-2022-concede-a-prefeita-municipal-a-sra-francisca-edna-de-lemos-matricula-no-0010677-2-4-quatro-diarias\/\" rel=\"noopener\" target=\"_blank\">Francisca Edna de Lemos<\/a><\/td><td class=\"column-2\">Di\u00e1ria<\/td><td class=\"column-3\">4 (quatro) di\u00e1rias<\/td><td class=\"column-4\"><\/td><td class=\"column-5\">09 de dezembro de 2022<\/td><td class=\"column-6\"><\/td><td class=\"column-7\">Prefeita Municipal<\/td><td class=\"column-8\">BRASILIA \u2013 DF<\/td><td class=\"column-9\">para custear despesas com alimenta\u00e7\u00e3o, hospedagem e deslocamento urbano, durante sua perman\u00eancia na cidade de BRASILIA (DF), para Mobiliza\u00e7\u00e3o Municipalista em Bras\u00edlia \u2013 13 de dezembro CNM<\/td>\n<\/tr>\n<tr class=\"row-93\">\n\t<td class=\"column-1\"><a href=\"https:\/\/pedrovelho.rn.gov.br\/transparente\/index\/portaria-no-379-2022-secadm-concede-ao-servidor-da-prefeitura-municipal-de-pedro-velho-geovane-freire-galvao-cpf-105-514-344-06-lotado-na-prefeitura-municipal-de-pedro-velho-rn-ocupante-do-carg\/\" rel=\"noopener\" target=\"_blank\">GEOVANE FREIRE GALV\u00c3O<\/a><\/td><td class=\"column-2\">Di\u00e1ria<\/td><td class=\"column-3\">05 (CINCO) DI\u00c1RIAS<\/td><td class=\"column-4\"><\/td><td class=\"column-5\">19 DE OUTUBRO DE 2022.<\/td><td class=\"column-6\"><\/td><td class=\"column-7\">Secret\u00e1rio Municipal de Turismo<\/td><td class=\"column-8\">Jo\u00e3o Pessoa\/PB<\/td><td class=\"column-9\">para de conformidade com a solicita\u00e7\u00e3o participar: 4\u00aa Capacita\u00e7\u00e3o de Desenvolvimento Administrativo na cidade de Jo\u00e3o Pessoa\/PB.<\/td>\n<\/tr>\n<tr class=\"row-94\">\n\t<td class=\"column-1\"><a href=\"https:\/\/pedrovelho.rn.gov.br\/transparente\/index\/portaria-no-378-2022-secadm-concede-a-servidora-da-prefeitura-municipal-de-pedro-velho-ana-cybele-alves-fonseca-cpf-020-286-864-80-lotada-na-prefeitura-municipal-de-pedro-velho-rn-ocupante-do-c\/\" rel=\"noopener\" target=\"_blank\">ANA CYBELE ALVES FONSECA<\/a><\/td><td class=\"column-2\">Di\u00e1ria<\/td><td class=\"column-3\">05 (CINCO) DI\u00c1RIAS<\/td><td class=\"column-4\"><\/td><td class=\"column-5\">19 DE OUTUBRO DE 2022.<\/td><td class=\"column-6\"><\/td><td class=\"column-7\">Chefe do Setor de Compras<\/td><td class=\"column-8\">Jo\u00e3o Pessoa\/PB<\/td><td class=\"column-9\">para de conformidade com a solicita\u00e7\u00e3o participar: 4\u00aa Capacita\u00e7\u00e3o de Desenvolvimento Administrativo na cidade de Jo\u00e3o Pessoa\/PB.<\/td>\n<\/tr>\n<tr class=\"row-95\">\n\t<td class=\"column-1\"><a href=\"https:\/\/pedrovelho.rn.gov.br\/transparente\/index\/portaria-no-377-2022-secadm-concede-ao-servidor-da-prefeitura-municipal-de-pedro-velho-edson-da-silva-santos-galvao-cpf-057-188-964-61-lotado-na-prefeitura-municipal-de-pedro-velho-rn-ocupante\/\" rel=\"noopener\" target=\"_blank\">EDSON DA SILVA SANTOS GALV\u00c3O<\/a><\/td><td class=\"column-2\">Di\u00e1ria<\/td><td class=\"column-3\">05 (CINCO) DI\u00c1RIAS<\/td><td class=\"column-4\"><\/td><td class=\"column-5\">19 DE OUTUBRO DE 2022.<\/td><td class=\"column-6\"><\/td><td class=\"column-7\">Prefeito Municipal Interino<\/td><td class=\"column-8\">Jo\u00e3o Pessoa\/PB<\/td><td class=\"column-9\">para de conformidade com a solicita\u00e7\u00e3o participar: 4\u00aa Capacita\u00e7\u00e3o de Desenvolvimento Administrativo na cidade de Jo\u00e3o Pessoa\/PB.<\/td>\n<\/tr>\n<tr class=\"row-96\">\n\t<td class=\"column-1\"><a href=\"https:\/\/pedrovelho.rn.gov.br\/transparente\/index\/portaria-no-376-2022-secadm-concede-ao-servidor-da-prefeitura-municipal-de-pedro-velho-moises-eduardo-da-silva-cpf-113-309-724-30-lotado-na-prefeitura-municipal-de-pedro-velho-rn-ocupante-do-ca\/\" rel=\"noopener\" target=\"_blank\">MOISES EDUARDO DA SILVA<\/a><\/td><td class=\"column-2\">Di\u00e1ria<\/td><td class=\"column-3\">05 (CINCO) DI\u00c1RIAS<\/td><td class=\"column-4\"><\/td><td class=\"column-5\">19 DE OUTUBRO DE 2022.<\/td><td class=\"column-6\"><\/td><td class=\"column-7\">Secretaria Municipal de Finan\u00e7as<\/td><td class=\"column-8\">Jo\u00e3o Pessoa\/PB<\/td><td class=\"column-9\">para de conformidade com a solicita\u00e7\u00e3o participar: 4\u00aa Capacita\u00e7\u00e3o de Desenvolvimento Administrativo na cidade de Jo\u00e3o Pessoa\/PB.<\/td>\n<\/tr>\n<tr class=\"row-97\">\n\t<td class=\"column-1\"><a href=\"https:\/\/pedrovelho.rn.gov.br\/transparente\/index\/portaria-no-375-2022-secadm-concede-ao-servidor-da-prefeitura-municipal-de-pedro-velho-severino-do-ramos-de-oliveira-cpf-406-668-754-72-lotado-na-prefeitura-municipal-de-pedro-velho-rn-ocupante\/\" rel=\"noopener\" target=\"_blank\">SEVERINO DO RAMOS DE OLIVEIRA<\/a><\/td><td class=\"column-2\">Di\u00e1ria<\/td><td class=\"column-3\">05 (CINCO) DI\u00c1RIAS<\/td><td class=\"column-4\"><\/td><td class=\"column-5\">19 DE OUTUBRO DE 2022.<\/td><td class=\"column-6\"><\/td><td class=\"column-7\">Chefe do Setor Pessoal<\/td><td class=\"column-8\">Jo\u00e3o Pessoa\/PB<\/td><td class=\"column-9\">para de conformidade com a solicita\u00e7\u00e3o participar: 4\u00aa Capacita\u00e7\u00e3o de Desenvolvimento Administrativo na cidade de Jo\u00e3o Pessoa\/PB.<\/td>\n<\/tr>\n<tr class=\"row-98\">\n\t<td class=\"column-1\"><a href=\"https:\/\/pedrovelho.rn.gov.br\/transparente\/index\/portaria-no-374-2022-secadm-concede-a-servidora-da-prefeitura-municipal-de-pedro-velho-sarah-mariana-da-silva-cpf-113-309-834-75-lotada-na-prefeitura-municipal-de-pedro-velho-rn-ocupante-do-car\/\" rel=\"noopener\" target=\"_blank\">SARAH MARIANA DA SILVA<\/a><\/td><td class=\"column-2\">Di\u00e1ria<\/td><td class=\"column-3\">05 (CINCO) DI\u00c1RIAS<\/td><td class=\"column-4\"><\/td><td class=\"column-5\">19 DE OUTUBRO DE 2022.<\/td><td class=\"column-6\"><\/td><td class=\"column-7\">Chefe do Processamento de Dados<\/td><td class=\"column-8\">Jo\u00e3o Pessoa\/PB<\/td><td class=\"column-9\">para de conformidade com a solicita\u00e7\u00e3o participar: 4\u00aa Capacita\u00e7\u00e3o de Desenvolvimento Administrativo na cidade de Jo\u00e3o Pessoa\/PB.<\/td>\n<\/tr>\n<tr class=\"row-99\">\n\t<td class=\"column-1\"><a href=\"https:\/\/pedrovelho.rn.gov.br\/transparente\/index\/portaria-de-diaria-n-271-2022-concede-a-assessora-tecnica-a-sra-elvira-maria-carneiro-de-lima-matricula-no-0011770-3-tres-diarias\/\" rel=\"noopener\" target=\"_blank\">ELVIRA MARIA CARNEIRO DE LIMA<\/a><\/td><td class=\"column-2\">Di\u00e1ria<\/td><td class=\"column-3\">3 (tr\u00eas) di\u00e1rias<\/td><td class=\"column-4\"><\/td><td class=\"column-5\">22 de setembro de 2022<\/td><td class=\"column-6\"><\/td><td class=\"column-7\">Assessora T\u00e9cnica<\/td><td class=\"column-8\">CURRAIS NOVOS\/RN<\/td><td class=\"column-9\">para participar do I SEMIN\u00c1RIO FAM\u00cdLIA ACOLHEDORA DE CURRAIS NOVOS, que ocorrer\u00e1 no dia 26, 27 e 28 de setembro do corrente ano<\/td>\n<\/tr>\n<tr class=\"row-100\">\n\t<td class=\"column-1\"><a href=\"https:\/\/pedrovelho.rn.gov.br\/transparente\/index\/portaria-de-diaria-n-270-2022-concede-ao-psicologo-o-sr-elly-eduardo-de-lima-matricula-no-0012149-3-tres-diarias\/\" rel=\"noopener\" target=\"_blank\">ELLY EDUARDO DE LIMA<\/a><\/td><td class=\"column-2\">Di\u00e1ria<\/td><td class=\"column-3\">3 (tr\u00eas) di\u00e1rias<\/td><td class=\"column-4\"><\/td><td class=\"column-5\">22 de setembro de 2022<\/td><td class=\"column-6\"><\/td><td class=\"column-7\">Psic\u00f3logo<\/td><td class=\"column-8\">CURRAIS NOVOS\/RN<\/td><td class=\"column-9\">para participar do I SEMIN\u00c1RIO FAM\u00cdLIA ACOLHEDORA DE CURRAIS NOVOS, que ocorrer\u00e1 no dia 26, 27 e 28 de setembro do corrente ano<\/td>\n<\/tr>\n<tr class=\"row-101\">\n\t<td class=\"column-1\"><a href=\"https:\/\/pedrovelho.rn.gov.br\/transparente\/index\/portaria-de-diaria-n-269-2022-concede-a-assistente-social-a-sra-layla-luana-bezerril-da-silva-medeiros-matricula-no-0002056-3-tres-diarias\/\" rel=\"noopener\" target=\"_blank\">LAYLA LUANA BEZERRIL DA SILVA MEDEIROS<\/a><\/td><td class=\"column-2\">Di\u00e1ria<\/td><td class=\"column-3\">3 (tr\u00eas) di\u00e1rias<\/td><td class=\"column-4\"><\/td><td class=\"column-5\">22 de setembro de 2022<\/td><td class=\"column-6\"><\/td><td class=\"column-7\">Assistente Social<\/td><td class=\"column-8\">CURRAIS NOVOS\/RN<\/td><td class=\"column-9\">para participar do I SEMIN\u00c1RIO FAM\u00cdLIA ACOLHEDORA DE CURRAIS NOVOS, que ocorrer\u00e1 no dia 26, 27 e 28 de setembro do corrente ano<\/td>\n<\/tr>\n<tr class=\"row-102\">\n\t<td class=\"column-1\"><a href=\"https:\/\/pedrovelho.rn.gov.br\/transparente\/index\/portaria-de-diaria-n-245-2022-concede-ao-secretario-adjunto-de-turismo-o-sr-tiago-jose-deque-de-souza-matricula-no-1724-3-1-2-meia-diaria\/\" rel=\"noopener\" target=\"_blank\">TIAGO JOS\u00c9 DEQUE DE SOUZA<\/a><\/td><td class=\"column-2\">Di\u00e1ria<\/td><td class=\"column-3\">1\/2 (meia) di\u00e1ria<\/td><td class=\"column-4\"><\/td><td class=\"column-5\">17 de agosto de 2022.<\/td><td class=\"column-6\">17 de agosto de 2022.<\/td><td class=\"column-7\">secret\u00e1rio adjunto de turismo<\/td><td class=\"column-8\">Santa Cruz \u2013 Rio Grande do Norte.<\/td><td class=\"column-9\">participar do WORKSHOP MODELO DO IGR DO POLO AGRESTE\u2013TRAIRI, aonde ser\u00e1 dado uma consultoria para estrutura\u00e7\u00e3o e fortalecimento das IGRS do RN, pelo Governo do Estado em parceria com o SEBRAE.<\/td>\n<\/tr>\n<tr class=\"row-103\">\n\t<td class=\"column-1\"><a href=\"https:\/\/pedrovelho.rn.gov.br\/transparente\/index\/portaria-de-diaria-n-246-2022-concede-ao-secretario-de-turismo-o-sr-rodolfo-ribeiro-lima-de-azevedo-matricula-no-8656-1-2-meia-diaria\/\" rel=\"noopener\" target=\"_blank\">RODOLFO RIBEIRO LIMA DE AZEVEDO<\/a><\/td><td class=\"column-2\">Di\u00e1ria<\/td><td class=\"column-3\">1\/2 (meia) di\u00e1ria<\/td><td class=\"column-4\"><\/td><td class=\"column-5\">17 de agosto de 2022.<\/td><td class=\"column-6\">17 de agosto de 2022.<\/td><td class=\"column-7\">secret\u00e1rio de turismo<\/td><td class=\"column-8\">Santa Cruz \u2013 Rio Grande do Norte.<\/td><td class=\"column-9\">participar do WORKSHOP MODELO DO IGR DO POLO AGRESTE\u2013TRAIRI, aonde ser\u00e1 dado uma consultoria para estrutura\u00e7\u00e3o e fortalecimento das IGRS do RN, pelo Governo do Estado em parceria com o SEBRAE.<\/td>\n<\/tr>\n<tr class=\"row-104\">\n\t<td class=\"column-1\"><a href=\"https:\/\/pedrovelho.rn.gov.br\/transparente\/index\/portaria-de-diaria-n-241-2022-concede-a-secretaria-de-educacao-a-sra-julia-paula-e-silva-matricula-no-0115-4-e-meia-quatro-e-meia-diarias\/\" rel=\"noopener\" target=\"_blank\">J\u00daLIA PAULA E SILVA<\/a><\/td><td class=\"column-2\">Di\u00e1ria<\/td><td class=\"column-3\">4 e \u00bd (quatro e meia) di\u00e1rias<\/td><td class=\"column-4\"><\/td><td class=\"column-5\">12 de agosto de 2022.<\/td><td class=\"column-6\"><\/td><td class=\"column-7\">Secret\u00e1ria de Educa\u00e7\u00e3o<\/td><td class=\"column-8\">BRASILIA \u2013 DF<\/td><td class=\"column-9\">para participar do 9\u00ba FORUM NACIONAL EXTRAORDIN\u00c1RIO DOS DIRIGENTES MUNICIPAIS EM EDUCA\u00c7\u00c3O<\/td>\n<\/tr>\n<tr class=\"row-105\">\n\t<td class=\"column-1\"><a href=\"https:\/\/pedrovelho.rn.gov.br\/transparente\/index\/portaria-de-diaria-n-242-2022-concede-a-coordenadora-pedagogica-a-sra-adriana-kely-paulo-dantas-de-azevedo-matricula-no-1639-4-e-meia-quatro-e-meia-diarias\/\" rel=\"noopener\" target=\"_blank\">ADRIANA KELY PAULO DANTAS DE AZEVEDO<\/a><\/td><td class=\"column-2\">Di\u00e1ria<\/td><td class=\"column-3\">4 e \u00bd (quatro e meia) di\u00e1rias<\/td><td class=\"column-4\"><\/td><td class=\"column-5\">12 de agosto de 2022.<\/td><td class=\"column-6\"><\/td><td class=\"column-7\">Coordenadora Pedag\u00f3gica<\/td><td class=\"column-8\">BRASILIA \u2013 DF<\/td><td class=\"column-9\">para participar do 9\u00ba FORUM NACIONAL EXTRAORDIN\u00c1RIO DOS DIRIGENTES MUNICIPAIS EM EDUCA\u00c7\u00c3O<\/td>\n<\/tr>\n<tr class=\"row-106\">\n\t<td class=\"column-1\"><a href=\"https:\/\/pedrovelho.rn.gov.br\/transparente\/index\/portaria-de-diaria-n-238-2022-concede-ao-conselheiro-tutelar-o-sr-adriano-de-oliveira-dias-matricula-no-2171-3tres-diarias\/\" rel=\"noopener\" target=\"_blank\">ADRIANO DE OLIVEIRA DIAS<\/a><\/td><td class=\"column-2\">Di\u00e1ria<\/td><td class=\"column-3\">3 (tr\u00eas) di\u00e1rias<\/td><td class=\"column-4\"><\/td><td class=\"column-5\">09 de agosto de 2022.<\/td><td class=\"column-6\"><\/td><td class=\"column-7\">Conselheiro Tutelar<\/td><td class=\"column-8\">AREIA BRANCA \u2013 Rio Grande do Norte.<\/td><td class=\"column-9\">para participar do II SEMINARIO REGIONAL DE CONSELHEIROS E OPERADORES DO SGD POLO COSTA BRANCA\/RN<\/td>\n<\/tr>\n<tr class=\"row-107\">\n\t<td class=\"column-1\"><a href=\"https:\/\/pedrovelho.rn.gov.br\/transparente\/index\/portaria-de-diaria-n-239-2022-concede-ao-conselheiro-tutelar-o-sr-aurelio-rodrigues-barbosa-matricula-no-1510-3tres-diarias\/\" rel=\"noopener\" target=\"_blank\">AURELIO RODRIGUES BARBOSA<\/a><\/td><td class=\"column-2\">Di\u00e1ria<\/td><td class=\"column-3\">3 (tr\u00eas) di\u00e1rias<\/td><td class=\"column-4\"><\/td><td class=\"column-5\">09 de agosto de 2022.<\/td><td class=\"column-6\"><\/td><td class=\"column-7\">Conselheiro Tutelar<\/td><td class=\"column-8\">AREIA BRANCA \u2013 Rio Grande do Norte.<\/td><td class=\"column-9\">para participar do II SEMINARIO REGIONAL DE CONSELHEIROS E OPERADORES DO SGD POLO COSTA BRANCA\/RN<\/td>\n<\/tr>\n<tr class=\"row-108\">\n\t<td class=\"column-1\"><a href=\"https:\/\/pedrovelho.rn.gov.br\/transparente\/index\/portaria-de-diaria-n-240-2022-concede-ao-conselheiro-tutelar-o-sr-henrique-bezerril-neto-matricula-no-1586-3tres-diarias\/\" rel=\"noopener\" target=\"_blank\">HENRIQUE BEZERRIL NETO<\/a><\/td><td class=\"column-2\">Di\u00e1ria<\/td><td class=\"column-3\">3 (tr\u00eas) di\u00e1rias<\/td><td class=\"column-4\"><\/td><td class=\"column-5\">09 de agosto de 2022.<\/td><td class=\"column-6\"><\/td><td class=\"column-7\">Conselheiro Tutelar<\/td><td class=\"column-8\">AREIA BRANCA \u2013 Rio Grande do Norte.<\/td><td class=\"column-9\">para participar do II SEMINARIO REGIONAL DE CONSELHEIROS E OPERADORES DO SGD POLO COSTA BRANCA\/RN<\/td>\n<\/tr>\n<tr class=\"row-109\">\n\t<td class=\"column-1\"><a href=\"https:\/\/pedrovelho.rn.gov.br\/transparente\/index\/portaria-de-diaria-n-228-2022-concede-ao-conselheiro-tutelar-o-sr-henrique-bezerril-neto-matricula-no-1586-1-2-meia-diaria\/\" rel=\"noopener\" target=\"_blank\">HENRIQUE BEZERRIL NETO<\/a><\/td><td class=\"column-2\">Di\u00e1ria<\/td><td class=\"column-3\">1\/2 (meia) di\u00e1ria<\/td><td class=\"column-4\"><\/td><td class=\"column-5\">19 de julho de 2022.<\/td><td class=\"column-6\"><\/td><td class=\"column-7\">Conselheiro Tutelar<\/td><td class=\"column-8\">Natal\/RN<\/td><td class=\"column-9\">para participar do II SEMINARIO DE CAPACITA\u00c7\u00c3O DOS CONSELHEIROS TUTELARES NA ESCOLA DE GOVERNO CENTRO ADMINISTRATIVO DO ESTADO, NATAL\/RN<\/td>\n<\/tr>\n<tr class=\"row-110\">\n\t<td class=\"column-1\"><a href=\"https:\/\/pedrovelho.rn.gov.br\/transparente\/index\/portaria-de-diaria-n-227-2022-concede-a-conselheira-tutelar-sra-gicelia-felix-dos-santos-rodrigues\/\" rel=\"noopener\" target=\"_blank\">GIC\u00c9LIA F\u00c9LIX DOS SANTOS RODRIGUES<\/a><\/td><td class=\"column-2\">Di\u00e1ria<\/td><td class=\"column-3\">1\/2 (meia) di\u00e1ria<\/td><td class=\"column-4\"><\/td><td class=\"column-5\">19 de julho de 2022.<\/td><td class=\"column-6\">19 de julho de 2022.<\/td><td class=\"column-7\">Conselheira Tutelar<\/td><td class=\"column-8\">Natal\/RN<\/td><td class=\"column-9\">para participar do II SEMINARIO DE CAPACITA\u00c7\u00c3O DOS CONSELHEIROS TUTELARES NA ESCOLA DE GOVERNO CENTRO ADMINISTRATIVO DO ESTADO, NATAL\/RN<\/td>\n<\/tr>\n<tr class=\"row-111\">\n\t<td class=\"column-1\"><a href=\"https:\/\/pedrovelho.rn.gov.br\/transparente\/index\/portaria-de-diaria-n-226-2022-concede-ao-conselheiro-tutelar-o-sr-adriano-de-oliveira-dias-matricula-no-2171-1-2-meia-diaria\/\" rel=\"noopener\" target=\"_blank\">ADRIANO DE OLIVEIRA DIAS<\/a><\/td><td class=\"column-2\">Di\u00e1ria<\/td><td class=\"column-3\">1\/2 (meia) di\u00e1ria<\/td><td class=\"column-4\"><\/td><td class=\"column-5\">19 de julho de 2022.<\/td><td class=\"column-6\">19 de julho de 2022.<\/td><td class=\"column-7\">Conselheiro Tutelar<\/td><td class=\"column-8\">Natal\/RN<\/td><td class=\"column-9\">para participar do II SEMINARIO DE CAPACITA\u00c7\u00c3O DOS CONSELHEIROS TUTELARES NA ESCOLA DE GOVERNO CENTRO ADMINISTRATIVO DO ESTADO, NATAL\/RN<\/td>\n<\/tr>\n<tr class=\"row-112\">\n\t<td class=\"column-1\"><a href=\"https:\/\/pedrovelho.rn.gov.br\/transparente\/index\/portaria-de-diaria-n-226-2022-concede-a-conselheira-tutelar-sra-daniela-peixoto-de-franca-matricula-no-918-1-2-meia-diaria\/\" rel=\"noopener\" target=\"_blank\">DANIELA PEIXOTO DE FRANCA<\/a><\/td><td class=\"column-2\">Di\u00e1ria<\/td><td class=\"column-3\">1\/2 (meia) di\u00e1ria<\/td><td class=\"column-4\"><\/td><td class=\"column-5\">19 de julho de 2022.<\/td><td class=\"column-6\">19 de julho de 2022.<\/td><td class=\"column-7\">Conselheira Tutelar<\/td><td class=\"column-8\">Natal\/RN<\/td><td class=\"column-9\">para participar do II SEMINARIO DE CAPACITA\u00c7\u00c3O DOS CONSELHEIROS TUTELARES NA ESCOLA DE GOVERNO CENTRO ADMINISTRATIVO DO ESTADO, NATAL\/RN<\/td>\n<\/tr>\n<tr class=\"row-113\">\n\t<td class=\"column-1\"><a href=\"https:\/\/pedrovelho.rn.gov.br\/transparente\/index\/portaria-de-diaria-n-224-2022-concede-ao-conselheiro-tutelar-o-sr-aurelio-rodrigues-barbosa-matricula-no-1510-1-2-meia-diaria\/\" rel=\"noopener\" target=\"_blank\">AURELIO RODRIGUES BARBOSA<\/a><\/td><td class=\"column-2\">Di\u00e1ria<\/td><td class=\"column-3\">1\/2 (meia) di\u00e1ria<\/td><td class=\"column-4\"><\/td><td class=\"column-5\">19 de julho de 2022.<\/td><td class=\"column-6\">19 de julho de 2022.<\/td><td class=\"column-7\">Conselheiro Tutelar<\/td><td class=\"column-8\">Natal\/RN<\/td><td class=\"column-9\">para participar do II SEMINARIO DE CAPACITA\u00c7\u00c3O DOS CONSELHEIROS TUTELARES NA ESCOLA DE GOVERNO CENTRO ADMINISTRATIVO DO ESTADO, NATAL\/RN<\/td>\n<\/tr>\n<tr class=\"row-114\">\n\t<td class=\"column-1\"><a href=\"https:\/\/pedrovelho.rn.gov.br\/transparente\/index\/portaria-de-diaria-n-223-2022-concede-ao-auxiliar-administrativo-o-sr-soriano-oliveira-dos-santos-matricula-no-9687-3-3-2-tres-meia-diarias\/\" rel=\"noopener\" target=\"_blank\">SORIANO OLIVEIRA DOS SANTOS<\/a><\/td><td class=\"column-2\">Di\u00e1ria<\/td><td class=\"column-3\">3\/2 (tr\u00eas meia) di\u00e1rias<\/td><td class=\"column-4\"><\/td><td class=\"column-5\">19 de julho de 2022.<\/td><td class=\"column-6\"><\/td><td class=\"column-7\">auxiliar administrativo<\/td><td class=\"column-8\">Natal\/RN<\/td><td class=\"column-9\">participar como expositor na 8\u00aa FEMPTUR (Feira dos Munic\u00edpios e Produtos Tur\u00edsticos do RN, que ocorrer\u00e1 nos dias de 21 \u00e0 23 de julho do corrente ano, na cidade de Natal \u2013 Rio Grande do Norte.<\/td>\n<\/tr>\n<tr class=\"row-115\">\n\t<td class=\"column-1\"><a href=\"https:\/\/pedrovelho.rn.gov.br\/transparente\/index\/portaria-de-diaria-n-222-2022-concede-ao-secretario-de-turismo-o-sr-tiago-jose-deque-de-souza-matricula-no-1724-3-3-2-tres-meia-diarias\/\" rel=\"noopener\" target=\"_blank\">TIAGO JOS\u00c9 DEQUE DE SOUZA<\/a><\/td><td class=\"column-2\">Di\u00e1ria<\/td><td class=\"column-3\">3\/2 (tr\u00eas meia) di\u00e1rias<\/td><td class=\"column-4\"><\/td><td class=\"column-5\">19 de julho de 2022.<\/td><td class=\"column-6\"><\/td><td class=\"column-7\">secret\u00e1rio adjunto de turismo<\/td><td class=\"column-8\">Natal\/RN<\/td><td class=\"column-9\">participar como expositor na 8\u00aa FEMPTUR (Feira dos Munic\u00edpios e Produtos Tur\u00edsticos do RN, que ocorrer\u00e1 nos dias de 21 \u00e0 23 de julho do corrente ano, na cidade de Natal \u2013 Rio Grande do Norte.<\/td>\n<\/tr>\n<tr class=\"row-116\">\n\t<td class=\"column-1\"><a href=\"https:\/\/pedrovelho.rn.gov.br\/transparente\/index\/portaria-de-diaria-n-221-2022-concede-ao-secretario-de-turismo-o-sr-rodolfo-ribeiro-lima-de-azevedo-matricula-no-8656-2-3-2-tres-meia-diarias\/\" rel=\"noopener\" target=\"_blank\">RODOLFO RIBEIRO LIMA DE AZEVEDO<\/a><\/td><td class=\"column-2\">Di\u00e1ria<\/td><td class=\"column-3\">3\/2 (tr\u00eas meia) di\u00e1rias<\/td><td class=\"column-4\"><\/td><td class=\"column-5\">19 de julho de 2022.<\/td><td class=\"column-6\"><\/td><td class=\"column-7\">secret\u00e1rio de turismo<\/td><td class=\"column-8\">Natal\/RN<\/td><td class=\"column-9\">participar como expositor na 8\u00aa FEMPTUR (Feira dos Munic\u00edpios e Produtos Tur\u00edsticos do RN, que ocorrer\u00e1 nos dias de 21 \u00e0 23 de julho do corrente ano, na cidade de Natal \u2013 Rio Grande do Norte.<\/td>\n<\/tr>\n<tr class=\"row-117\">\n\t<td class=\"column-1\"><a href=\"https:\/\/pedrovelho.rn.gov.br\/transparente\/index\/portaria-no-13-2022-secadm-concede-ao-servidor-da-prefeitura-municipal-tiago-jose-deque-de-souza-maximo-matricula-no-001724-1-lotado-na-prefeitura-municipal-de-pedro-velho-rn-ocupante-do-cargo-de\/\" rel=\"noopener\" target=\"_blank\">TIAGO JOS\u00c9 DEQUE DE SOUZA M\u00c1XIMO<\/a><\/td><td class=\"column-2\">Di\u00e1ria<\/td><td class=\"column-3\">01 (UMA) MEIA DI\u00c1RIA<\/td><td class=\"column-4\"><\/td><td class=\"column-5\">21 de fevereiro de 2022<\/td><td class=\"column-6\">21 de fevereiro de 2022<\/td><td class=\"column-7\">SECRET\u00c1RIO DE TURISMO<\/td><td class=\"column-8\">Serra Caiada\/RN<\/td><td class=\"column-9\">para de conformidade com a solicita\u00e7\u00e3o participar da XXXV Reuni\u00e3o Ordin\u00e1ria do Conselho Regional de Turismo do Polo Agreste Trairi<\/td>\n<\/tr>\n<tr class=\"row-118\">\n\t<td class=\"column-1\"><a href=\"https:\/\/pedrovelho.rn.gov.br\/transparente\/index\/portaria-no-11-2022-secadm-concede-a-servidora-da-prefeitura-municipal-cintya-bezerril-marques-de-oliveira-matricula-no-6246-1-lotada-na-secretaria-municipal-de-assistencia-social-da-prefeitura-mu\/\" rel=\"noopener\" target=\"_blank\">CINTYA BEZERRIL MARQUES DE OLIVEIRA<\/a><\/td><td class=\"column-2\">Di\u00e1ria<\/td><td class=\"column-3\">03 (TREIS) DI\u00c1RIAS<\/td><td class=\"column-4\"><\/td><td class=\"column-5\">10 de fevereiro de 2022.<\/td><td class=\"column-6\"><\/td><td class=\"column-7\">Secret\u00e1ria Municipal de Assist\u00eancia Social<\/td><td class=\"column-8\">Recife\/PE<\/td><td class=\"column-9\">para de conformidade com a solicita\u00e7\u00e3o participar da I Jornada Nacional da Pol\u00edtica de Assist\u00eancia Social: Suas x Cofinanciamento \u2013 Desafios dos Munic\u00edpios na Continuidade da Oferta\/Amplia\u00e7\u00e3o das A\u00e7\u00f5es Socioassistenciais<\/td>\n<\/tr>\n<tr class=\"row-119\">\n\t<td class=\"column-1\"><a href=\"https:\/\/pedrovelho.rn.gov.br\/transparente\/index\/portaria-no-10-2022-secadm-concede-a-servidora-da-prefeitura-municipal-dejerlane-macedo-matricula-no-01637-1-lotado-na-prefeitura-municipal-de-pedro-velho-rn\/\" rel=\"noopener\" target=\"_blank\">DEJERLANE MACEDO<\/a><\/td><td class=\"column-2\">Di\u00e1ria<\/td><td class=\"column-3\">03 (TREIS) DI\u00c1RIAS<\/td><td class=\"column-4\"><\/td><td class=\"column-5\">10 de fevereiro de 2022.<\/td><td class=\"column-6\"><\/td><td class=\"column-7\">PREFEITA MUNICIPAL<\/td><td class=\"column-8\">Recife\/PE<\/td><td class=\"column-9\">para de conformidade com a solicita\u00e7\u00e3o participar da I Jornada Nacional da Pol\u00edtica de Assist\u00eancia Social: Suas x Cofinanciamento \u2013 Desafios dos Munic\u00edpios na Continuidade da Oferta\/Amplia\u00e7\u00e3o das A\u00e7\u00f5es Socioassistenciais<\/td>\n<\/tr>\n<tr class=\"row-120\">\n\t<td class=\"column-1\"><a href=\"https:\/\/pedrovelho.rn.gov.br\/transparente\/index\/portaria-no-12-2022-secadm-concede-a-servidora-da-prefeitura-municipal-maria-do-carmo-calixto-de-souza-matricula-no-6270-1-lotada-na-secretaria-municipal-de-assistencia-social-da-prefeitura-munici\/\" rel=\"noopener\" target=\"_blank\">MARIA DO CARMO CALIXTO DE SOUZA<\/a><\/td><td class=\"column-2\">Di\u00e1ria<\/td><td class=\"column-3\">03 (TREIS) DI\u00c1RIAS<\/td><td class=\"column-4\"><\/td><td class=\"column-5\">10 de fevereiro de 2022.<\/td><td class=\"column-6\"><\/td><td class=\"column-7\">Coordenadora da Vigil\u00e2ncia Social<\/td><td class=\"column-8\">Recife\/PE<\/td><td class=\"column-9\">para de conformidade com a solicita\u00e7\u00e3o participar da I Jornada Nacional da Pol\u00edtica de Assist\u00eancia Social: Suas x Cofinanciamento \u2013 Desafios dos Munic\u00edpios na Continuidade da Oferta\/Amplia\u00e7\u00e3o das A\u00e7\u00f5es Socioassistenciais<\/td>\n<\/tr>\n<tr class=\"row-121\">\n\t<td class=\"column-1\"><a href=\"https:\/\/pedrovelho.rn.gov.br\/transparente\/index\/portaria-no-09-2022-secadm-concede-ao-servidor-da-prefeitura-municipal-anailson-ramalho-da-silva-matricula-no-006831-1-lotado-na-prefeitura-municipal-de-pedro-velho-rn-ocupante-do-cargo-de-secret\/\" rel=\"noopener\" target=\"_blank\">ANAILSON RAMALHO DA SILVA<\/a><\/td><td class=\"column-2\">Di\u00e1ria<\/td><td class=\"column-3\">02 (DUAS) DI\u00c1RIAS<\/td><td class=\"column-4\"><\/td><td class=\"column-5\">19 de janeiro de 2022.<\/td><td class=\"column-6\"><\/td><td class=\"column-7\">SECRET\u00c1RIO MUNICIPAL DE FINAN\u00c7AS<\/td><td class=\"column-8\">Campos do Jord\u00e3o\/SP<\/td><td class=\"column-9\">para custear despesas com alimenta\u00e7\u00e3o, deslocamento urbano e hospedagem, durante sua perman\u00eancia na cidade Campos do Jord\u00e3o\/SP, no per\u00edodo de 27\/01\/2022 \u00e0 28\/01\/2022, para de conformidade com a solicita\u00e7\u00e3o participar do Curso de Dispensa e Inexigibilidade de Licita\u00e7\u00e3o na Nova Lei de Licita\u00e7\u00e3o e Contratos<\/td>\n<\/tr>\n<tr class=\"row-122\">\n\t<td class=\"column-1\"><a href=\"https:\/\/pedrovelho.rn.gov.br\/transparente\/index\/portaria-no-08-2022-secadm-concede-ao-servidor-da-prefeitura-municipal-marconi-vieira-da-silva-matricula-no-009997-1-lotado-na-prefeitura-municipal-de-pedro-velho-rn-ocupante-do-cargo-de-secretar\/\" rel=\"noopener\" target=\"_blank\">MARCONI VIEIRA DA SILVA<\/a><\/td><td class=\"column-2\">Di\u00e1ria<\/td><td class=\"column-3\">02 (DUAS) DI\u00c1RIAS<\/td><td class=\"column-4\"><\/td><td class=\"column-5\">18 DE JANEIRO DE 2022<\/td><td class=\"column-6\"><\/td><td class=\"column-7\">SECRET\u00c1RIO DE OBRAS E SERVI\u00c7OS URBANOS<\/td><td class=\"column-8\">Campos do Jord\u00e3o\/SP<\/td><td class=\"column-9\">para de conformidade com a solicita\u00e7\u00e3o participar do Curso de Dispensa e Inexigibilidade de Licita\u00e7\u00e3o na Nova Lei de Licita\u00e7\u00e3o e Contratos, na Cidade de Campos do Jord\u00e3o\/SP.<\/td>\n<\/tr>\n<tr class=\"row-123\">\n\t<td class=\"column-1\"><a href=\"https:\/\/pedrovelho.rn.gov.br\/transparente\/index\/portaria-no-07-2022-secadm-concede-a-servidora-da-prefeitura-municipal-samadah-carolina-lima-bezerril-matricula-no-009920-1-lotada-na-prefeitura-municipal-de-pedro-velho-rn-ocupante-do-cargo-de-s\/\" rel=\"noopener\" target=\"_blank\">SAMADAH CAROLINA LIMA BEZERRIL<\/a><\/td><td class=\"column-2\">Di\u00e1ria<\/td><td class=\"column-3\">02 (DUAS) DI\u00c1RIAS<\/td><td class=\"column-4\"><\/td><td class=\"column-5\">18 DE JANEIRO DE 2022<\/td><td class=\"column-6\"><\/td><td class=\"column-7\">SECRET\u00c1RIA DE SA\u00daDE<\/td><td class=\"column-8\">Campos do Jord\u00e3o\/SP<\/td><td class=\"column-9\">para de conformidade com a solicita\u00e7\u00e3o participar do Curso de Dispensa e Inexigibilidade de Licita\u00e7\u00e3o na Nova Lei de Licita\u00e7\u00e3o e Contratos, na Cidade de Campos do Jord\u00e3o\/SP.<\/td>\n<\/tr>\n<tr class=\"row-124\">\n\t<td class=\"column-1\"><a href=\"https:\/\/pedrovelho.rn.gov.br\/transparente\/index\/portaria-no-06-2022-secadm-concede-ao-servidor-da-prefeitura-municipal-andre-rogerio-policia-mendes-matricula-no-002925-1-lotado-na-prefeitura-municipal-de-pedro-velho-rn-ocupante-do-cargo-de-pre\/\" rel=\"noopener\" target=\"_blank\">ANDR\u00c9 ROG\u00c9RIO POLICIA MENDES<\/a><\/td><td class=\"column-2\">Di\u00e1ria<\/td><td class=\"column-3\">02 (DUAS) DI\u00c1RIAS<\/td><td class=\"column-4\"><\/td><td class=\"column-5\">18 DE JANEIRO DE 2022<\/td><td class=\"column-6\"><\/td><td class=\"column-7\">PREGOEIRO<\/td><td class=\"column-8\">Campos do Jord\u00e3o\/SP<\/td><td class=\"column-9\">para de conformidade com a solicita\u00e7\u00e3o participar do Curso de Dispensa e Inexigibilidade de Licita\u00e7\u00e3o na Nova Lei de Licita\u00e7\u00e3o e Contratos, na Cidade de Campos do Jord\u00e3o\/SP.<\/td>\n<\/tr>\n<tr class=\"row-125\">\n\t<td class=\"column-1\"><a href=\"https:\/\/pedrovelho.rn.gov.br\/transparente\/index\/portaria-no-05-2022-secadm-concede-ao-servidor-da-prefeitura-municipal-francisco-claudio-de-lima-matricula-no-008958-1-lotado-na-prefeitura-municipal-de-pedro-velho-rn-ocupante-do-cargo-de-chefe\/\" rel=\"noopener\" target=\"_blank\">FRANCISCO CL\u00c1UDIO DE LIMA<\/a><\/td><td class=\"column-2\">Di\u00e1ria<\/td><td class=\"column-3\">02 (DUAS) DI\u00c1RIAS<\/td><td class=\"column-4\"><\/td><td class=\"column-5\">18 DE JANEIRO DE 2022<\/td><td class=\"column-6\"><\/td><td class=\"column-7\">CHEFE DE GABINETE<\/td><td class=\"column-8\">Campos do Jord\u00e3o\/SP<\/td><td class=\"column-9\">para de conformidade com a solicita\u00e7\u00e3o participar do Curso de Dispensa e Inexigibilidade de Licita\u00e7\u00e3o na Nova Lei de Licita\u00e7\u00e3o e Contratos, na Cidade de Campos do Jord\u00e3o\/SP.<\/td>\n<\/tr>\n<tr class=\"row-126\">\n\t<td class=\"column-1\"><a href=\"https:\/\/pedrovelho.rn.gov.br\/transparente\/index\/portaria-no-04-2022-secadm-conceder-a-servidora-da-prefeitura-municipal-dejerlane-macedo-matricula-no-01637-1-lotado-na-prefeitura-municipal-de-pedro-velho-rn-ocupante-do-cargo-de-prefeita-munici\/\" rel=\"noopener\" target=\"_blank\">DEJERLANE MACEDO<\/a><\/td><td class=\"column-2\">Di\u00e1ria<\/td><td class=\"column-3\">02 (DUAS) DI\u00c1RIAS<\/td><td class=\"column-4\"><\/td><td class=\"column-5\">18 DE JANEIRO DE 2022<\/td><td class=\"column-6\"><\/td><td class=\"column-7\">PREFEITA MUNICIPAL<\/td><td class=\"column-8\">Campos do Jord\u00e3o\/SP<\/td><td class=\"column-9\">para de conformidade com a solicita\u00e7\u00e3o participar do Curso de Dispensa e Inexigibilidade de Licita\u00e7\u00e3o na Nova Lei de Licita\u00e7\u00e3o e Contratos, na Cidade de Campos do Jord\u00e3o\/SP.<\/td>\n<\/tr>\n<tr class=\"row-127\">\n\t<td class=\"column-1\"><a href=\"https:\/\/pedrovelho.rn.gov.br\/transparente\/index\/portaria-no-01-2022-secadm-concede-ao-servidor-da-prefeitura-municipal-de-pedro-velho-marcos-antonio-de-lima-teixeira-matricula-no-8702-1-lotado-na-prefeitura-municipal-de-pedro-velho-rn-ocupante\/\" rel=\"noopener\" target=\"_blank\">MARCOS ANT\u00d4NIO DE LIMA TEIXEIRA<\/a><\/td><td class=\"column-2\">Di\u00e1ria<\/td><td class=\"column-3\">01 (UMA) DI\u00c1RIA<\/td><td class=\"column-4\"><\/td><td class=\"column-5\">11 de janeiro de 2022<\/td><td class=\"column-6\">11 de janeiro de 2022<\/td><td class=\"column-7\">Secret\u00e1rio de Cultura, Esporte e Lazer<\/td><td class=\"column-8\">Carnaubais\/RN<\/td><td class=\"column-9\">para custear despesas com alimenta\u00e7\u00e3o, deslocamento urbano e hospedagem, durante sua perman\u00eancia na cidade de Carnaubais\/RN, no dia 15\/01\/2022, com retorno previsto para o dia 16\/01\/2022, para de conformidade com a solicita\u00e7\u00e3o acompanhar equipe Associa\u00e7\u00e3o Desportiva Novo Vila, no Campeonato Estadual de Sal\u00e3o, na cidade de Carnaubais\/RN.<\/td>\n<\/tr>\n<tr class=\"row-128\">\n\t<td class=\"column-1\"><a href=\"https:\/\/pedrovelho.rn.gov.br\/transparente\/index\/portaria-no-02-2022-secadm-concede-ao-servidor-da-prefeitura-municipal-de-pedro-velho-severino-do-ramo-de-almeida-matricula-no-1988-1-lotado-na-prefeitura-municipal-de-pedro-velho-rn-ocupante-do\/\" rel=\"noopener\" target=\"_blank\">SEVERINO DO RAMO DE ALMEIDA<\/a><\/td><td class=\"column-2\">Di\u00e1ria<\/td><td class=\"column-3\">01 (UMA) DI\u00c1RIA<\/td><td class=\"column-4\"><\/td><td class=\"column-5\">11 de janeiro de 2022<\/td><td class=\"column-6\">11 de janeiro de 2022<\/td><td class=\"column-7\">Chefe de Unidade de Esportes Femininos<\/td><td class=\"column-8\">Carnaubais\/RN<\/td><td class=\"column-9\">para custear despesas com alimenta\u00e7\u00e3o, deslocamento urbano e hospedagem, durante sua perman\u00eancia na cidade de Carnaubais\/RN, no dia 15\/01\/2022, com retorno previsto para o dia 16\/01\/2022, para de conformidade com a solicita\u00e7\u00e3o acompanhar equipe Associa\u00e7\u00e3o Desportiva Novo Vila, no Campeonato Estadual de Sal\u00e3o, na cidade de Carnaubais\/RN.<\/td>\n<\/tr>\n<tr class=\"row-129\">\n\t<td class=\"column-1\"><a href=\"https:\/\/pedrovelho.rn.gov.br\/transparente\/index\/portaria-no-03-2022-secadm-concede-ao-servidor-da-prefeitura-municipal-de-pedro-velho-leonardo-maximo-de-souza-matricula-no-6718-1-lotado-na-prefeitura-municipal-de-pedro-velho-rn-ocupante-do-car\/\" rel=\"noopener\" target=\"_blank\">LEONARDO M\u00c1XIMO DE SOUZA<\/a><\/td><td class=\"column-2\">Di\u00e1ria<\/td><td class=\"column-3\">01 (UMA) DI\u00c1RIA<\/td><td class=\"column-4\"><\/td><td class=\"column-5\">11 de janeiro de 2022<\/td><td class=\"column-6\"><\/td><td class=\"column-7\">Chefe de Unidade de Esportes Marculinos<\/td><td class=\"column-8\">Carnaubais\/RN<\/td><td class=\"column-9\">para custear despesas com alimenta\u00e7\u00e3o, deslocamento urbano e hospedagem, durante sua perman\u00eancia na cidade de Carnaubais\/RN, no dia 15\/01\/2022, com retorno previsto para o dia 16\/01\/2022, para de conformidade com a solicita\u00e7\u00e3o acompanhar equipe Associa\u00e7\u00e3o Desportiva Novo Vila, no Campeonato Estadual de Sal\u00e3o, na cidade de Carnaubais\/RN.<\/td>\n<\/tr>\n<tr class=\"row-130\">\n\t<td class=\"column-1\"><a href=\"https:\/\/pedrovelho.rn.gov.br\/transparente\/index\/20455-2\/\">IRACI DE SENA<\/a><\/td><td class=\"column-2\">Di\u00e1ria<\/td><td class=\"column-3\">03 (TR\u00caS) DI\u00c1RIAS<\/td><td class=\"column-4\"><\/td><td class=\"column-5\">29 de novembro de 2021<\/td><td class=\"column-6\"><\/td><td class=\"column-7\">PROFESSORA<\/td><td class=\"column-8\">Martins\/RN<\/td><td class=\"column-9\">para de conformidade com a solicita\u00e7\u00e3o participar do III Semin\u00e1rio Undime \u2013 Acolhimento e Planejamento das A\u00e7\u00f5es do Ano Letivo de 2022<\/td>\n<\/tr>\n<tr class=\"row-131\">\n\t<td class=\"column-1\"><a href=\"https:\/\/pedrovelho.rn.gov.br\/transparente\/index\/portaria-no16-2021-secadm-concede-diaria-ao-servidor-que-especifica-e-da-outras-providencias\/\">TIAGO JOS\u00c9 DEQUE DE SOUZA M\u00c1XIMO<\/a><\/td><td class=\"column-2\">Di\u00e1ria<\/td><td class=\"column-3\">01 (UMA) MEIA DI\u00c1RIA<\/td><td class=\"column-4\"><\/td><td class=\"column-5\">02 de dezembro de 2021<\/td><td class=\"column-6\"><\/td><td class=\"column-7\">Secret\u00e1rio de Turismo e Eventos<\/td><td class=\"column-8\">Santa Cruz\/RN<\/td><td class=\"column-9\">para de conformidade com a solicita\u00e7\u00e3o participar do Semin\u00e1rio de Turismo 2021 \u2013 A F\u00e9 n\u00e3o Costuma Fai\u00e1 \u2013 Local: Santu\u00e1rio de Santa Rita de C\u00e1ssia, na cidade de Santa Cruz\/RN<\/td>\n<\/tr>\n<tr class=\"row-132\">\n\t<td class=\"column-1\"><a href=\"https:\/\/pedrovelho.rn.gov.br\/transparente\/index\/portaria-no-15-2021-secadm-concede-a-servidora-da-prefeitura-municipal-de-pedro-velho-rn-marcia-maria-de-lima-matricula-no-008796-1-lotado-na-prefeitura-municipal-de-pedro-velho-rn-ocupante-do-c\/\">MARCIA MARIA DE LIMA<\/a><\/td><td class=\"column-2\">Di\u00e1ria<\/td><td class=\"column-3\">03 (TR\u00caS) DI\u00c1RIAS<\/td><td class=\"column-4\"><\/td><td class=\"column-5\">25 DE NOVEMBRO DE 2021<\/td><td class=\"column-6\"><\/td><td class=\"column-7\">Secretaria Municipal de Educa\u00e7\u00e3o<\/td><td class=\"column-8\">Martins\/RN<\/td><td class=\"column-9\">para custear despesas com alimenta\u00e7\u00e3o, deslocamento urbano e hospedagem, durante sua perman\u00eancia na cidade de Martins\/RN, no per\u00edodo de 01\/12\/2021 \u00e0 03\/12\/2021, para de conformidade com a solicita\u00e7\u00e3o participar do III Semin\u00e1rio Undime \u2013 Acolhimento e Planejamento das A\u00e7\u00f5es do Ano Letivo de 2022<\/td>\n<\/tr>\n<tr class=\"row-133\">\n\t<td class=\"column-1\"><a href=\"https:\/\/pedrovelho.rn.gov.br\/transparente\/index\/portaria-no-13-2021-secadm-concede-ao-servidor-da-prefeitura-municipal-francisco-claudio-de-lima-matricula-no-008958-1-lotado-na-prefeitura-municipal-de-pedro-velho-rn\/\">FRANCISCO CL\u00c1UDIO DE LIMA<\/a><\/td><td class=\"column-2\">Di\u00e1ria<\/td><td class=\"column-3\">03 (TR\u00caS) DI\u00c1RIAS<\/td><td class=\"column-4\"><\/td><td class=\"column-5\">04 DE NOVEMBRO DE 2021<\/td><td class=\"column-6\"><\/td><td class=\"column-7\">CHEFE DE GABINETE<\/td><td class=\"column-8\">Rio de Janeiro\/RJ.<\/td><td class=\"column-9\">para custear despesas com alimenta\u00e7\u00e3o, deslocamento urbano, durante sua perman\u00eancia na cidade do Rio de Janeiro\/RJ, no per\u00edodo de 17\/11\/2021 \u00e0 19\/11\/2021, para de conformidade com a solicita\u00e7\u00e3o participar do Curso de Elabora\u00e7\u00e3o de Estudos T\u00e9cnico Preliminares, Termo de Refer\u00eancia, Projeto B\u00e1sico e a Nova Lei de Licita\u00e7\u00e3o<\/td>\n<\/tr>\n<tr class=\"row-134\">\n\t<td class=\"column-1\"><a href=\"https:\/\/pedrovelho.rn.gov.br\/transparente\/index\/portaria-no-12-2021-secadm-concede-ao-servidor-da-prefeitura-municipal-andre-rogerio-policia-mendes-matricula-no-002925-1-lotado-na-prefeitura-municipal-de-pedro-velho-rn\/\">ANDR\u00c9 ROG\u00c9RIO POLICIA MENDES<\/a><\/td><td class=\"column-2\">Di\u00e1ria<\/td><td class=\"column-3\">03 (TR\u00caS) DI\u00c1RIAS<\/td><td class=\"column-4\"><\/td><td class=\"column-5\">04 DE NOVEMBRO DE 2021<\/td><td class=\"column-6\"><\/td><td class=\"column-7\">PREGOEIRO<\/td><td class=\"column-8\">Rio de Janeiro\/RJ.<\/td><td class=\"column-9\">para custear despesas com alimenta\u00e7\u00e3o, deslocamento urbano, durante sua perman\u00eancia na cidade do Rio de Janeiro\/RJ, no per\u00edodo de 17\/11\/2021 \u00e0 19\/11\/2021, para de conformidade com a solicita\u00e7\u00e3o participar do Curso de Elabora\u00e7\u00e3o de Estudos T\u00e9cnico Preliminares, Termo de Refer\u00eancia, Projeto B\u00e1sico e a Nova Lei de Licita\u00e7\u00e3o<\/td>\n<\/tr>\n<tr class=\"row-135\">\n\t<td class=\"column-1\"><a href=\"https:\/\/pedrovelho.rn.gov.br\/transparente\/index\/portaria-no-11-2021-secadm-concede-a-servidor-da-prefeitura-municipal-de-pedro-velho-carlos-luiz-galvao-matricula-no-005037-1-lotado-na-prefeitura-municipal-de-pedro-velho-rn\/\">CARLOS LUIZ GALV\u00c3O<\/a><\/td><td class=\"column-2\">Di\u00e1ria<\/td><td class=\"column-3\">03 (TR\u00caS) DI\u00c1RIAS<\/td><td class=\"column-4\"><\/td><td class=\"column-5\">04 DE NOVEMBRO DE 2021<\/td><td class=\"column-6\"><\/td><td class=\"column-7\">Secret\u00e1rio Municipal de Sa\u00fade<\/td><td class=\"column-8\">Rio de Janeiro\/RJ.<\/td><td class=\"column-9\">para custear despesas com alimenta\u00e7\u00e3o, deslocamento urbano, durante sua perman\u00eancia na cidade do Rio de Janeiro\/RJ, no per\u00edodo de 17\/11\/2021 \u00e0 19\/11\/2021, para de conformidade com a solicita\u00e7\u00e3o participar do Curso de Elabora\u00e7\u00e3o de Estudos T\u00e9cnico Preliminares, Termo de Refer\u00eancia, Projeto B\u00e1sico e a Nova Lei de Licita\u00e7\u00e3o<\/td>\n<\/tr>\n<tr class=\"row-136\">\n\t<td class=\"column-1\"><a href=\"https:\/\/pedrovelho.rn.gov.br\/transparente\/index\/portaria-no-14-2021-secadm-concede-a-servidor-da-prefeitura-municipal-de-pedro-velho-anailson-ramalho-da-silva-matricula-no-006831-1-lotado-na-prefeitura-municipal-de-pedro-velho-rn\/\">ANAILSON RAMALHO DA SILVA<\/a><\/td><td class=\"column-2\">Di\u00e1ria<\/td><td class=\"column-3\">03 (TR\u00caS) DI\u00c1RIAS<\/td><td class=\"column-4\"><\/td><td class=\"column-5\">04 DE NOVEMBRO DE 2021<\/td><td class=\"column-6\"><\/td><td class=\"column-7\">Secret\u00e1rio Municipal de Finan\u00e7as<\/td><td class=\"column-8\">Rio de Janeiro\/RJ.<\/td><td class=\"column-9\">para custear despesas com alimenta\u00e7\u00e3o, deslocamento urbano, durante sua perman\u00eancia na cidade do Rio de Janeiro\/RJ, no per\u00edodo de 17\/11\/2021 \u00e0 19\/11\/2021, para de conformidade com a solicita\u00e7\u00e3o participar do Curso de Elabora\u00e7\u00e3o de Estudos T\u00e9cnico Preliminares, Termo de Refer\u00eancia, Projeto B\u00e1sico e a Nova Lei de Licita\u00e7\u00e3o<\/td>\n<\/tr>\n<tr class=\"row-137\">\n\t<td class=\"column-1\"><a href=\"https:\/\/pedrovelho.rn.gov.br\/transparente\/index\/portaria-no-010-2021-secadm-concede-a-servidora-da-prefeitura-municipal-de-pedro-velho-cintya-bezerril-marques-de-oliveira-matricula-no-6246-1-lotada-na-secretaria-municipal-de-assistencia-social\/\" rel=\"noopener\" target=\"_blank\">Cintya Bezerril Marques de Oliveira<\/a><\/td><td class=\"column-2\">Di\u00e1ria<\/td><td class=\"column-3\">02 (DUAS) MEIA DI\u00c1RIAS<\/td><td class=\"column-4\"><\/td><td class=\"column-5\">26 DE OUTUBRO DE 2021<\/td><td class=\"column-6\"><\/td><td class=\"column-7\">SECRETARIA MUNICIPAL DE ASSIST\u00caNCIA SOCIAL<\/td><td class=\"column-8\">Natal\/RN<\/td><td class=\"column-9\">para custear despesas com alimenta\u00e7\u00e3o, deslocamento urbano, durante sua perman\u00eancia na cidade de Natal, no dia 28 e 29\/10\/2021, para de conformidade com a solicita\u00e7\u00e3o participar da XIII Confer\u00eancia Estadual de Assist\u00eancia Social<\/td>\n<\/tr>\n<tr class=\"row-138\">\n\t<td class=\"column-1\"><a href=\"https:\/\/pedrovelho.rn.gov.br\/transparente\/index\/portaria-no-09-2021-secadm-concede-ao-servidor-da-prefeitura-municipal-de-pedro-velho-matheus-erysson-maximo-lira-matricula-no-007323-1-lotado-na-prefeitura-municipal-de-pedro-velho-rn-ocupante\/\">MATHEUS ERYSSON M\u00c1XIMO LIRA<\/a><\/td><td class=\"column-2\">Di\u00e1ria<\/td><td class=\"column-3\">02 (DUAS) DI\u00c1RIAS<\/td><td class=\"column-4\"><\/td><td class=\"column-5\">15 de setembro de 2021<\/td><td class=\"column-6\"><\/td><td class=\"column-7\">Auxiliar Administrativo da Sec. de Turismo<\/td><td class=\"column-8\">Natal\/RN<\/td><td class=\"column-9\">para de conformidade com a solicita\u00e7\u00e3o participar. Do 7\u00ba FEMPTUR \u2013 Feira dos Munic\u00edpios e Produtos Tur\u00edsticos<\/td>\n<\/tr>\n<tr class=\"row-139\">\n\t<td class=\"column-1\"><a href=\"https:\/\/pedrovelho.rn.gov.br\/transparente\/index\/portaria-no-08-2021-secadm-concede-a-servidora-da-prefeitura-municipal-de-pedro-velho-mayara-lemos-barbosa-carneiro-matricula-no-008893-1-lotado-na-prefeitura-municipal-de-pedro-velho-rn\/\">MAYARA LEMOS BARBOSA CARNEIRO<\/a><\/td><td class=\"column-2\">Di\u00e1ria<\/td><td class=\"column-3\">02 (DUAS) DI\u00c1RIAS<\/td><td class=\"column-4\"><\/td><td class=\"column-5\">15 de setembro de 2021<\/td><td class=\"column-6\"><\/td><td class=\"column-7\">Secretaria Municipal de Turismo<\/td><td class=\"column-8\">Natal\/RN<\/td><td class=\"column-9\">para de conformidade com a solicita\u00e7\u00e3o participar. Do 7\u00ba FEMPTUR \u2013 Feira dos Munic\u00edpios e Produtos Tur\u00edsticos<\/td>\n<\/tr>\n<tr class=\"row-140\">\n\t<td class=\"column-1\"><a href=\"https:\/\/pedrovelho.rn.gov.br\/transparente\/index\/portaria-no-07-2021-secadm-concede-ao-servidor-da-prefeitura-municipal-andre-rogerio-policia-mendes-matricula-no-002925-1-lotado-na-prefeitura-municipal-de-pedro-velho-rn-ocupante-do-cargo-de-pre\/\">ANDR\u00c9 ROG\u00c9RIO POLICIA MENDES<\/a><\/td><td class=\"column-2\">Di\u00e1ria<\/td><td class=\"column-3\">(03) di\u00e1rias<\/td><td class=\"column-4\"><\/td><td class=\"column-5\">18 DE AGOSTO DE 2021<\/td><td class=\"column-6\"><\/td><td class=\"column-7\">PREGOEIRO<\/td><td class=\"column-8\">BRAS\u00cdLIA\/DF<\/td><td class=\"column-9\">para de conformidade com a solicita\u00e7\u00e3o participar: CURSO A NOVA LEI DE LICITA\u00c7\u00d5ES (LEI N\u00b0 14.133\/2021) \u2013 O QUE MUDA EM COMPARA\u00c7\u00c3O \u00c0 LEI N\u00b0 8.666\/1993.<\/td>\n<\/tr>\n<tr class=\"row-141\">\n\t<td class=\"column-1\"><a href=\"https:\/\/pedrovelho.rn.gov.br\/transparente\/index\/portaria-no-06-2021-secadm-concede-ao-servidor-da-prefeitura-municipal-francisco-claudio-de-lima-matricula-no-008958-1-lotado-na-prefeitura-municipal-de-pedro-velho-rn-ocupante-do-cargo-de-chefe\/\">FRANCISCO CL\u00c1UDIO DE LIMA<\/a><\/td><td class=\"column-2\">Di\u00e1ria<\/td><td class=\"column-3\">(03) di\u00e1rias<\/td><td class=\"column-4\"><\/td><td class=\"column-5\">18 DE AGOSTO DE 2021<\/td><td class=\"column-6\"><\/td><td class=\"column-7\">CHEFE DE GABINETE<\/td><td class=\"column-8\">BRAS\u00cdLIA\/DF<\/td><td class=\"column-9\">para de conformidade com a solicita\u00e7\u00e3o participar: CURSO A NOVA LEI DE LICITA\u00c7\u00d5ES (LEI N\u00b0 14.133\/2021) \u2013 O QUE MUDA EM COMPARA\u00c7\u00c3O \u00c0 LEI N\u00b0 8.666\/1993 .<\/td>\n<\/tr>\n<tr class=\"row-142\">\n\t<td class=\"column-1\"><a href=\"https:\/\/pedrovelho.rn.gov.br\/transparente\/index\/portaria-no-05-2021-secadm-concede-a-servidora-da-prefeitura-municipal-de-pedro-velho-amanda-cardoso-de-lima-matricula-no001722-2-lotado-na-prefeitura-municipal-de-pedro-velho-rn-ocupante-do-car\/\">AMANDA CARDOSO DE LIMA<\/a><\/td><td class=\"column-2\">Di\u00e1ria<\/td><td class=\"column-3\">(03) di\u00e1rias<\/td><td class=\"column-4\"><\/td><td class=\"column-5\">18 DE AGOSTO DE 2021<\/td><td class=\"column-6\"><\/td><td class=\"column-7\">Coordenadora Administrativa<\/td><td class=\"column-8\">Natal\/RN<\/td><td class=\"column-9\">para de conformidade com a solicita\u00e7\u00e3o participar. Do Semin\u00e1rio Hibrido da Undime na cidade de Natal\/RN<\/td>\n<\/tr>\n<tr class=\"row-143\">\n\t<td class=\"column-1\"><a href=\"https:\/\/pedrovelho.rn.gov.br\/transparente\/index\/portaria-no-04-2021-secadm-concede-a-servidora-da-prefeitura-municipal-de-pedro-velho-marcia-maria-de-lima-matricula-no-008796-1-lotado-na-prefeitura-municipal-de-pedro-velho-rn-ocupante-do-carg\/\">MARCIA MARIA DE LIMA<\/a><\/td><td class=\"column-2\">Di\u00e1ria<\/td><td class=\"column-3\">(03) di\u00e1rias<\/td><td class=\"column-4\"><\/td><td class=\"column-5\">18 DE AGOSTO DE 2021<\/td><td class=\"column-6\"><\/td><td class=\"column-7\">Secretaria Municipal de Educa\u00e7\u00e3o<\/td><td class=\"column-8\">Natal\/RN<\/td><td class=\"column-9\">para de conformidade com a solicita\u00e7\u00e3o participar. Do Semin\u00e1rio Hibrido da Undime na cidade de Natal\/RN<\/td>\n<\/tr>\n<tr class=\"row-144\">\n\t<td class=\"column-1\"><a href=\"https:\/\/pedrovelho.rn.gov.br\/transparente\/index\/portaria-no-03-2021-secadm-concede-ao-servidor-jose-edson-herminio-batista-matricula-no-6122-ocupante-do-cargo-secretario-adjunto-de-cultura-tres-03-diarias-para-custear-despesas-com-alimenta\/\">JOSE EDSON HERM\u00cdNIO BATISTA<\/a><\/td><td class=\"column-2\">Di\u00e1ria<\/td><td class=\"column-3\">(03) di\u00e1rias<\/td><td class=\"column-4\"><\/td><td class=\"column-5\">13 de Abril<\/td><td class=\"column-6\"><\/td><td class=\"column-7\">Secretario Adjunto de Cultura<\/td><td class=\"column-8\">Bras\u00edlia\/DF<\/td><td class=\"column-9\">no qual acompanha a prefeita municipal em busca de emendas parlamentares, insumos para sa\u00fade p\u00fablica e recursos para pavimenta\u00e7\u00e3o no munic\u00edpio de Pedro Velho.<\/td>\n<\/tr>\n<tr class=\"row-145\">\n\t<td class=\"column-1\"><a href=\"https:\/\/pedrovelho.rn.gov.br\/transparente\/index\/portaria-no-02-2021-secadm-concede-ao-servidor-francisco-claudio-de-lima-matricula-no-8958-ocupante-do-cargo-chefe-de-gabinete-tres-03-diarias-para-custear-despesas-com-alimentacao-estadia-e\/\">FRANCISCO CL\u00c1UDIO DE LIMA<\/a><\/td><td class=\"column-2\">Di\u00e1ria<\/td><td class=\"column-3\">(03) di\u00e1rias<\/td><td class=\"column-4\"><\/td><td class=\"column-5\">12 de Abril<\/td><td class=\"column-6\"><\/td><td class=\"column-7\">Chefe de Gabinete<\/td><td class=\"column-8\">Bras\u00edlia\/DF<\/td><td class=\"column-9\">no qual acompanha a prefeita municipal em busca de emendas parlamentares, insumos para sa\u00fade p\u00fablica e recursos para pavimenta\u00e7\u00e3o no munic\u00edpio de Pedro Velho.<\/td>\n<\/tr>\n<tr class=\"row-146\">\n\t<td class=\"column-1\"><a href=\"https:\/\/pedrovelho.rn.gov.br\/transparente\/index\/portaria-no-01-2021-secadm-concede-a-prefeita-municipal-dejerlane-macedo-matricula-no-1637-tres-03-diarias-para-custear-despesas-com-alimentacao-estadia-e-deslocamento-urbano-durante-sua-per\/\">DEJERLANE MACEDO<\/a><\/td><td class=\"column-2\">Di\u00e1ria<\/td><td class=\"column-3\">(03) di\u00e1rias<\/td><td class=\"column-4\"><\/td><td class=\"column-5\">12 de Abril<\/td><td class=\"column-6\"><\/td><td class=\"column-7\">Prefeita Municipal<\/td><td class=\"column-8\">Bras\u00edlia\/DF<\/td><td class=\"column-9\">em busca de emendas parlamentares, insumos para sa\u00fade p\u00fablica e recursos para pavimenta\u00e7\u00e3o no munic\u00edpio de Pedro Velho.<\/td>\n<\/tr>\n<tr class=\"row-147\">\n\t<td class=\"column-1\"><a href=\"https:\/\/pedrovelho.rn.gov.br\/transparente\/index\/portaria-no-07-2020-secadm-concede-a-servidora-julia-paula-e-silva-matricula-no-000115-1-lotado-na-secretaria-municipal-de-educacao-ocupante-do-cargo-de-coordenadora-pedagogica-t\/\">JULIA PAULA E SILVA<\/a><\/td><td class=\"column-2\">Di\u00e1ria<\/td><td class=\"column-3\">tr\u00eas meias di\u00e1rias<\/td><td class=\"column-4\"><\/td><td class=\"column-5\">02, 03 e 04 de Mar\u00e7o de 2020<\/td><td class=\"column-6\"><\/td><td class=\"column-7\">COORDENADORA PEDAG\u00d3GICA<\/td><td class=\"column-8\">Natal\/RN<\/td><td class=\"column-9\">para participar da FORMA\u00c7\u00c3O DO PROGRAMA DE ALFABETIZA\u00c7\u00c3O E LETRAMENTO (PROALE)<\/td>\n<\/tr>\n<tr class=\"row-148\">\n\t<td class=\"column-1\"><a href=\"https:\/\/pedrovelho.rn.gov.br\/transparente\/index\/portaria-no-06-2020-secadm-concede-a-servidora-adriana-kelly-paulo-dantas-de-azevedo-matricula-no-1639-1-lotado-na-secretaria-municipal-de-educacao-ocupante-do-cargo-de-coordenado\/\">ADRIANA KELLY PAULO DANTAS DE AZEVEDO<\/a><\/td><td class=\"column-2\">Di\u00e1ria<\/td><td class=\"column-3\">meia di\u00e1ria<\/td><td class=\"column-4\"><\/td><td class=\"column-5\">19 de Janeiro de 2020<\/td><td class=\"column-6\"><\/td><td class=\"column-7\">COORDENADORA PEDAG\u00d3GICA<\/td><td class=\"column-8\">Natal\/RN<\/td><td class=\"column-9\">participar do PLANTAO PRESENCIAL SENDO MOBILIZADOS PELOS PARCEIROS IMPLEMENTADORES SELO UNICEF, na SECRETARIA ESTADUAL EDUCA\u00c7\u00c3O \u2013 CENTRO ADMINISTRATIVO \u2013 AUDITORIO ANG\u00c9LICA MOURA.<\/td>\n<\/tr>\n<tr class=\"row-149\">\n\t<td class=\"column-1\"><a href=\"https:\/\/pedrovelho.rn.gov.br\/transparente\/index\/portaria-no-04-2020-secadm-concede-a-servidora-daniela-peixoto-de-franca-matricula-no-0918-lotado-na-secretaria-municipal-de-assistencia-social-ocupante-do-cargo-de-conselheira-tu\/\">DANIELA PEIXOTO DE FRAN\u00c7A<\/a><\/td><td class=\"column-2\">Di\u00e1ria<\/td><td class=\"column-3\">meia di\u00e1ria<\/td><td class=\"column-4\"><\/td><td class=\"column-5\">21 de Janeiro de 2020<\/td><td class=\"column-6\"><\/td><td class=\"column-7\">CONSELHEIRA TUTELAR<\/td><td class=\"column-8\">Natal - Centro Administrativo Rio Grande do Norte S\/N \u2013 Lagoa Nova, RN, 59064-901<\/td><td class=\"column-9\">para participar do CURSO DE CAPACITA\u00c7\u00c3O PARA CONSELHEIROS TUTELARES ELEITOS NO PROCESSO DE ESCOLHA DE 2019<\/td>\n<\/tr>\n<tr class=\"row-150\">\n\t<td class=\"column-1\"><a href=\"https:\/\/pedrovelho.rn.gov.br\/transparente\/index\/portaria-no-03-2020-secadm-concede-ao-servidor-henrique-bezerril-neto-matricula-no-1586-lotado-na-secretaria-municipal-de-assistencia-social-ocupante-do-cargo-de-conselheiro-tutel\/\">HENRIQUE BEZERRIL NETO<\/a><\/td><td class=\"column-2\">Di\u00e1ria<\/td><td class=\"column-3\">meia di\u00e1ria<\/td><td class=\"column-4\"><\/td><td class=\"column-5\">21 de Janeiro de 2020<\/td><td class=\"column-6\"><\/td><td class=\"column-7\">CONSELHEIRO TUTELAR<\/td><td class=\"column-8\">Natal - Centro Administrativo Rio Grande do Norte S\/N \u2013 Lagoa Nova, RN, 59064-901<\/td><td class=\"column-9\">para participar do CURSO DE CAPACITA\u00c7\u00c3O PARA CONSELHEIROS TUTELARES ELEITOS NO PROCESSO DE ESCOLHA DE 2019<\/td>\n<\/tr>\n<tr class=\"row-151\">\n\t<td class=\"column-1\"><a href=\"https:\/\/pedrovelho.rn.gov.br\/transparente\/index\/portaria-no-02-2020-secadm-concede-ao-servidor-adriano-oliveira-dias-matricula-no-2171-lotado-na-secretaria-municipal-de-assistencia-social-ocupante-do-cargo-de-conselheiro-tutela\/\">ADRIANO OLIVEIRA DIAS<\/a><\/td><td class=\"column-2\">Di\u00e1ria<\/td><td class=\"column-3\">meia di\u00e1ria<\/td><td class=\"column-4\"><\/td><td class=\"column-5\">21 de Janeiro de 2020<\/td><td class=\"column-6\"><\/td><td class=\"column-7\">CONSELHEIRO TUTELAR<\/td><td class=\"column-8\">Natal - Centro Administrativo Rio Grande do Norte S\/N \u2013 Lagoa Nova, RN, 59064-901<\/td><td class=\"column-9\">para participar do CURSO DE CAPACITA\u00c7\u00c3O PARA CONSELHEIROS TUTELARES ELEITOS NO PROCESSO DE ESCOLHA DE 2019<\/td>\n<\/tr>\n<tr class=\"row-152\">\n\t<td class=\"column-1\"><a href=\"https:\/\/pedrovelho.rn.gov.br\/transparente\/index\/portaria-no-01-2020-secadm-concede-ao-servidor-aurelio-rodrigues-barbosa-matricula-no-1510-lotado-na-secretaria-municipal-de-assistencia-social-ocupante-do-cargo-de-conselheiro-tutelar\/\">AUR\u00c9LIO RODRIGUES BARBOSA<\/a><\/td><td class=\"column-2\">Di\u00e1ria<\/td><td class=\"column-3\">meia di\u00e1ria<\/td><td class=\"column-4\"><\/td><td class=\"column-5\">21 de Janeiro de 2020<\/td><td class=\"column-6\"><\/td><td class=\"column-7\">CONSELHEIRO TUTELAR<\/td><td class=\"column-8\">Natal - Centro Administrativo Rio Grande do Norte S\/N \u2013 Lagoa Nova, RN, 59064-901<\/td><td class=\"column-9\">para participar do CURSO DE CAPACITA\u00c7\u00c3O PARA CONSELHEIROS TUTELARES ELEITOS NO PROCESSO DE ESCOLHA DE 2019<\/td>\n<\/tr>\n<tr class=\"row-153\">\n\t<td class=\"column-1\"><a href=\"https:\/\/pedrovelho.rn.gov.br\/transparente\/index\/portaria-no-05-2020-secadm-concede-a-servidora-lenilda-maria-da-silva-matricula-no-0805-lotado-na-secretaria-municipal-de-assistencia-social-ocupante-do-cargo-de-conselheira-tutel\/\">LENILDA MARIA DA SILVA<\/a><\/td><td class=\"column-2\">Di\u00e1ria<\/td><td class=\"column-3\">meia di\u00e1ria<\/td><td class=\"column-4\"><\/td><td class=\"column-5\">21 de Janeiro de 2020<\/td><td class=\"column-6\"><\/td><td class=\"column-7\">CONSELHEIRA TUTELAR<\/td><td class=\"column-8\">Natal - Centro Administrativo Rio Grande do Norte S\/N \u2013 Lagoa Nova, RN, 59064-901<\/td><td class=\"column-9\">para participar do CURSO DE CAPACITA\u00c7\u00c3O PARA CONSELHEIROS TUTELARES ELEITOS NO PROCESSO DE ESCOLHA DE 2019<\/td>\n<\/tr>\n<\/tbody>\n<\/table>\n<!-- #tablepress-1 from cache --><\/p>\n<p>&nbsp;<\/p>\n<p>&nbsp;<\/p>\n<p>&nbsp;<\/p>\n<p>&nbsp;<\/p>\n<p>&nbsp;<\/p>\n<p>&nbsp;<\/p>\n<p>&nbsp;<\/p>\n<p>&nbsp;[\/et_pb_text][\/et_pb_column][\/et_pb_row][\/et_pb_section]<\/p>\n<div style=\"margin: 20px 0;\"><div class=\"qrcswholewtapper\" style=\"text-align:left;\"><div class=\"qrcprowrapper\"  id=\"qrcwraa2leds\"><div class=\"qrc_canvass\" id=\"qrc_cuttenpages_2\" style=\"display:inline-block\" data-text=\"https:\/\/pedrovelho.rn.gov.br\/transparente\/index\/diarias-e-passagens\/\"><\/div><\/div><\/div><\/div>","protected":false},"excerpt":{"rendered":"<p>|\u00a0XML\u2193\u00a0| \u00a0CSV\u2193\u00a0| PDF\u2193\u00a0\u00a0| IMPRIMIR\u2193\u00a0\u00a0| &nbsp; \n<table id=\"tablepress-1-no-2\" class=\"tablepress tablepress-id-1\">\n<thead>\n<tr class=\"row-1\">\n\t<th class=\"column-1\">Nome<\/th><th class=\"column-2\">Tipo<\/th><th class=\"column-3\">Qnt.<\/th><th class=\"column-4\">Vlr. Unit\u00e1rio<\/th><th class=\"column-5\">Dt. da Partida<\/th><th class=\"column-6\">Dt. da Chegada<\/th><th class=\"column-7\">Cargo<\/th><th class=\"column-8\">Destino<\/th><th class=\"column-9\">Motivo<\/th>\n<\/tr>\n<\/thead>\n<tbody class=\"row-striping row-hover\">\n<tr class=\"row-2\">\n\t<td class=\"column-1\"><\/td><td class=\"column-2\">Di\u00e1ria<\/td><td class=\"column-3\"><\/td><td class=\"column-4\"><\/td><td class=\"column-5\"><\/td><td class=\"column-6\"><\/td><td class=\"column-7\"><\/td><td class=\"column-8\"><\/td><td class=\"column-9\"><\/td>\n<\/tr>\n<tr class=\"row-3\">\n\t<td class=\"column-1\"><\/td><td class=\"column-2\">Di\u00e1ria<\/td><td class=\"column-3\"><\/td><td class=\"column-4\"><\/td><td class=\"column-5\"><\/td><td class=\"column-6\"><\/td><td class=\"column-7\"><\/td><td class=\"column-8\"><\/td><td class=\"column-9\"><\/td>\n<\/tr>\n<tr class=\"row-4\">\n\t<td class=\"column-1\"><\/td><td class=\"column-2\">Di\u00e1ria<\/td><td class=\"column-3\"><\/td><td class=\"column-4\"><\/td><td class=\"column-5\"><\/td><td class=\"column-6\"><\/td><td class=\"column-7\"><\/td><td class=\"column-8\"><\/td><td class=\"column-9\"><\/td>\n<\/tr>\n<tr class=\"row-5\">\n\t<td class=\"column-1\"><a href=\"https:\/\/pedrovelho.rn.gov.br\/transparente\/index\/portaria-no-238-2025-gab-dispoe-sobre-a-concessao-de-03-tres-diarias-a-sra-andreia-da-silva-pereira-conselheira-tutelar-e-da-outras-providencias\/\">ANDR\u00c9IA DA SILVA PEREIRA<\/a><\/td><td class=\"column-2\">Di\u00e1ria<\/td><td class=\"column-3\">03 (TR\u00caS) DI\u00c1RIAS<\/td><td class=\"column-4\"><\/td><td class=\"column-5\">03 de julho de 2025<\/td><td class=\"column-6\">05 de julho de 2025<\/td><td class=\"column-7\">Conselheira Tutelar<\/td><td class=\"column-8\">Martins\/RN<\/td><td class=\"column-9\">para participar do Encontro de forma\u00e7\u00e3o para o fortalecimento da rede de prote\u00e7\u00e3o dos direitos da crian\u00e7a e do adolescente \u2013 Regi\u00e3o do Alto Oeste Potiguar, a fim de reunir, capacitar e promover a forma\u00e7\u00e3o continuada deste membro.<\/td>\n<\/tr>\n<tr class=\"row-6\">\n\t<td class=\"column-1\"><a href=\"https:\/\/pedrovelho.rn.gov.br\/transparente\/index\/portaria-no-237-2025-gab-dispoe-sobre-a-concessao-de-03-tres-diarias-a-sra-daniela-peixoto-de-franca-conselheira-tutelar-e-da-outras-providencias\/\">DANIELA PEIXOTO DE FRAN\u00c7A<\/a><\/td><td class=\"column-2\">Di\u00e1ria<\/td><td class=\"column-3\">03 (TR\u00caS) DI\u00c1RIAS<\/td><td class=\"column-4\"><\/td><td class=\"column-5\">03 de julho de 2025<\/td><td class=\"column-6\">05 de julho de 2025<\/td><td class=\"column-7\">Conselheira Tutelar<\/td><td class=\"column-8\">Martins\/RN<\/td><td class=\"column-9\">para participar do Encontro de forma\u00e7\u00e3o para o fortalecimento da rede de prote\u00e7\u00e3o dos direitos da crian\u00e7a e do adolescente \u2013 Regi\u00e3o do Alto Oeste Potiguar, a fim de reunir, capacitar e promover a forma\u00e7\u00e3o continuada deste membro.<\/td>\n<\/tr>\n<tr class=\"row-7\">\n\t<td class=\"column-1\"><a href=\"https:\/\/pedrovelho.rn.gov.br\/transparente\/index\/portaria-no-236-2025-gab-dispoe-sobre-a-concessao-de-03-tres-diarias-ao-sr-aurelio-rodrigues-barbosa-conselheiro-tutelar-e-da-outras-providencias\/\">AUR\u00c9LIO RODRIGUES BARBOSA<\/a><\/td><td class=\"column-2\">Di\u00e1ria<\/td><td class=\"column-3\">03 (TR\u00caS) DI\u00c1RIAS<\/td><td class=\"column-4\"><\/td><td class=\"column-5\">03 de julho de 2025<\/td><td class=\"column-6\">05 de julho de 2025<\/td><td class=\"column-7\">Conselheiro Tutelar<\/td><td class=\"column-8\">Martins\/RN<\/td><td class=\"column-9\">para participar do Encontro de forma\u00e7\u00e3o para o fortalecimento da rede de prote\u00e7\u00e3o dos direitos da crian\u00e7a e do adolescente \u2013 Regi\u00e3o do Alto Oeste Potiguar, a fim de reunir, capacitar e promover a forma\u00e7\u00e3o continuada deste membro.<\/td>\n<\/tr>\n<tr class=\"row-8\">\n\t<td class=\"column-1\"><a href=\"https:\/\/pedrovelho.rn.gov.br\/transparente\/index\/portaria-no-227-2025-gab-dispoe-sobre-a-concessao-de-2-diarias-a-senhora-michele-rosa-a-f-dos-santos-coordenadora-pedagogica-e-da-outras-providencias\/\">MICHELE ROSA A. F. DOS SANTOS<\/a><\/td><td class=\"column-2\">Di\u00e1ria<\/td><td class=\"column-3\">2 di\u00e1rias<\/td><td class=\"column-4\"><\/td><td class=\"column-5\">16 \/06\/2025.<\/td><td class=\"column-6\">19\/06\/2025.<\/td><td class=\"column-7\">COORDENADORA PEDAG\u00d3GICA<\/td><td class=\"column-8\">Natal\/RN<\/td><td class=\"column-9\">participa\u00e7\u00e3o no IV Congresso Brasileiro de Educa\u00e7\u00e3o Integral, que ser\u00e1 realizado na cidade de Natal, durante os dias 16 a 19\/06\/2025.<\/td>\n<\/tr>\n<tr class=\"row-9\">\n\t<td class=\"column-1\"><a href=\"https:\/\/pedrovelho.rn.gov.br\/transparente\/index\/portaria-no-226-2025-gab-dispoe-sobre-a-concessao-de-2-diarias-a-senhora-socorro-dos-anjos-gomes-moreira-secretaria-municipal-de-educacao-e-da-outras-providencias\/\">EMILLY THAYANNE COSTA DE CARVALHO<\/a><\/td><td class=\"column-2\">Di\u00e1ria<\/td><td class=\"column-3\">2 di\u00e1rias<\/td><td class=\"column-4\"><\/td><td class=\"column-5\">16 \/06\/2025.<\/td><td class=\"column-6\">19\/06\/2025.<\/td><td class=\"column-7\">COORDENADORA DE EVENTOS EDUCACIONAIS UNIFICADOS<\/td><td class=\"column-8\">Natal\/RN<\/td><td class=\"column-9\">participa\u00e7\u00e3o no IV Congresso Brasileiro de Educa\u00e7\u00e3o Integral, que ser\u00e1 realizado na cidade de Natal, durante os dias 16 a 19\/06\/2025.<\/td>\n<\/tr>\n<tr class=\"row-10\">\n\t<td class=\"column-1\"><a href=\"https:\/\/pedrovelho.rn.gov.br\/transparente\/index\/portaria-no-225-2025-gab-dispoe-sobre-a-concessao-de-2-diarias-a-senhora-emilly-thayanne-costa-de-carvalho-coordenadora-de-eventos-educacionais-unificados-e-da-outras-providencias\/\">EMILLY THAYANNE COSTA DE CARVALHO<\/a><\/td><td class=\"column-2\">Di\u00e1ria<\/td><td class=\"column-3\">2 di\u00e1rias<\/td><td class=\"column-4\"><\/td><td class=\"column-5\">16 \/06\/2025.<\/td><td class=\"column-6\">19\/06\/2025.<\/td><td class=\"column-7\">COORDENADORA DE EVENTOS EDUCACIONAIS UNIFICADOS<\/td><td class=\"column-8\">Natal\/RN<\/td><td class=\"column-9\">participa\u00e7\u00e3o no IV Congresso Brasileiro de Educa\u00e7\u00e3o Integral, que ser\u00e1 realizado na cidade de Natal, durante os dias 16 a 19\/06\/2025.<\/td>\n<\/tr>\n<tr class=\"row-11\">\n\t<td class=\"column-1\"><a href=\"https:\/\/pedrovelho.rn.gov.br\/transparente\/index\/portaria-no-224-2025-gab-dispoe-sobre-a-concessao-de-4-diarias-ao-senhora-juliana-cecilia-soares-da-silva-coordenadora-da-atencao-basica-e-da-outras-providencias\/\"> JULIANA CEC\u00cdLIA SOARES DA SILVA<\/a><\/td><td class=\"column-2\">Di\u00e1ria<\/td><td class=\"column-3\">4 di\u00e1rias<\/td><td class=\"column-4\"><\/td><td class=\"column-5\">15 de junho de 2025<\/td><td class=\"column-6\">18 de junho de 2025<\/td><td class=\"column-7\">COORDENADORA DA ATEN\u00c7\u00c3O B\u00c1SICA<\/td><td class=\"column-8\">Belo Horizonte\/MG<\/td><td class=\"column-9\">para participar do XXXVII Congresso do CONASEMS.<\/td>\n<\/tr>\n<tr class=\"row-12\">\n\t<td class=\"column-1\"><a href=\"https:\/\/pedrovelho.rn.gov.br\/transparente\/index\/portaria-no-223-2025-gab-dispoe-sobre-a-concessao-de-4-diarias-a-senhora-samadah-carolina-lima-bezerril-coordenadora-de-saude-bucal-e-da-outras-providencias\/\">SAMADAH CAROLINA LIMA BEZERRIL<\/a><\/td><td class=\"column-2\">Di\u00e1ria<\/td><td class=\"column-3\">4 di\u00e1rias<\/td><td class=\"column-4\"><\/td><td class=\"column-5\">15 de junho de 2025<\/td><td class=\"column-6\">18 de junho de 2025<\/td><td class=\"column-7\">COORDENADORA DE SA\u00daDE BUCAL<\/td><td class=\"column-8\">Belo Horizonte\/MG<\/td><td class=\"column-9\">para participar do XXXVII Congresso do CONASEMS.<\/td>\n<\/tr>\n<tr class=\"row-13\">\n\t<td class=\"column-1\"><a href=\"https:\/\/pedrovelho.rn.gov.br\/transparente\/index\/portaria-no-220-2025-gab-dispoe-sobre-a-concessao-de-02-e-%c2%bd-duas-e-meia-diarias-ao-sr-pedro-gomes-da-silva-junior-prefeito-municipal-e-da-outras-providencias\/\">PEDRO GOMES DA SILVA J\u00daNIOR<\/a><\/td><td class=\"column-2\">Di\u00e1ria<\/td><td class=\"column-3\">02 e \u00bd (duas e meia) di\u00e1rias<\/td><td class=\"column-4\"><\/td><td class=\"column-5\">09 de junho de 2025<\/td><td class=\"column-6\">11 de junho de 2025<\/td><td class=\"column-7\">Prefeito Municipal<\/td><td class=\"column-8\">Bras\u00edlia\/DF<\/td><td class=\"column-9\">para visita ao Congresso Nacional e Minist\u00e9rios em busca de emendas e libera\u00e7\u00e3o de recursos para o munic\u00edpio de Pedro Velho\/RN.<\/td>\n<\/tr>\n<tr class=\"row-14\">\n\t<td class=\"column-1\"><a href=\"https:\/\/pedrovelho.rn.gov.br\/transparente\/index\/portaria-no-206-2025-dispoe-sobre-a-concessao-de-02-duas-diarias-a-sra-socorro-dos-anjos-gomes-moreira-secretaria-municipal-de-educacao-e-da-outras-providencias\/\">SOCORRO DOS ANJOS GOMES MOREIRA<\/a><\/td><td class=\"column-2\">Di\u00e1ria<\/td><td class=\"column-3\">02 (duas) di\u00e1rias<\/td><td class=\"column-4\"><\/td><td class=\"column-5\">22 de maio de 2025<\/td><td class=\"column-6\">23 de maio de 2025<\/td><td class=\"column-7\">Secret\u00e1ria Municipal de Educa\u00e7\u00e3o<\/td><td class=\"column-8\">Bras\u00edlia\/DF<\/td><td class=\"column-9\">para participar da Oficina de Treinamento do Sistema Presen\u00e7a, no Minist\u00e9rio da Educa\u00e7\u00e3o<\/td>\n<\/tr>\n<tr class=\"row-15\">\n\t<td class=\"column-1\"><a href=\"https:\/\/pedrovelho.rn.gov.br\/transparente\/index\/portaria-no-205-2025-dispoe-sobre-a-concessao-de-03-e-%c2%bd-tres-e-meia-diarias-ao-sr-jose-leon-da-silva-candido-coordenador-de-comunicacao-e-da-outras-providencias\/\">JOSE LEON DA SILVA CANDIDO<\/a><\/td><td class=\"column-2\">Di\u00e1ria<\/td><td class=\"column-3\">03 e \u00bd (tr\u00eas e meia) di\u00e1rias<\/td><td class=\"column-4\"><\/td><td class=\"column-5\">19 de maio de 2025<\/td><td class=\"column-6\">22 de maio de 2025<\/td><td class=\"column-7\">Coordenador de Comunica\u00e7\u00e3o<\/td><td class=\"column-8\">Bras\u00edlia\/DF<\/td><td class=\"column-9\">para acompanhar o Prefeito Municipal e participar da XXVI Marcha a Bras\u00edlia em Defesa dos Munic\u00edpios, que ocorre no Centro Internacional de Conven\u00e7\u00f5es do Brasil (CICB).<\/td>\n<\/tr>\n<tr class=\"row-16\">\n\t<td class=\"column-1\"><a href=\"https:\/\/pedrovelho.rn.gov.br\/transparente\/index\/portaria-no-204-2025-dispoe-sobre-a-concessao-de-03-e-%c2%bd-tres-e-meia-diarias-ao-sr-jader-marques-de-lima-vice-prefeito-e-da-outras-providencias\/\"> JADER MARQUES DE LIMA<\/a><\/td><td class=\"column-2\">Di\u00e1ria<\/td><td class=\"column-3\">03 e \u00bd (tr\u00eas e meia) di\u00e1rias<\/td><td class=\"column-4\"><\/td><td class=\"column-5\">19 de maio de 2025<\/td><td class=\"column-6\">22 de maio de 2025<\/td><td class=\"column-7\">Vice-Prefeito<\/td><td class=\"column-8\">Bras\u00edlia\/DF<\/td><td class=\"column-9\">para acompanhar o Prefeito Municipal e participar da XXVI Marcha a Bras\u00edlia em Defesa dos Munic\u00edpios, que ocorre no Centro Internacional de Conven\u00e7\u00f5es do Brasil (CICB).<\/td>\n<\/tr>\n<tr class=\"row-17\">\n\t<td class=\"column-1\"><a href=\"https:\/\/pedrovelho.rn.gov.br\/transparente\/index\/portaria-no-203-2025-dispoe-sobre-a-concessao-de-03-e-%c2%bd-tres-e-meia-diarias-ao-sr-jose-diogo-henryson-barbosa-de-farias-chefe-de-gabinete-e-da-outras-providencias\/\">JOS\u00c9 DIOGO HENRYSON BARBOSA DE FARIAS<\/a><\/td><td class=\"column-2\">Di\u00e1ria<\/td><td class=\"column-3\">03 e \u00bd (tr\u00eas e meia) di\u00e1rias<\/td><td class=\"column-4\"><\/td><td class=\"column-5\">19 de maio de 2025<\/td><td class=\"column-6\">22 de maio de 2025<\/td><td class=\"column-7\">Chefe de Gabinete<\/td><td class=\"column-8\">Bras\u00edlia\/DF<\/td><td class=\"column-9\">para acompanhar o Prefeito Municipal e participar da XXVI Marcha a Bras\u00edlia em Defesa dos Munic\u00edpios, que ocorre no Centro Internacional de Conven\u00e7\u00f5es do Brasil (CICB).<\/td>\n<\/tr>\n<tr class=\"row-18\">\n\t<td class=\"column-1\"><a href=\"https:\/\/pedrovelho.rn.gov.br\/transparente\/index\/portaria-no-202-2025-dispoe-sobre-a-concessao-de-03-e-%c2%bd-tres-e-meia-diarias-a-sra-allyne-costa-da-silva-secretaria-adjunta-de-assistencia-social-e-da-outras-providencias\/\">ALLYNE COSTA DA SILVA<\/a><\/td><td class=\"column-2\">Di\u00e1ria<\/td><td class=\"column-3\">03 e \u00bd (tr\u00eas e meia) di\u00e1rias<\/td><td class=\"column-4\"><\/td><td class=\"column-5\">19 de maio de 2025<\/td><td class=\"column-6\">22 de maio de 2025<\/td><td class=\"column-7\">Secretaria Adjunta de Assist\u00eancia Social<\/td><td class=\"column-8\">Bras\u00edlia\/DF<\/td><td class=\"column-9\">para acompanhar o Prefeito Municipal e participar da XXVI Marcha a Bras\u00edlia em Defesa dos Munic\u00edpios, que ocorre no Centro Internacional de Conven\u00e7\u00f5es do Brasil (CICB).<\/td>\n<\/tr>\n<tr class=\"row-19\">\n\t<td class=\"column-1\"><a href=\"https:\/\/pedrovelho.rn.gov.br\/transparente\/index\/portaria-no-200-2025-dispoe-sobre-a-concessao-de-03-e-%c2%bd-tres-e-meia-diarias-a-sra-daiana-valentim-freire-secretaria-municipal-de-assistencia-social-e-da-outras-providencias\/\">DAIANA VALENTIM FREIRE<\/a><\/td><td class=\"column-2\">Di\u00e1ria<\/td><td class=\"column-3\">03 e \u00bd (tr\u00eas e meia) di\u00e1rias<\/td><td class=\"column-4\"><\/td><td class=\"column-5\">19 de maio de 2025<\/td><td class=\"column-6\">22 de maio de 2025<\/td><td class=\"column-7\">Secret\u00e1ria Municipal de Assist\u00eancia Social<\/td><td class=\"column-8\">Bras\u00edlia\/DF<\/td><td class=\"column-9\">para acompanhar o Prefeito Municipal e participar da XXVI Marcha a Bras\u00edlia em Defesa dos Munic\u00edpios, que ocorre no Centro Internacional de Conven\u00e7\u00f5es do Brasil (CICB).<\/td>\n<\/tr>\n<tr class=\"row-20\">\n\t<td class=\"column-1\"><a href=\"https:\/\/pedrovelho.rn.gov.br\/transparente\/index\/portaria-no-199-2025-dispoe-sobre-a-concessao-de-03-e-%c2%bd-tres-e-meia-diarias-ao-sr-pedro-gomes-da-silva-neto-secretario-municipal-de-juventude-e-da-outras-providencias\/\">PEDRO GOMES DA SILVA NETO<\/a><\/td><td class=\"column-2\">Di\u00e1ria<\/td><td class=\"column-3\">03 e \u00bd (tr\u00eas e meia) di\u00e1rias<\/td><td class=\"column-4\"><\/td><td class=\"column-5\">19 de maio de 2025<\/td><td class=\"column-6\">22 de maio de 2025<\/td><td class=\"column-7\">Secret\u00e1rio Municipal de Juventude<\/td><td class=\"column-8\">Bras\u00edlia\/DF<\/td><td class=\"column-9\">para acompanhar o Prefeito Municipal e participar da XXVI Marcha a Bras\u00edlia em Defesa dos Munic\u00edpios, que ocorre no Centro Internacional de Conven\u00e7\u00f5es do Brasil (CICB).<\/td>\n<\/tr>\n<tr class=\"row-21\">\n\t<td class=\"column-1\"><a href=\"https:\/\/pedrovelho.rn.gov.br\/transparente\/index\/portaria-no-197-2025-dispoe-sobre-a-concessao-de-03-e-%c2%bd-tres-e-meia-diarias-ao-sr-pedro-gomes-da-silva-junior-prefeito-municipal-e-da-outras-providencias\/\">PEDRO GOMES DA SILVA J\u00daNIOR<\/a><\/td><td class=\"column-2\">Di\u00e1ria<\/td><td class=\"column-3\">03 E \u00bd (TR\u00caS E MEIA) DI\u00c1RIAS<\/td><td class=\"column-4\"><\/td><td class=\"column-5\">19 de maio de 2025<\/td><td class=\"column-6\">22 de maio de 2025<\/td><td class=\"column-7\">Prefeito Municipal<\/td><td class=\"column-8\">Bras\u00edlia\/DF<\/td><td class=\"column-9\">para participar da XXVI Marcha a Bras\u00edlia em Defesa dos Munic\u00edpios, que ocorre no Centro Internacional de Conven\u00e7\u00f5es do Brasil (CICB).<\/td>\n<\/tr>\n<tr class=\"row-22\">\n\t<td class=\"column-1\"><a href=\"https:\/\/pedrovelho.rn.gov.br\/transparente\/index\/portaria-no-194-2025-gab-dispoe-sobre-a-concessao-de-01-uma-diaria-ao-sr-assis-lourenco-da-silva-diretor-geral-de-gestao-e-risco-defesa-civil-e-da-outras-providencias\/\">ASSIS LOUREN\u00c7O DA SILVA<\/a><\/td><td class=\"column-2\">Di\u00e1ria<\/td><td class=\"column-3\">01 (uma) di\u00e1ria<\/td><td class=\"column-4\"><\/td><td class=\"column-5\">14 de maio de 2025<\/td><td class=\"column-6\">14 de maio de 2025<\/td><td class=\"column-7\">Diretor Geral de Gest\u00e3o e Risco (Defesa Civil)<\/td><td class=\"column-8\">Natal\/RN<\/td><td class=\"column-9\">para participar da Capacita\u00e7\u00e3o em Percep\u00e7\u00e3o e Mapeamento de \u00c1reas de Risco Geol\u00f3gico para Agentes Municipais de Prote\u00e7\u00e3o de Defesa Civil do RN.<\/td>\n<\/tr>\n<tr class=\"row-23\">\n\t<td class=\"column-1\"><a href=\"https:\/\/pedrovelho.rn.gov.br\/transparente\/index\/portaria-no-160-2025-gab-dispoe-sobre-a-concessao-de-04-quatro-diarias-ao-sr-raphael-fernandes-oliveira-de-azevedo-membro-do-conselho-municipal-dos-direitos-da-crianca-e-do-adoles\/\">RAPHAEL FERNANDES OLIVEIRA DE AZEVEDO<\/a><\/td><td class=\"column-2\">Di\u00e1ria<\/td><td class=\"column-3\">04 (quatro) di\u00e1rias<\/td><td class=\"column-4\"><\/td><td class=\"column-5\">10 de abril de 2025<\/td><td class=\"column-6\">13 de abril de 2025<\/td><td class=\"column-7\">MEMBRO DO CONSELHO MUNICIPAL DOS DIREITOS DA CRIAN\u00c7A E DO ADOLESCENTE-CMDCA<\/td><td class=\"column-8\">Ipojuca\/PE<\/td><td class=\"column-9\">para participar do III Di\u00e1logo Nacional de Pol\u00edticas de Educa\u00e7\u00e3o, Sa\u00fade, Assist\u00eancia Social e do Sistema de Garantia de Direitos, a fim de reunir, capacitar e promover a forma\u00e7\u00e3o continuada deste membro.<\/td>\n<\/tr>\n<tr class=\"row-24\">\n\t<td class=\"column-1\"><a href=\"https:\/\/pedrovelho.rn.gov.br\/transparente\/index\/portaria-154-2025-gab-dispoe-sobre-a-concessao-de-02-duas-diarias-ao-sr-pedro-gomes-da-silva-junior-prefeito-municipal-e-da-outras-providencias\/\">PEDRO GOMES DA SILVA J\u00daNIOR<\/a><\/td><td class=\"column-2\">Di\u00e1ria<\/td><td class=\"column-3\">02 (duas) di\u00e1rias<\/td><td class=\"column-4\"><\/td><td class=\"column-5\">01 de abril de 2025<\/td><td class=\"column-6\">02 de abril de 2025<\/td><td class=\"column-7\">Prefeito Municipal<\/td><td class=\"column-8\">Bras\u00edlia\/DF<\/td><td class=\"column-9\">para acompanhar o Secret\u00e1rio Municipal de Turismo e participar da 4\u00ba Marcha de Secret\u00e1rios de Turismo, a fim de buscar conhecimento e firmamento de parcerias com institui\u00e7\u00f5es em diversos segmentos tur\u00edsticos.<\/td>\n<\/tr>\n<tr class=\"row-25\">\n\t<td class=\"column-1\"><a href=\"https:\/\/pedrovelho.rn.gov.br\/transparente\/index\/portaria-151-2025-gab-dispoe-sobre-a-concessao-de-02-duas-diarias-ao-sr-pedro-gomes-da-silva-junior-prefeito-municipal-e-da-outras-providencias\/\" rel=\"noopener\" target=\"_blank\">PEDRO GOMES DA SILVA J\u00daNIOR<\/a><\/td><td class=\"column-2\">Di\u00e1ria<\/td><td class=\"column-3\">02 (duas) di\u00e1rias<\/td><td class=\"column-4\"><\/td><td class=\"column-5\">26 de mar\u00e7o de 2025<\/td><td class=\"column-6\">27 de mar\u00e7o de 2025<\/td><td class=\"column-7\">Prefeito Municipal<\/td><td class=\"column-8\">Bras\u00edlia\/DF<\/td><td class=\"column-9\">para visita \u00e0 C\u00e2mara dos Deputados, Senado Federal e ao Minist\u00e9rio do Turismo para capta\u00e7\u00e3o de recursos para o munic\u00edpio de Pedro Velho\/RN.<\/td>\n<\/tr>\n<tr class=\"row-26\">\n\t<td class=\"column-1\"><a href=\"https:\/\/pedrovelho.rn.gov.br\/transparente\/index\/portaria-no-138-2025-gab\/\" rel=\"noopener\" target=\"_blank\">ANDRESSA DA COSTA DOS SANTOS<\/a><\/td><td class=\"column-2\">Di\u00e1ria<\/td><td class=\"column-3\">meia (\u00bd) di\u00e1ria<\/td><td class=\"column-4\"><\/td><td class=\"column-5\">13 de mar\u00e7o de 2025<\/td><td class=\"column-6\">13 de mar\u00e7o de 2025<\/td><td class=\"column-7\">Coordenadora de Contabilidade<\/td><td class=\"column-8\">Natal\/RN<\/td><td class=\"column-9\">para participar do 1\u00ba Workshop de Efici\u00eancia Energ\u00e9tica, Transforma\u00e7\u00e3o e Capacita\u00e7\u00e3o para Prefeituras, na cidade de Natal\/RN, no dia 13 de mar\u00e7o de 2025.<\/td>\n<\/tr>\n<tr class=\"row-27\">\n\t<td class=\"column-1\"><a href=\"https:\/\/pedrovelho.rn.gov.br\/transparente\/index\/portaria-no-137-2025-gab-dispoe-sobre-a-concessao-de-meia-%c2%bd-diaria-ao-sr-jose-gerli-dos-santos-da-silva-secretario-municipal-administracao-e-da-outras-providencias\/\" rel=\"noopener\" target=\"_blank\">JOS\u00c9 GERLI DOS SANTOS DA SILVA<\/a><\/td><td class=\"column-2\">Di\u00e1ria<\/td><td class=\"column-3\">meia (\u00bd) di\u00e1ria<\/td><td class=\"column-4\"><\/td><td class=\"column-5\">13 de mar\u00e7o de 2025<\/td><td class=\"column-6\">13 de mar\u00e7o de 2025<\/td><td class=\"column-7\">Secret\u00e1rio Municipal Administra\u00e7\u00e3o<\/td><td class=\"column-8\">Natal\/RN<\/td><td class=\"column-9\">para participar do 1\u00ba Workshop de Efici\u00eancia Energ\u00e9tica, Transforma\u00e7\u00e3o e Capacita\u00e7\u00e3o para Prefeituras, na cidade de Natal\/RN, no dia 13 de mar\u00e7o de 2025.<\/td>\n<\/tr>\n<tr class=\"row-28\">\n\t<td class=\"column-1\"><a href=\"https:\/\/pedrovelho.rn.gov.br\/transparente\/index\/portaria-no-134-2025-gab-dispoe-sobre-a-concessao-de-%c2%bd-meia-diaria-a-sra-emilly-thayanne-costa-de-carvalho-coordenadora-de-eventos-educacionais-unificados-e-da-outras-providencia\/\" rel=\"noopener\" target=\"_blank\">EMILLY THAYANNE COSTA DE CARVALHO<\/a><\/td><td class=\"column-2\">Di\u00e1ria<\/td><td class=\"column-3\">\u00bd (meia) di\u00e1ria<\/td><td class=\"column-4\"><\/td><td class=\"column-5\">11 de mar\u00e7o de 2025<\/td><td class=\"column-6\">11 de mar\u00e7o de 2025<\/td><td class=\"column-7\">Coordenadora de eventos Educacionais Unificados<\/td><td class=\"column-8\">Natal\/RN<\/td><td class=\"column-9\">para participar do Encontro de Forma\u00e7\u00e3o para Gestores do Transporte Escolar e conselheiros do CACS-FUNDEB, no dia 11 de mar\u00e7o de 2025<\/td>\n<\/tr>\n<tr class=\"row-29\">\n\t<td class=\"column-1\"><a href=\"https:\/\/pedrovelho.rn.gov.br\/transparente\/index\/portaria-no-129-2025-gab-dispoe-sobre-a-concessao-de-01-uma-diaria-a-sra-daiana-valentim-freire-secretaria-municipal-de-assistencia-social-e-da-outras-providencias\/\" rel=\"noopener\" target=\"_blank\">DAIANA VALENTIM FREIRE<\/a><\/td><td class=\"column-2\">Di\u00e1ria<\/td><td class=\"column-3\">01 (uma) di\u00e1ria<\/td><td class=\"column-4\"><\/td><td class=\"column-5\">11 de mar\u00e7o de 2025<\/td><td class=\"column-6\">11 de mar\u00e7o de 2025<\/td><td class=\"column-7\">Secretaria Municipal de Assist\u00eancia Social<\/td><td class=\"column-8\">Natal\/RN<\/td><td class=\"column-9\">para participar do Semin\u00e1rio Estadual de forma\u00e7\u00e3o e acolhida dos novos gestores (as) da Assist\u00eancia Social, no dia 11 de mar\u00e7o de 2025<\/td>\n<\/tr>\n<tr class=\"row-30\">\n\t<td class=\"column-1\"><a href=\"https:\/\/pedrovelho.rn.gov.br\/transparente\/index\/portaria-111-2025-gab-dispoe-sobre-a-concessao-de-02-duas-e-%c2%bd-meia-diarias-ao-sr-claudio-jose-da-silva-psicologo-do-cras-e-da-outras-providencias\/\" rel=\"noopener\" target=\"_blank\">CLAUDIO JOS\u00c9 DA SILVA<\/a><\/td><td class=\"column-2\">Di\u00e1ria<\/td><td class=\"column-3\">02 (duas) e \u00bd (meia) di\u00e1rias<\/td><td class=\"column-4\"><\/td><td class=\"column-5\">24 de fevereiro de 2025<\/td><td class=\"column-6\">26 de fevereiro de 2025<\/td><td class=\"column-7\">Psic\u00f3logo do CRAS<\/td><td class=\"column-8\">Floresta\/PE<\/td><td class=\"column-9\">para custear despesas com hospedagem, alimenta\u00e7\u00e3o e locomo\u00e7\u00e3o, durante sua perman\u00eancia na cidade de Floresta\/PE, nos dias 24 a 26 de fevereiro de 2025, no intuito de acompanhar a fam\u00edlia ao retorno para casa, que se encontra em situa\u00e7\u00e3o de vulnerabilidade social, sem condi\u00e7\u00f5es de arcar com as despesas relacionadas ao traslado para sua cidade natal, Pedro Velho\/RN.<\/td>\n<\/tr>\n<tr class=\"row-31\">\n\t<td class=\"column-1\"><a href=\"https:\/\/pedrovelho.rn.gov.br\/transparente\/index\/portaria-99-2025-gab-dispoe-sobre-a-concessao-de-04-quatro-diarias-ao-sr-pedro-gomes-da-silva-junior-prefeito-municipal-e-da-outras-providencias\/\" rel=\"noopener\" target=\"_blank\">PEDRO GOMES DA SILVA J\u00daNIOR<\/a><\/td><td class=\"column-2\">Di\u00e1ria<\/td><td class=\"column-3\">04 (quatro) di\u00e1rias<\/td><td class=\"column-4\"><\/td><td class=\"column-5\">11 de fevereiro de 2025<\/td><td class=\"column-6\">14 de fevereiro de 2025<\/td><td class=\"column-7\">Prefeito Municipal<\/td><td class=\"column-8\">Bras\u00edlia\/DF<\/td><td class=\"column-9\">Para participar do encontro de novos prefeitos e prefeitas que acontece na cidade de Bras\u00edlia, DF. Bem como para capta\u00e7\u00e3o de recursos junto a deputados, senadores e ministros.<\/td>\n<\/tr>\n<tr class=\"row-32\">\n\t<td class=\"column-1\"><a href=\"https:\/\/pedrovelho.rn.gov.br\/transparente\/index\/portaria-100-2025-gab-dispoe-sobre-a-concessao-de-04-quatro-diarias-ao-sra-daiana-valentim-freire-secretaria-municipal-de-assistencia-social-e-da-outras-providencias\/\" rel=\"noopener\" target=\"_blank\">DAIANA VALENTIM FREIRE<\/a><\/td><td class=\"column-2\">Di\u00e1ria<\/td><td class=\"column-3\">04 (quatro) di\u00e1rias<\/td><td class=\"column-4\"><\/td><td class=\"column-5\">11 de fevereiro de 2025<\/td><td class=\"column-6\">14 de fevereiro de 2025<\/td><td class=\"column-7\">Secretaria Municipal de Assist\u00eancia Social<\/td><td class=\"column-8\">Bras\u00edlia\/DF<\/td><td class=\"column-9\">Para participar do encontro de novos prefeitos e prefeitas que acontece na cidade de Bras\u00edlia, DF. Bem como para capta\u00e7\u00e3o de recursos junto a deputados, senadores e ministros.<\/td>\n<\/tr>\n<tr class=\"row-33\">\n\t<td class=\"column-1\"><a href=\"https:\/\/pedrovelho.rn.gov.br\/transparente\/index\/portaria-101-2025-gab-dispoe-sobre-a-concessao-de-04-quatro-diarias-ao-sra-isis-florencio-da-costa-secretaria-adjunta-de-financas-e-da-outras-providencias\/\" rel=\"noopener\" target=\"_blank\">ISIS FLOR\u00caNCIO DA COSTA<\/a><\/td><td class=\"column-2\">Di\u00e1ria<\/td><td class=\"column-3\">04 (quatro) di\u00e1rias<\/td><td class=\"column-4\"><\/td><td class=\"column-5\">11 de fevereiro de 2025<\/td><td class=\"column-6\">14 de fevereiro de 2025<\/td><td class=\"column-7\">Secretaria Adjunta de Finan\u00e7as<\/td><td class=\"column-8\">Bras\u00edlia\/DF<\/td><td class=\"column-9\">Para participar do encontro de novos prefeitos e prefeitas que acontece na cidade de Bras\u00edlia, DF. Bem como para capta\u00e7\u00e3o de recursos junto a deputados, senadores e ministros.<\/td>\n<\/tr>\n<tr class=\"row-34\">\n\t<td class=\"column-1\"><a href=\"https:\/\/pedrovelho.rn.gov.br\/transparente\/index\/portaria-102-2025-gab-dispoe-sobre-a-concessao-de-04-quatro-diarias-ao-sr-pedro-gomes-da-silva-neto-secretario-municipal-de-juventude-e-da-outras-providencias\/\" rel=\"noopener\" target=\"_blank\">PEDRO GOMES DA SILVA NETO<\/a><\/td><td class=\"column-2\">Di\u00e1ria<\/td><td class=\"column-3\">04 (quatro) di\u00e1rias<\/td><td class=\"column-4\"><\/td><td class=\"column-5\">11 de fevereiro de 2025<\/td><td class=\"column-6\">14 de fevereiro de 2025<\/td><td class=\"column-7\">Secretario Municipal de Juventude<\/td><td class=\"column-8\">Bras\u00edlia\/DF<\/td><td class=\"column-9\">Para participar do encontro de novos prefeitos e prefeitas que acontece na cidade de Bras\u00edlia, DF. Bem como para capta\u00e7\u00e3o de recursos junto a deputados, senadores e ministros.<\/td>\n<\/tr>\n<tr class=\"row-35\">\n\t<td class=\"column-1\"><a href=\"https:\/\/pedrovelho.rn.gov.br\/transparente\/index\/portaria-103-2025-gab-dispoe-sobre-a-concessao-de-04-quatro-diarias-ao-sr-dellano-humerson-barbosa-de-farias-procurador-do-municipio-e-da-outras-providencias\/\" rel=\"noopener\" target=\"_blank\">DELLANO HUMERSON BARBOSA DE FARIAS<\/a><\/td><td class=\"column-2\">Di\u00e1ria<\/td><td class=\"column-3\">04 (quatro) di\u00e1rias<\/td><td class=\"column-4\"><\/td><td class=\"column-5\">11 de fevereiro de 2025<\/td><td class=\"column-6\">14 de fevereiro de 2025<\/td><td class=\"column-7\">Procurador do Munic\u00edpio<\/td><td class=\"column-8\">Bras\u00edlia\/DF<\/td><td class=\"column-9\">Para participar do encontro de novos prefeitos e prefeitas que acontece na cidade de Bras\u00edlia, DF. Bem como para capta\u00e7\u00e3o de recursos junto a deputados, senadores e ministros.<\/td>\n<\/tr>\n<tr class=\"row-36\">\n\t<td class=\"column-1\"><a href=\"https:\/\/pedrovelho.rn.gov.br\/transparente\/index\/portaria-96-2025-gab-dispoe-sobre-a-concessao-de-05-cinco-diarias-ao-sr-jader-marques-de-lima-vice-prefeito-e-da-outras-providencias\/\" rel=\"noopener\" target=\"_blank\">JADER MARQUES DE LIMA<\/a><\/td><td class=\"column-2\">Di\u00e1ria<\/td><td class=\"column-3\">05 (cinco) di\u00e1rias<\/td><td class=\"column-4\"><\/td><td class=\"column-5\">13 de fevereiro de 2025<\/td><td class=\"column-6\">17 de fevereiro de 2025<\/td><td class=\"column-7\">Vice-Prefeito<\/td><td class=\"column-8\">Jo\u00e3o Pessoa\/PB<\/td><td class=\"column-9\">para participar da 6\u00aa CAPACITA\u00c7\u00c3O DE AGENTES P\u00daBLICOS DO NORDESTE, na cidade de Jo\u00e3o Pessoa\/PB, durante os dias 13 a 17 de fevereiro de 2025.<\/td>\n<\/tr>\n<tr class=\"row-37\">\n\t<td class=\"column-1\"><a href=\"https:\/\/pedrovelho.rn.gov.br\/transparente\/index\/portaria-98-2025-gab-dispoe-sobre-a-concessao-de-05-cinco-diarias-ao-sra-lenice-nascimento-santana-secretaria-municipal-de-financas-e-da-outras-providencias\/\" rel=\"noopener\" target=\"_blank\">LENICE NASCIMENTO SANTANA<\/a><\/td><td class=\"column-2\">Di\u00e1ria<\/td><td class=\"column-3\">05 (cinco) di\u00e1rias<\/td><td class=\"column-4\"><\/td><td class=\"column-5\">13 de fevereiro de 2025<\/td><td class=\"column-6\">17 de fevereiro de 2025<\/td><td class=\"column-7\">Secretaria Municipal de Finan\u00e7as<\/td><td class=\"column-8\">Jo\u00e3o Pessoa\/PB<\/td><td class=\"column-9\">para participar da 6\u00aa CAPACITA\u00c7\u00c3O DE AGENTES P\u00daBLICOS DO NORDESTE, na cidade de Jo\u00e3o Pessoa\/PB, durante os dias 13 a 17 de fevereiro de 2025.<\/td>\n<\/tr>\n<tr class=\"row-38\">\n\t<td class=\"column-1\"><a href=\"https:\/\/pedrovelho.rn.gov.br\/transparente\/index\/portaria-97-2025-gab-dispoe-sobre-a-concessao-de-05-cinco-diarias-ao-sr-jose-gerli-dos-santos-da-silva-secretario-municipal-administracao-e-da-outras-providencias\/\" rel=\"noopener\" target=\"_blank\">JOS\u00c9 GERLI DOS SANTOS DA SILVA<\/a><\/td><td class=\"column-2\">Di\u00e1ria<\/td><td class=\"column-3\">05 (cinco) di\u00e1rias<\/td><td class=\"column-4\"><\/td><td class=\"column-5\">13 de fevereiro de 2025<\/td><td class=\"column-6\">17 de fevereiro de 2025<\/td><td class=\"column-7\">Secret\u00e1rio Municipal Administra\u00e7\u00e3o<\/td><td class=\"column-8\">Jo\u00e3o Pessoa\/PB<\/td><td class=\"column-9\">para participar da 6\u00aa CAPACITA\u00c7\u00c3O DE AGENTES P\u00daBLICOS DO NORDESTE, na cidade de Jo\u00e3o Pessoa\/PB, durante os dias 13 a 17 de fevereiro de 2025.<\/td>\n<\/tr>\n<tr class=\"row-39\">\n\t<td class=\"column-1\"><a href=\"https:\/\/pedrovelho.rn.gov.br\/transparente\/index\/portaria-80-2025-gab-dispoe-sobre-a-concessao-de-02-duas-diarias-ao-sr-dellano-humerson-barbosa-de-farias-procurador-do-municipio-e-da-outras-providencias\/\" rel=\"noopener\" target=\"_blank\">DELLANO HUMERSON BARBOSA DE FARIAS<\/a><\/td><td class=\"column-2\">Di\u00e1ria<\/td><td class=\"column-3\">02 (duas) di\u00e1rias<\/td><td class=\"column-4\"><\/td><td class=\"column-5\">23 janeiro de 2025<\/td><td class=\"column-6\">24 janeiro de 2025<\/td><td class=\"column-7\">Procurador do Munic\u00edpio<\/td><td class=\"column-8\">Bras\u00edlia\/DF<\/td><td class=\"column-9\">para participar de reuni\u00e3o na superintend\u00eancia da Caixa Econ\u00f4mica Federal, al\u00e9m de visitas a senadores, deputados e ministros buscando recursos para o munic\u00edpio de Pedro Velho<\/td>\n<\/tr>\n<tr class=\"row-40\">\n\t<td class=\"column-1\"><a href=\"https:\/\/pedrovelho.rn.gov.br\/transparente\/index\/portaria-79-2025-gab-dispoe-sobre-a-concessao-de-02-duas-diarias-ao-sr-pedro-gomes-da-silva-junior-prefeito-municipal-e-da-outras-providencias\/\" rel=\"noopener\" target=\"_blank\">PEDRO GOMES DA SILVA J\u00daNIOR<\/a><\/td><td class=\"column-2\">Di\u00e1ria<\/td><td class=\"column-3\">02 (duas) di\u00e1rias<\/td><td class=\"column-4\"><\/td><td class=\"column-5\">23 janeiro de 2025<\/td><td class=\"column-6\">24 janeiro de 2025<\/td><td class=\"column-7\">Prefeito Municipal<\/td><td class=\"column-8\">Bras\u00edlia\/DF<\/td><td class=\"column-9\">para participar de reuni\u00e3o na superintend\u00eancia da Caixa Econ\u00f4mica Federal, al\u00e9m de visitas a senadores, deputados e ministros buscando recursos para o munic\u00edpio de Pedro Velho<\/td>\n<\/tr>\n<tr class=\"row-41\">\n\t<td class=\"column-1\"><a href=\"https:\/\/pedrovelho.rn.gov.br\/transparente\/index\/portaria-425-2024-gab-dispoe-sobre-a-concessao-de-32-trinta-e-duas-diarias-operacionais-e-da-outras-providencias\/\" rel=\"noopener\" target=\"_blank\">32 (trinta e duas) di\u00e1rias operacionais<\/a><\/td><td class=\"column-2\">Di\u00e1ria<\/td><td class=\"column-3\">32 (trinta e duas) di\u00e1rias operacionais<\/td><td class=\"column-4\"><\/td><td class=\"column-5\"><\/td><td class=\"column-6\"><\/td><td class=\"column-7\"><\/td><td class=\"column-8\"><\/td><td class=\"column-9\">para participarem da seguran\u00e7a operacional, nos dias 04 a 30 de novembro de 2024, na cidade de Pedro Velho\/RN<\/td>\n<\/tr>\n<tr class=\"row-42\">\n\t<td class=\"column-1\"><a href=\"https:\/\/pedrovelho.rn.gov.br\/transparente\/index\/portaria-municipal-no-390-2024-dispoe-sobre-a-concessao-de-03-tres-diarias-ao-sr-pedro-gomes-da-silva-junior-prefeito-municipal-e-da-outras-providencias\/\" rel=\"noopener\" target=\"_blank\">PEDRO GOMES DA SILVA J\u00daNIOR<\/a><\/td><td class=\"column-2\">Di\u00e1ria<\/td><td class=\"column-3\">03 (tr\u00eas) di\u00e1rias<\/td><td class=\"column-4\"><\/td><td class=\"column-5\">04 de novembro de 2024<\/td><td class=\"column-6\">06 de novembro de 2024<\/td><td class=\"column-7\">Prefeito Municipal<\/td><td class=\"column-8\">Bras\u00edlia\/DF<\/td><td class=\"column-9\">Para visita ao Congresso Nacional e Minist\u00e9rios em busca de emendas e libera\u00e7\u00e3o de recursos para o munic\u00edpio de Pedro Velho\/RN.<\/td>\n<\/tr>\n<tr class=\"row-43\">\n\t<td class=\"column-1\"><a href=\"https:\/\/pedrovelho.rn.gov.br\/transparente\/index\/portaria-municipal-no-386-2024-dispoe-sobre-a-concessao-de-04-e-%c2%bd-diarias-ao-sr-dellano-humerson-barbosa-de-farias-procurador-do-municipio-e-da-outras-providencias\/\" rel=\"noopener\" target=\"_blank\">DELLANO HUMERSON BARBOSA DE FARIAS<\/a><\/td><td class=\"column-2\">Di\u00e1ria<\/td><td class=\"column-3\">4 e \u00bd (quatro e meia) di\u00e1rias<\/td><td class=\"column-4\"><\/td><td class=\"column-5\">14 de outubro de 2024.<\/td><td class=\"column-6\">18 de outubro de 2024.<\/td><td class=\"column-7\">Procurador do Munic\u00edpio<\/td><td class=\"column-8\">Bras\u00edlia\/DF<\/td><td class=\"column-9\">para custear despesas com hospedagem, alimenta\u00e7\u00e3o e locomo\u00e7\u00e3o, durante sua perman\u00eancia na cidade de Bras\u00edlia\/DF, nos dias 14 a 18 de outubro de 2024. Para acompanhar o Prefeito Municipal em reuni\u00e3o com o Presidente do INSS, al\u00e9m de visitas a Ministros, Senadores e Deputados, buscando recursos para o Munic\u00edpio de Pedro Velho\/RN.<\/td>\n<\/tr>\n<tr class=\"row-44\">\n\t<td class=\"column-1\"><a href=\"https:\/\/pedrovelho.rn.gov.br\/transparente\/index\/portaria-municipal-no-387-2024-dispoe-sobre-a-concessao-de-4-e-%c2%bd-diarias-ao-sr-pedro-gomes-da-silva-junior-prefeito-municipal-e-da-outras-providencias\/\" rel=\"noopener\" target=\"_blank\">PEDRO GOMES DA SILVA J\u00daNIOR, Prefeito Municipal<\/a><\/td><td class=\"column-2\">Di\u00e1ria<\/td><td class=\"column-3\">4 e \u00bd (quatro e meia) di\u00e1rias<\/td><td class=\"column-4\"><\/td><td class=\"column-5\">14 de outubro de 2024.<\/td><td class=\"column-6\">18 de outubro de 2024.<\/td><td class=\"column-7\">Prefeito Municipal<\/td><td class=\"column-8\">Bras\u00edlia\/DF<\/td><td class=\"column-9\">para custear despesas com hospedagem, alimenta\u00e7\u00e3o e locomo\u00e7\u00e3o, durante sua perman\u00eancia na cidade de Bras\u00edlia\/DF, nos dias 14 a 18 de outubro de 2024. Para participar de reuni\u00e3o com o Presidente do INSS, al\u00e9m de visitas a Ministros, Senadores e Deputados, buscando recursos para o Munic\u00edpio de Pedro Velho\/RN.<\/td>\n<\/tr>\n<tr class=\"row-45\">\n\t<td class=\"column-1\"><a href=\"https:\/\/pedrovelho.rn.gov.br\/transparente\/index\/portaria-municipal-no-388-2024-dispoe-sobre-a-concessao-de-4-e-%c2%bd-quatro-e-meia-diarias-ao-sr-jader-marques-de-lima-vice-prefeito-e-da-outras-providencias\/\" rel=\"noopener\" target=\"_blank\">JADER MARQUES DE LIMA<\/a><\/td><td class=\"column-2\">Di\u00e1ria<\/td><td class=\"column-3\">4 e \u00bd (quatro e meia) di\u00e1rias<\/td><td class=\"column-4\"><\/td><td class=\"column-5\">17 de outubro de 2024.<\/td><td class=\"column-6\">21 de outubro de 2024.<\/td><td class=\"column-7\">Vice-Prefeito<\/td><td class=\"column-8\">JO\u00c3O PESSOA\/PB<\/td><td class=\"column-9\">para participar do 43\u00b0 CURSO DE CONHECIMENTOS INTEGRADOS PARA AGENTES P\u00daBLICOS HOTEL VICTORY BUSINES FLAT NA CIDADE DE JO\u00c3O PESSOA\/PB, durante os dias 17 a 21 de outubro de 2024.<\/td>\n<\/tr>\n<tr class=\"row-46\">\n\t<td class=\"column-1\"><a href=\"https:\/\/pedrovelho.rn.gov.br\/transparente\/index\/portaria-municipal-no-335-2024-dispoe-sobre-a-concessao-de-36-trinta-e-seis-diarias-e-da-outras-providencias\/\" rel=\"noopener\" target=\"_blank\">Disp\u00f5e sobre a concess\u00e3o de 36 (Trinta e seis) di\u00e1rias<\/a><\/td><td class=\"column-2\">Di\u00e1ria<\/td><td class=\"column-3\">36 (Trinta e seis) di\u00e1rias<\/td><td class=\"column-4\"><\/td><td class=\"column-5\">21 de junho de 2024.<\/td><td class=\"column-6\">21 de junho de 2024.<\/td><td class=\"column-7\"><\/td><td class=\"column-8\"><\/td><td class=\"column-9\">para participarem da seguran\u00e7a operacional, na apresenta\u00e7\u00e3o art\u00edstica realizada nos dia 21, 22 e 23 de junho de 2024, na cidade de Pedro Velho\/RN.<\/td>\n<\/tr>\n<tr class=\"row-47\">\n\t<td class=\"column-1\"><a href=\"https:\/\/pedrovelho.rn.gov.br\/transparente\/index\/portaria-municipal-no-331-2024-dispoe-sobre-a-concessao-de-5-2-cinco-meia-diarias-ao-sr-jader-marques-vice-prefeito-e-da-outras-providencias\/\" rel=\"noopener\" target=\"_blank\">JADER MARQUES DE LIMA<\/a><\/td><td class=\"column-2\">Di\u00e1ria<\/td><td class=\"column-3\">5\/2 (cinco meia) di\u00e1rias<\/td><td class=\"column-4\"><\/td><td class=\"column-5\">20 de junho de 2024.<br \/>\r\n<br \/>\r\n<\/td><td class=\"column-6\">24 de junho de 2024.<br \/>\n<\/td><td class=\"column-7\">vice-prefeito<\/td><td class=\"column-8\">JO\u00c3O PESSOA\/PB<\/td><td class=\"column-9\">para participar do 32\u00b0 CURSO DE CONHECIMENTOS INTEGRADOS PARA AGENTES P\u00daBLICOS HOTEL VICTORY BUSINES FLAT NA CIDADE DE JO\u00c3O PESSOA\/PB, durante os dias 20 a 24. No evento acontece palestras e oficinas.<\/td>\n<\/tr>\n<tr class=\"row-48\">\n\t<td class=\"column-1\"><a href=\"https:\/\/pedrovelho.rn.gov.br\/transparente\/index\/portaria-municipal-no-332-2024-dispoe-sobre-a-concessao-de-13-treze-diarias-e-da-outras-providencias\/\" rel=\"noopener\" target=\"_blank\">Disp\u00f5e sobre a concess\u00e3o de 13 (Treze) di\u00e1rias<\/a><\/td><td class=\"column-2\">Di\u00e1ria<\/td><td class=\"column-3\">13 (Treze) di\u00e1rias<\/td><td class=\"column-4\"><\/td><td class=\"column-5\">20 de junho de 2024.<br \/>\n<br \/>\n<\/td><td class=\"column-6\">20 de junho de 2024.<br \/>\n<br \/>\n<\/td><td class=\"column-7\"><\/td><td class=\"column-8\"><\/td><td class=\"column-9\">para participarem da seguran\u00e7a operacional, na apresenta\u00e7\u00e3o art\u00edstica realizada no dia 20 de junho de 2024, na cidade de Pedro Velho\/RN.<\/td>\n<\/tr>\n<tr class=\"row-49\">\n\t<td class=\"column-1\"><a href=\"https:\/\/pedrovelho.rn.gov.br\/transparente\/index\/portaria-municipal-no-330-2024-dispoe-sobre-a-concessao-de-15-quinze-diarias-e-da-outras-providencias\/\" rel=\"noopener\" target=\"_blank\">Disp\u00f5e sobre a concess\u00e3o de 15 (quinze) di\u00e1rias<\/a><\/td><td class=\"column-2\">Di\u00e1ria<\/td><td class=\"column-3\">15 (quinze) di\u00e1rias<\/td><td class=\"column-4\"><\/td><td class=\"column-5\">19 de junho de 2024.<br \/>\n<br \/>\n<\/td><td class=\"column-6\">19 de junho de 2024.<br \/>\n<br \/>\n<\/td><td class=\"column-7\"><\/td><td class=\"column-8\"><\/td><td class=\"column-9\">para participarem da seguran\u00e7a operacional, na apresenta\u00e7\u00e3o art\u00edstica realizada no dia 19 de junho de 2024, na cidade de Pedro Velho\/RN.<\/td>\n<\/tr>\n<tr class=\"row-50\">\n\t<td class=\"column-1\"><a href=\"https:\/\/pedrovelho.rn.gov.br\/transparente\/index\/portaria-municipal-no-329-2024-dispoe-sobre-a-concessao-de-13-treze-diarias-e-da-outras-providencias\/\" rel=\"noopener\" target=\"_blank\">Disp\u00f5e sobre a concess\u00e3o de 13 (treze) di\u00e1rias<\/a><\/td><td class=\"column-2\">Di\u00e1ria<\/td><td class=\"column-3\">13 (treze) di\u00e1rias<\/td><td class=\"column-4\"><\/td><td class=\"column-5\">18 de junho de 2024.<br \/>\n<br \/>\n<\/td><td class=\"column-6\">18 de junho de 2024.<br \/>\n<br \/>\n<\/td><td class=\"column-7\"><\/td><td class=\"column-8\"><\/td><td class=\"column-9\">para participarem da seguran\u00e7a operacional, na apresenta\u00e7\u00e3o art\u00edstica realizada no dia 18 de junho de 2024, na cidade de Pedro Velho\/RN.<\/td>\n<\/tr>\n<tr class=\"row-51\">\n\t<td class=\"column-1\"><a href=\"https:\/\/pedrovelho.rn.gov.br\/transparente\/index\/portaria-municipal-no-318-2024-dispoe-sobre-a-concessao-de-02-duas-diarias-ao-sr-raphael-fernandes-oliveira-de-azevedo-acessor-tecnico-e-da-outras-providencias\/\" rel=\"noopener\" target=\"_blank\">RAPHAEL FERNANDES OLIVEIRA DE AZEVEDO<\/a><\/td><td class=\"column-2\">Di\u00e1ria<\/td><td class=\"column-3\">02 (duas) di\u00e1rias<\/td><td class=\"column-4\"><\/td><td class=\"column-5\">03 de junho de 2024.<\/td><td class=\"column-6\">04 de junho de 2024.<\/td><td class=\"column-7\">ACESSOR T\u00c9CNICO<\/td><td class=\"column-8\">NATAL\/RN<\/td><td class=\"column-9\">para participar do Encontro Estadual dos Agentes de Desenvolvimento da Sala do Empreendedor<\/td>\n<\/tr>\n<tr class=\"row-52\">\n\t<td class=\"column-1\"><a href=\"https:\/\/pedrovelho.rn.gov.br\/transparente\/index\/portaria-municipal-no-310-2024-dispoe-sobre-a-concessao-de-04-e-1-2-diarias-ao-sr-dellano-humerson-barbosa-de-farias-procurador-do-municipio-e-da-outras-providencias\/\" rel=\"noopener\" target=\"_blank\">DELLANO HUMERSON BARBOSA DE FARIAS<\/a><\/td><td class=\"column-2\">Di\u00e1ria<\/td><td class=\"column-3\">04 e 1\/2 di\u00e1rias<\/td><td class=\"column-4\"><\/td><td class=\"column-5\">20 de maio de 2024.<\/td><td class=\"column-6\">24 de maio de 2024.<\/td><td class=\"column-7\">procurador<\/td><td class=\"column-8\">Bras\u00edlia\/DF<\/td><td class=\"column-9\">para acompanhar o prefeito na XXV MARCHA A BRAS\u00cdLIA EM DEFESA DOS MUNIC\u00cdPIOS.<\/td>\n<\/tr>\n<tr class=\"row-53\">\n\t<td class=\"column-1\"><a href=\"https:\/\/pedrovelho.rn.gov.br\/transparente\/index\/portaria-municipal-no-309-2024-dispoe-sobre-a-concessao-de-4-e-1-2-diarias-ao-sr-prefeito-pedro-gomes-da-silva-junior-prefeito-municipal-e-da-outras-providencias\/\" rel=\"noopener\" target=\"_blank\">PEDRO GOMES DA SILVA J\u00daNIOR<\/a><\/td><td class=\"column-2\">Di\u00e1ria<\/td><td class=\"column-3\">04 e 1\/2 di\u00e1rias<\/td><td class=\"column-4\"><\/td><td class=\"column-5\">20 de maio de 2024.<\/td><td class=\"column-6\">24 de maio de 2024.<\/td><td class=\"column-7\">prefeito municipal<\/td><td class=\"column-8\">Bras\u00edlia\/DF<\/td><td class=\"column-9\">para acompanhar o prefeito na XXV MARCHA A BRAS\u00cdLIA EM DEFESA DOS MUNIC\u00cdPIOS.<\/td>\n<\/tr>\n<tr class=\"row-54\">\n\t<td class=\"column-1\"><a href=\"https:\/\/pedrovelho.rn.gov.br\/transparente\/index\/portaria-municipal-no-305-2024-dispoe-sobre-a-concessao-de-03-tres-diarias-ao-sr-kaique-de-almeida-santos-lopes-coordenador-do-servico-de-convivencia-e-fortalecimento-de-vinculos\/\" rel=\"noopener\" target=\"_blank\">KAIQUE DE ALMEIDA SANTOS LOPES<\/a><\/td><td class=\"column-2\">Di\u00e1ria<\/td><td class=\"column-3\">03 (tr\u00eas) di\u00e1rias<\/td><td class=\"column-4\"><\/td><td class=\"column-5\">14 de maio de 2024.<\/td><td class=\"column-6\">16 de maio de 2024.<\/td><td class=\"column-7\">coordenador do servi\u00e7o de conviv\u00eancia e fortalecimento de v\u00ednculos \u2013 SCFV<\/td><td class=\"column-8\">Mossor\u00f3\/RN.<\/td><td class=\"column-9\">para capacita\u00e7\u00e3o t\u00e9cnica dos servidores municipais para um aprimoramento e aprendizado do servi\u00e7o de Acolhimento Familiar para crian\u00e7as e adolescentes<\/td>\n<\/tr>\n<tr class=\"row-55\">\n\t<td class=\"column-1\"><a href=\"https:\/\/pedrovelho.rn.gov.br\/transparente\/index\/portaria-municipal-no-304-2024-dispoe-sobre-a-concessao-de-03-tres-diarias-ao-sr-claudio-jose-da-silva-psicologo-tecnico-e-da-outras-providencias\/\" rel=\"noopener\" target=\"_blank\">CLA\u00daDIO JOS\u00c9 DA SILVA<\/a><\/td><td class=\"column-2\">Di\u00e1ria<\/td><td class=\"column-3\">03 (tr\u00eas) di\u00e1rias<\/td><td class=\"column-4\"><\/td><td class=\"column-5\">14 de maio de 2024.<\/td><td class=\"column-6\">16 de maio de 2024.<\/td><td class=\"column-7\">Psic\u00f3logo T\u00e9cnico<\/td><td class=\"column-8\">Mossor\u00f3\/RN.<\/td><td class=\"column-9\">para capacita\u00e7\u00e3o t\u00e9cnica dos servidores municipais para um aprimoramento e aprendizado do servi\u00e7o de Acolhimento Familiar para crian\u00e7as e adolescentes<\/td>\n<\/tr>\n<tr class=\"row-56\">\n\t<td class=\"column-1\"><a href=\"https:\/\/pedrovelho.rn.gov.br\/transparente\/index\/portaria-municipal-no-303-2024-dispoe-sobre-a-concessao-de-03-tres-diarias-ao-sr-anderson-luis-da-silva-ferreira-assessor-tecnico-e-da-outras-providencias\/\" rel=\"noopener\" target=\"_blank\">ANDERSON LU\u00cdS DA SILVA FERREIRA<\/a><\/td><td class=\"column-2\">Di\u00e1ria<\/td><td class=\"column-3\">03 (tr\u00eas) di\u00e1rias<\/td><td class=\"column-4\"><\/td><td class=\"column-5\">14 de maio de 2024.<\/td><td class=\"column-6\">16 de maio de 2024.<\/td><td class=\"column-7\">Assessor t\u00e9cnico<\/td><td class=\"column-8\">Mossor\u00f3\/RN.<\/td><td class=\"column-9\">para capacita\u00e7\u00e3o t\u00e9cnica dos servidores municipais para um aprimoramento e aprendizado do servi\u00e7o de Acolhimento Familiar para crian\u00e7as e adolescentes<\/td>\n<\/tr>\n<tr class=\"row-57\">\n\t<td class=\"column-1\"><a href=\"https:\/\/pedrovelho.rn.gov.br\/transparente\/index\/portaria-municipal-no-308-2024-dispoe-sobre-a-concessao-de-2-e-1-2-diarias-ao-sr-dellano-humerson-barbosa-de-farias-procurador-do-municipio-e-da-outras-providencias\/\" rel=\"noopener\" target=\"_blank\">DELLANO HUMERSON BARBOSA DE FARIAS<\/a><\/td><td class=\"column-2\">Di\u00e1ria<\/td><td class=\"column-3\">2 e 1\/2 di\u00e1rias<\/td><td class=\"column-4\"><\/td><td class=\"column-5\">14 de maio de 2024.<\/td><td class=\"column-6\">16 de maio de 2024.<\/td><td class=\"column-7\">procurador<\/td><td class=\"column-8\">Bras\u00edlia\/DF<\/td><td class=\"column-9\">para acompanhar o prefeito na resolu\u00e7\u00e3o de assuntos administrativos e jur\u00eddicos de interesse do munic\u00edpio.<\/td>\n<\/tr>\n<tr class=\"row-58\">\n\t<td class=\"column-1\"><a href=\"https:\/\/pedrovelho.rn.gov.br\/transparente\/index\/portaria-municipal-no-307-2024-dispoe-sobre-a-concessao-de-2-e-1-2-diarias-ao-sr-prefeito-pedro-gomes-da-silva-junior-prefeito-municipal-e-da-outras-providencias\/\" rel=\"noopener\" target=\"_blank\">PEDRO GOMES DA SILVA J\u00daNIOR<\/a><\/td><td class=\"column-2\">Di\u00e1ria<\/td><td class=\"column-3\">2 e 1\/2 di\u00e1rias<\/td><td class=\"column-4\"><\/td><td class=\"column-5\">14 de maio de 2024.<\/td><td class=\"column-6\">16 de maio de 2024.<\/td><td class=\"column-7\">prefeito municipal<\/td><td class=\"column-8\">Bras\u00edlia\/DF<\/td><td class=\"column-9\">para custear despesas com hospedagem, alimenta\u00e7\u00e3o e locomo\u00e7\u00e3o, durante sua perman\u00eancia na cidade de Bras\u00edlia\/DF<\/td>\n<\/tr>\n<tr class=\"row-59\">\n\t<td class=\"column-1\"><a href=\"https:\/\/pedrovelho.rn.gov.br\/transparente\/index\/portaria-municipal-no-298-2024-dispoe-sobre-a-concessao-de-03-tres-diarias-ao-sr-felipe-bezerril-marques-coordenador-de-desenvolvimento-economico-e-da-outras-providencias\/\" rel=\"noopener\" target=\"_blank\">FELIPE BEZERRIL MARQUES<\/a><\/td><td class=\"column-2\">Di\u00e1ria<\/td><td class=\"column-3\">03 (tr\u00eas) di\u00e1rias<\/td><td class=\"column-4\"><\/td><td class=\"column-5\">21 de maio de 2024.<\/td><td class=\"column-6\">23 de maio de 2024.<\/td><td class=\"column-7\">COORDENADOR DE DESENVOLVIMENTO ECON\u00d4MICO<\/td><td class=\"column-8\">Bras\u00edlia\/DF<\/td><td class=\"column-9\">para acompanhar o prefeito na  XXV MARCHA A BRAS\u00cdLIA EM DEFESA DOS MUNIC\u00cdPIOS e Visita a embaixadas para capta\u00e7\u00e3o de investimentos para o munic\u00edpio<\/td>\n<\/tr>\n<tr class=\"row-60\">\n\t<td class=\"column-1\"><a href=\"https:\/\/pedrovelho.rn.gov.br\/transparente\/index\/portaria-municipal-no-284-2024-dispoe-sobre-a-concessao-de-03-tres-diarias-a-sra-amanda-cardoso-de-lima-secretaria-municipal-de-saude-da-outras-providencias\/\" rel=\"noopener\" target=\"_blank\">AMANDA CARDOSO DE LIMA<\/a><\/td><td class=\"column-2\">Di\u00e1ria<\/td><td class=\"column-3\">03 (tr\u00eas) di\u00e1rias<\/td><td class=\"column-4\"><\/td><td class=\"column-5\">01 de maio de 2024.<\/td><td class=\"column-6\">03 de maio de 2024.<\/td><td class=\"column-7\">Vice-Prefeito Municipal<\/td><td class=\"column-8\">Natal\/RN<\/td><td class=\"column-9\">para participar do CONGRESSO DOS 35 ANOS DO COSEMRN<\/td>\n<\/tr>\n<tr class=\"row-61\">\n\t<td class=\"column-1\"><a href=\"https:\/\/pedrovelho.rn.gov.br\/transparente\/index\/portaria-municipal-no-260-2024-dispoe-sobre-a-concessao-de-3-tres-diarias-ao-servidor-e-da-outras-providencias\/\" rel=\"noopener\" target=\"_blank\">AUR\u00c9LIO RODRIGUES BARBOSA<\/a><\/td><td class=\"column-2\">Di\u00e1ria<\/td><td class=\"column-3\">03 (tr\u00eas) di\u00e1rias<\/td><td class=\"column-4\"><\/td><td class=\"column-5\">25 de Abril de 2024.<\/td><td class=\"column-6\">27 de Abril de 2024.<\/td><td class=\"column-7\">conselheiro tutelar<\/td><td class=\"column-8\">Jo\u00e3o Pessoa\/PB<\/td><td class=\"column-9\">participar do II di\u00e1logo nacional pol\u00edticas p\u00fablicas de educa\u00e7\u00e3o, sa\u00fade, assist\u00eancia social e do sistema de garantia de direitos<\/td>\n<\/tr>\n<tr class=\"row-62\">\n\t<td class=\"column-1\"><a href=\"https:\/\/pedrovelho.rn.gov.br\/transparente\/index\/portaria-municipal-no-259-2024-dispoe-sobre-a-concessao-de-3-tres-diarias-ao-servidor-e-da-outras-providencias\/\" rel=\"noopener\" target=\"_blank\">DANIELA PEIXOTO DE FRAN\u00c7A<\/a><\/td><td class=\"column-2\">Di\u00e1ria<\/td><td class=\"column-3\">03 (tr\u00eas) di\u00e1rias<\/td><td class=\"column-4\"><\/td><td class=\"column-5\">25 de Abril de 2024.<\/td><td class=\"column-6\">27 de Abril de 2024.<\/td><td class=\"column-7\">conselheira tutelar<\/td><td class=\"column-8\">Jo\u00e3o Pessoa\/PB<\/td><td class=\"column-9\">participar do II di\u00e1logo nacional pol\u00edticas p\u00fablicas de educa\u00e7\u00e3o, sa\u00fade, assist\u00eancia social e do sistema de garantia de direitos<\/td>\n<\/tr>\n<tr class=\"row-63\">\n\t<td class=\"column-1\"><a href=\"https:\/\/pedrovelho.rn.gov.br\/transparente\/index\/portaria-municipal-no-258-2024-dispoe-sobre-a-concessao-de-3-tres-diarias-ao-servidor-e-da-outras-providencias\/\" rel=\"noopener\" target=\"_blank\">ANDR\u00c9IA DA SILVA PEREIRA<\/a><\/td><td class=\"column-2\">Di\u00e1ria<\/td><td class=\"column-3\">03 (tr\u00eas) di\u00e1rias<\/td><td class=\"column-4\"><\/td><td class=\"column-5\">25 de Abril de 2024.<\/td><td class=\"column-6\">27 de Abril de 2024.<\/td><td class=\"column-7\">conselheira tutelar<\/td><td class=\"column-8\">Jo\u00e3o Pessoa\/PB<\/td><td class=\"column-9\">participar do II di\u00e1logo nacional pol\u00edticas p\u00fablicas de educa\u00e7\u00e3o, sa\u00fade, assist\u00eancia social e do sistema de garantia de direitos<\/td>\n<\/tr>\n<tr class=\"row-64\">\n\t<td class=\"column-1\"><a href=\"https:\/\/pedrovelho.rn.gov.br\/transparente\/index\/portaria-municipal-no-257-2024-dispoe-sobre-a-concessao-de-3-tres-diarias-ao-servidor-e-da-outras-providencias\/\" rel=\"noopener\" target=\"_blank\">HENRIQUE BEZERRIL NETO<\/a><\/td><td class=\"column-2\">Di\u00e1ria<\/td><td class=\"column-3\">03 (tr\u00eas) di\u00e1rias<\/td><td class=\"column-4\"><\/td><td class=\"column-5\">25 de Abril de 2024.<\/td><td class=\"column-6\">27 de Abril de 2024.<\/td><td class=\"column-7\">conselheiro tutelar<\/td><td class=\"column-8\">Jo\u00e3o Pessoa\/PB<\/td><td class=\"column-9\">participar do II di\u00e1logo nacional pol\u00edticas p\u00fablicas de educa\u00e7\u00e3o, sa\u00fade, assist\u00eancia social e do sistema de garantia de direitos<\/td>\n<\/tr>\n<tr class=\"row-65\">\n\t<td class=\"column-1\"><a href=\"https:\/\/pedrovelho.rn.gov.br\/transparente\/index\/portaria-municipal-no-205-2024-dispoe-sobre-a-concessao-de-04-diarias-ao-sr-dellano-humerson-barbosa-de-farias-procurador-do-municipio-e-da-outras-providencias\/\" rel=\"noopener\" target=\"_blank\">DELLANO HUMERSON BARBOSA DE FARIAS<\/a><\/td><td class=\"column-2\">Di\u00e1ria<\/td><td class=\"column-3\">04 di\u00e1rias<\/td><td class=\"column-4\"><\/td><td class=\"column-5\">08 de Abril de 2024.<\/td><td class=\"column-6\">11 de Abril de 2024.<\/td><td class=\"column-7\">procurador<\/td><td class=\"column-8\">Bras\u00edlia\/DF<\/td><td class=\"column-9\">Para acompanhar o prefeito municipal em visita a ministros, senadores e deputados, buscando recursos para o munic\u00edpio de Pedro Velho\/RN.<\/td>\n<\/tr>\n<tr class=\"row-66\">\n\t<td class=\"column-1\"><\/td><td class=\"column-2\">Di\u00e1ria<\/td><td class=\"column-3\"><\/td><td class=\"column-4\"><\/td><td class=\"column-5\"><\/td><td class=\"column-6\"><\/td><td class=\"column-7\"><\/td><td class=\"column-8\"><\/td><td class=\"column-9\"><\/td>\n<\/tr>\n<tr class=\"row-67\">\n\t<td class=\"column-1\"><a href=\"https:\/\/pedrovelho.rn.gov.br\/transparente\/index\/portaria-municipal-no-151-2024-dispoe-sobre-a-concessao-de-diaria-ao-servidor-e-da-outras-providencias\/\" rel=\"noopener\" target=\"_blank\">THIAGO MITCHEL F\u00c9LIX MARTINS<\/a><\/td><td class=\"column-2\">Di\u00e1ria<\/td><td class=\"column-3\">\u00bd (meia di\u00e1ria)<\/td><td class=\"column-4\"><\/td><td class=\"column-5\">19 de mar\u00e7o de 2024.<\/td><td class=\"column-6\">19 de mar\u00e7o de 2024.<\/td><td class=\"column-7\">coordenador de prote\u00e7\u00e3o defesa civil<\/td><td class=\"column-8\">Santa Cruz-RN<\/td><td class=\"column-9\">para aquisi\u00e7\u00e3o de conhecimento, busca por parcerias e interc\u00e2mbios de EXPERIENCIAS. A fim de trazer benef\u00edcios para o munic\u00edpio<\/td>\n<\/tr>\n<tr class=\"row-68\">\n\t<td class=\"column-1\"><a href=\"https:\/\/pedrovelho.rn.gov.br\/transparente\/index\/portaria-municipal-no-150-2024-dispoe-sobre-a-concessao-de-diaria-ao-servidor-e-da-outras-providencias\/\" rel=\"noopener\" target=\"_blank\">ASSIS LOUREN\u00c7O DA SILVA<\/a><\/td><td class=\"column-2\">Di\u00e1ria<\/td><td class=\"column-3\">\u00bd (meia di\u00e1ria)<\/td><td class=\"column-4\"><\/td><td class=\"column-5\">19 de mar\u00e7o de 2024.<\/td><td class=\"column-6\">19 de mar\u00e7o de 2024.<\/td><td class=\"column-7\">secret\u00e1rio do meio ambiente<\/td><td class=\"column-8\">Santa Cruz-RN<\/td><td class=\"column-9\">para aquisi\u00e7\u00e3o de conhecimento, busca por parcerias e interc\u00e2mbios de EXPERIENCIAS. A fim de trazer benef\u00edcios para o munic\u00edpio<\/td>\n<\/tr>\n<tr class=\"row-69\">\n\t<td class=\"column-1\"><a href=\"https:\/\/pedrovelho.rn.gov.br\/transparente\/index\/portaria-no-143-2024-dispoe-sobre-a-concessao-de-diaria-a-servidora-e-da-outras-providencias-republicado-por-incorrecao\/\" rel=\"noopener\" target=\"_blank\">DANIELA PEIXOTO DE FRAN\u00c7A *REPUBLICADO POR INCORRE\u00c7\u00c3O<\/a><\/td><td class=\"column-2\">Di\u00e1ria<\/td><td class=\"column-3\">3 di\u00e1rias e 1\/2<\/td><td class=\"column-4\"><\/td><td class=\"column-5\">22\/02\/2024<\/td><td class=\"column-6\">25\/02\/2024<\/td><td class=\"column-7\">Conselheira Tutelar<\/td><td class=\"column-8\">Jo\u00e3o Pessoa\/PB.<\/td><td class=\"column-9\">com o objetivo de participar do 2\u00b0 semin\u00e1rio de pol\u00edticas sociais, or\u00e7ament\u00e1rias e do sistema de garantia de direitos: E a articula\u00e7\u00e3o entre os poderes executivo, legislativo cmdca\u2019s, conselheiros tutelares, trabalhadores do sus, suas e educa\u00e7\u00e3o.<\/td>\n<\/tr>\n<tr class=\"row-70\">\n\t<td class=\"column-1\"><a href=\"https:\/\/pedrovelho.rn.gov.br\/transparente\/index\/portaria-no-142-2024-dispoe-sobre-a-concessao-de-diaria-ao-servidor-e-da-outras-providencias-republicado-por-incorrecao\/\" rel=\"noopener\" target=\"_blank\">ANDREIA DA SILVA PEREIRA *REPUBLICADO POR INCORRE\u00c7\u00c3O<\/a><\/td><td class=\"column-2\">Di\u00e1ria<\/td><td class=\"column-3\">3 di\u00e1rias e 1\/2<\/td><td class=\"column-4\"><\/td><td class=\"column-5\">22\/02\/2024<\/td><td class=\"column-6\">25\/02\/2024<\/td><td class=\"column-7\">Conselheira Tutelar<\/td><td class=\"column-8\">Jo\u00e3o Pessoa\/PB.<\/td><td class=\"column-9\">com o objetivo de participar do 2\u00b0 semin\u00e1rio de pol\u00edticas sociais, or\u00e7ament\u00e1rias e do sistema de garantia de direitos: E a articula\u00e7\u00e3o entre os poderes executivo, legislativo cmdca\u2019s, conselheiros tutelares, trabalhadores do sus, suas e educa\u00e7\u00e3o.<\/td>\n<\/tr>\n<tr class=\"row-71\">\n\t<td class=\"column-1\"><a href=\"https:\/\/pedrovelho.rn.gov.br\/transparente\/index\/portaria-no-141-2024-dispoe-sobre-a-concessao-de-diaria-ao-servidor-e-da-outras-providencias-republicado-por-incorrecao\/\" rel=\"noopener\" target=\"_blank\">AURELIO RODRIGUES BARBOSA *REPUBLICADO POR INCORRE\u00c7\u00c3O<\/a><\/td><td class=\"column-2\">Di\u00e1ria<\/td><td class=\"column-3\">3 di\u00e1rias e 1\/2<\/td><td class=\"column-4\"><\/td><td class=\"column-5\">22\/02\/2024<\/td><td class=\"column-6\">25\/02\/2024<\/td><td class=\"column-7\">Conselheiro Tutelar<\/td><td class=\"column-8\">Jo\u00e3o Pessoa\/PB.<\/td><td class=\"column-9\">com o objetivo de participar do 2\u00b0 semin\u00e1rio de pol\u00edticas sociais, or\u00e7ament\u00e1rias e do sistema de garantia de direitos: E a articula\u00e7\u00e3o entre os poderes executivo, legislativo cmdca\u2019s, conselheiros tutelares, trabalhadores do sus, suas e educa\u00e7\u00e3o.<\/td>\n<\/tr>\n<tr class=\"row-72\">\n\t<td class=\"column-1\"><a href=\"https:\/\/pedrovelho.rn.gov.br\/transparente\/index\/portaria-no-140-2024-dispoe-sobre-a-concessao-de-diaria-a-servidora-e-da-outras-providencias-republicado-por-incorrecao\/\" rel=\"noopener\" target=\"_blank\">HENRIQUE BEZERRIL NETO *REPUBLICADO POR INCORRE\u00c7\u00c3O<\/a><\/td><td class=\"column-2\">Di\u00e1ria<\/td><td class=\"column-3\">3 di\u00e1rias e 1\/2<\/td><td class=\"column-4\"><\/td><td class=\"column-5\">22\/02\/2024<\/td><td class=\"column-6\">25\/02\/2024<\/td><td class=\"column-7\">Conselheiro Tutelar<\/td><td class=\"column-8\">Jo\u00e3o Pessoa\/PB.<\/td><td class=\"column-9\">com o objetivo de participar do 2\u00b0 semin\u00e1rio de pol\u00edticas sociais, or\u00e7ament\u00e1rias e do sistema de garantia de direitos: E a articula\u00e7\u00e3o entre os poderes executivo, legislativo cmdca\u2019s, conselheiros tutelares, trabalhadores do sus, suas e educa\u00e7\u00e3o. <\/td>\n<\/tr>\n<tr class=\"row-73\">\n\t<td class=\"column-1\"><a href=\"https:\/\/pedrovelho.rn.gov.br\/transparente\/index\/portaria-no-143-2024-dispoe-sobre-a-concessao-de-diaria-a-servidora-e-da-outras-providencias\/\" rel=\"noopener\" target=\"_blank\">DANIELA PEIXOTO DE FRAN\u00c7A<\/a><\/td><td class=\"column-2\">Di\u00e1ria<\/td><td class=\"column-3\">4\/2 di\u00e1rias<\/td><td class=\"column-4\"><\/td><td class=\"column-5\">22\/02\/2024<\/td><td class=\"column-6\">25\/02\/2024<\/td><td class=\"column-7\">Conselheiro Tutelar<\/td><td class=\"column-8\">Jo\u00e3o Pessoa\/PB.<\/td><td class=\"column-9\">com o objetivo de participar do 2\u00b0 semin\u00e1rio de pol\u00edticas sociais, or\u00e7ament\u00e1rias e do sistema de garantia de direitos: E a articula\u00e7\u00e3o entre os poderes executivo, legislativo cmdca\u2019s, conselheiros tutelares, trabalhadores do sus, suas e educa\u00e7\u00e3o.<\/td>\n<\/tr>\n<tr class=\"row-74\">\n\t<td class=\"column-1\"><a href=\"https:\/\/pedrovelho.rn.gov.br\/transparente\/index\/portaria-no-142-2024-dispoe-sobre-a-concessao-de-diaria-ao-servidor-e-da-outras-providencias\/\" rel=\"noopener\" target=\"_blank\">AURELIO RODRIGUES BARBOSA<\/a><\/td><td class=\"column-2\">Di\u00e1ria<\/td><td class=\"column-3\">4\/2 di\u00e1rias<\/td><td class=\"column-4\"><\/td><td class=\"column-5\">22\/02\/2024<\/td><td class=\"column-6\">25\/02\/2024<\/td><td class=\"column-7\">Conselheiro Tutelar<\/td><td class=\"column-8\">Jo\u00e3o Pessoa\/PB.<\/td><td class=\"column-9\">com o objetivo de participar do 2\u00b0 semin\u00e1rio de pol\u00edticas sociais, or\u00e7ament\u00e1rias e do sistema de garantia de direitos: E a articula\u00e7\u00e3o entre os poderes executivo, legislativo cmdca\u2019s, conselheiros tutelares, trabalhadores do sus, suas e educa\u00e7\u00e3o.<\/td>\n<\/tr>\n<tr class=\"row-75\">\n\t<td class=\"column-1\"><a href=\"https:\/\/pedrovelho.rn.gov.br\/transparente\/index\/portaria-no-141-2024-dispoe-sobre-a-concessao-de-diaria-ao-servidor-e-da-outras-providencias\/\" rel=\"noopener\" target=\"_blank\">HENRIQUE BEZERRIL NETO<\/a><\/td><td class=\"column-2\">Di\u00e1ria<\/td><td class=\"column-3\">4\/2 di\u00e1rias<\/td><td class=\"column-4\"><\/td><td class=\"column-5\">22\/02\/2024<\/td><td class=\"column-6\">25\/02\/2024<\/td><td class=\"column-7\">Conselheiro Tutelar<\/td><td class=\"column-8\">Jo\u00e3o Pessoa\/PB.<\/td><td class=\"column-9\">com o objetivo de participar do 2\u00b0 semin\u00e1rio de pol\u00edticas sociais, or\u00e7ament\u00e1rias e do sistema de garantia de direitos: E a articula\u00e7\u00e3o entre os poderes executivo, legislativo cmdca\u2019s, conselheiros tutelares, trabalhadores do sus, suas e educa\u00e7\u00e3o.<\/td>\n<\/tr>\n<tr class=\"row-76\">\n\t<td class=\"column-1\"><a href=\"https:\/\/pedrovelho.rn.gov.br\/transparente\/index\/portaria-no-140-2024-dispoe-sobre-a-concessao-de-diaria-a-servidora-e-da-outras-providencias\/\" rel=\"noopener\" target=\"_blank\">ANDREIA DA SILVA PEREIRA<\/a><\/td><td class=\"column-2\">Di\u00e1ria<\/td><td class=\"column-3\">4\/2 di\u00e1rias<\/td><td class=\"column-4\"><\/td><td class=\"column-5\">22\/02\/2024<\/td><td class=\"column-6\">25\/02\/2024<\/td><td class=\"column-7\">Conselheira Tutelar<\/td><td class=\"column-8\">Jo\u00e3o Pessoa\/PB.<\/td><td class=\"column-9\">com o objetivo de participar do 2\u00b0 semin\u00e1rio de pol\u00edticas sociais, or\u00e7ament\u00e1rias e do sistema de garantia de direitos: E a articula\u00e7\u00e3o entre os poderes executivo, legislativo cmdca\u2019s, conselheiros tutelares, trabalhadores do sus, suas e educa\u00e7\u00e3o.<\/td>\n<\/tr>\n<tr class=\"row-77\">\n\t<td class=\"column-1\"><a href=\"https:\/\/pedrovelho.rn.gov.br\/transparente\/index\/portaria-de-diaria-n-068-2023-concede-ao-pregoeiro-municipal-o-sr-romulo-ruan-da-silva-matricula-no-12319-05-cinco-diarias\/\" rel=\"noopener\" target=\"_blank\">ROMULO RUAN DA SILVA<\/a><\/td><td class=\"column-2\">Di\u00e1ria<\/td><td class=\"column-3\">05 (cinco) di\u00e1rias<\/td><td class=\"column-4\"><\/td><td class=\"column-5\">28\/03\/2023<\/td><td class=\"column-6\">31\/03\/2023<\/td><td class=\"column-7\">Pregoeiro Municipal<\/td><td class=\"column-8\">FOZ DE IGUA\u00c7U\/PARAN\u00c1<\/td><td class=\"column-9\">para custear despesas com alimenta\u00e7\u00e3o, hospedagem e deslocamento urbano, durante sua perman\u00eancia na cidade de FOZ DE IGUA\u00c7U\/PARAN\u00c1 para participar 18\u00ba CONGRESSO DE PREGOEIROS<\/td>\n<\/tr>\n<tr class=\"row-78\">\n\t<td class=\"column-1\"><a href=\"https:\/\/pedrovelho.rn.gov.br\/transparente\/index\/portaria-de-diaria-n-067-2023-concede-a-presidente-da-comissao-permanente-de-licitacao-cpl-a-sra-marlybeth-da-silva-oliveira-matricula-no-0563-05-cinco-diarias\/\" rel=\"noopener\" target=\"_blank\">MARLYBETH DA SILVA OLIVEIRA<\/a><\/td><td class=\"column-2\">Di\u00e1ria<\/td><td class=\"column-3\">05 (cinco) di\u00e1rias<\/td><td class=\"column-4\"><\/td><td class=\"column-5\">28\/03\/2023<\/td><td class=\"column-6\">31\/03\/2023<\/td><td class=\"column-7\">Presidente da Comiss\u00e3o Permanente de Licita\u00e7\u00e3o \u2013 CPL<\/td><td class=\"column-8\">FOZ DE IGUA\u00c7U\/PARAN\u00c1<\/td><td class=\"column-9\">para custear despesas com alimenta\u00e7\u00e3o, hospedagem e deslocamento urbano, durante sua perman\u00eancia na cidade de FOZ DE IGUA\u00c7U\/PARAN\u00c1 para participar 18\u00ba CONGRESSO DE PREGOEIROS<\/td>\n<\/tr>\n<tr class=\"row-79\">\n\t<td class=\"column-1\"><a href=\"https:\/\/pedrovelho.rn.gov.br\/transparente\/index\/portaria-de-diaria-n-066-2023-concede-a-procuradora-geral-do-municipio-a-sra-daniela-araujo-de-maria-souza-campelo-matricula-no-10774-05-cinco-diarias\/\" rel=\"noopener\" target=\"_blank\">DANIELA ARA\u00daJO DE MARIA SOUZA CAMPELO<\/a><\/td><td class=\"column-2\">Di\u00e1ria<\/td><td class=\"column-3\">05 (cinco) di\u00e1rias<\/td><td class=\"column-4\"><\/td><td class=\"column-5\">28\/03\/2023<\/td><td class=\"column-6\">31\/03\/2023<\/td><td class=\"column-7\">Procuradora Geral do Munic\u00edpio<\/td><td class=\"column-8\">FOZ DE IGUA\u00c7U\/PARAN\u00c1<\/td><td class=\"column-9\">para custear despesas com alimenta\u00e7\u00e3o, hospedagem e deslocamento urbano, durante sua perman\u00eancia na cidade de FOZ DE IGUA\u00c7U\/PARAN\u00c1 para participar 18\u00ba CONGRESSO DE PREGOEIROS<\/td>\n<\/tr>\n<tr class=\"row-80\">\n\t<td class=\"column-1\"><a href=\"https:\/\/pedrovelho.rn.gov.br\/transparente\/index\/portaria-de-diaria-n-065-2023-concede-ao-chefe-de-gabinete-o-sr-venicius-thalysson-de-lira-carneiro-matricula-no-10642-6-seis-diarias\/\" rel=\"noopener\" target=\"_blank\">VENICIUS THALYSSON DE LIRA CARNEIRO<\/a><\/td><td class=\"column-2\">Di\u00e1ria<\/td><td class=\"column-3\">6 (seis) di\u00e1rias<\/td><td class=\"column-4\"><\/td><td class=\"column-5\">27\/03\/2023<\/td><td class=\"column-6\">30\/03\/2023<\/td><td class=\"column-7\">Chefe de Gabinete<\/td><td class=\"column-8\">BRAS\u00cdLIA \u2013 DF<\/td><td class=\"column-9\">para custear despesas com alimenta\u00e7\u00e3o, hospedagem e deslocamento urbano, durante sua perman\u00eancia na cidade de BRASILIA \u2013 DF onde estar\u00e1 acompanhando e assessorando a Prefeita na XXIV MARCHA A BRAS\u00cdLIA EM DEFESA DOS MUNIC\u00cdPIOS<\/td>\n<\/tr>\n<tr class=\"row-81\">\n\t<td class=\"column-1\"><a href=\"https:\/\/pedrovelho.rn.gov.br\/transparente\/index\/portaria-de-diaria-n-064-2023-concede-a-secretaria-de-financas-a-sra-priscila-samara-de-melo-matricula-no-15776-6-seis-diarias\/\" rel=\"noopener\" target=\"_blank\">PRISCILA SAMARA DE MELO<\/a><\/td><td class=\"column-2\">Di\u00e1ria<\/td><td class=\"column-3\">6 (seis) di\u00e1rias<\/td><td class=\"column-4\"><\/td><td class=\"column-5\">27\/03\/2023<\/td><td class=\"column-6\">30\/03\/2023<\/td><td class=\"column-7\">Secret\u00e1ria de Finan\u00e7as<\/td><td class=\"column-8\">BRAS\u00cdLIA \u2013 DF<\/td><td class=\"column-9\">para custear despesas com alimenta\u00e7\u00e3o, hospedagem e deslocamento urbano, durante sua perman\u00eancia na cidade de BRASILIA \u2013 DF onde estar\u00e1 acompanhando e assessorando a Prefeita na XXIV MARCHA A BRAS\u00cdLIA EM DEFESA DOS MUNIC\u00cdPIOS<\/td>\n<\/tr>\n<tr class=\"row-82\">\n\t<td class=\"column-1\"><a href=\"https:\/\/pedrovelho.rn.gov.br\/transparente\/index\/portaria-de-diaria-n-063-2023-concede-ao-coordenador-de-comunicacao-o-sr-jose-leon-da-lima-candido-matricula-no-8664-6-seis-diarias\/\" rel=\"noopener\" target=\"_blank\">JOS\u00c9 LEON DA LIMA CANDIDO<\/a><\/td><td class=\"column-2\">Di\u00e1ria<\/td><td class=\"column-3\">6 (seis) di\u00e1rias<\/td><td class=\"column-4\"><\/td><td class=\"column-5\">27\/03\/2023<\/td><td class=\"column-6\">30\/03\/2023<\/td><td class=\"column-7\">Coordenador de Comunica\u00e7\u00e3o<\/td><td class=\"column-8\">BRAS\u00cdLIA \u2013 DF<\/td><td class=\"column-9\">para custear despesas com alimenta\u00e7\u00e3o, hospedagem e deslocamento urbano durante sua perman\u00eancia na cidade de BRAS\u00cdLIA \u2013 DF onde estar\u00e1 acompanhando e assessorando a Prefeita na XXIV MARCHA A BRAS\u00cdLIA EM DEFESA DOS MUNIC\u00cdPIOS<\/td>\n<\/tr>\n<tr class=\"row-83\">\n\t<td class=\"column-1\"><a href=\"https:\/\/pedrovelho.rn.gov.br\/transparente\/index\/portaria-de-diaria-n-062-2023-concede-a-secretaria-de-agricultura-a-sra-mayara-lemos-barbosa-carneiro-matricula-no-8893-6-seis-diarias\/\" rel=\"noopener\" target=\"_blank\">MAYARA LEMOS BARBOSA CARNEIRO<\/a><\/td><td class=\"column-2\">Di\u00e1ria<\/td><td class=\"column-3\">6 (seis) di\u00e1rias<\/td><td class=\"column-4\"><\/td><td class=\"column-5\">27\/03\/2023<\/td><td class=\"column-6\">30\/03\/2023<\/td><td class=\"column-7\">Secret\u00e1ria de Agricultura<\/td><td class=\"column-8\">BRAS\u00cdLIA \u2013 DF<\/td><td class=\"column-9\">para custear despesas com alimenta\u00e7\u00e3o, hospedagem e deslocamento urbano durante sua perman\u00eancia na cidade de BRAS\u00cdLIA \u2013 DF onde estar\u00e1 acompanhando e assessorando a Prefeita na XXIV MARCHA A BRAS\u00cdLIA EM DEFESA DOS MUNIC\u00cdPIOS<\/td>\n<\/tr>\n<tr class=\"row-84\">\n\t<td class=\"column-1\"><a href=\"https:\/\/pedrovelho.rn.gov.br\/transparente\/index\/portaria-de-diaria-n-061-2023-concede-a-prefeita-municipal-a-sra-francisca-edna-de-lemos-matricula-no-0010677-2-6-seis-diarias\/\" rel=\"noopener\" target=\"_blank\">FRANCISCA EDNA DE LEMOS<\/a><\/td><td class=\"column-2\">Di\u00e1ria<\/td><td class=\"column-3\">6 (seis) di\u00e1rias<\/td><td class=\"column-4\"><\/td><td class=\"column-5\">27\/03\/2023<\/td><td class=\"column-6\">30\/03\/2023<\/td><td class=\"column-7\">Prefeita Municipal<\/td><td class=\"column-8\">BRAS\u00cdLIA \u2013 DF<\/td><td class=\"column-9\">para custear despesas com alimenta\u00e7\u00e3o, hospedagem e deslocamento urbano durante sua perman\u00eancia na cidade de BRAS\u00cdLIA \u2013 DF onde estar\u00e1 acompanhando e assessorando a Prefeita na XXIV MARCHA A BRAS\u00cdLIA EM DEFESA DOS MUNIC\u00cdPIOS<\/td>\n<\/tr>\n<tr class=\"row-85\">\n\t<td class=\"column-1\"><a href=\"https:\/\/pedrovelho.rn.gov.br\/transparente\/index\/portaria-de-diaria-n-060-2023-concede-ao-secretario-de-administracao-o-sr-andre-leoni-bezerra-de-souza-matricula-no-0010278-2-6-seis-diarias\/\" rel=\"noopener\" target=\"_blank\">ANDR\u00c9 LEONI BEZERRA DE SOUZA<\/a><\/td><td class=\"column-2\">Di\u00e1ria<\/td><td class=\"column-3\">6 (seis) di\u00e1rias<\/td><td class=\"column-4\"><\/td><td class=\"column-5\">27\/03\/2023<\/td><td class=\"column-6\">30\/03\/2023<\/td><td class=\"column-7\">Secret\u00e1rio de Administra\u00e7\u00e3o<\/td><td class=\"column-8\">BRAS\u00cdLIA \u2013 DF<\/td><td class=\"column-9\">para custear despesas com alimenta\u00e7\u00e3o, hospedagem e deslocamento urbano durante sua perman\u00eancia na cidade de BRAS\u00cdLIA \u2013 DF onde estar\u00e1 acompanhando e assessorando a Prefeita na XXIV MARCHA A BRAS\u00cdLIA EM DEFESA DOS MUNIC\u00cdPIOS<\/td>\n<\/tr>\n<tr class=\"row-86\">\n\t<td class=\"column-1\"><a href=\"https:\/\/pedrovelho.rn.gov.br\/transparente\/index\/portaria-231-2023-gab-conceder-diarias-especificas-e-da-outras-providencias\/\" rel=\"noopener\" target=\"_blank\">SOLANGE COSTA DA SILVA<\/a><\/td><td class=\"column-2\">Di\u00e1ria<\/td><td class=\"column-3\">4 (quatro) di\u00e1rias<\/td><td class=\"column-4\"><\/td><td class=\"column-5\">11\/12\/2023<\/td><td class=\"column-6\">14\/12\/2023<\/td><td class=\"column-7\">Coordenadora da vigil\u00e2ncia socioassistencial<\/td><td class=\"column-8\">BRAS\u00cdLIA \u2013 DF<\/td><td class=\"column-9\">para participar da VI Confer\u00eancia Nacional de Seguran\u00e7a Alimentar e Nutricional, com o tema \u201cerradicar a fome e garantir direitos com comida de verdade, democracia e equidade\u201d, no per\u00edodo de 11 a 14 de 2023.<\/td>\n<\/tr>\n<tr class=\"row-87\">\n\t<td class=\"column-1\"><a href=\"https:\/\/pedrovelho.rn.gov.br\/transparente\/index\/portaria-de-diaria-n-480-2022-concede-a-coordenadora-da-vigilancia-social-a-sra-solange-costa-da-silva-matricula-no-0010316-1-uma-diaria\/\" rel=\"noopener\" target=\"_blank\">SOLANGE COSTA DA SILVA<\/a><\/td><td class=\"column-2\">Di\u00e1ria<\/td><td class=\"column-3\">1 (uma) di\u00e1ria<\/td><td class=\"column-4\"><\/td><td class=\"column-5\">01 de dezembro de 2022<\/td><td class=\"column-6\">01 de dezembro de 2022<\/td><td class=\"column-7\">COORDENADORA DA VIGILANCIA SOCIAL<\/td><td class=\"column-8\">Alexandria\/RN<\/td><td class=\"column-9\">para custear despesas com alimenta\u00e7\u00e3o, hospedagem e deslocamento urbano, durante sua ida na cidade de Alexandria\/RN que aguarda a equipe do CRAS desta cidade para fazer a condu\u00e7\u00e3o do senhor SEVERINO DOS RAMOS DA SILVA, residente no sitio recreio.<\/td>\n<\/tr>\n<tr class=\"row-88\">\n\t<td class=\"column-1\"><a href=\"https:\/\/pedrovelho.rn.gov.br\/transparente\/index\/portaria-de-diaria-n-479-2022-concede-ao-psicologo-o-sr-claudio-jose-da-silva-matricula-no-0005932-1-uma-diaria\/\" rel=\"noopener\" target=\"_blank\">CLAUDIO JOS\u00c9 DA SILVA<\/a><\/td><td class=\"column-2\">Di\u00e1ria<\/td><td class=\"column-3\">1 (uma) di\u00e1ria<\/td><td class=\"column-4\"><\/td><td class=\"column-5\">01 de dezembro de 2022<\/td><td class=\"column-6\">01 de dezembro de 2022<\/td><td class=\"column-7\">Psic\u00f3logo <\/td><td class=\"column-8\">Alexandria\/RN<\/td><td class=\"column-9\">para custear despesas com alimenta\u00e7\u00e3o, hospedagem e deslocamento urbano, durante sua ida na cidade de Alexandria\/RN que aguarda a equipe do CRAS desta cidade para fazer a condu\u00e7\u00e3o do senhor SEVERINO DOS RAMOS DA SILVA, residente no sitio recreio.<\/td>\n<\/tr>\n<tr class=\"row-89\">\n\t<td class=\"column-1\"><a href=\"https:\/\/pedrovelho.rn.gov.br\/transparente\/index\/portaria-de-diaria-n-478-2022-concede-ao-motorista-o-sr-antonio-pedro-da-silva-matricula-no-0002437-1-uma-diaria\/\" rel=\"noopener\" target=\"_blank\">ANT\u00d4NIO PEDRO DA SILVA<\/a><\/td><td class=\"column-2\">Di\u00e1ria<\/td><td class=\"column-3\">1 (uma) di\u00e1ria<\/td><td class=\"column-4\"><\/td><td class=\"column-5\">01 de dezembro de 2022<\/td><td class=\"column-6\">01 de dezembro de 2022<\/td><td class=\"column-7\">Motorista<\/td><td class=\"column-8\">Alexandria\/RN<\/td><td class=\"column-9\">para custear despesas com alimenta\u00e7\u00e3o, hospedagem e deslocamento urbano, durante sua ida na cidade de Alexandria\/RN que aguarda a equipe do CRAS desta cidade para fazer a condu\u00e7\u00e3o do senhor SEVERINO DOS RAMOS DA SILVA, residente no sitio recreio.<\/td>\n<\/tr>\n<tr class=\"row-90\">\n\t<td class=\"column-1\"><a href=\"https:\/\/pedrovelho.rn.gov.br\/transparente\/index\/portaria-de-diaria-n-485-2022-concede-ao-secretario-de-administracao-o-sr-andre-leoni-bezerra-de-souza-matricula-no-0010278-2-4-quatro-diarias\/\" rel=\"noopener\" target=\"_blank\">Andr\u00e9 Leoni Bezerra de Souza<\/a><\/td><td class=\"column-2\">Di\u00e1ria<\/td><td class=\"column-3\">4 (quatro) di\u00e1rias<\/td><td class=\"column-4\"><\/td><td class=\"column-5\">09 de dezembro de 2022<\/td><td class=\"column-6\"><\/td><td class=\"column-7\">Secret\u00e1rio de Administra\u00e7\u00e3o<\/td><td class=\"column-8\">BRASILIA \u2013 DF<\/td><td class=\"column-9\">para custear despesas com alimenta\u00e7\u00e3o, hospedagem e deslocamento urbano, durante sua perman\u00eancia na cidade de BRASILIA (DF), para Mobiliza\u00e7\u00e3o Municipalista em Bras\u00edlia \u2013 13 de dezembro CNM<\/td>\n<\/tr>\n<tr class=\"row-91\">\n\t<td class=\"column-1\"><a href=\"https:\/\/pedrovelho.rn.gov.br\/transparente\/index\/portaria-de-diaria-n-484-2022-concede-ao-chefe-de-gabinete-o-sr-venicius-thalysson-de-lira-carneiro-matricula-no-0010642-2-4-quatro-diarias\/\" rel=\"noopener\" target=\"_blank\">Venicius Thalysson de Lira Carneiro<\/a><\/td><td class=\"column-2\">Di\u00e1ria<\/td><td class=\"column-3\">4 (quatro) di\u00e1rias<\/td><td class=\"column-4\"><\/td><td class=\"column-5\">09 de dezembro de 2022<\/td><td class=\"column-6\"><\/td><td class=\"column-7\">Chefe de Gabinete<\/td><td class=\"column-8\">BRASILIA \u2013 DF<\/td><td class=\"column-9\">para custear despesas com alimenta\u00e7\u00e3o, hospedagem e deslocamento urbano, durante sua perman\u00eancia na cidade de BRASILIA (DF), para Mobiliza\u00e7\u00e3o Municipalista em Bras\u00edlia \u2013 13 de dezembro CNM<\/td>\n<\/tr>\n<tr class=\"row-92\">\n\t<td class=\"column-1\"><a href=\"https:\/\/pedrovelho.rn.gov.br\/transparente\/index\/portaria-de-diaria-n-483-2022-concede-a-prefeita-municipal-a-sra-francisca-edna-de-lemos-matricula-no-0010677-2-4-quatro-diarias\/\" rel=\"noopener\" target=\"_blank\">Francisca Edna de Lemos<\/a><\/td><td class=\"column-2\">Di\u00e1ria<\/td><td class=\"column-3\">4 (quatro) di\u00e1rias<\/td><td class=\"column-4\"><\/td><td class=\"column-5\">09 de dezembro de 2022<\/td><td class=\"column-6\"><\/td><td class=\"column-7\">Prefeita Municipal<\/td><td class=\"column-8\">BRASILIA \u2013 DF<\/td><td class=\"column-9\">para custear despesas com alimenta\u00e7\u00e3o, hospedagem e deslocamento urbano, durante sua perman\u00eancia na cidade de BRASILIA (DF), para Mobiliza\u00e7\u00e3o Municipalista em Bras\u00edlia \u2013 13 de dezembro CNM<\/td>\n<\/tr>\n<tr class=\"row-93\">\n\t<td class=\"column-1\"><a href=\"https:\/\/pedrovelho.rn.gov.br\/transparente\/index\/portaria-no-379-2022-secadm-concede-ao-servidor-da-prefeitura-municipal-de-pedro-velho-geovane-freire-galvao-cpf-105-514-344-06-lotado-na-prefeitura-municipal-de-pedro-velho-rn-ocupante-do-carg\/\" rel=\"noopener\" target=\"_blank\">GEOVANE FREIRE GALV\u00c3O<\/a><\/td><td class=\"column-2\">Di\u00e1ria<\/td><td class=\"column-3\">05 (CINCO) DI\u00c1RIAS<\/td><td class=\"column-4\"><\/td><td class=\"column-5\">19 DE OUTUBRO DE 2022.<\/td><td class=\"column-6\"><\/td><td class=\"column-7\">Secret\u00e1rio Municipal de Turismo<\/td><td class=\"column-8\">Jo\u00e3o Pessoa\/PB<\/td><td class=\"column-9\">para de conformidade com a solicita\u00e7\u00e3o participar: 4\u00aa Capacita\u00e7\u00e3o de Desenvolvimento Administrativo na cidade de Jo\u00e3o Pessoa\/PB.<\/td>\n<\/tr>\n<tr class=\"row-94\">\n\t<td class=\"column-1\"><a href=\"https:\/\/pedrovelho.rn.gov.br\/transparente\/index\/portaria-no-378-2022-secadm-concede-a-servidora-da-prefeitura-municipal-de-pedro-velho-ana-cybele-alves-fonseca-cpf-020-286-864-80-lotada-na-prefeitura-municipal-de-pedro-velho-rn-ocupante-do-c\/\" rel=\"noopener\" target=\"_blank\">ANA CYBELE ALVES FONSECA<\/a><\/td><td class=\"column-2\">Di\u00e1ria<\/td><td class=\"column-3\">05 (CINCO) DI\u00c1RIAS<\/td><td class=\"column-4\"><\/td><td class=\"column-5\">19 DE OUTUBRO DE 2022.<\/td><td class=\"column-6\"><\/td><td class=\"column-7\">Chefe do Setor de Compras<\/td><td class=\"column-8\">Jo\u00e3o Pessoa\/PB<\/td><td class=\"column-9\">para de conformidade com a solicita\u00e7\u00e3o participar: 4\u00aa Capacita\u00e7\u00e3o de Desenvolvimento Administrativo na cidade de Jo\u00e3o Pessoa\/PB.<\/td>\n<\/tr>\n<tr class=\"row-95\">\n\t<td class=\"column-1\"><a href=\"https:\/\/pedrovelho.rn.gov.br\/transparente\/index\/portaria-no-377-2022-secadm-concede-ao-servidor-da-prefeitura-municipal-de-pedro-velho-edson-da-silva-santos-galvao-cpf-057-188-964-61-lotado-na-prefeitura-municipal-de-pedro-velho-rn-ocupante\/\" rel=\"noopener\" target=\"_blank\">EDSON DA SILVA SANTOS GALV\u00c3O<\/a><\/td><td class=\"column-2\">Di\u00e1ria<\/td><td class=\"column-3\">05 (CINCO) DI\u00c1RIAS<\/td><td class=\"column-4\"><\/td><td class=\"column-5\">19 DE OUTUBRO DE 2022.<\/td><td class=\"column-6\"><\/td><td class=\"column-7\">Prefeito Municipal Interino<\/td><td class=\"column-8\">Jo\u00e3o Pessoa\/PB<\/td><td class=\"column-9\">para de conformidade com a solicita\u00e7\u00e3o participar: 4\u00aa Capacita\u00e7\u00e3o de Desenvolvimento Administrativo na cidade de Jo\u00e3o Pessoa\/PB.<\/td>\n<\/tr>\n<tr class=\"row-96\">\n\t<td class=\"column-1\"><a href=\"https:\/\/pedrovelho.rn.gov.br\/transparente\/index\/portaria-no-376-2022-secadm-concede-ao-servidor-da-prefeitura-municipal-de-pedro-velho-moises-eduardo-da-silva-cpf-113-309-724-30-lotado-na-prefeitura-municipal-de-pedro-velho-rn-ocupante-do-ca\/\" rel=\"noopener\" target=\"_blank\">MOISES EDUARDO DA SILVA<\/a><\/td><td class=\"column-2\">Di\u00e1ria<\/td><td class=\"column-3\">05 (CINCO) DI\u00c1RIAS<\/td><td class=\"column-4\"><\/td><td class=\"column-5\">19 DE OUTUBRO DE 2022.<\/td><td class=\"column-6\"><\/td><td class=\"column-7\">Secretaria Municipal de Finan\u00e7as<\/td><td class=\"column-8\">Jo\u00e3o Pessoa\/PB<\/td><td class=\"column-9\">para de conformidade com a solicita\u00e7\u00e3o participar: 4\u00aa Capacita\u00e7\u00e3o de Desenvolvimento Administrativo na cidade de Jo\u00e3o Pessoa\/PB.<\/td>\n<\/tr>\n<tr class=\"row-97\">\n\t<td class=\"column-1\"><a href=\"https:\/\/pedrovelho.rn.gov.br\/transparente\/index\/portaria-no-375-2022-secadm-concede-ao-servidor-da-prefeitura-municipal-de-pedro-velho-severino-do-ramos-de-oliveira-cpf-406-668-754-72-lotado-na-prefeitura-municipal-de-pedro-velho-rn-ocupante\/\" rel=\"noopener\" target=\"_blank\">SEVERINO DO RAMOS DE OLIVEIRA<\/a><\/td><td class=\"column-2\">Di\u00e1ria<\/td><td class=\"column-3\">05 (CINCO) DI\u00c1RIAS<\/td><td class=\"column-4\"><\/td><td class=\"column-5\">19 DE OUTUBRO DE 2022.<\/td><td class=\"column-6\"><\/td><td class=\"column-7\">Chefe do Setor Pessoal<\/td><td class=\"column-8\">Jo\u00e3o Pessoa\/PB<\/td><td class=\"column-9\">para de conformidade com a solicita\u00e7\u00e3o participar: 4\u00aa Capacita\u00e7\u00e3o de Desenvolvimento Administrativo na cidade de Jo\u00e3o Pessoa\/PB.<\/td>\n<\/tr>\n<tr class=\"row-98\">\n\t<td class=\"column-1\"><a href=\"https:\/\/pedrovelho.rn.gov.br\/transparente\/index\/portaria-no-374-2022-secadm-concede-a-servidora-da-prefeitura-municipal-de-pedro-velho-sarah-mariana-da-silva-cpf-113-309-834-75-lotada-na-prefeitura-municipal-de-pedro-velho-rn-ocupante-do-car\/\" rel=\"noopener\" target=\"_blank\">SARAH MARIANA DA SILVA<\/a><\/td><td class=\"column-2\">Di\u00e1ria<\/td><td class=\"column-3\">05 (CINCO) DI\u00c1RIAS<\/td><td class=\"column-4\"><\/td><td class=\"column-5\">19 DE OUTUBRO DE 2022.<\/td><td class=\"column-6\"><\/td><td class=\"column-7\">Chefe do Processamento de Dados<\/td><td class=\"column-8\">Jo\u00e3o Pessoa\/PB<\/td><td class=\"column-9\">para de conformidade com a solicita\u00e7\u00e3o participar: 4\u00aa Capacita\u00e7\u00e3o de Desenvolvimento Administrativo na cidade de Jo\u00e3o Pessoa\/PB.<\/td>\n<\/tr>\n<tr class=\"row-99\">\n\t<td class=\"column-1\"><a href=\"https:\/\/pedrovelho.rn.gov.br\/transparente\/index\/portaria-de-diaria-n-271-2022-concede-a-assessora-tecnica-a-sra-elvira-maria-carneiro-de-lima-matricula-no-0011770-3-tres-diarias\/\" rel=\"noopener\" target=\"_blank\">ELVIRA MARIA CARNEIRO DE LIMA<\/a><\/td><td class=\"column-2\">Di\u00e1ria<\/td><td class=\"column-3\">3 (tr\u00eas) di\u00e1rias<\/td><td class=\"column-4\"><\/td><td class=\"column-5\">22 de setembro de 2022<\/td><td class=\"column-6\"><\/td><td class=\"column-7\">Assessora T\u00e9cnica<\/td><td class=\"column-8\">CURRAIS NOVOS\/RN<\/td><td class=\"column-9\">para participar do I SEMIN\u00c1RIO FAM\u00cdLIA ACOLHEDORA DE CURRAIS NOVOS, que ocorrer\u00e1 no dia 26, 27 e 28 de setembro do corrente ano<\/td>\n<\/tr>\n<tr class=\"row-100\">\n\t<td class=\"column-1\"><a href=\"https:\/\/pedrovelho.rn.gov.br\/transparente\/index\/portaria-de-diaria-n-270-2022-concede-ao-psicologo-o-sr-elly-eduardo-de-lima-matricula-no-0012149-3-tres-diarias\/\" rel=\"noopener\" target=\"_blank\">ELLY EDUARDO DE LIMA<\/a><\/td><td class=\"column-2\">Di\u00e1ria<\/td><td class=\"column-3\">3 (tr\u00eas) di\u00e1rias<\/td><td class=\"column-4\"><\/td><td class=\"column-5\">22 de setembro de 2022<\/td><td class=\"column-6\"><\/td><td class=\"column-7\">Psic\u00f3logo<\/td><td class=\"column-8\">CURRAIS NOVOS\/RN<\/td><td class=\"column-9\">para participar do I SEMIN\u00c1RIO FAM\u00cdLIA ACOLHEDORA DE CURRAIS NOVOS, que ocorrer\u00e1 no dia 26, 27 e 28 de setembro do corrente ano<\/td>\n<\/tr>\n<tr class=\"row-101\">\n\t<td class=\"column-1\"><a href=\"https:\/\/pedrovelho.rn.gov.br\/transparente\/index\/portaria-de-diaria-n-269-2022-concede-a-assistente-social-a-sra-layla-luana-bezerril-da-silva-medeiros-matricula-no-0002056-3-tres-diarias\/\" rel=\"noopener\" target=\"_blank\">LAYLA LUANA BEZERRIL DA SILVA MEDEIROS<\/a><\/td><td class=\"column-2\">Di\u00e1ria<\/td><td class=\"column-3\">3 (tr\u00eas) di\u00e1rias<\/td><td class=\"column-4\"><\/td><td class=\"column-5\">22 de setembro de 2022<\/td><td class=\"column-6\"><\/td><td class=\"column-7\">Assistente Social<\/td><td class=\"column-8\">CURRAIS NOVOS\/RN<\/td><td class=\"column-9\">para participar do I SEMIN\u00c1RIO FAM\u00cdLIA ACOLHEDORA DE CURRAIS NOVOS, que ocorrer\u00e1 no dia 26, 27 e 28 de setembro do corrente ano<\/td>\n<\/tr>\n<tr class=\"row-102\">\n\t<td class=\"column-1\"><a href=\"https:\/\/pedrovelho.rn.gov.br\/transparente\/index\/portaria-de-diaria-n-245-2022-concede-ao-secretario-adjunto-de-turismo-o-sr-tiago-jose-deque-de-souza-matricula-no-1724-3-1-2-meia-diaria\/\" rel=\"noopener\" target=\"_blank\">TIAGO JOS\u00c9 DEQUE DE SOUZA<\/a><\/td><td class=\"column-2\">Di\u00e1ria<\/td><td class=\"column-3\">1\/2 (meia) di\u00e1ria<\/td><td class=\"column-4\"><\/td><td class=\"column-5\">17 de agosto de 2022.<\/td><td class=\"column-6\">17 de agosto de 2022.<\/td><td class=\"column-7\">secret\u00e1rio adjunto de turismo<\/td><td class=\"column-8\">Santa Cruz \u2013 Rio Grande do Norte.<\/td><td class=\"column-9\">participar do WORKSHOP MODELO DO IGR DO POLO AGRESTE\u2013TRAIRI, aonde ser\u00e1 dado uma consultoria para estrutura\u00e7\u00e3o e fortalecimento das IGRS do RN, pelo Governo do Estado em parceria com o SEBRAE.<\/td>\n<\/tr>\n<tr class=\"row-103\">\n\t<td class=\"column-1\"><a href=\"https:\/\/pedrovelho.rn.gov.br\/transparente\/index\/portaria-de-diaria-n-246-2022-concede-ao-secretario-de-turismo-o-sr-rodolfo-ribeiro-lima-de-azevedo-matricula-no-8656-1-2-meia-diaria\/\" rel=\"noopener\" target=\"_blank\">RODOLFO RIBEIRO LIMA DE AZEVEDO<\/a><\/td><td class=\"column-2\">Di\u00e1ria<\/td><td class=\"column-3\">1\/2 (meia) di\u00e1ria<\/td><td class=\"column-4\"><\/td><td class=\"column-5\">17 de agosto de 2022.<\/td><td class=\"column-6\">17 de agosto de 2022.<\/td><td class=\"column-7\">secret\u00e1rio de turismo<\/td><td class=\"column-8\">Santa Cruz \u2013 Rio Grande do Norte.<\/td><td class=\"column-9\">participar do WORKSHOP MODELO DO IGR DO POLO AGRESTE\u2013TRAIRI, aonde ser\u00e1 dado uma consultoria para estrutura\u00e7\u00e3o e fortalecimento das IGRS do RN, pelo Governo do Estado em parceria com o SEBRAE.<\/td>\n<\/tr>\n<tr class=\"row-104\">\n\t<td class=\"column-1\"><a href=\"https:\/\/pedrovelho.rn.gov.br\/transparente\/index\/portaria-de-diaria-n-241-2022-concede-a-secretaria-de-educacao-a-sra-julia-paula-e-silva-matricula-no-0115-4-e-meia-quatro-e-meia-diarias\/\" rel=\"noopener\" target=\"_blank\">J\u00daLIA PAULA E SILVA<\/a><\/td><td class=\"column-2\">Di\u00e1ria<\/td><td class=\"column-3\">4 e \u00bd (quatro e meia) di\u00e1rias<\/td><td class=\"column-4\"><\/td><td class=\"column-5\">12 de agosto de 2022.<\/td><td class=\"column-6\"><\/td><td class=\"column-7\">Secret\u00e1ria de Educa\u00e7\u00e3o<\/td><td class=\"column-8\">BRASILIA \u2013 DF<\/td><td class=\"column-9\">para participar do 9\u00ba FORUM NACIONAL EXTRAORDIN\u00c1RIO DOS DIRIGENTES MUNICIPAIS EM EDUCA\u00c7\u00c3O<\/td>\n<\/tr>\n<tr class=\"row-105\">\n\t<td class=\"column-1\"><a href=\"https:\/\/pedrovelho.rn.gov.br\/transparente\/index\/portaria-de-diaria-n-242-2022-concede-a-coordenadora-pedagogica-a-sra-adriana-kely-paulo-dantas-de-azevedo-matricula-no-1639-4-e-meia-quatro-e-meia-diarias\/\" rel=\"noopener\" target=\"_blank\">ADRIANA KELY PAULO DANTAS DE AZEVEDO<\/a><\/td><td class=\"column-2\">Di\u00e1ria<\/td><td class=\"column-3\">4 e \u00bd (quatro e meia) di\u00e1rias<\/td><td class=\"column-4\"><\/td><td class=\"column-5\">12 de agosto de 2022.<\/td><td class=\"column-6\"><\/td><td class=\"column-7\">Coordenadora Pedag\u00f3gica<\/td><td class=\"column-8\">BRASILIA \u2013 DF<\/td><td class=\"column-9\">para participar do 9\u00ba FORUM NACIONAL EXTRAORDIN\u00c1RIO DOS DIRIGENTES MUNICIPAIS EM EDUCA\u00c7\u00c3O<\/td>\n<\/tr>\n<tr class=\"row-106\">\n\t<td class=\"column-1\"><a href=\"https:\/\/pedrovelho.rn.gov.br\/transparente\/index\/portaria-de-diaria-n-238-2022-concede-ao-conselheiro-tutelar-o-sr-adriano-de-oliveira-dias-matricula-no-2171-3tres-diarias\/\" rel=\"noopener\" target=\"_blank\">ADRIANO DE OLIVEIRA DIAS<\/a><\/td><td class=\"column-2\">Di\u00e1ria<\/td><td class=\"column-3\">3 (tr\u00eas) di\u00e1rias<\/td><td class=\"column-4\"><\/td><td class=\"column-5\">09 de agosto de 2022.<\/td><td class=\"column-6\"><\/td><td class=\"column-7\">Conselheiro Tutelar<\/td><td class=\"column-8\">AREIA BRANCA \u2013 Rio Grande do Norte.<\/td><td class=\"column-9\">para participar do II SEMINARIO REGIONAL DE CONSELHEIROS E OPERADORES DO SGD POLO COSTA BRANCA\/RN<\/td>\n<\/tr>\n<tr class=\"row-107\">\n\t<td class=\"column-1\"><a href=\"https:\/\/pedrovelho.rn.gov.br\/transparente\/index\/portaria-de-diaria-n-239-2022-concede-ao-conselheiro-tutelar-o-sr-aurelio-rodrigues-barbosa-matricula-no-1510-3tres-diarias\/\" rel=\"noopener\" target=\"_blank\">AURELIO RODRIGUES BARBOSA<\/a><\/td><td class=\"column-2\">Di\u00e1ria<\/td><td class=\"column-3\">3 (tr\u00eas) di\u00e1rias<\/td><td class=\"column-4\"><\/td><td class=\"column-5\">09 de agosto de 2022.<\/td><td class=\"column-6\"><\/td><td class=\"column-7\">Conselheiro Tutelar<\/td><td class=\"column-8\">AREIA BRANCA \u2013 Rio Grande do Norte.<\/td><td class=\"column-9\">para participar do II SEMINARIO REGIONAL DE CONSELHEIROS E OPERADORES DO SGD POLO COSTA BRANCA\/RN<\/td>\n<\/tr>\n<tr class=\"row-108\">\n\t<td class=\"column-1\"><a href=\"https:\/\/pedrovelho.rn.gov.br\/transparente\/index\/portaria-de-diaria-n-240-2022-concede-ao-conselheiro-tutelar-o-sr-henrique-bezerril-neto-matricula-no-1586-3tres-diarias\/\" rel=\"noopener\" target=\"_blank\">HENRIQUE BEZERRIL NETO<\/a><\/td><td class=\"column-2\">Di\u00e1ria<\/td><td class=\"column-3\">3 (tr\u00eas) di\u00e1rias<\/td><td class=\"column-4\"><\/td><td class=\"column-5\">09 de agosto de 2022.<\/td><td class=\"column-6\"><\/td><td class=\"column-7\">Conselheiro Tutelar<\/td><td class=\"column-8\">AREIA BRANCA \u2013 Rio Grande do Norte.<\/td><td class=\"column-9\">para participar do II SEMINARIO REGIONAL DE CONSELHEIROS E OPERADORES DO SGD POLO COSTA BRANCA\/RN<\/td>\n<\/tr>\n<tr class=\"row-109\">\n\t<td class=\"column-1\"><a href=\"https:\/\/pedrovelho.rn.gov.br\/transparente\/index\/portaria-de-diaria-n-228-2022-concede-ao-conselheiro-tutelar-o-sr-henrique-bezerril-neto-matricula-no-1586-1-2-meia-diaria\/\" rel=\"noopener\" target=\"_blank\">HENRIQUE BEZERRIL NETO<\/a><\/td><td class=\"column-2\">Di\u00e1ria<\/td><td class=\"column-3\">1\/2 (meia) di\u00e1ria<\/td><td class=\"column-4\"><\/td><td class=\"column-5\">19 de julho de 2022.<\/td><td class=\"column-6\"><\/td><td class=\"column-7\">Conselheiro Tutelar<\/td><td class=\"column-8\">Natal\/RN<\/td><td class=\"column-9\">para participar do II SEMINARIO DE CAPACITA\u00c7\u00c3O DOS CONSELHEIROS TUTELARES NA ESCOLA DE GOVERNO CENTRO ADMINISTRATIVO DO ESTADO, NATAL\/RN<\/td>\n<\/tr>\n<tr class=\"row-110\">\n\t<td class=\"column-1\"><a href=\"https:\/\/pedrovelho.rn.gov.br\/transparente\/index\/portaria-de-diaria-n-227-2022-concede-a-conselheira-tutelar-sra-gicelia-felix-dos-santos-rodrigues\/\" rel=\"noopener\" target=\"_blank\">GIC\u00c9LIA F\u00c9LIX DOS SANTOS RODRIGUES<\/a><\/td><td class=\"column-2\">Di\u00e1ria<\/td><td class=\"column-3\">1\/2 (meia) di\u00e1ria<\/td><td class=\"column-4\"><\/td><td class=\"column-5\">19 de julho de 2022.<\/td><td class=\"column-6\">19 de julho de 2022.<\/td><td class=\"column-7\">Conselheira Tutelar<\/td><td class=\"column-8\">Natal\/RN<\/td><td class=\"column-9\">para participar do II SEMINARIO DE CAPACITA\u00c7\u00c3O DOS CONSELHEIROS TUTELARES NA ESCOLA DE GOVERNO CENTRO ADMINISTRATIVO DO ESTADO, NATAL\/RN<\/td>\n<\/tr>\n<tr class=\"row-111\">\n\t<td class=\"column-1\"><a href=\"https:\/\/pedrovelho.rn.gov.br\/transparente\/index\/portaria-de-diaria-n-226-2022-concede-ao-conselheiro-tutelar-o-sr-adriano-de-oliveira-dias-matricula-no-2171-1-2-meia-diaria\/\" rel=\"noopener\" target=\"_blank\">ADRIANO DE OLIVEIRA DIAS<\/a><\/td><td class=\"column-2\">Di\u00e1ria<\/td><td class=\"column-3\">1\/2 (meia) di\u00e1ria<\/td><td class=\"column-4\"><\/td><td class=\"column-5\">19 de julho de 2022.<\/td><td class=\"column-6\">19 de julho de 2022.<\/td><td class=\"column-7\">Conselheiro Tutelar<\/td><td class=\"column-8\">Natal\/RN<\/td><td class=\"column-9\">para participar do II SEMINARIO DE CAPACITA\u00c7\u00c3O DOS CONSELHEIROS TUTELARES NA ESCOLA DE GOVERNO CENTRO ADMINISTRATIVO DO ESTADO, NATAL\/RN<\/td>\n<\/tr>\n<tr class=\"row-112\">\n\t<td class=\"column-1\"><a href=\"https:\/\/pedrovelho.rn.gov.br\/transparente\/index\/portaria-de-diaria-n-226-2022-concede-a-conselheira-tutelar-sra-daniela-peixoto-de-franca-matricula-no-918-1-2-meia-diaria\/\" rel=\"noopener\" target=\"_blank\">DANIELA PEIXOTO DE FRANCA<\/a><\/td><td class=\"column-2\">Di\u00e1ria<\/td><td class=\"column-3\">1\/2 (meia) di\u00e1ria<\/td><td class=\"column-4\"><\/td><td class=\"column-5\">19 de julho de 2022.<\/td><td class=\"column-6\">19 de julho de 2022.<\/td><td class=\"column-7\">Conselheira Tutelar<\/td><td class=\"column-8\">Natal\/RN<\/td><td class=\"column-9\">para participar do II SEMINARIO DE CAPACITA\u00c7\u00c3O DOS CONSELHEIROS TUTELARES NA ESCOLA DE GOVERNO CENTRO ADMINISTRATIVO DO ESTADO, NATAL\/RN<\/td>\n<\/tr>\n<tr class=\"row-113\">\n\t<td class=\"column-1\"><a href=\"https:\/\/pedrovelho.rn.gov.br\/transparente\/index\/portaria-de-diaria-n-224-2022-concede-ao-conselheiro-tutelar-o-sr-aurelio-rodrigues-barbosa-matricula-no-1510-1-2-meia-diaria\/\" rel=\"noopener\" target=\"_blank\">AURELIO RODRIGUES BARBOSA<\/a><\/td><td class=\"column-2\">Di\u00e1ria<\/td><td class=\"column-3\">1\/2 (meia) di\u00e1ria<\/td><td class=\"column-4\"><\/td><td class=\"column-5\">19 de julho de 2022.<\/td><td class=\"column-6\">19 de julho de 2022.<\/td><td class=\"column-7\">Conselheiro Tutelar<\/td><td class=\"column-8\">Natal\/RN<\/td><td class=\"column-9\">para participar do II SEMINARIO DE CAPACITA\u00c7\u00c3O DOS CONSELHEIROS TUTELARES NA ESCOLA DE GOVERNO CENTRO ADMINISTRATIVO DO ESTADO, NATAL\/RN<\/td>\n<\/tr>\n<tr class=\"row-114\">\n\t<td class=\"column-1\"><a href=\"https:\/\/pedrovelho.rn.gov.br\/transparente\/index\/portaria-de-diaria-n-223-2022-concede-ao-auxiliar-administrativo-o-sr-soriano-oliveira-dos-santos-matricula-no-9687-3-3-2-tres-meia-diarias\/\" rel=\"noopener\" target=\"_blank\">SORIANO OLIVEIRA DOS SANTOS<\/a><\/td><td class=\"column-2\">Di\u00e1ria<\/td><td class=\"column-3\">3\/2 (tr\u00eas meia) di\u00e1rias<\/td><td class=\"column-4\"><\/td><td class=\"column-5\">19 de julho de 2022.<\/td><td class=\"column-6\"><\/td><td class=\"column-7\">auxiliar administrativo<\/td><td class=\"column-8\">Natal\/RN<\/td><td class=\"column-9\">participar como expositor na 8\u00aa FEMPTUR (Feira dos Munic\u00edpios e Produtos Tur\u00edsticos do RN, que ocorrer\u00e1 nos dias de 21 \u00e0 23 de julho do corrente ano, na cidade de Natal \u2013 Rio Grande do Norte.<\/td>\n<\/tr>\n<tr class=\"row-115\">\n\t<td class=\"column-1\"><a href=\"https:\/\/pedrovelho.rn.gov.br\/transparente\/index\/portaria-de-diaria-n-222-2022-concede-ao-secretario-de-turismo-o-sr-tiago-jose-deque-de-souza-matricula-no-1724-3-3-2-tres-meia-diarias\/\" rel=\"noopener\" target=\"_blank\">TIAGO JOS\u00c9 DEQUE DE SOUZA<\/a><\/td><td class=\"column-2\">Di\u00e1ria<\/td><td class=\"column-3\">3\/2 (tr\u00eas meia) di\u00e1rias<\/td><td class=\"column-4\"><\/td><td class=\"column-5\">19 de julho de 2022.<\/td><td class=\"column-6\"><\/td><td class=\"column-7\">secret\u00e1rio adjunto de turismo<\/td><td class=\"column-8\">Natal\/RN<\/td><td class=\"column-9\">participar como expositor na 8\u00aa FEMPTUR (Feira dos Munic\u00edpios e Produtos Tur\u00edsticos do RN, que ocorrer\u00e1 nos dias de 21 \u00e0 23 de julho do corrente ano, na cidade de Natal \u2013 Rio Grande do Norte.<\/td>\n<\/tr>\n<tr class=\"row-116\">\n\t<td class=\"column-1\"><a href=\"https:\/\/pedrovelho.rn.gov.br\/transparente\/index\/portaria-de-diaria-n-221-2022-concede-ao-secretario-de-turismo-o-sr-rodolfo-ribeiro-lima-de-azevedo-matricula-no-8656-2-3-2-tres-meia-diarias\/\" rel=\"noopener\" target=\"_blank\">RODOLFO RIBEIRO LIMA DE AZEVEDO<\/a><\/td><td class=\"column-2\">Di\u00e1ria<\/td><td class=\"column-3\">3\/2 (tr\u00eas meia) di\u00e1rias<\/td><td class=\"column-4\"><\/td><td class=\"column-5\">19 de julho de 2022.<\/td><td class=\"column-6\"><\/td><td class=\"column-7\">secret\u00e1rio de turismo<\/td><td class=\"column-8\">Natal\/RN<\/td><td class=\"column-9\">participar como expositor na 8\u00aa FEMPTUR (Feira dos Munic\u00edpios e Produtos Tur\u00edsticos do RN, que ocorrer\u00e1 nos dias de 21 \u00e0 23 de julho do corrente ano, na cidade de Natal \u2013 Rio Grande do Norte.<\/td>\n<\/tr>\n<tr class=\"row-117\">\n\t<td class=\"column-1\"><a href=\"https:\/\/pedrovelho.rn.gov.br\/transparente\/index\/portaria-no-13-2022-secadm-concede-ao-servidor-da-prefeitura-municipal-tiago-jose-deque-de-souza-maximo-matricula-no-001724-1-lotado-na-prefeitura-municipal-de-pedro-velho-rn-ocupante-do-cargo-de\/\" rel=\"noopener\" target=\"_blank\">TIAGO JOS\u00c9 DEQUE DE SOUZA M\u00c1XIMO<\/a><\/td><td class=\"column-2\">Di\u00e1ria<\/td><td class=\"column-3\">01 (UMA) MEIA DI\u00c1RIA<\/td><td class=\"column-4\"><\/td><td class=\"column-5\">21 de fevereiro de 2022<\/td><td class=\"column-6\">21 de fevereiro de 2022<\/td><td class=\"column-7\">SECRET\u00c1RIO DE TURISMO<\/td><td class=\"column-8\">Serra Caiada\/RN<\/td><td class=\"column-9\">para de conformidade com a solicita\u00e7\u00e3o participar da XXXV Reuni\u00e3o Ordin\u00e1ria do Conselho Regional de Turismo do Polo Agreste Trairi<\/td>\n<\/tr>\n<tr class=\"row-118\">\n\t<td class=\"column-1\"><a href=\"https:\/\/pedrovelho.rn.gov.br\/transparente\/index\/portaria-no-11-2022-secadm-concede-a-servidora-da-prefeitura-municipal-cintya-bezerril-marques-de-oliveira-matricula-no-6246-1-lotada-na-secretaria-municipal-de-assistencia-social-da-prefeitura-mu\/\" rel=\"noopener\" target=\"_blank\">CINTYA BEZERRIL MARQUES DE OLIVEIRA<\/a><\/td><td class=\"column-2\">Di\u00e1ria<\/td><td class=\"column-3\">03 (TREIS) DI\u00c1RIAS<\/td><td class=\"column-4\"><\/td><td class=\"column-5\">10 de fevereiro de 2022.<\/td><td class=\"column-6\"><\/td><td class=\"column-7\">Secret\u00e1ria Municipal de Assist\u00eancia Social<\/td><td class=\"column-8\">Recife\/PE<\/td><td class=\"column-9\">para de conformidade com a solicita\u00e7\u00e3o participar da I Jornada Nacional da Pol\u00edtica de Assist\u00eancia Social: Suas x Cofinanciamento \u2013 Desafios dos Munic\u00edpios na Continuidade da Oferta\/Amplia\u00e7\u00e3o das A\u00e7\u00f5es Socioassistenciais<\/td>\n<\/tr>\n<tr class=\"row-119\">\n\t<td class=\"column-1\"><a href=\"https:\/\/pedrovelho.rn.gov.br\/transparente\/index\/portaria-no-10-2022-secadm-concede-a-servidora-da-prefeitura-municipal-dejerlane-macedo-matricula-no-01637-1-lotado-na-prefeitura-municipal-de-pedro-velho-rn\/\" rel=\"noopener\" target=\"_blank\">DEJERLANE MACEDO<\/a><\/td><td class=\"column-2\">Di\u00e1ria<\/td><td class=\"column-3\">03 (TREIS) DI\u00c1RIAS<\/td><td class=\"column-4\"><\/td><td class=\"column-5\">10 de fevereiro de 2022.<\/td><td class=\"column-6\"><\/td><td class=\"column-7\">PREFEITA MUNICIPAL<\/td><td class=\"column-8\">Recife\/PE<\/td><td class=\"column-9\">para de conformidade com a solicita\u00e7\u00e3o participar da I Jornada Nacional da Pol\u00edtica de Assist\u00eancia Social: Suas x Cofinanciamento \u2013 Desafios dos Munic\u00edpios na Continuidade da Oferta\/Amplia\u00e7\u00e3o das A\u00e7\u00f5es Socioassistenciais<\/td>\n<\/tr>\n<tr class=\"row-120\">\n\t<td class=\"column-1\"><a href=\"https:\/\/pedrovelho.rn.gov.br\/transparente\/index\/portaria-no-12-2022-secadm-concede-a-servidora-da-prefeitura-municipal-maria-do-carmo-calixto-de-souza-matricula-no-6270-1-lotada-na-secretaria-municipal-de-assistencia-social-da-prefeitura-munici\/\" rel=\"noopener\" target=\"_blank\">MARIA DO CARMO CALIXTO DE SOUZA<\/a><\/td><td class=\"column-2\">Di\u00e1ria<\/td><td class=\"column-3\">03 (TREIS) DI\u00c1RIAS<\/td><td class=\"column-4\"><\/td><td class=\"column-5\">10 de fevereiro de 2022.<\/td><td class=\"column-6\"><\/td><td class=\"column-7\">Coordenadora da Vigil\u00e2ncia Social<\/td><td class=\"column-8\">Recife\/PE<\/td><td class=\"column-9\">para de conformidade com a solicita\u00e7\u00e3o participar da I Jornada Nacional da Pol\u00edtica de Assist\u00eancia Social: Suas x Cofinanciamento \u2013 Desafios dos Munic\u00edpios na Continuidade da Oferta\/Amplia\u00e7\u00e3o das A\u00e7\u00f5es Socioassistenciais<\/td>\n<\/tr>\n<tr class=\"row-121\">\n\t<td class=\"column-1\"><a href=\"https:\/\/pedrovelho.rn.gov.br\/transparente\/index\/portaria-no-09-2022-secadm-concede-ao-servidor-da-prefeitura-municipal-anailson-ramalho-da-silva-matricula-no-006831-1-lotado-na-prefeitura-municipal-de-pedro-velho-rn-ocupante-do-cargo-de-secret\/\" rel=\"noopener\" target=\"_blank\">ANAILSON RAMALHO DA SILVA<\/a><\/td><td class=\"column-2\">Di\u00e1ria<\/td><td class=\"column-3\">02 (DUAS) DI\u00c1RIAS<\/td><td class=\"column-4\"><\/td><td class=\"column-5\">19 de janeiro de 2022.<\/td><td class=\"column-6\"><\/td><td class=\"column-7\">SECRET\u00c1RIO MUNICIPAL DE FINAN\u00c7AS<\/td><td class=\"column-8\">Campos do Jord\u00e3o\/SP<\/td><td class=\"column-9\">para custear despesas com alimenta\u00e7\u00e3o, deslocamento urbano e hospedagem, durante sua perman\u00eancia na cidade Campos do Jord\u00e3o\/SP, no per\u00edodo de 27\/01\/2022 \u00e0 28\/01\/2022, para de conformidade com a solicita\u00e7\u00e3o participar do Curso de Dispensa e Inexigibilidade de Licita\u00e7\u00e3o na Nova Lei de Licita\u00e7\u00e3o e Contratos<\/td>\n<\/tr>\n<tr class=\"row-122\">\n\t<td class=\"column-1\"><a href=\"https:\/\/pedrovelho.rn.gov.br\/transparente\/index\/portaria-no-08-2022-secadm-concede-ao-servidor-da-prefeitura-municipal-marconi-vieira-da-silva-matricula-no-009997-1-lotado-na-prefeitura-municipal-de-pedro-velho-rn-ocupante-do-cargo-de-secretar\/\" rel=\"noopener\" target=\"_blank\">MARCONI VIEIRA DA SILVA<\/a><\/td><td class=\"column-2\">Di\u00e1ria<\/td><td class=\"column-3\">02 (DUAS) DI\u00c1RIAS<\/td><td class=\"column-4\"><\/td><td class=\"column-5\">18 DE JANEIRO DE 2022<\/td><td class=\"column-6\"><\/td><td class=\"column-7\">SECRET\u00c1RIO DE OBRAS E SERVI\u00c7OS URBANOS<\/td><td class=\"column-8\">Campos do Jord\u00e3o\/SP<\/td><td class=\"column-9\">para de conformidade com a solicita\u00e7\u00e3o participar do Curso de Dispensa e Inexigibilidade de Licita\u00e7\u00e3o na Nova Lei de Licita\u00e7\u00e3o e Contratos, na Cidade de Campos do Jord\u00e3o\/SP.<\/td>\n<\/tr>\n<tr class=\"row-123\">\n\t<td class=\"column-1\"><a href=\"https:\/\/pedrovelho.rn.gov.br\/transparente\/index\/portaria-no-07-2022-secadm-concede-a-servidora-da-prefeitura-municipal-samadah-carolina-lima-bezerril-matricula-no-009920-1-lotada-na-prefeitura-municipal-de-pedro-velho-rn-ocupante-do-cargo-de-s\/\" rel=\"noopener\" target=\"_blank\">SAMADAH CAROLINA LIMA BEZERRIL<\/a><\/td><td class=\"column-2\">Di\u00e1ria<\/td><td class=\"column-3\">02 (DUAS) DI\u00c1RIAS<\/td><td class=\"column-4\"><\/td><td class=\"column-5\">18 DE JANEIRO DE 2022<\/td><td class=\"column-6\"><\/td><td class=\"column-7\">SECRET\u00c1RIA DE SA\u00daDE<\/td><td class=\"column-8\">Campos do Jord\u00e3o\/SP<\/td><td class=\"column-9\">para de conformidade com a solicita\u00e7\u00e3o participar do Curso de Dispensa e Inexigibilidade de Licita\u00e7\u00e3o na Nova Lei de Licita\u00e7\u00e3o e Contratos, na Cidade de Campos do Jord\u00e3o\/SP.<\/td>\n<\/tr>\n<tr class=\"row-124\">\n\t<td class=\"column-1\"><a href=\"https:\/\/pedrovelho.rn.gov.br\/transparente\/index\/portaria-no-06-2022-secadm-concede-ao-servidor-da-prefeitura-municipal-andre-rogerio-policia-mendes-matricula-no-002925-1-lotado-na-prefeitura-municipal-de-pedro-velho-rn-ocupante-do-cargo-de-pre\/\" rel=\"noopener\" target=\"_blank\">ANDR\u00c9 ROG\u00c9RIO POLICIA MENDES<\/a><\/td><td class=\"column-2\">Di\u00e1ria<\/td><td class=\"column-3\">02 (DUAS) DI\u00c1RIAS<\/td><td class=\"column-4\"><\/td><td class=\"column-5\">18 DE JANEIRO DE 2022<\/td><td class=\"column-6\"><\/td><td class=\"column-7\">PREGOEIRO<\/td><td class=\"column-8\">Campos do Jord\u00e3o\/SP<\/td><td class=\"column-9\">para de conformidade com a solicita\u00e7\u00e3o participar do Curso de Dispensa e Inexigibilidade de Licita\u00e7\u00e3o na Nova Lei de Licita\u00e7\u00e3o e Contratos, na Cidade de Campos do Jord\u00e3o\/SP.<\/td>\n<\/tr>\n<tr class=\"row-125\">\n\t<td class=\"column-1\"><a href=\"https:\/\/pedrovelho.rn.gov.br\/transparente\/index\/portaria-no-05-2022-secadm-concede-ao-servidor-da-prefeitura-municipal-francisco-claudio-de-lima-matricula-no-008958-1-lotado-na-prefeitura-municipal-de-pedro-velho-rn-ocupante-do-cargo-de-chefe\/\" rel=\"noopener\" target=\"_blank\">FRANCISCO CL\u00c1UDIO DE LIMA<\/a><\/td><td class=\"column-2\">Di\u00e1ria<\/td><td class=\"column-3\">02 (DUAS) DI\u00c1RIAS<\/td><td class=\"column-4\"><\/td><td class=\"column-5\">18 DE JANEIRO DE 2022<\/td><td class=\"column-6\"><\/td><td class=\"column-7\">CHEFE DE GABINETE<\/td><td class=\"column-8\">Campos do Jord\u00e3o\/SP<\/td><td class=\"column-9\">para de conformidade com a solicita\u00e7\u00e3o participar do Curso de Dispensa e Inexigibilidade de Licita\u00e7\u00e3o na Nova Lei de Licita\u00e7\u00e3o e Contratos, na Cidade de Campos do Jord\u00e3o\/SP.<\/td>\n<\/tr>\n<tr class=\"row-126\">\n\t<td class=\"column-1\"><a href=\"https:\/\/pedrovelho.rn.gov.br\/transparente\/index\/portaria-no-04-2022-secadm-conceder-a-servidora-da-prefeitura-municipal-dejerlane-macedo-matricula-no-01637-1-lotado-na-prefeitura-municipal-de-pedro-velho-rn-ocupante-do-cargo-de-prefeita-munici\/\" rel=\"noopener\" target=\"_blank\">DEJERLANE MACEDO<\/a><\/td><td class=\"column-2\">Di\u00e1ria<\/td><td class=\"column-3\">02 (DUAS) DI\u00c1RIAS<\/td><td class=\"column-4\"><\/td><td class=\"column-5\">18 DE JANEIRO DE 2022<\/td><td class=\"column-6\"><\/td><td class=\"column-7\">PREFEITA MUNICIPAL<\/td><td class=\"column-8\">Campos do Jord\u00e3o\/SP<\/td><td class=\"column-9\">para de conformidade com a solicita\u00e7\u00e3o participar do Curso de Dispensa e Inexigibilidade de Licita\u00e7\u00e3o na Nova Lei de Licita\u00e7\u00e3o e Contratos, na Cidade de Campos do Jord\u00e3o\/SP.<\/td>\n<\/tr>\n<tr class=\"row-127\">\n\t<td class=\"column-1\"><a href=\"https:\/\/pedrovelho.rn.gov.br\/transparente\/index\/portaria-no-01-2022-secadm-concede-ao-servidor-da-prefeitura-municipal-de-pedro-velho-marcos-antonio-de-lima-teixeira-matricula-no-8702-1-lotado-na-prefeitura-municipal-de-pedro-velho-rn-ocupante\/\" rel=\"noopener\" target=\"_blank\">MARCOS ANT\u00d4NIO DE LIMA TEIXEIRA<\/a><\/td><td class=\"column-2\">Di\u00e1ria<\/td><td class=\"column-3\">01 (UMA) DI\u00c1RIA<\/td><td class=\"column-4\"><\/td><td class=\"column-5\">11 de janeiro de 2022<\/td><td class=\"column-6\">11 de janeiro de 2022<\/td><td class=\"column-7\">Secret\u00e1rio de Cultura, Esporte e Lazer<\/td><td class=\"column-8\">Carnaubais\/RN<\/td><td class=\"column-9\">para custear despesas com alimenta\u00e7\u00e3o, deslocamento urbano e hospedagem, durante sua perman\u00eancia na cidade de Carnaubais\/RN, no dia 15\/01\/2022, com retorno previsto para o dia 16\/01\/2022, para de conformidade com a solicita\u00e7\u00e3o acompanhar equipe Associa\u00e7\u00e3o Desportiva Novo Vila, no Campeonato Estadual de Sal\u00e3o, na cidade de Carnaubais\/RN.<\/td>\n<\/tr>\n<tr class=\"row-128\">\n\t<td class=\"column-1\"><a href=\"https:\/\/pedrovelho.rn.gov.br\/transparente\/index\/portaria-no-02-2022-secadm-concede-ao-servidor-da-prefeitura-municipal-de-pedro-velho-severino-do-ramo-de-almeida-matricula-no-1988-1-lotado-na-prefeitura-municipal-de-pedro-velho-rn-ocupante-do\/\" rel=\"noopener\" target=\"_blank\">SEVERINO DO RAMO DE ALMEIDA<\/a><\/td><td class=\"column-2\">Di\u00e1ria<\/td><td class=\"column-3\">01 (UMA) DI\u00c1RIA<\/td><td class=\"column-4\"><\/td><td class=\"column-5\">11 de janeiro de 2022<\/td><td class=\"column-6\">11 de janeiro de 2022<\/td><td class=\"column-7\">Chefe de Unidade de Esportes Femininos<\/td><td class=\"column-8\">Carnaubais\/RN<\/td><td class=\"column-9\">para custear despesas com alimenta\u00e7\u00e3o, deslocamento urbano e hospedagem, durante sua perman\u00eancia na cidade de Carnaubais\/RN, no dia 15\/01\/2022, com retorno previsto para o dia 16\/01\/2022, para de conformidade com a solicita\u00e7\u00e3o acompanhar equipe Associa\u00e7\u00e3o Desportiva Novo Vila, no Campeonato Estadual de Sal\u00e3o, na cidade de Carnaubais\/RN.<\/td>\n<\/tr>\n<tr class=\"row-129\">\n\t<td class=\"column-1\"><a href=\"https:\/\/pedrovelho.rn.gov.br\/transparente\/index\/portaria-no-03-2022-secadm-concede-ao-servidor-da-prefeitura-municipal-de-pedro-velho-leonardo-maximo-de-souza-matricula-no-6718-1-lotado-na-prefeitura-municipal-de-pedro-velho-rn-ocupante-do-car\/\" rel=\"noopener\" target=\"_blank\">LEONARDO M\u00c1XIMO DE SOUZA<\/a><\/td><td class=\"column-2\">Di\u00e1ria<\/td><td class=\"column-3\">01 (UMA) DI\u00c1RIA<\/td><td class=\"column-4\"><\/td><td class=\"column-5\">11 de janeiro de 2022<\/td><td class=\"column-6\"><\/td><td class=\"column-7\">Chefe de Unidade de Esportes Marculinos<\/td><td class=\"column-8\">Carnaubais\/RN<\/td><td class=\"column-9\">para custear despesas com alimenta\u00e7\u00e3o, deslocamento urbano e hospedagem, durante sua perman\u00eancia na cidade de Carnaubais\/RN, no dia 15\/01\/2022, com retorno previsto para o dia 16\/01\/2022, para de conformidade com a solicita\u00e7\u00e3o acompanhar equipe Associa\u00e7\u00e3o Desportiva Novo Vila, no Campeonato Estadual de Sal\u00e3o, na cidade de Carnaubais\/RN.<\/td>\n<\/tr>\n<tr class=\"row-130\">\n\t<td class=\"column-1\"><a href=\"https:\/\/pedrovelho.rn.gov.br\/transparente\/index\/20455-2\/\">IRACI DE SENA<\/a><\/td><td class=\"column-2\">Di\u00e1ria<\/td><td class=\"column-3\">03 (TR\u00caS) DI\u00c1RIAS<\/td><td class=\"column-4\"><\/td><td class=\"column-5\">29 de novembro de 2021<\/td><td class=\"column-6\"><\/td><td class=\"column-7\">PROFESSORA<\/td><td class=\"column-8\">Martins\/RN<\/td><td class=\"column-9\">para de conformidade com a solicita\u00e7\u00e3o participar do III Semin\u00e1rio Undime \u2013 Acolhimento e Planejamento das A\u00e7\u00f5es do Ano Letivo de 2022<\/td>\n<\/tr>\n<tr class=\"row-131\">\n\t<td class=\"column-1\"><a href=\"https:\/\/pedrovelho.rn.gov.br\/transparente\/index\/portaria-no16-2021-secadm-concede-diaria-ao-servidor-que-especifica-e-da-outras-providencias\/\">TIAGO JOS\u00c9 DEQUE DE SOUZA M\u00c1XIMO<\/a><\/td><td class=\"column-2\">Di\u00e1ria<\/td><td class=\"column-3\">01 (UMA) MEIA DI\u00c1RIA<\/td><td class=\"column-4\"><\/td><td class=\"column-5\">02 de dezembro de 2021<\/td><td class=\"column-6\"><\/td><td class=\"column-7\">Secret\u00e1rio de Turismo e Eventos<\/td><td class=\"column-8\">Santa Cruz\/RN<\/td><td class=\"column-9\">para de conformidade com a solicita\u00e7\u00e3o participar do Semin\u00e1rio de Turismo 2021 \u2013 A F\u00e9 n\u00e3o Costuma Fai\u00e1 \u2013 Local: Santu\u00e1rio de Santa Rita de C\u00e1ssia, na cidade de Santa Cruz\/RN<\/td>\n<\/tr>\n<tr class=\"row-132\">\n\t<td class=\"column-1\"><a href=\"https:\/\/pedrovelho.rn.gov.br\/transparente\/index\/portaria-no-15-2021-secadm-concede-a-servidora-da-prefeitura-municipal-de-pedro-velho-rn-marcia-maria-de-lima-matricula-no-008796-1-lotado-na-prefeitura-municipal-de-pedro-velho-rn-ocupante-do-c\/\">MARCIA MARIA DE LIMA<\/a><\/td><td class=\"column-2\">Di\u00e1ria<\/td><td class=\"column-3\">03 (TR\u00caS) DI\u00c1RIAS<\/td><td class=\"column-4\"><\/td><td class=\"column-5\">25 DE NOVEMBRO DE 2021<\/td><td class=\"column-6\"><\/td><td class=\"column-7\">Secretaria Municipal de Educa\u00e7\u00e3o<\/td><td class=\"column-8\">Martins\/RN<\/td><td class=\"column-9\">para custear despesas com alimenta\u00e7\u00e3o, deslocamento urbano e hospedagem, durante sua perman\u00eancia na cidade de Martins\/RN, no per\u00edodo de 01\/12\/2021 \u00e0 03\/12\/2021, para de conformidade com a solicita\u00e7\u00e3o participar do III Semin\u00e1rio Undime \u2013 Acolhimento e Planejamento das A\u00e7\u00f5es do Ano Letivo de 2022<\/td>\n<\/tr>\n<tr class=\"row-133\">\n\t<td class=\"column-1\"><a href=\"https:\/\/pedrovelho.rn.gov.br\/transparente\/index\/portaria-no-13-2021-secadm-concede-ao-servidor-da-prefeitura-municipal-francisco-claudio-de-lima-matricula-no-008958-1-lotado-na-prefeitura-municipal-de-pedro-velho-rn\/\">FRANCISCO CL\u00c1UDIO DE LIMA<\/a><\/td><td class=\"column-2\">Di\u00e1ria<\/td><td class=\"column-3\">03 (TR\u00caS) DI\u00c1RIAS<\/td><td class=\"column-4\"><\/td><td class=\"column-5\">04 DE NOVEMBRO DE 2021<\/td><td class=\"column-6\"><\/td><td class=\"column-7\">CHEFE DE GABINETE<\/td><td class=\"column-8\">Rio de Janeiro\/RJ.<\/td><td class=\"column-9\">para custear despesas com alimenta\u00e7\u00e3o, deslocamento urbano, durante sua perman\u00eancia na cidade do Rio de Janeiro\/RJ, no per\u00edodo de 17\/11\/2021 \u00e0 19\/11\/2021, para de conformidade com a solicita\u00e7\u00e3o participar do Curso de Elabora\u00e7\u00e3o de Estudos T\u00e9cnico Preliminares, Termo de Refer\u00eancia, Projeto B\u00e1sico e a Nova Lei de Licita\u00e7\u00e3o<\/td>\n<\/tr>\n<tr class=\"row-134\">\n\t<td class=\"column-1\"><a href=\"https:\/\/pedrovelho.rn.gov.br\/transparente\/index\/portaria-no-12-2021-secadm-concede-ao-servidor-da-prefeitura-municipal-andre-rogerio-policia-mendes-matricula-no-002925-1-lotado-na-prefeitura-municipal-de-pedro-velho-rn\/\">ANDR\u00c9 ROG\u00c9RIO POLICIA MENDES<\/a><\/td><td class=\"column-2\">Di\u00e1ria<\/td><td class=\"column-3\">03 (TR\u00caS) DI\u00c1RIAS<\/td><td class=\"column-4\"><\/td><td class=\"column-5\">04 DE NOVEMBRO DE 2021<\/td><td class=\"column-6\"><\/td><td class=\"column-7\">PREGOEIRO<\/td><td class=\"column-8\">Rio de Janeiro\/RJ.<\/td><td class=\"column-9\">para custear despesas com alimenta\u00e7\u00e3o, deslocamento urbano, durante sua perman\u00eancia na cidade do Rio de Janeiro\/RJ, no per\u00edodo de 17\/11\/2021 \u00e0 19\/11\/2021, para de conformidade com a solicita\u00e7\u00e3o participar do Curso de Elabora\u00e7\u00e3o de Estudos T\u00e9cnico Preliminares, Termo de Refer\u00eancia, Projeto B\u00e1sico e a Nova Lei de Licita\u00e7\u00e3o<\/td>\n<\/tr>\n<tr class=\"row-135\">\n\t<td class=\"column-1\"><a href=\"https:\/\/pedrovelho.rn.gov.br\/transparente\/index\/portaria-no-11-2021-secadm-concede-a-servidor-da-prefeitura-municipal-de-pedro-velho-carlos-luiz-galvao-matricula-no-005037-1-lotado-na-prefeitura-municipal-de-pedro-velho-rn\/\">CARLOS LUIZ GALV\u00c3O<\/a><\/td><td class=\"column-2\">Di\u00e1ria<\/td><td class=\"column-3\">03 (TR\u00caS) DI\u00c1RIAS<\/td><td class=\"column-4\"><\/td><td class=\"column-5\">04 DE NOVEMBRO DE 2021<\/td><td class=\"column-6\"><\/td><td class=\"column-7\">Secret\u00e1rio Municipal de Sa\u00fade<\/td><td class=\"column-8\">Rio de Janeiro\/RJ.<\/td><td class=\"column-9\">para custear despesas com alimenta\u00e7\u00e3o, deslocamento urbano, durante sua perman\u00eancia na cidade do Rio de Janeiro\/RJ, no per\u00edodo de 17\/11\/2021 \u00e0 19\/11\/2021, para de conformidade com a solicita\u00e7\u00e3o participar do Curso de Elabora\u00e7\u00e3o de Estudos T\u00e9cnico Preliminares, Termo de Refer\u00eancia, Projeto B\u00e1sico e a Nova Lei de Licita\u00e7\u00e3o<\/td>\n<\/tr>\n<tr class=\"row-136\">\n\t<td class=\"column-1\"><a href=\"https:\/\/pedrovelho.rn.gov.br\/transparente\/index\/portaria-no-14-2021-secadm-concede-a-servidor-da-prefeitura-municipal-de-pedro-velho-anailson-ramalho-da-silva-matricula-no-006831-1-lotado-na-prefeitura-municipal-de-pedro-velho-rn\/\">ANAILSON RAMALHO DA SILVA<\/a><\/td><td class=\"column-2\">Di\u00e1ria<\/td><td class=\"column-3\">03 (TR\u00caS) DI\u00c1RIAS<\/td><td class=\"column-4\"><\/td><td class=\"column-5\">04 DE NOVEMBRO DE 2021<\/td><td class=\"column-6\"><\/td><td class=\"column-7\">Secret\u00e1rio Municipal de Finan\u00e7as<\/td><td class=\"column-8\">Rio de Janeiro\/RJ.<\/td><td class=\"column-9\">para custear despesas com alimenta\u00e7\u00e3o, deslocamento urbano, durante sua perman\u00eancia na cidade do Rio de Janeiro\/RJ, no per\u00edodo de 17\/11\/2021 \u00e0 19\/11\/2021, para de conformidade com a solicita\u00e7\u00e3o participar do Curso de Elabora\u00e7\u00e3o de Estudos T\u00e9cnico Preliminares, Termo de Refer\u00eancia, Projeto B\u00e1sico e a Nova Lei de Licita\u00e7\u00e3o<\/td>\n<\/tr>\n<tr class=\"row-137\">\n\t<td class=\"column-1\"><a href=\"https:\/\/pedrovelho.rn.gov.br\/transparente\/index\/portaria-no-010-2021-secadm-concede-a-servidora-da-prefeitura-municipal-de-pedro-velho-cintya-bezerril-marques-de-oliveira-matricula-no-6246-1-lotada-na-secretaria-municipal-de-assistencia-social\/\" rel=\"noopener\" target=\"_blank\">Cintya Bezerril Marques de Oliveira<\/a><\/td><td class=\"column-2\">Di\u00e1ria<\/td><td class=\"column-3\">02 (DUAS) MEIA DI\u00c1RIAS<\/td><td class=\"column-4\"><\/td><td class=\"column-5\">26 DE OUTUBRO DE 2021<\/td><td class=\"column-6\"><\/td><td class=\"column-7\">SECRETARIA MUNICIPAL DE ASSIST\u00caNCIA SOCIAL<\/td><td class=\"column-8\">Natal\/RN<\/td><td class=\"column-9\">para custear despesas com alimenta\u00e7\u00e3o, deslocamento urbano, durante sua perman\u00eancia na cidade de Natal, no dia 28 e 29\/10\/2021, para de conformidade com a solicita\u00e7\u00e3o participar da XIII Confer\u00eancia Estadual de Assist\u00eancia Social<\/td>\n<\/tr>\n<tr class=\"row-138\">\n\t<td class=\"column-1\"><a href=\"https:\/\/pedrovelho.rn.gov.br\/transparente\/index\/portaria-no-09-2021-secadm-concede-ao-servidor-da-prefeitura-municipal-de-pedro-velho-matheus-erysson-maximo-lira-matricula-no-007323-1-lotado-na-prefeitura-municipal-de-pedro-velho-rn-ocupante\/\">MATHEUS ERYSSON M\u00c1XIMO LIRA<\/a><\/td><td class=\"column-2\">Di\u00e1ria<\/td><td class=\"column-3\">02 (DUAS) DI\u00c1RIAS<\/td><td class=\"column-4\"><\/td><td class=\"column-5\">15 de setembro de 2021<\/td><td class=\"column-6\"><\/td><td class=\"column-7\">Auxiliar Administrativo da Sec. de Turismo<\/td><td class=\"column-8\">Natal\/RN<\/td><td class=\"column-9\">para de conformidade com a solicita\u00e7\u00e3o participar. Do 7\u00ba FEMPTUR \u2013 Feira dos Munic\u00edpios e Produtos Tur\u00edsticos<\/td>\n<\/tr>\n<tr class=\"row-139\">\n\t<td class=\"column-1\"><a href=\"https:\/\/pedrovelho.rn.gov.br\/transparente\/index\/portaria-no-08-2021-secadm-concede-a-servidora-da-prefeitura-municipal-de-pedro-velho-mayara-lemos-barbosa-carneiro-matricula-no-008893-1-lotado-na-prefeitura-municipal-de-pedro-velho-rn\/\">MAYARA LEMOS BARBOSA CARNEIRO<\/a><\/td><td class=\"column-2\">Di\u00e1ria<\/td><td class=\"column-3\">02 (DUAS) DI\u00c1RIAS<\/td><td class=\"column-4\"><\/td><td class=\"column-5\">15 de setembro de 2021<\/td><td class=\"column-6\"><\/td><td class=\"column-7\">Secretaria Municipal de Turismo<\/td><td class=\"column-8\">Natal\/RN<\/td><td class=\"column-9\">para de conformidade com a solicita\u00e7\u00e3o participar. Do 7\u00ba FEMPTUR \u2013 Feira dos Munic\u00edpios e Produtos Tur\u00edsticos<\/td>\n<\/tr>\n<tr class=\"row-140\">\n\t<td class=\"column-1\"><a href=\"https:\/\/pedrovelho.rn.gov.br\/transparente\/index\/portaria-no-07-2021-secadm-concede-ao-servidor-da-prefeitura-municipal-andre-rogerio-policia-mendes-matricula-no-002925-1-lotado-na-prefeitura-municipal-de-pedro-velho-rn-ocupante-do-cargo-de-pre\/\">ANDR\u00c9 ROG\u00c9RIO POLICIA MENDES<\/a><\/td><td class=\"column-2\">Di\u00e1ria<\/td><td class=\"column-3\">(03) di\u00e1rias<\/td><td class=\"column-4\"><\/td><td class=\"column-5\">18 DE AGOSTO DE 2021<\/td><td class=\"column-6\"><\/td><td class=\"column-7\">PREGOEIRO<\/td><td class=\"column-8\">BRAS\u00cdLIA\/DF<\/td><td class=\"column-9\">para de conformidade com a solicita\u00e7\u00e3o participar: CURSO A NOVA LEI DE LICITA\u00c7\u00d5ES (LEI N\u00b0 14.133\/2021) \u2013 O QUE MUDA EM COMPARA\u00c7\u00c3O \u00c0 LEI N\u00b0 8.666\/1993.<\/td>\n<\/tr>\n<tr class=\"row-141\">\n\t<td class=\"column-1\"><a href=\"https:\/\/pedrovelho.rn.gov.br\/transparente\/index\/portaria-no-06-2021-secadm-concede-ao-servidor-da-prefeitura-municipal-francisco-claudio-de-lima-matricula-no-008958-1-lotado-na-prefeitura-municipal-de-pedro-velho-rn-ocupante-do-cargo-de-chefe\/\">FRANCISCO CL\u00c1UDIO DE LIMA<\/a><\/td><td class=\"column-2\">Di\u00e1ria<\/td><td class=\"column-3\">(03) di\u00e1rias<\/td><td class=\"column-4\"><\/td><td class=\"column-5\">18 DE AGOSTO DE 2021<\/td><td class=\"column-6\"><\/td><td class=\"column-7\">CHEFE DE GABINETE<\/td><td class=\"column-8\">BRAS\u00cdLIA\/DF<\/td><td class=\"column-9\">para de conformidade com a solicita\u00e7\u00e3o participar: CURSO A NOVA LEI DE LICITA\u00c7\u00d5ES (LEI N\u00b0 14.133\/2021) \u2013 O QUE MUDA EM COMPARA\u00c7\u00c3O \u00c0 LEI N\u00b0 8.666\/1993 .<\/td>\n<\/tr>\n<tr class=\"row-142\">\n\t<td class=\"column-1\"><a href=\"https:\/\/pedrovelho.rn.gov.br\/transparente\/index\/portaria-no-05-2021-secadm-concede-a-servidora-da-prefeitura-municipal-de-pedro-velho-amanda-cardoso-de-lima-matricula-no001722-2-lotado-na-prefeitura-municipal-de-pedro-velho-rn-ocupante-do-car\/\">AMANDA CARDOSO DE LIMA<\/a><\/td><td class=\"column-2\">Di\u00e1ria<\/td><td class=\"column-3\">(03) di\u00e1rias<\/td><td class=\"column-4\"><\/td><td class=\"column-5\">18 DE AGOSTO DE 2021<\/td><td class=\"column-6\"><\/td><td class=\"column-7\">Coordenadora Administrativa<\/td><td class=\"column-8\">Natal\/RN<\/td><td class=\"column-9\">para de conformidade com a solicita\u00e7\u00e3o participar. Do Semin\u00e1rio Hibrido da Undime na cidade de Natal\/RN<\/td>\n<\/tr>\n<tr class=\"row-143\">\n\t<td class=\"column-1\"><a href=\"https:\/\/pedrovelho.rn.gov.br\/transparente\/index\/portaria-no-04-2021-secadm-concede-a-servidora-da-prefeitura-municipal-de-pedro-velho-marcia-maria-de-lima-matricula-no-008796-1-lotado-na-prefeitura-municipal-de-pedro-velho-rn-ocupante-do-carg\/\">MARCIA MARIA DE LIMA<\/a><\/td><td class=\"column-2\">Di\u00e1ria<\/td><td class=\"column-3\">(03) di\u00e1rias<\/td><td class=\"column-4\"><\/td><td class=\"column-5\">18 DE AGOSTO DE 2021<\/td><td class=\"column-6\"><\/td><td class=\"column-7\">Secretaria Municipal de Educa\u00e7\u00e3o<\/td><td class=\"column-8\">Natal\/RN<\/td><td class=\"column-9\">para de conformidade com a solicita\u00e7\u00e3o participar. Do Semin\u00e1rio Hibrido da Undime na cidade de Natal\/RN<\/td>\n<\/tr>\n<tr class=\"row-144\">\n\t<td class=\"column-1\"><a href=\"https:\/\/pedrovelho.rn.gov.br\/transparente\/index\/portaria-no-03-2021-secadm-concede-ao-servidor-jose-edson-herminio-batista-matricula-no-6122-ocupante-do-cargo-secretario-adjunto-de-cultura-tres-03-diarias-para-custear-despesas-com-alimenta\/\">JOSE EDSON HERM\u00cdNIO BATISTA<\/a><\/td><td class=\"column-2\">Di\u00e1ria<\/td><td class=\"column-3\">(03) di\u00e1rias<\/td><td class=\"column-4\"><\/td><td class=\"column-5\">13 de Abril<\/td><td class=\"column-6\"><\/td><td class=\"column-7\">Secretario Adjunto de Cultura<\/td><td class=\"column-8\">Bras\u00edlia\/DF<\/td><td class=\"column-9\">no qual acompanha a prefeita municipal em busca de emendas parlamentares, insumos para sa\u00fade p\u00fablica e recursos para pavimenta\u00e7\u00e3o no munic\u00edpio de Pedro Velho.<\/td>\n<\/tr>\n<tr class=\"row-145\">\n\t<td class=\"column-1\"><a href=\"https:\/\/pedrovelho.rn.gov.br\/transparente\/index\/portaria-no-02-2021-secadm-concede-ao-servidor-francisco-claudio-de-lima-matricula-no-8958-ocupante-do-cargo-chefe-de-gabinete-tres-03-diarias-para-custear-despesas-com-alimentacao-estadia-e\/\">FRANCISCO CL\u00c1UDIO DE LIMA<\/a><\/td><td class=\"column-2\">Di\u00e1ria<\/td><td class=\"column-3\">(03) di\u00e1rias<\/td><td class=\"column-4\"><\/td><td class=\"column-5\">12 de Abril<\/td><td class=\"column-6\"><\/td><td class=\"column-7\">Chefe de Gabinete<\/td><td class=\"column-8\">Bras\u00edlia\/DF<\/td><td class=\"column-9\">no qual acompanha a prefeita municipal em busca de emendas parlamentares, insumos para sa\u00fade p\u00fablica e recursos para pavimenta\u00e7\u00e3o no munic\u00edpio de Pedro Velho.<\/td>\n<\/tr>\n<tr class=\"row-146\">\n\t<td class=\"column-1\"><a href=\"https:\/\/pedrovelho.rn.gov.br\/transparente\/index\/portaria-no-01-2021-secadm-concede-a-prefeita-municipal-dejerlane-macedo-matricula-no-1637-tres-03-diarias-para-custear-despesas-com-alimentacao-estadia-e-deslocamento-urbano-durante-sua-per\/\">DEJERLANE MACEDO<\/a><\/td><td class=\"column-2\">Di\u00e1ria<\/td><td class=\"column-3\">(03) di\u00e1rias<\/td><td class=\"column-4\"><\/td><td class=\"column-5\">12 de Abril<\/td><td class=\"column-6\"><\/td><td class=\"column-7\">Prefeita Municipal<\/td><td class=\"column-8\">Bras\u00edlia\/DF<\/td><td class=\"column-9\">em busca de emendas parlamentares, insumos para sa\u00fade p\u00fablica e recursos para pavimenta\u00e7\u00e3o no munic\u00edpio de Pedro Velho.<\/td>\n<\/tr>\n<tr class=\"row-147\">\n\t<td class=\"column-1\"><a href=\"https:\/\/pedrovelho.rn.gov.br\/transparente\/index\/portaria-no-07-2020-secadm-concede-a-servidora-julia-paula-e-silva-matricula-no-000115-1-lotado-na-secretaria-municipal-de-educacao-ocupante-do-cargo-de-coordenadora-pedagogica-t\/\">JULIA PAULA E SILVA<\/a><\/td><td class=\"column-2\">Di\u00e1ria<\/td><td class=\"column-3\">tr\u00eas meias di\u00e1rias<\/td><td class=\"column-4\"><\/td><td class=\"column-5\">02, 03 e 04 de Mar\u00e7o de 2020<\/td><td class=\"column-6\"><\/td><td class=\"column-7\">COORDENADORA PEDAG\u00d3GICA<\/td><td class=\"column-8\">Natal\/RN<\/td><td class=\"column-9\">para participar da FORMA\u00c7\u00c3O DO PROGRAMA DE ALFABETIZA\u00c7\u00c3O E LETRAMENTO (PROALE)<\/td>\n<\/tr>\n<tr class=\"row-148\">\n\t<td class=\"column-1\"><a href=\"https:\/\/pedrovelho.rn.gov.br\/transparente\/index\/portaria-no-06-2020-secadm-concede-a-servidora-adriana-kelly-paulo-dantas-de-azevedo-matricula-no-1639-1-lotado-na-secretaria-municipal-de-educacao-ocupante-do-cargo-de-coordenado\/\">ADRIANA KELLY PAULO DANTAS DE AZEVEDO<\/a><\/td><td class=\"column-2\">Di\u00e1ria<\/td><td class=\"column-3\">meia di\u00e1ria<\/td><td class=\"column-4\"><\/td><td class=\"column-5\">19 de Janeiro de 2020<\/td><td class=\"column-6\"><\/td><td class=\"column-7\">COORDENADORA PEDAG\u00d3GICA<\/td><td class=\"column-8\">Natal\/RN<\/td><td class=\"column-9\">participar do PLANTAO PRESENCIAL SENDO MOBILIZADOS PELOS PARCEIROS IMPLEMENTADORES SELO UNICEF, na SECRETARIA ESTADUAL EDUCA\u00c7\u00c3O \u2013 CENTRO ADMINISTRATIVO \u2013 AUDITORIO ANG\u00c9LICA MOURA.<\/td>\n<\/tr>\n<tr class=\"row-149\">\n\t<td class=\"column-1\"><a href=\"https:\/\/pedrovelho.rn.gov.br\/transparente\/index\/portaria-no-04-2020-secadm-concede-a-servidora-daniela-peixoto-de-franca-matricula-no-0918-lotado-na-secretaria-municipal-de-assistencia-social-ocupante-do-cargo-de-conselheira-tu\/\">DANIELA PEIXOTO DE FRAN\u00c7A<\/a><\/td><td class=\"column-2\">Di\u00e1ria<\/td><td class=\"column-3\">meia di\u00e1ria<\/td><td class=\"column-4\"><\/td><td class=\"column-5\">21 de Janeiro de 2020<\/td><td class=\"column-6\"><\/td><td class=\"column-7\">CONSELHEIRA TUTELAR<\/td><td class=\"column-8\">Natal - Centro Administrativo Rio Grande do Norte S\/N \u2013 Lagoa Nova, RN, 59064-901<\/td><td class=\"column-9\">para participar do CURSO DE CAPACITA\u00c7\u00c3O PARA CONSELHEIROS TUTELARES ELEITOS NO PROCESSO DE ESCOLHA DE 2019<\/td>\n<\/tr>\n<tr class=\"row-150\">\n\t<td class=\"column-1\"><a href=\"https:\/\/pedrovelho.rn.gov.br\/transparente\/index\/portaria-no-03-2020-secadm-concede-ao-servidor-henrique-bezerril-neto-matricula-no-1586-lotado-na-secretaria-municipal-de-assistencia-social-ocupante-do-cargo-de-conselheiro-tutel\/\">HENRIQUE BEZERRIL NETO<\/a><\/td><td class=\"column-2\">Di\u00e1ria<\/td><td class=\"column-3\">meia di\u00e1ria<\/td><td class=\"column-4\"><\/td><td class=\"column-5\">21 de Janeiro de 2020<\/td><td class=\"column-6\"><\/td><td class=\"column-7\">CONSELHEIRO TUTELAR<\/td><td class=\"column-8\">Natal - Centro Administrativo Rio Grande do Norte S\/N \u2013 Lagoa Nova, RN, 59064-901<\/td><td class=\"column-9\">para participar do CURSO DE CAPACITA\u00c7\u00c3O PARA CONSELHEIROS TUTELARES ELEITOS NO PROCESSO DE ESCOLHA DE 2019<\/td>\n<\/tr>\n<tr class=\"row-151\">\n\t<td class=\"column-1\"><a href=\"https:\/\/pedrovelho.rn.gov.br\/transparente\/index\/portaria-no-02-2020-secadm-concede-ao-servidor-adriano-oliveira-dias-matricula-no-2171-lotado-na-secretaria-municipal-de-assistencia-social-ocupante-do-cargo-de-conselheiro-tutela\/\">ADRIANO OLIVEIRA DIAS<\/a><\/td><td class=\"column-2\">Di\u00e1ria<\/td><td class=\"column-3\">meia di\u00e1ria<\/td><td class=\"column-4\"><\/td><td class=\"column-5\">21 de Janeiro de 2020<\/td><td class=\"column-6\"><\/td><td class=\"column-7\">CONSELHEIRO TUTELAR<\/td><td class=\"column-8\">Natal - Centro Administrativo Rio Grande do Norte S\/N \u2013 Lagoa Nova, RN, 59064-901<\/td><td class=\"column-9\">para participar do CURSO DE CAPACITA\u00c7\u00c3O PARA CONSELHEIROS TUTELARES ELEITOS NO PROCESSO DE ESCOLHA DE 2019<\/td>\n<\/tr>\n<tr class=\"row-152\">\n\t<td class=\"column-1\"><a href=\"https:\/\/pedrovelho.rn.gov.br\/transparente\/index\/portaria-no-01-2020-secadm-concede-ao-servidor-aurelio-rodrigues-barbosa-matricula-no-1510-lotado-na-secretaria-municipal-de-assistencia-social-ocupante-do-cargo-de-conselheiro-tutelar\/\">AUR\u00c9LIO RODRIGUES BARBOSA<\/a><\/td><td class=\"column-2\">Di\u00e1ria<\/td><td class=\"column-3\">meia di\u00e1ria<\/td><td class=\"column-4\"><\/td><td class=\"column-5\">21 de Janeiro de 2020<\/td><td class=\"column-6\"><\/td><td class=\"column-7\">CONSELHEIRO TUTELAR<\/td><td class=\"column-8\">Natal - Centro Administrativo Rio Grande do Norte S\/N \u2013 Lagoa Nova, RN, 59064-901<\/td><td class=\"column-9\">para participar do CURSO DE CAPACITA\u00c7\u00c3O PARA CONSELHEIROS TUTELARES ELEITOS NO PROCESSO DE ESCOLHA DE 2019<\/td>\n<\/tr>\n<tr class=\"row-153\">\n\t<td class=\"column-1\"><a href=\"https:\/\/pedrovelho.rn.gov.br\/transparente\/index\/portaria-no-05-2020-secadm-concede-a-servidora-lenilda-maria-da-silva-matricula-no-0805-lotado-na-secretaria-municipal-de-assistencia-social-ocupante-do-cargo-de-conselheira-tutel\/\">LENILDA MARIA DA SILVA<\/a><\/td><td class=\"column-2\">Di\u00e1ria<\/td><td class=\"column-3\">meia di\u00e1ria<\/td><td class=\"column-4\"><\/td><td class=\"column-5\">21 de Janeiro de 2020<\/td><td class=\"column-6\"><\/td><td class=\"column-7\">CONSELHEIRA TUTELAR<\/td><td class=\"column-8\">Natal - Centro Administrativo Rio Grande do Norte S\/N \u2013 Lagoa Nova, RN, 59064-901<\/td><td class=\"column-9\">para participar do CURSO DE CAPACITA\u00c7\u00c3O PARA CONSELHEIROS TUTELARES ELEITOS NO PROCESSO DE ESCOLHA DE 2019<\/td>\n<\/tr>\n<\/tbody>\n<\/table>\n &nbsp; &nbsp; &nbsp; &nbsp; &nbsp; &nbsp; &nbsp; &nbsp;<\/p>\n","protected":false},"author":1,"featured_media":0,"parent":0,"menu_order":0,"comment_status":"closed","ping_status":"closed","template":"","meta":{"_et_pb_use_builder":"on","_et_pb_old_content":"<p>[table id=1 \/]<\/p>","_et_gb_content_width":"","footnotes":""},"class_list":["post-6268","page","type-page","status-publish","hentry"],"_links":{"self":[{"href":"https:\/\/pedrovelho.rn.gov.br\/transparente\/index\/wp-json\/wp\/v2\/pages\/6268","targetHints":{"allow":["GET"]}}],"collection":[{"href":"https:\/\/pedrovelho.rn.gov.br\/transparente\/index\/wp-json\/wp\/v2\/pages"}],"about":[{"href":"https:\/\/pedrovelho.rn.gov.br\/transparente\/index\/wp-json\/wp\/v2\/types\/page"}],"author":[{"embeddable":true,"href":"https:\/\/pedrovelho.rn.gov.br\/transparente\/index\/wp-json\/wp\/v2\/users\/1"}],"replies":[{"embeddable":true,"href":"https:\/\/pedrovelho.rn.gov.br\/transparente\/index\/wp-json\/wp\/v2\/comments?post=6268"}],"version-history":[{"count":10,"href":"https:\/\/pedrovelho.rn.gov.br\/transparente\/index\/wp-json\/wp\/v2\/pages\/6268\/revisions"}],"predecessor-version":[{"id":33218,"href":"https:\/\/pedrovelho.rn.gov.br\/transparente\/index\/wp-json\/wp\/v2\/pages\/6268\/revisions\/33218"}],"wp:attachment":[{"href":"https:\/\/pedrovelho.rn.gov.br\/transparente\/index\/wp-json\/wp\/v2\/media?parent=6268"}],"curies":[{"name":"wp","href":"https:\/\/api.w.org\/{rel}","templated":true}]}}